{"id":669,"date":"2026-03-23T12:26:26","date_gmt":"2026-03-23T11:26:26","guid":{"rendered":"https:\/\/bihar.eus\/?page_id=669"},"modified":"2026-09-02T15:06:08","modified_gmt":"2026-09-02T14:06:08","slug":"kongresua","status":"publish","type":"page","link":"https:\/\/bihar.eus\/fr\/kongresua\/","title":{"rendered":"LE CONGRES"},"content":{"rendered":"<section class=\"l-section wpb_row height_small\"><div class=\"l-section-h i-cf\"><div class=\"g-cols vc_row via_grid cols_1 laptops-cols_inherit tablets-cols_inherit mobiles-cols_1 valign_top type_default stacking_default\"><div class=\"wpb_column vc_column_container\"><div class=\"vc_column-inner\"><h1 class=\"w-post-elm post_title us_custom_2774bef1 entry-title color_link_inherit\">LE CONGRES<\/h1><div class=\"wpb_text_column us_custom_9eee4631\"><div class=\"wpb_wrapper\"><h5>Un monde qui jaillit des langues<\/h5>\n<\/div><\/div><div class=\"w-separator size_small\"><\/div><div class=\"wpb_text_column us_custom_9eee4631\"><div class=\"wpb_wrapper\"><h4><strong>Du 23 au 26 septembre 2026, le Pays Basque accueille le Congr\u00e8s International des Communaut\u00e9s Linguistiques Minor\u00e9es en voie de Revitalisation.<\/strong><\/h4>\n<p>Sous le slogan <em>Un monde qui jaillit des langues<\/em>, ce congr\u00e8s rassemble des communaut\u00e9s linguistiques du monde entier pour r\u00e9fl\u00e9chir aux discours de revitalisation et les inscrire dans une perspective mondiale et transformatrice.<\/p>\n<p>Pendant quatre jours, expertes et experts, militantes et militants, artistes venus des quatre coins du globe se retrouveront entre Bilbao, Irun et Hendaye. Au c\u0153ur du programme : les apprentissages, les discours et les exp\u00e9riences issus des deux phases pr\u00e9c\u00e9dentes du projet (diagnostic et socialisation), d\u00e9clin\u00e9s en conf\u00e9rences, tables rondes, ateliers et propositions artistiques et culturelles.<\/p>\n<\/div><\/div><div class=\"w-separator size_large\"><\/div><\/div><\/div><\/div><\/div><\/section><section class=\"l-section wpb_row height_small\" id=\"egitaraua\"><div class=\"l-section-h i-cf\"><div class=\"g-cols vc_row via_grid cols_1 laptops-cols_inherit tablets-cols_inherit mobiles-cols_1 valign_top type_default stacking_default\"><div class=\"wpb_column vc_column_container\"><div class=\"vc_column-inner\"><div class=\"w-tabs layout_hor style_default switch_click has_scrolling\" style=\"--sections-title-size:1em\"><div class=\"w-tabs-list items_4 align_none\"><div class=\"w-tabs-list-h\"><button class=\"w-tabs-item active\" aria-controls=\"content-z944\" aria-expanded=\"false\"><span class=\"w-tabs-item-title\">23 septembre \u2013 Bilbao<\/span><\/button><button class=\"w-tabs-item\" aria-controls=\"content-uca9\" aria-expanded=\"false\"><span class=\"w-tabs-item-title\">24,25 SEPTEMBRE \u2013 Irun<\/span><\/button><button class=\"w-tabs-item\" aria-controls=\"content-g0d1\" aria-expanded=\"false\"><span class=\"w-tabs-item-title\">26 SEPTEMBRE \u2013 Hendaia<\/span><\/button><button class=\"w-tabs-item\" aria-controls=\"content-ka42\" aria-expanded=\"false\"><span class=\"w-tabs-item-title\">PROGRAMME ARTISTIQUE ET CULTUREL<\/span><\/button><\/div><\/div><div class=\"w-tabs-sections titles-align_none icon_chevron cpos_right\"><div class=\"w-tabs-section active\" id=\"z944\"><button class=\"w-tabs-section-header active\" aria-controls=\"content-z944\" aria-expanded=\"true\"><div class=\"w-tabs-section-title\">23 septembre \u2013 Bilbao<\/div><div class=\"w-tabs-section-control\"><\/div><\/button><div  class=\"w-tabs-section-content\" id=\"content-z944\"><div class=\"w-tabs-section-content-h i-cf\"><div class=\"g-cols wpb_row via_grid cols_4-1 laptops-cols_inherit tablets-cols_inherit mobiles-cols_1 valign_top type_default stacking_default\" style=\"--columns-gap:3rem;\"><div class=\"wpb_column vc_column_container\"><div class=\"vc_column-inner\"><h2 class=\"w-text\"><span class=\"w-text-h\"><span class=\"w-text-value\">23 SEPTEMBRE \u2013 Palais Euskalduna, Bilbao<\/span><\/span><\/h2><div class=\"w-grid us_post_list type_grid layout_1636 cols_1 preload_style_spinner\" id=\"us_post_list_j791\" style=\"--columns:1;--gap:0.3rem;\"><style>.layout_1636 .w-grid-item-h{background:var(--color-header-middle-bg)}.layout_1636 .usg_hwrapper_1{border-bottom-width:2px!important;border-color:var(--color-header-middle-text)!important;border-bottom-style:solid!important}.layout_1636 .usg_post_title_1{font-size:22px!important;line-height:26px!important;font-weight:800!important}.layout_1636 .usg_vwrapper_2{width:48%!important}.layout_1636 .usg_post_content_1{font-size:22px!important;line-height:26px!important;padding-top:0.5rem!important;padding-bottom:0.5rem!important;border-top-width:2px!important;border-color:var(--color-content-bg-alt)!important;border-top-style:solid!important}.layout_1636 .usg_vwrapper_3{width:10%!important;padding:0.3rem!important}.layout_1636 .usg_post_custom_field_2{text-align:left!important;font-size:28px!important;line-height:32px!important;font-weight:800!important}.layout_1636 .usg_vwrapper_4{width:36%!important}.layout_1636 .usg_post_custom_field_3{font-weight:800!important}.layout_1636 .usg_post_custom_field_1{font-weight:800!important}@media (min-width:1025px) and (max-width:1500px){.layout_1636 .usg_post_custom_field_2{text-align:inherit!important;font-weight:800!important}}@media (min-width:801px) and (max-width:1024px){.layout_1636 .usg_post_custom_field_2{text-align:inherit!important;font-weight:800!important}}@media (max-width:800px){.layout_1636 .usg_post_custom_field_2{text-align:inherit!important;font-weight:800!important}}<\/style><div class=\"w-grid-list\">\t<article class=\"w-grid-item size_1x1 post-1687 hitzaldiak type-hitzaldiak status-publish hentry\" data-id=\"1687\">\r\n\t\t<div class=\"w-grid-item-h\">\r\n\t\t\t\t\t\t<div class=\"w-hwrapper usg_hwrapper_1 egitaraua-kaja align_left valign_middle\" style=\"--hwrapper-gap:1rem\"><div class=\"w-vwrapper usg_vwrapper_3 w10 align_none valign_top\" style=\"--vwrapper-gap:0.2rem\"><div class=\"w-post-elm post_custom_field usg_post_custom_field_2 ordua type_text color_link_inherit\"><span class=\"w-post-elm-value\">15:30 -16:00<\/span><\/div><\/div><div class=\"w-vwrapper usg_vwrapper_2 w57 align_none valign_justify\" style=\"--vwrapper-gap:0.5rem\"><p class=\"w-post-elm post_title usg_post_title_1 titulua entry-title color_link_inherit\"><a href=\"https:\/\/bihar.eus\/fr\/hitzaldiak\/ceremonie-daccueil\/\">C\u00e9r\u00e9monie d&rsquo;accueil<\/a><\/p><\/div><div class=\"w-vwrapper usg_vwrapper_4 w57 align_none valign_top\"><\/div><\/div>\t\t<\/div>\r\n\t\t\t<\/article>\r\n\t<article class=\"w-grid-item size_1x1 post-2635 hitzaldiak type-hitzaldiak status-publish hentry\" data-id=\"2635\">\r\n\t\t<div class=\"w-grid-item-h\">\r\n\t\t\t\t\t\t<div class=\"w-hwrapper usg_hwrapper_1 egitaraua-kaja align_left valign_middle\" style=\"--hwrapper-gap:1rem\"><div class=\"w-vwrapper usg_vwrapper_3 w10 align_none valign_top\" style=\"--vwrapper-gap:0.2rem\"><div class=\"w-post-elm post_custom_field usg_post_custom_field_2 ordua type_text color_link_inherit\"><span class=\"w-post-elm-value\">16:00-16:40<\/span><\/div><\/div><div class=\"w-vwrapper usg_vwrapper_2 w57 align_none valign_justify\" style=\"--vwrapper-gap:0.5rem\"><p class=\"w-post-elm post_title usg_post_title_1 titulua entry-title color_link_inherit\"><a href=\"https:\/\/bihar.eus\/fr\/hitzaldiak\/ouverture-officielle\/\">Ouverture officielle<\/a><\/p><\/div><div class=\"w-vwrapper usg_vwrapper_4 w57 align_none valign_top\"><\/div><\/div>\t\t<\/div>\r\n\t\t\t<\/article>\r\n\t<article class=\"w-grid-item size_1x1 post-1717 hitzaldiak type-hitzaldiak status-publish hentry\" data-id=\"1717\">\r\n\t\t<div class=\"w-grid-item-h\">\r\n\t\t\t\t\t\t<div class=\"w-hwrapper usg_hwrapper_1 egitaraua-kaja align_left valign_middle\" style=\"--hwrapper-gap:1rem\"><div class=\"w-vwrapper usg_vwrapper_3 w10 align_none valign_top\" style=\"--vwrapper-gap:0.2rem\"><div class=\"w-post-elm post_custom_field usg_post_custom_field_2 ordua type_text color_link_inherit\"><span class=\"w-post-elm-value\">16:30-17:00<\/span><\/div><\/div><div class=\"w-vwrapper usg_vwrapper_2 w57 align_none valign_justify\" style=\"--vwrapper-gap:0.5rem\"><p class=\"w-post-elm post_title usg_post_title_1 titulua entry-title color_link_inherit\"><a href=\"https:\/\/bihar.eus\/fr\/hitzaldiak\/conference\/\">Conf\u00e9rence<\/a><\/p><div class=\"w-post-elm post_content usg_post_content_1 edukia\"><p>Le projet BIHAR et la r\u00e9flexion sur les r\u00e9cits de revitalisation des langues<\/p>\n<\/div><\/div><div class=\"w-vwrapper usg_vwrapper_4 w57 align_none valign_top\"><div class=\"w-post-elm post_custom_field usg_post_custom_field_3 type_text hizlaria color_link_inherit\"><span class=\"w-post-elm-value\">Xan Aire Hasket<\/span><\/div><div class=\"w-post-elm post_custom_field usg_post_custom_field_1 type_text lanpostua color_link_inherit\"><span class=\"w-post-elm-value\">(communaut\u00e9 linguistique basque\/ Plazara)<\/span><\/div><\/div><\/div>\t\t<\/div>\r\n\t\t\t<\/article>\r\n\t<article class=\"w-grid-item size_1x1 post-1734 hitzaldiak type-hitzaldiak status-publish hentry\" data-id=\"1734\">\r\n\t\t<div class=\"w-grid-item-h\">\r\n\t\t\t\t\t\t<div class=\"w-hwrapper usg_hwrapper_1 egitaraua-kaja align_left valign_middle\" style=\"--hwrapper-gap:1rem\"><div class=\"w-vwrapper usg_vwrapper_3 w10 align_none valign_top\" style=\"--vwrapper-gap:0.2rem\"><div class=\"w-post-elm post_custom_field usg_post_custom_field_2 ordua type_text color_link_inherit\"><span class=\"w-post-elm-value\">17:10-18:40<\/span><\/div><\/div><div class=\"w-vwrapper usg_vwrapper_2 w57 align_none valign_justify\" style=\"--vwrapper-gap:0.5rem\"><p class=\"w-post-elm post_title usg_post_title_1 titulua entry-title color_link_inherit\"><a href=\"https:\/\/bihar.eus\/fr\/hitzaldiak\/mahai-ingurua\/\">Mahai-ingurua<\/a><\/p><div class=\"w-post-elm post_content usg_post_content_1 edukia\"><p>Zergatik da premiazkoa kontakizun berriak edo berrituak bilatzea, aktibatzea eta hedatzea?<\/p>\n<\/div><\/div><div class=\"w-vwrapper usg_vwrapper_4 w57 align_none valign_top\"><div class=\"w-post-elm post_custom_field usg_post_custom_field_3 type_text hizlaria color_link_inherit\"><span class=\"w-post-elm-value\">Moderatzailea: Irati Amondarain Labayen (Garabide Elkartea) \/ Miriam Viviana Gonzalez Garz\u00f3n (Plan de Vida Proyecto Nasa, Garabide) \/ Albert Badosa Rold\u00f3s (katalana \/ HIGA- GLiDi), \/ Andichi Chahid (Tarifit,Tamazight \/ Adlis Amazi\u0263)<\/span><\/div><\/div><\/div>\t\t<\/div>\r\n\t\t\t<\/article>\r\n\t<article class=\"w-grid-item size_1x1 post-1738 hitzaldiak type-hitzaldiak status-publish hentry\" data-id=\"1738\">\r\n\t\t<div class=\"w-grid-item-h\">\r\n\t\t\t\t\t\t<div class=\"w-hwrapper usg_hwrapper_1 egitaraua-kaja align_left valign_middle\" style=\"--hwrapper-gap:1rem\"><div class=\"w-vwrapper usg_vwrapper_3 w10 align_none valign_top\" style=\"--vwrapper-gap:0.2rem\"><div class=\"w-post-elm post_custom_field usg_post_custom_field_2 ordua type_text color_link_inherit\"><span class=\"w-post-elm-value\">18:40-19:00<\/span><\/div><\/div><div class=\"w-vwrapper usg_vwrapper_2 w57 align_none valign_justify\" style=\"--vwrapper-gap:0.5rem\"><p class=\"w-post-elm post_title usg_post_title_1 titulua entry-title color_link_inherit\"><a href=\"https:\/\/bihar.eus\/fr\/hitzaldiak\/reception-avec-collation\/\">\u00c9v\u00e9nement de cl\u00f4ture<\/a><\/p><\/div><div class=\"w-vwrapper usg_vwrapper_4 w57 align_none valign_top\"><\/div><\/div>\t\t<\/div>\r\n\t\t\t<\/article>\r\n<\/div><div class=\"g-loadmore hidden\"><div class=\"g-preloader type_1\"><div><\/div><\/div><\/div><div class=\"w-grid-list-json hidden\" onclick='return {&quot;max_num_pages&quot;:0,&quot;paginationBase&quot;:&quot;page&quot;,&quot;pagination&quot;:&quot;none&quot;,&quot;paged&quot;:1,&quot;ajaxData&quot;:{&quot;action&quot;:&quot;us_ajax_post_list&quot;,&quot;meta_type&quot;:&quot;post&quot;,&quot;object_id&quot;:0,&quot;template_vars&quot;:{&quot;shortcode_base&quot;:&quot;us_post_list&quot;,&quot;paged&quot;:1,&quot;max_num_pages&quot;:0,&quot;no_results&quot;:false,&quot;us_post_content_design_css&quot;:[],&quot;found_posts&quot;:0,&quot;per_page&quot;:999,&quot;items_count&quot;:5,&quot;orderby_random_seed&quot;:null,&quot;source&quot;:&quot;all&quot;,&quot;custom_field_name&quot;:&quot;&quot;,&quot;ids&quot;:&quot;&quot;,&quot;post_type&quot;:&quot;hitzaldiak&quot;,&quot;attachment_ids&quot;:null,&quot;include_post_thumbnail&quot;:0,&quot;post_author&quot;:&quot;any&quot;,&quot;post_author_ids&quot;:&quot;&quot;,&quot;apply_url_params&quot;:0,&quot;ignore_sticky_posts&quot;:1,&quot;exclude_children&quot;:0,&quot;exclude_current_post&quot;:&quot;0&quot;,&quot;exclude_prev_posts&quot;:0,&quot;exclude_past_events&quot;:0,&quot;enable_items_offset&quot;:0,&quot;items_offset&quot;:&quot;1&quot;,&quot;tax_query_relation&quot;:&quot;none&quot;,&quot;tax_query&quot;:[{&quot;operator&quot;:&quot;IN&quot;,&quot;taxonomy&quot;:&quot;category&quot;,&quot;terms&quot;:&quot;&quot;,&quot;include_children&quot;:0}],&quot;meta_query_relation&quot;:&quot;AND&quot;,&quot;meta_query&quot;:&quot;%5B%7B%22key%22%3A%22tokia%22%2C%22compare%22%3A%22%3D%22%2C%22value%22%3A%22bilbao%22%7D%5D&quot;,&quot;orderby&quot;:&quot;custom&quot;,&quot;orderby_custom_field&quot;:&quot;menu_order&quot;,&quot;orderby_custom_type&quot;:&quot;1&quot;,&quot;order_invert&quot;:0,&quot;show_all&quot;:&quot;1&quot;,&quot;quantity&quot;:&quot;12&quot;,&quot;posts_per_archive_page&quot;:0,&quot;no_items_action&quot;:&quot;message&quot;,&quot;no_items_message&quot;:&quot;Aucun r\\u00e9sultat.&quot;,&quot;no_items_page_block&quot;:&quot;&quot;,&quot;pagination&quot;:&quot;none&quot;,&quot;pagination_style&quot;:&quot;&quot;,&quot;pagination_btn_text&quot;:&quot;Charger plus&quot;,&quot;pagination_btn_size&quot;:&quot;&quot;,&quot;pagination_btn_style&quot;:&quot;1&quot;,&quot;pagination_btn_fullwidth&quot;:0,&quot;items_layout&quot;:&quot;1636&quot;,&quot;type&quot;:&quot;grid&quot;,&quot;items_valign&quot;:0,&quot;ignore_items_size&quot;:0,&quot;columns&quot;:&quot;1&quot;,&quot;items_gap&quot;:&quot;0.3rem&quot;,&quot;load_animation&quot;:&quot;none&quot;,&quot;items_preload_style&quot;:&quot;spinner&quot;,&quot;img_size&quot;:&quot;default&quot;,&quot;title_size&quot;:&quot;&quot;,&quot;items_ratio&quot;:&quot;default&quot;,&quot;items_ratio_width&quot;:&quot;21&quot;,&quot;items_ratio_height&quot;:&quot;9&quot;,&quot;overriding_link&quot;:&quot;%7B%22url%22%3A%22%22%7D&quot;,&quot;popup_page_template&quot;:&quot;0&quot;,&quot;popup_width&quot;:&quot;&quot;,&quot;popup_arrows&quot;:1,&quot;breakpoint_1_width&quot;:&quot;1501px&quot;,&quot;breakpoint_1_cols&quot;:&quot;default&quot;,&quot;breakpoint_1_quantity&quot;:&quot;&quot;,&quot;breakpoint_1_gap&quot;:&quot;&quot;,&quot;breakpoint_2_width&quot;:&quot;1025px&quot;,&quot;breakpoint_2_cols&quot;:&quot;2&quot;,&quot;breakpoint_2_quantity&quot;:&quot;&quot;,&quot;breakpoint_2_gap&quot;:&quot;&quot;,&quot;breakpoint_3_width&quot;:&quot;801px&quot;,&quot;breakpoint_3_cols&quot;:&quot;1&quot;,&quot;breakpoint_3_quantity&quot;:&quot;&quot;,&quot;breakpoint_3_gap&quot;:&quot;&quot;,&quot;conditions_operator&quot;:&quot;always&quot;,&quot;conditions&quot;:[],&quot;css&quot;:null,&quot;el_class&quot;:&quot;&quot;,&quot;el_id&quot;:&quot;&quot;,&quot;enable_custom_html_atts&quot;:0,&quot;custom_html_atts&quot;:null,&quot;hide_on_states&quot;:&quot;&quot;,&quot;hide_for_sticky&quot;:0,&quot;hide_for_not_sticky&quot;:0,&quot;hide_below&quot;:&quot;0px&quot;,&quot;hide_above&quot;:&quot;0px&quot;,&quot;classes&quot;:&quot;&quot;},&quot;found_posts&quot;:0,&quot;per_page&quot;:999},&quot;facetedFilter&quot;:[]}'><\/div><\/div><\/div><\/div><div class=\"wpb_column vc_column_container us_custom_4d5921b1 has_bg_color type_sticky\"><div class=\"vc_column-inner\"><div class=\"w-separator size_small\"><\/div><div class=\"w-image align_center\"><div class=\"w-image-h\"><img decoding=\"async\" width=\"55\" height=\"74\" src=\"https:\/\/bihar.eus\/wp-content\/uploads\/2026\/03\/geo-alt-2.png\" class=\"attachment-large size-large\" alt=\"\" loading=\"lazy\" \/><\/div><\/div><div class=\"w-separator size_small\"><\/div><h3 class=\"w-text us_custom_eb849559\"><span class=\"w-text-h\"><span class=\"w-text-value\">Palais Euskalduna, Bilbao<\/span><\/span><\/h3><div class=\"w-separator size_medium\"><\/div><div class=\"w-image align_center\"><div class=\"w-image-h\"><img decoding=\"async\" width=\"48\" height=\"48\" src=\"https:\/\/bihar.eus\/wp-content\/uploads\/2026\/03\/calendar-check.png\" class=\"attachment-large size-large\" alt=\"\" loading=\"lazy\" \/><\/div><\/div><div class=\"w-separator size_small\"><\/div><h3 class=\"w-text us_custom_eb849559\"><span class=\"w-text-h\"><span class=\"w-text-value\">23 SEPTEMBRE<\/span><\/span><\/h3><div class=\"w-separator size_small\"><\/div><\/div><\/div><\/div><\/div><\/div><\/div><div class=\"w-tabs-section\" id=\"uca9\"><button class=\"w-tabs-section-header\" aria-controls=\"content-uca9\" aria-expanded=\"false\"><div class=\"w-tabs-section-title\">24,25 SEPTEMBRE \u2013 Irun<\/div><div class=\"w-tabs-section-control\"><\/div><\/button><div  class=\"w-tabs-section-content\" id=\"content-uca9\"><div class=\"w-tabs-section-content-h i-cf\"><div class=\"g-cols wpb_row via_grid cols_4-1 laptops-cols_inherit tablets-cols_inherit mobiles-cols_1 valign_top type_default stacking_default\" style=\"--columns-gap:3rem;\"><div class=\"wpb_column vc_column_container\"><div class=\"vc_column-inner\"><h2 class=\"w-text\"><span class=\"w-text-h\"><span class=\"w-text-value\">24 SEPTEMBRE<\/span><\/span><\/h2><div class=\"w-grid us_post_list type_grid layout_3153 cols_1 preload_style_spinner\" id=\"us_post_list_za7f\" style=\"--columns:1;--gap:0.3rem;\"><style>.layout_3153 .w-grid-item-h{background:var(--color-header-middle-bg)}.layout_3153 .usg_hwrapper_1{border-bottom-width:2px!important;border-color:var(--color-header-middle-text)!important;border-bottom-style:solid!important}.layout_3153 .usg_post_title_1{font-size:22px!important;line-height:26px!important;font-weight:800!important}.layout_3153 .usg_vwrapper_2{width:48%!important}.layout_3153 .usg_post_content_1{font-size:22px!important;line-height:26px!important;padding-top:0.5rem!important;padding-bottom:0.5rem!important;border-top-width:2px!important;border-color:var(--color-content-bg-alt)!important;border-top-style:solid!important}.layout_3153 .usg_vwrapper_3{width:10%!important;padding:0.3rem!important}.layout_3153 .usg_post_custom_field_2{text-align:left!important;font-size:28px!important;line-height:32px!important;font-weight:800!important}.layout_3153 .usg_vwrapper_4{width:36%!important}.layout_3153 .usg_post_custom_field_3{font-weight:800!important}.layout_3153 .usg_post_custom_field_1{font-weight:800!important}.layout_3153 .usg_text_1{font-size:16px!important;line-height:20px!important;font-weight:400!important;text-transform:uppercase!important}@media (min-width:1025px) and (max-width:1500px){.layout_3153 .usg_post_custom_field_2{text-align:inherit!important;font-weight:800!important}}@media (min-width:801px) and (max-width:1024px){.layout_3153 .usg_post_custom_field_2{text-align:inherit!important;font-weight:800!important}}@media (max-width:800px){.layout_3153 .usg_post_custom_field_2{text-align:inherit!important;font-weight:800!important}}<\/style><div class=\"w-grid-list\">\t<article class=\"w-grid-item size_1x1 post-2704 hitzaldiak type-hitzaldiak status-publish hentry\" data-id=\"2704\">\r\n\t\t<div class=\"w-grid-item-h\">\r\n\t\t\t\t\t\t<div class=\"w-hwrapper usg_hwrapper_1 egitaraua-kaja align_left valign_middle\" style=\"--hwrapper-gap:1rem\"><div class=\"w-vwrapper usg_vwrapper_3 w10\" style=\"--vwrapper-gap:0.2rem\"><div class=\"w-post-elm post_custom_field usg_post_custom_field_2 ordua type_text color_link_inherit\"><span class=\"w-post-elm-value\">08:30-09:00<\/span><\/div><div class=\"w-text usg_text_1\"><span class=\"w-text-h\"><span class=\"w-text-value\">Sept. 24<\/span><\/span><\/div><\/div><div class=\"w-vwrapper usg_vwrapper_2 w57 valign_justify\" style=\"--vwrapper-gap:0.5rem\"><p class=\"w-post-elm post_title usg_post_title_1 titulua entry-title color_link_inherit\"><a href=\"https:\/\/bihar.eus\/fr\/hitzaldiak\/distribution-de-documents\/\">Distribution de documents<\/a><\/p><\/div><div class=\"w-vwrapper usg_vwrapper_4 w57\"><\/div><\/div>\t\t<\/div>\r\n\t\t\t<\/article>\r\n\t<article class=\"w-grid-item size_1x1 post-1741 hitzaldiak type-hitzaldiak status-publish hentry\" data-id=\"1741\">\r\n\t\t<div class=\"w-grid-item-h\">\r\n\t\t\t\t\t\t<div class=\"w-hwrapper usg_hwrapper_1 egitaraua-kaja align_left valign_middle\" style=\"--hwrapper-gap:1rem\"><div class=\"w-vwrapper usg_vwrapper_3 w10\" style=\"--vwrapper-gap:0.2rem\"><div class=\"w-post-elm post_custom_field usg_post_custom_field_2 ordua type_text color_link_inherit\"><span class=\"w-post-elm-value\">09:00-09:30<\/span><\/div><div class=\"w-text usg_text_1\"><span class=\"w-text-h\"><span class=\"w-text-value\">Sept. 24<\/span><\/span><\/div><\/div><div class=\"w-vwrapper usg_vwrapper_2 w57 valign_justify\" style=\"--vwrapper-gap:0.5rem\"><p class=\"w-post-elm post_title usg_post_title_1 titulua entry-title color_link_inherit\"><a href=\"https:\/\/bihar.eus\/fr\/hitzaldiak\/accueil\/\">R\u00e9ception<\/a><\/p><\/div><div class=\"w-vwrapper usg_vwrapper_4 w57\"><\/div><\/div>\t\t<\/div>\r\n\t\t\t<\/article>\r\n\t<article class=\"w-grid-item size_1x1 post-1744 hitzaldiak type-hitzaldiak status-publish hentry\" data-id=\"1744\">\r\n\t\t<div class=\"w-grid-item-h\">\r\n\t\t\t\t\t\t<div class=\"w-hwrapper usg_hwrapper_1 egitaraua-kaja align_left valign_middle\" style=\"--hwrapper-gap:1rem\"><div class=\"w-vwrapper usg_vwrapper_3 w10\" style=\"--vwrapper-gap:0.2rem\"><div class=\"w-post-elm post_custom_field usg_post_custom_field_2 ordua type_text color_link_inherit\"><span class=\"w-post-elm-value\">09:30-10:15\t<\/span><\/div><div class=\"w-text usg_text_1\"><span class=\"w-text-h\"><span class=\"w-text-value\">Sept. 24<\/span><\/span><\/div><\/div><div class=\"w-vwrapper usg_vwrapper_2 w57 valign_justify\" style=\"--vwrapper-gap:0.5rem\"><p class=\"w-post-elm post_title usg_post_title_1 titulua entry-title color_link_inherit\"><a href=\"https:\/\/bihar.eus\/fr\/hitzaldiak\/conference-discours-internationaux-actuels-sur-la-revitalisation-linguistique\/\">Conf\u00e9rence : Discours internationaux actuels sur la revitalisation linguistique<\/a><\/p><div class=\"w-post-elm post_content usg_post_content_1 edukia\"><p>Les discours internationaux\u00a0actuels sur la\u00a0revitalisation linguistique\u00a0: principaux enseignements\u00a0du diagnostic<\/p>\n<\/div><\/div><div class=\"w-vwrapper usg_vwrapper_4 w57\"><div class=\"w-post-elm post_custom_field usg_post_custom_field_3 type_text hizlaria color_link_inherit\"><span class=\"w-post-elm-value\">1.Belen Uranga (communaut\u00e9 linguistique\u00a0basque \/ Soziolinguistika Klusterra) \/ 2.Paula Laita (communaut\u00e9 linguistique\u00a0basque \/ Soziolinguistika Klusterra)<\/span><\/div><\/div><\/div>\t\t<\/div>\r\n\t\t\t<\/article>\r\n\t<article class=\"w-grid-item size_1x1 post-1747 hitzaldiak type-hitzaldiak status-publish hentry\" data-id=\"1747\">\r\n\t\t<div class=\"w-grid-item-h\">\r\n\t\t\t\t\t\t<div class=\"w-hwrapper usg_hwrapper_1 egitaraua-kaja align_left valign_middle\" style=\"--hwrapper-gap:1rem\"><div class=\"w-vwrapper usg_vwrapper_3 w10\" style=\"--vwrapper-gap:0.2rem\"><div class=\"w-post-elm post_custom_field usg_post_custom_field_2 ordua type_text color_link_inherit\"><span class=\"w-post-elm-value\">10:15-10:30<\/span><\/div><div class=\"w-text usg_text_1\"><span class=\"w-text-h\"><span class=\"w-text-value\">Sept. 24<\/span><\/span><\/div><\/div><div class=\"w-vwrapper usg_vwrapper_2 w57 valign_justify\" style=\"--vwrapper-gap:0.5rem\"><p class=\"w-post-elm post_title usg_post_title_1 titulua entry-title color_link_inherit\"><a href=\"https:\/\/bihar.eus\/fr\/hitzaldiak\/intervention-artistique-et-culturelle\/\">Intervention artistique et culturelle<br\/><\/a><\/p><\/div><div class=\"w-vwrapper usg_vwrapper_4 w57\"><\/div><\/div>\t\t<\/div>\r\n\t\t\t<\/article>\r\n\t<article class=\"w-grid-item size_1x1 post-1750 hitzaldiak type-hitzaldiak status-publish hentry\" data-id=\"1750\">\r\n\t\t<div class=\"w-grid-item-h\">\r\n\t\t\t\t\t\t<div class=\"w-hwrapper usg_hwrapper_1 egitaraua-kaja align_left valign_middle\" style=\"--hwrapper-gap:1rem\"><div class=\"w-vwrapper usg_vwrapper_3 w10\" style=\"--vwrapper-gap:0.2rem\"><div class=\"w-post-elm post_custom_field usg_post_custom_field_2 ordua type_text color_link_inherit\"><span class=\"w-post-elm-value\">10:30-11:15<\/span><\/div><div class=\"w-text usg_text_1\"><span class=\"w-text-h\"><span class=\"w-text-value\">Sept. 24<\/span><\/span><\/div><\/div><div class=\"w-vwrapper usg_vwrapper_2 w57 valign_justify\" style=\"--vwrapper-gap:0.5rem\"><p class=\"w-post-elm post_title usg_post_title_1 titulua entry-title color_link_inherit\"><a href=\"https:\/\/bihar.eus\/fr\/hitzaldiak\/conference-2\/\">Conf\u00e9rence<\/a><\/p><div class=\"w-post-elm post_content usg_post_content_1 edukia\"><p><span>Discours culturels et construction symbolique de l\u2019identit\u00e9 <\/span><\/p>\n<\/div><\/div><div class=\"w-vwrapper usg_vwrapper_4 w57\"><div class=\"w-post-elm post_custom_field usg_post_custom_field_3 type_text hizlaria color_link_inherit\"><span class=\"w-post-elm-value\">Rahera Cowie<\/span><\/div><div class=\"w-post-elm post_custom_field usg_post_custom_field_1 type_text lanpostua color_link_inherit\"><span class=\"w-post-elm-value\"> (Te reo M\u0101ori d\u2019Aotearoa \/ University of Canterbury)<\/span><\/div><\/div><\/div>\t\t<\/div>\r\n\t\t\t<\/article>\r\n\t<article class=\"w-grid-item size_1x1 post-1754 hitzaldiak type-hitzaldiak status-publish hentry\" data-id=\"1754\">\r\n\t\t<div class=\"w-grid-item-h\">\r\n\t\t\t\t\t\t<div class=\"w-hwrapper usg_hwrapper_1 egitaraua-kaja align_left valign_middle\" style=\"--hwrapper-gap:1rem\"><div class=\"w-vwrapper usg_vwrapper_3 w10\" style=\"--vwrapper-gap:0.2rem\"><div class=\"w-post-elm post_custom_field usg_post_custom_field_2 ordua type_text color_link_inherit\"><span class=\"w-post-elm-value\">11:15-11:45<\/span><\/div><div class=\"w-text usg_text_1\"><span class=\"w-text-h\"><span class=\"w-text-value\">Sept. 24<\/span><\/span><\/div><\/div><div class=\"w-vwrapper usg_vwrapper_2 w57 valign_justify\" style=\"--vwrapper-gap:0.5rem\"><p class=\"w-post-elm post_title usg_post_title_1 titulua entry-title color_link_inherit\"><a href=\"https:\/\/bihar.eus\/fr\/hitzaldiak\/pause\/\">Pause<\/a><\/p><\/div><div class=\"w-vwrapper usg_vwrapper_4 w57\"><\/div><\/div>\t\t<\/div>\r\n\t\t\t<\/article>\r\n\t<article class=\"w-grid-item size_1x1 post-2706 hitzaldiak type-hitzaldiak status-publish hentry\" data-id=\"2706\">\r\n\t\t<div class=\"w-grid-item-h\">\r\n\t\t\t\t\t\t<div class=\"w-hwrapper usg_hwrapper_1 egitaraua-kaja align_left valign_middle\" style=\"--hwrapper-gap:1rem\"><div class=\"w-vwrapper usg_vwrapper_3 w10\" style=\"--vwrapper-gap:0.2rem\"><div class=\"w-post-elm post_custom_field usg_post_custom_field_2 ordua type_text color_link_inherit\"><span class=\"w-post-elm-value\">11:45-12:30<\/span><\/div><div class=\"w-text usg_text_1\"><span class=\"w-text-h\"><span class=\"w-text-value\">Sept. 24<\/span><\/span><\/div><\/div><div class=\"w-vwrapper usg_vwrapper_2 w57 valign_justify\" style=\"--vwrapper-gap:0.5rem\"><p class=\"w-post-elm post_title usg_post_title_1 titulua entry-title color_link_inherit\"><a href=\"https:\/\/bihar.eus\/fr\/hitzaldiak\/conference-6\/\">Conf\u00e9rence<\/a><\/p><div class=\"w-post-elm post_content usg_post_content_1 edukia\"><p>Langue, identit\u00e9 et savoirs communautaires dans les nouveaux r\u00e9cits de revitalisation linguistique<\/p>\n<\/div><\/div><div class=\"w-vwrapper usg_vwrapper_4 w57\"><div class=\"w-post-elm post_custom_field usg_post_custom_field_3 type_text hizlaria color_link_inherit\"><span class=\"w-post-elm-value\">Paolina Vercoutere Quinche (Ecuadorreko Kichwa \/ Warmy Ibambura)<\/span><\/div><\/div><\/div>\t\t<\/div>\r\n\t\t\t<\/article>\r\n\t<article class=\"w-grid-item size_1x1 post-1760 hitzaldiak type-hitzaldiak status-publish hentry\" data-id=\"1760\">\r\n\t\t<div class=\"w-grid-item-h\">\r\n\t\t\t\t\t\t<div class=\"w-hwrapper usg_hwrapper_1 egitaraua-kaja align_left valign_middle\" style=\"--hwrapper-gap:1rem\"><div class=\"w-vwrapper usg_vwrapper_3 w10\" style=\"--vwrapper-gap:0.2rem\"><div class=\"w-post-elm post_custom_field usg_post_custom_field_2 ordua type_text color_link_inherit\"><span class=\"w-post-elm-value\">12:30-13:00<\/span><\/div><div class=\"w-text usg_text_1\"><span class=\"w-text-h\"><span class=\"w-text-value\">Sept. 24<\/span><\/span><\/div><\/div><div class=\"w-vwrapper usg_vwrapper_2 w57 valign_justify\" style=\"--vwrapper-gap:0.5rem\"><p class=\"w-post-elm post_title usg_post_title_1 titulua entry-title color_link_inherit\"><a href=\"https:\/\/bihar.eus\/fr\/hitzaldiak\/breve-conference\/\">Conf\u00e9rence<\/a><\/p><div class=\"w-post-elm post_content usg_post_content_1 edukia\"><p>Diversit\u00e9, durabilit\u00e9 et valeurs \u00e9cologiques dans les r\u00e9cits de revitalisation linguistique<\/p>\n<\/div><\/div><div class=\"w-vwrapper usg_vwrapper_4 w57\"><div class=\"w-post-elm post_custom_field usg_post_custom_field_3 type_text hizlaria color_link_inherit\"><span class=\"w-post-elm-value\">1.Elias Caurey (Guarani de Bolivie \/ ORE. Organizaci\u00f3n de Apoyo Legal y Social; y, CEP Arakuaiyapo) <\/span><\/div><\/div><\/div>\t\t<\/div>\r\n\t\t\t<\/article>\r\n\t<article class=\"w-grid-item size_1x1 post-2707 hitzaldiak type-hitzaldiak status-publish hentry\" data-id=\"2707\">\r\n\t\t<div class=\"w-grid-item-h\">\r\n\t\t\t\t\t\t<div class=\"w-hwrapper usg_hwrapper_1 egitaraua-kaja align_left valign_middle\" style=\"--hwrapper-gap:1rem\"><div class=\"w-vwrapper usg_vwrapper_3 w10\" style=\"--vwrapper-gap:0.2rem\"><div class=\"w-post-elm post_custom_field usg_post_custom_field_2 ordua type_text color_link_inherit\"><span class=\"w-post-elm-value\">13:00-13:30<\/span><\/div><div class=\"w-text usg_text_1\"><span class=\"w-text-h\"><span class=\"w-text-value\">Sept. 24<\/span><\/span><\/div><\/div><div class=\"w-vwrapper usg_vwrapper_2 w57 valign_justify\" style=\"--vwrapper-gap:0.5rem\"><p class=\"w-post-elm post_title usg_post_title_1 titulua entry-title color_link_inherit\"><a href=\"https:\/\/bihar.eus\/fr\/hitzaldiak\/conference-7\/\">Conf\u00e9rence<\/a><\/p><div class=\"w-post-elm post_content usg_post_content_1 edukia\"><p>Perspective du Pays basque face au diagnostic : apports des mouvements sociaux<\/p>\n<\/div><\/div><div class=\"w-vwrapper usg_vwrapper_4 w57\"><div class=\"w-post-elm post_custom_field usg_post_custom_field_3 type_text hizlaria color_link_inherit\"><span class=\"w-post-elm-value\">1.Jasone Mendizabal Altuna (communaut\u00e9 linguistique basque \/ Taupa mugimendua) \/ 2. Onintza Olaizola Aristi (communaut\u00e9 linguistique basque \/ Taupa mugimendua) <\/span><\/div><\/div><\/div>\t\t<\/div>\r\n\t\t\t<\/article>\r\n\t<article class=\"w-grid-item size_1x1 post-1766 hitzaldiak type-hitzaldiak status-publish hentry\" data-id=\"1766\">\r\n\t\t<div class=\"w-grid-item-h\">\r\n\t\t\t\t\t\t<div class=\"w-hwrapper usg_hwrapper_1 egitaraua-kaja align_left valign_middle\" style=\"--hwrapper-gap:1rem\"><div class=\"w-vwrapper usg_vwrapper_3 w10\" style=\"--vwrapper-gap:0.2rem\"><div class=\"w-post-elm post_custom_field usg_post_custom_field_2 ordua type_text color_link_inherit\"><span class=\"w-post-elm-value\"> 13:30-14:15<\/span><\/div><div class=\"w-text usg_text_1\"><span class=\"w-text-h\"><span class=\"w-text-value\">Sept. 24<\/span><\/span><\/div><\/div><div class=\"w-vwrapper usg_vwrapper_2 w57 valign_justify\" style=\"--vwrapper-gap:0.5rem\"><p class=\"w-post-elm post_title usg_post_title_1 titulua entry-title color_link_inherit\"><a href=\"https:\/\/bihar.eus\/fr\/hitzaldiak\/dejeuner\/\">Pause d\u00e9jeuner<\/a><\/p><\/div><div class=\"w-vwrapper usg_vwrapper_4 w57\"><\/div><\/div>\t\t<\/div>\r\n\t\t\t<\/article>\r\n\t<article class=\"w-grid-item size_1x1 post-1768 hitzaldiak type-hitzaldiak status-publish hentry\" data-id=\"1768\">\r\n\t\t<div class=\"w-grid-item-h\">\r\n\t\t\t\t\t\t<div class=\"w-hwrapper usg_hwrapper_1 egitaraua-kaja align_left valign_middle\" style=\"--hwrapper-gap:1rem\"><div class=\"w-vwrapper usg_vwrapper_3 w10\" style=\"--vwrapper-gap:0.2rem\"><div class=\"w-post-elm post_custom_field usg_post_custom_field_2 ordua type_text color_link_inherit\"><span class=\"w-post-elm-value\">14:15-14:30<\/span><\/div><div class=\"w-text usg_text_1\"><span class=\"w-text-h\"><span class=\"w-text-value\">Sept. 24<\/span><\/span><\/div><\/div><div class=\"w-vwrapper usg_vwrapper_2 w57 valign_justify\" style=\"--vwrapper-gap:0.5rem\"><p class=\"w-post-elm post_title usg_post_title_1 titulua entry-title color_link_inherit\"><a href=\"https:\/\/bihar.eus\/fr\/hitzaldiak\/intervention-artistique-et-culturelle-2\/\">Intervention artistique et culturelle<\/a><\/p><\/div><div class=\"w-vwrapper usg_vwrapper_4 w57\"><\/div><\/div>\t\t<\/div>\r\n\t\t\t<\/article>\r\n\t<article class=\"w-grid-item size_1x1 post-2709 hitzaldiak type-hitzaldiak status-publish hentry\" data-id=\"2709\">\r\n\t\t<div class=\"w-grid-item-h\">\r\n\t\t\t\t\t\t<div class=\"w-hwrapper usg_hwrapper_1 egitaraua-kaja align_left valign_middle\" style=\"--hwrapper-gap:1rem\"><div class=\"w-vwrapper usg_vwrapper_3 w10\" style=\"--vwrapper-gap:0.2rem\"><div class=\"w-post-elm post_custom_field usg_post_custom_field_2 ordua type_text color_link_inherit\"><span class=\"w-post-elm-value\">14:30-15:00<\/span><\/div><div class=\"w-text usg_text_1\"><span class=\"w-text-h\"><span class=\"w-text-value\">Sept. 24<\/span><\/span><\/div><\/div><div class=\"w-vwrapper usg_vwrapper_2 w57 valign_justify\" style=\"--vwrapper-gap:0.5rem\"><p class=\"w-post-elm post_title usg_post_title_1 titulua entry-title color_link_inherit\"><a href=\"https:\/\/bihar.eus\/fr\/hitzaldiak\/conference-8\/\">Conf\u00e9rence<\/a><\/p><div class=\"w-post-elm post_content usg_post_content_1 edukia\"><p><span>L\u2019univers des relations : les langues minoris\u00e9es et autochtones comme outils de justice sociale et de bien-\u00eatre<\/span><\/p>\n<\/div><\/div><div class=\"w-vwrapper usg_vwrapper_4 w57\"><div class=\"w-post-elm post_custom_field usg_post_custom_field_3 type_text hizlaria color_link_inherit\"><span class=\"w-post-elm-value\">Justyna Olko<\/span><\/div><div class=\"w-post-elm post_custom_field usg_post_custom_field_1 type_text lanpostua color_link_inherit\"><span class=\"w-post-elm-value\">(University of Warsaw)<\/span><\/div><\/div><\/div>\t\t<\/div>\r\n\t\t\t<\/article>\r\n\t<article class=\"w-grid-item size_1x1 post-2710 hitzaldiak type-hitzaldiak status-publish hentry\" data-id=\"2710\">\r\n\t\t<div class=\"w-grid-item-h\">\r\n\t\t\t\t\t\t<div class=\"w-hwrapper usg_hwrapper_1 egitaraua-kaja align_left valign_middle\" style=\"--hwrapper-gap:1rem\"><div class=\"w-vwrapper usg_vwrapper_3 w10\" style=\"--vwrapper-gap:0.2rem\"><div class=\"w-post-elm post_custom_field usg_post_custom_field_2 ordua type_text color_link_inherit\"><span class=\"w-post-elm-value\">15:00-15:30<\/span><\/div><div class=\"w-text usg_text_1\"><span class=\"w-text-h\"><span class=\"w-text-value\">Sept. 24<\/span><\/span><\/div><\/div><div class=\"w-vwrapper usg_vwrapper_2 w57 valign_justify\" style=\"--vwrapper-gap:0.5rem\"><p class=\"w-post-elm post_title usg_post_title_1 titulua entry-title color_link_inherit\"><a href=\"https:\/\/bihar.eus\/fr\/hitzaldiak\/conference-9\/\">Conf\u00e9rence<\/a><\/p><div class=\"w-post-elm post_content usg_post_content_1 edukia\"><p>La valeur pragmatique de la langue. Les risques des approches pragmatiques : recr\u00e9ation et folklorisation <\/p>\n<\/div><\/div><div class=\"w-vwrapper usg_vwrapper_4 w57\"><div class=\"w-post-elm post_custom_field usg_post_custom_field_3 type_text hizlaria color_link_inherit\"><span class=\"w-post-elm-value\">Toroga Breda <\/span><\/div><div class=\"w-post-elm post_custom_field usg_post_custom_field_1 type_text lanpostua color_link_inherit\"><span class=\"w-post-elm-value\">(communaut\u00e9 autochtone khoikhoi \/ Munanai)<\/span><\/div><\/div><\/div>\t\t<\/div>\r\n\t\t\t<\/article>\r\n\t<article class=\"w-grid-item size_1x1 post-2711 hitzaldiak type-hitzaldiak status-publish hentry\" data-id=\"2711\">\r\n\t\t<div class=\"w-grid-item-h\">\r\n\t\t\t\t\t\t<div class=\"w-hwrapper usg_hwrapper_1 egitaraua-kaja align_left valign_middle\" style=\"--hwrapper-gap:1rem\"><div class=\"w-vwrapper usg_vwrapper_3 w10\" style=\"--vwrapper-gap:0.2rem\"><div class=\"w-post-elm post_custom_field usg_post_custom_field_2 ordua type_text color_link_inherit\"><span class=\"w-post-elm-value\">15:30-17:00 <\/span><\/div><div class=\"w-text usg_text_1\"><span class=\"w-text-h\"><span class=\"w-text-value\">Sept. 24<\/span><\/span><\/div><\/div><div class=\"w-vwrapper usg_vwrapper_2 w57 valign_justify\" style=\"--vwrapper-gap:0.5rem\"><p class=\"w-post-elm post_title usg_post_title_1 titulua entry-title color_link_inherit\"><a href=\"https:\/\/bihar.eus\/fr\/hitzaldiak\/projection-et-debat\/\">Projection et d\u00e9bat<\/a><\/p><div class=\"w-post-elm post_content usg_post_content_1 edukia\"><p><strong>Programmation simultan\u00e9e<\/strong><br \/>\nRenouveler les r\u00e9cits de revitalisation linguistique dans la p\u00e9ninsule du Yucat\u00e1n<\/p>\n<\/div><\/div><div class=\"w-vwrapper usg_vwrapper_4 w57\"><div class=\"w-post-elm post_custom_field usg_post_custom_field_3 type_text hizlaria color_link_inherit\"><span class=\"w-post-elm-value\">Yazm\u00edn Yadira Novelo Montejo (Yukatango maia \/ U P\u00e9ekbal Waye\u2019)<\/span><\/div><\/div><\/div>\t\t<\/div>\r\n\t\t\t<\/article>\r\n\t<article class=\"w-grid-item size_1x1 post-2712 hitzaldiak type-hitzaldiak status-publish hentry\" data-id=\"2712\">\r\n\t\t<div class=\"w-grid-item-h\">\r\n\t\t\t\t\t\t<div class=\"w-hwrapper usg_hwrapper_1 egitaraua-kaja align_left valign_middle\" style=\"--hwrapper-gap:1rem\"><div class=\"w-vwrapper usg_vwrapper_3 w10\" style=\"--vwrapper-gap:0.2rem\"><div class=\"w-post-elm post_custom_field usg_post_custom_field_2 ordua type_text color_link_inherit\"><span class=\"w-post-elm-value\">15:30-17:00<\/span><\/div><div class=\"w-text usg_text_1\"><span class=\"w-text-h\"><span class=\"w-text-value\">Sept. 24<\/span><\/span><\/div><\/div><div class=\"w-vwrapper usg_vwrapper_2 w57 valign_justify\" style=\"--vwrapper-gap:0.5rem\"><p class=\"w-post-elm post_title usg_post_title_1 titulua entry-title color_link_inherit\"><a href=\"https:\/\/bihar.eus\/fr\/hitzaldiak\/table-ronde\/\">Table ronde<\/a><\/p><div class=\"w-post-elm post_content usg_post_content_1 edukia\"><p><strong>Programmation simultan\u00e9e<\/strong><br \/>\nR\u00e9cits sur l\u2019identit\u00e9, la culture et la m\u00e9moire<\/p>\n<\/div><\/div><div class=\"w-vwrapper usg_vwrapper_4 w57\"><div class=\"w-post-elm post_custom_field usg_post_custom_field_3 type_text hizlaria color_link_inherit\"><span class=\"w-post-elm-value\">Animatrice : Jasone Mendizabal Altuna (Taupa Mugimendua)\/1.Asya Zayzaoui (Communaut\u00e9 Amazigh du Rif\/Mondragon Unibertsitatea)\/2.Talent Mudenda (Tonga\/Zimbabwe Indigenous Languages Revitalisation Project\/Midlands State University National Language Institute)\/3. Nailejileji Tipap (Maasai, kiswahilia\/Indigenous Women Development Affairs IWDA) <\/span><\/div><\/div><\/div>\t\t<\/div>\r\n\t\t\t<\/article>\r\n\t<article class=\"w-grid-item size_1x1 post-2713 hitzaldiak type-hitzaldiak status-publish hentry\" data-id=\"2713\">\r\n\t\t<div class=\"w-grid-item-h\">\r\n\t\t\t\t\t\t<div class=\"w-hwrapper usg_hwrapper_1 egitaraua-kaja align_left valign_middle\" style=\"--hwrapper-gap:1rem\"><div class=\"w-vwrapper usg_vwrapper_3 w10\" style=\"--vwrapper-gap:0.2rem\"><div class=\"w-post-elm post_custom_field usg_post_custom_field_2 ordua type_text color_link_inherit\"><span class=\"w-post-elm-value\">15:30-17:00<\/span><\/div><div class=\"w-text usg_text_1\"><span class=\"w-text-h\"><span class=\"w-text-value\">Sept. 24<\/span><\/span><\/div><\/div><div class=\"w-vwrapper usg_vwrapper_2 w57 valign_justify\" style=\"--vwrapper-gap:0.5rem\"><p class=\"w-post-elm post_title usg_post_title_1 titulua entry-title color_link_inherit\"><a href=\"https:\/\/bihar.eus\/fr\/hitzaldiak\/table-ronde-4\/\">Table ronde<\/a><\/p><div class=\"w-post-elm post_content usg_post_content_1 edukia\"><p><strong>Programmation simultan\u00e9e<\/strong><br \/>\nApproche \u00e9cologique et linguistique de la durabilit\u00e9 communautaire<\/p>\n<\/div><\/div><div class=\"w-vwrapper usg_vwrapper_4 w57\"><div class=\"w-post-elm post_custom_field usg_post_custom_field_3 type_text hizlaria color_link_inherit\"><span class=\"w-post-elm-value\">Mod\u00e9ratrice: Miren Otxotorena Aranguren (Soziolinguistika Klusterra) \/ 1.Kekoa Lloyd Harman (communaut\u00e9 linguistique hawa\u00efenne \/ University of Hawai\u2019i al Hilo) \/ 2.Kseniia Bolshakova (communaut\u00e9 dolgane \/ Indigenous Resilience NGO)<\/span><\/div><\/div><\/div>\t\t<\/div>\r\n\t\t\t<\/article>\r\n\t<article class=\"w-grid-item size_1x1 post-2714 hitzaldiak type-hitzaldiak status-publish hentry\" data-id=\"2714\">\r\n\t\t<div class=\"w-grid-item-h\">\r\n\t\t\t\t\t\t<div class=\"w-hwrapper usg_hwrapper_1 egitaraua-kaja align_left valign_middle\" style=\"--hwrapper-gap:1rem\"><div class=\"w-vwrapper usg_vwrapper_3 w10\" style=\"--vwrapper-gap:0.2rem\"><div class=\"w-post-elm post_custom_field usg_post_custom_field_2 ordua type_text color_link_inherit\"><span class=\"w-post-elm-value\">15:30-17:00 <\/span><\/div><div class=\"w-text usg_text_1\"><span class=\"w-text-h\"><span class=\"w-text-value\">Sept. 24<\/span><\/span><\/div><\/div><div class=\"w-vwrapper usg_vwrapper_2 w57 valign_justify\" style=\"--vwrapper-gap:0.5rem\"><p class=\"w-post-elm post_title usg_post_title_1 titulua entry-title color_link_inherit\"><a href=\"https:\/\/bihar.eus\/fr\/hitzaldiak\/dialogue-performatif-2\/\">Dialogue performatif<\/a><\/p><div class=\"w-post-elm post_content usg_post_content_1 edukia\"><p><strong>Programmation simultan\u00e9e<\/strong><br \/>\nLa danse communautaire comme cl\u00e9 pour vivre nos langues au XXIe si\u00e8cleAldibereko programazioa<br \/>Dantza komunitarioa, XXI. mendean gure hizkuntzetan bizitzeko giltza: Iru\u00f1etik Mundura <\/p>\n<\/div><\/div><div class=\"w-vwrapper usg_vwrapper_4 w57\"><div class=\"w-post-elm post_custom_field usg_post_custom_field_3 type_text hizlaria color_link_inherit\"><span class=\"w-post-elm-value\">1.Aritz Iba\u00f1ez Lusarreta (communaut\u00e9 linguistique basque \/ Duguna \u2013 Iru\u00f1eko dantzariak)\/ Musicien: Mixel Etxekopar<\/span><\/div><\/div><\/div>\t\t<\/div>\r\n\t\t\t<\/article>\r\n<\/div><div class=\"g-loadmore hidden\"><div class=\"g-preloader type_1\"><div><\/div><\/div><\/div><div class=\"w-grid-list-json hidden\" onclick='return {&quot;max_num_pages&quot;:0,&quot;paginationBase&quot;:&quot;page&quot;,&quot;pagination&quot;:&quot;none&quot;,&quot;paged&quot;:1,&quot;ajaxData&quot;:{&quot;action&quot;:&quot;us_ajax_post_list&quot;,&quot;meta_type&quot;:&quot;post&quot;,&quot;object_id&quot;:0,&quot;template_vars&quot;:{&quot;shortcode_base&quot;:&quot;us_post_list&quot;,&quot;paged&quot;:1,&quot;max_num_pages&quot;:0,&quot;no_results&quot;:false,&quot;us_post_content_design_css&quot;:[],&quot;found_posts&quot;:0,&quot;per_page&quot;:999,&quot;items_count&quot;:17,&quot;orderby_random_seed&quot;:null,&quot;source&quot;:&quot;all&quot;,&quot;custom_field_name&quot;:&quot;&quot;,&quot;ids&quot;:&quot;&quot;,&quot;post_type&quot;:&quot;hitzaldiak&quot;,&quot;attachment_ids&quot;:null,&quot;include_post_thumbnail&quot;:0,&quot;post_author&quot;:&quot;any&quot;,&quot;post_author_ids&quot;:&quot;&quot;,&quot;apply_url_params&quot;:0,&quot;ignore_sticky_posts&quot;:1,&quot;exclude_children&quot;:0,&quot;exclude_current_post&quot;:&quot;0&quot;,&quot;exclude_prev_posts&quot;:0,&quot;exclude_past_events&quot;:0,&quot;enable_items_offset&quot;:0,&quot;items_offset&quot;:&quot;1&quot;,&quot;tax_query_relation&quot;:&quot;none&quot;,&quot;tax_query&quot;:[{&quot;operator&quot;:&quot;IN&quot;,&quot;taxonomy&quot;:&quot;category&quot;,&quot;terms&quot;:&quot;&quot;,&quot;include_children&quot;:0}],&quot;meta_query_relation&quot;:&quot;AND&quot;,&quot;meta_query&quot;:&quot;%5B%7B%22key%22%3A%22tokia%22%2C%22compare%22%3A%22%3D%22%2C%22value%22%3A%22irun%22%7D%2C%7B%22key%22%3A%22data%22%2C%22compare%22%3A%22%3D%22%2C%22value%22%3A%2220260924%22%7D%5D&quot;,&quot;orderby&quot;:&quot;custom&quot;,&quot;orderby_custom_field&quot;:&quot;menu_order&quot;,&quot;orderby_custom_type&quot;:0,&quot;order_invert&quot;:0,&quot;show_all&quot;:&quot;1&quot;,&quot;quantity&quot;:&quot;12&quot;,&quot;posts_per_archive_page&quot;:0,&quot;no_items_action&quot;:&quot;message&quot;,&quot;no_items_message&quot;:&quot;Aucun r\\u00e9sultat.&quot;,&quot;no_items_page_block&quot;:&quot;&quot;,&quot;pagination&quot;:&quot;none&quot;,&quot;pagination_style&quot;:&quot;&quot;,&quot;pagination_btn_text&quot;:&quot;Charger plus&quot;,&quot;pagination_btn_size&quot;:&quot;&quot;,&quot;pagination_btn_style&quot;:&quot;1&quot;,&quot;pagination_btn_fullwidth&quot;:0,&quot;items_layout&quot;:&quot;3153&quot;,&quot;type&quot;:&quot;grid&quot;,&quot;items_valign&quot;:0,&quot;ignore_items_size&quot;:0,&quot;columns&quot;:&quot;1&quot;,&quot;items_gap&quot;:&quot;0.3rem&quot;,&quot;load_animation&quot;:&quot;none&quot;,&quot;items_preload_style&quot;:&quot;spinner&quot;,&quot;img_size&quot;:&quot;default&quot;,&quot;title_size&quot;:&quot;&quot;,&quot;items_ratio&quot;:&quot;default&quot;,&quot;items_ratio_width&quot;:&quot;21&quot;,&quot;items_ratio_height&quot;:&quot;9&quot;,&quot;overriding_link&quot;:&quot;%7B%22url%22%3A%22%22%7D&quot;,&quot;popup_page_template&quot;:&quot;0&quot;,&quot;popup_width&quot;:&quot;&quot;,&quot;popup_arrows&quot;:1,&quot;breakpoint_1_width&quot;:&quot;1501px&quot;,&quot;breakpoint_1_cols&quot;:&quot;default&quot;,&quot;breakpoint_1_quantity&quot;:&quot;&quot;,&quot;breakpoint_1_gap&quot;:&quot;&quot;,&quot;breakpoint_2_width&quot;:&quot;1025px&quot;,&quot;breakpoint_2_cols&quot;:&quot;2&quot;,&quot;breakpoint_2_quantity&quot;:&quot;&quot;,&quot;breakpoint_2_gap&quot;:&quot;&quot;,&quot;breakpoint_3_width&quot;:&quot;801px&quot;,&quot;breakpoint_3_cols&quot;:&quot;1&quot;,&quot;breakpoint_3_quantity&quot;:&quot;&quot;,&quot;breakpoint_3_gap&quot;:&quot;&quot;,&quot;conditions_operator&quot;:&quot;always&quot;,&quot;conditions&quot;:[],&quot;css&quot;:null,&quot;el_class&quot;:&quot;&quot;,&quot;el_id&quot;:&quot;&quot;,&quot;enable_custom_html_atts&quot;:0,&quot;custom_html_atts&quot;:null,&quot;hide_on_states&quot;:&quot;&quot;,&quot;hide_for_sticky&quot;:0,&quot;hide_for_not_sticky&quot;:0,&quot;hide_below&quot;:&quot;0px&quot;,&quot;hide_above&quot;:&quot;0px&quot;,&quot;classes&quot;:&quot;&quot;},&quot;found_posts&quot;:0,&quot;per_page&quot;:999},&quot;facetedFilter&quot;:[]}'><\/div><\/div><div class=\"w-separator size_medium\"><\/div><h2 class=\"w-text\"><span class=\"w-text-h\"><span class=\"w-text-value\">25 SEPTEMBRE<\/span><\/span><\/h2><div class=\"w-grid us_post_list type_grid layout_3155 cols_1 preload_style_spinner\" id=\"us_post_list_vfb7\" style=\"--columns:1;--gap:0.3rem;\"><style>.layout_3155 .w-grid-item-h{background:var(--color-header-middle-bg)}.layout_3155 .usg_hwrapper_1{border-bottom-width:2px!important;border-color:var(--color-header-middle-text)!important;border-bottom-style:solid!important}.layout_3155 .usg_post_title_1{font-size:22px!important;line-height:26px!important;font-weight:800!important}.layout_3155 .usg_vwrapper_2{width:48%!important}.layout_3155 .usg_post_content_1{font-size:22px!important;line-height:26px!important;padding-top:0.5rem!important;padding-bottom:0.5rem!important;border-top-width:2px!important;border-color:var(--color-content-bg-alt)!important;border-top-style:solid!important}.layout_3155 .usg_vwrapper_3{width:10%!important;padding:0.3rem!important}.layout_3155 .usg_post_custom_field_2{text-align:left!important;font-size:28px!important;line-height:32px!important;font-weight:800!important}.layout_3155 .usg_vwrapper_4{width:36%!important}.layout_3155 .usg_post_custom_field_3{font-weight:800!important}.layout_3155 .usg_post_custom_field_1{font-weight:800!important}.layout_3155 .usg_text_1{font-size:16px!important;line-height:20px!important;font-weight:400!important;text-transform:uppercase!important}@media (min-width:1025px) and (max-width:1500px){.layout_3155 .usg_post_custom_field_2{text-align:inherit!important;font-weight:800!important}}@media (min-width:801px) and (max-width:1024px){.layout_3155 .usg_post_custom_field_2{text-align:inherit!important;font-weight:800!important}}@media (max-width:800px){.layout_3155 .usg_post_custom_field_2{text-align:inherit!important;font-weight:800!important}}<\/style><div class=\"w-grid-list\">\t<article class=\"w-grid-item size_1x1 post-2656 hitzaldiak type-hitzaldiak status-publish hentry\" data-id=\"2656\">\r\n\t\t<div class=\"w-grid-item-h\">\r\n\t\t\t\t\t\t<div class=\"w-hwrapper usg_hwrapper_1 egitaraua-kaja align_left valign_middle\" style=\"--hwrapper-gap:1rem\"><div class=\"w-vwrapper usg_vwrapper_3 w10\" style=\"--vwrapper-gap:0.2rem\"><div class=\"w-post-elm post_custom_field usg_post_custom_field_2 ordua type_text color_link_inherit\"><span class=\"w-post-elm-value\">08:15-08:45<\/span><\/div><div class=\"w-text usg_text_1\"><span class=\"w-text-h\"><span class=\"w-text-value\">Sept. 25<\/span><\/span><\/div><\/div><div class=\"w-vwrapper usg_vwrapper_2 w57 valign_justify\" style=\"--vwrapper-gap:0.5rem\"><p class=\"w-post-elm post_title usg_post_title_1 titulua entry-title color_link_inherit\"><a href=\"https:\/\/bihar.eus\/fr\/hitzaldiak\/ate-irekiera\/\">Ate-irekiera<\/a><\/p><\/div><div class=\"w-vwrapper usg_vwrapper_4 w57\"><\/div><\/div>\t\t<\/div>\r\n\t\t\t<\/article>\r\n\t<article class=\"w-grid-item size_1x1 post-1792 hitzaldiak type-hitzaldiak status-publish hentry\" data-id=\"1792\">\r\n\t\t<div class=\"w-grid-item-h\">\r\n\t\t\t\t\t\t<div class=\"w-hwrapper usg_hwrapper_1 egitaraua-kaja align_left valign_middle\" style=\"--hwrapper-gap:1rem\"><div class=\"w-vwrapper usg_vwrapper_3 w10\" style=\"--vwrapper-gap:0.2rem\"><div class=\"w-post-elm post_custom_field usg_post_custom_field_2 ordua type_text color_link_inherit\"><span class=\"w-post-elm-value\">08:45-09:00<\/span><\/div><div class=\"w-text usg_text_1\"><span class=\"w-text-h\"><span class=\"w-text-value\">Sept. 25<\/span><\/span><\/div><\/div><div class=\"w-vwrapper usg_vwrapper_2 w57 valign_justify\" style=\"--vwrapper-gap:0.5rem\"><p class=\"w-post-elm post_title usg_post_title_1 titulua entry-title color_link_inherit\"><a href=\"https:\/\/bihar.eus\/fr\/hitzaldiak\/accueil-2\/\">Accueil<\/a><\/p><\/div><div class=\"w-vwrapper usg_vwrapper_4 w57\"><\/div><\/div>\t\t<\/div>\r\n\t\t\t<\/article>\r\n\t<article class=\"w-grid-item size_1x1 post-2735 hitzaldiak type-hitzaldiak status-publish hentry\" data-id=\"2735\">\r\n\t\t<div class=\"w-grid-item-h\">\r\n\t\t\t\t\t\t<div class=\"w-hwrapper usg_hwrapper_1 egitaraua-kaja align_left valign_middle\" style=\"--hwrapper-gap:1rem\"><div class=\"w-vwrapper usg_vwrapper_3 w10\" style=\"--vwrapper-gap:0.2rem\"><div class=\"w-post-elm post_custom_field usg_post_custom_field_2 ordua type_text color_link_inherit\"><span class=\"w-post-elm-value\">09:00-09:30<\/span><\/div><div class=\"w-text usg_text_1\"><span class=\"w-text-h\"><span class=\"w-text-value\">Sept. 25<\/span><\/span><\/div><\/div><div class=\"w-vwrapper usg_vwrapper_2 w57 valign_justify\" style=\"--vwrapper-gap:0.5rem\"><p class=\"w-post-elm post_title usg_post_title_1 titulua entry-title color_link_inherit\"><a href=\"https:\/\/bihar.eus\/fr\/hitzaldiak\/conference-10\/\">Conf\u00e9rence<\/a><\/p><div class=\"w-post-elm post_content usg_post_content_1 edukia\"><p>Langues en r\u00e9sistance : agentivit\u00e9, mobilisation communautaire et r\u00e9cits d\u2019avenir pour la revitalisation linguistique<\/p>\n<\/div><\/div><div class=\"w-vwrapper usg_vwrapper_4 w57\"><div class=\"w-post-elm post_custom_field usg_post_custom_field_3 type_text hizlaria color_link_inherit\"><span class=\"w-post-elm-value\">Tahir Bayku\u015fak <\/span><\/div><div class=\"w-post-elm post_custom_field usg_post_custom_field_1 type_text lanpostua color_link_inherit\"><span class=\"w-post-elm-value\">(communaut\u00e9 kurde, Diyarbak\u0131r City Municipality)<\/span><\/div><\/div><\/div>\t\t<\/div>\r\n\t\t\t<\/article>\r\n\t<article class=\"w-grid-item size_1x1 post-2736 hitzaldiak type-hitzaldiak status-publish hentry\" data-id=\"2736\">\r\n\t\t<div class=\"w-grid-item-h\">\r\n\t\t\t\t\t\t<div class=\"w-hwrapper usg_hwrapper_1 egitaraua-kaja align_left valign_middle\" style=\"--hwrapper-gap:1rem\"><div class=\"w-vwrapper usg_vwrapper_3 w10\" style=\"--vwrapper-gap:0.2rem\"><div class=\"w-post-elm post_custom_field usg_post_custom_field_2 ordua type_text color_link_inherit\"><span class=\"w-post-elm-value\">09:30-10:00<\/span><\/div><div class=\"w-text usg_text_1\"><span class=\"w-text-h\"><span class=\"w-text-value\">Sept. 25<\/span><\/span><\/div><\/div><div class=\"w-vwrapper usg_vwrapper_2 w57 valign_justify\" style=\"--vwrapper-gap:0.5rem\"><p class=\"w-post-elm post_title usg_post_title_1 titulua entry-title color_link_inherit\"><a href=\"https:\/\/bihar.eus\/fr\/hitzaldiak\/conference-11\/\">Conf\u00e9rence<\/a><\/p><div class=\"w-post-elm post_content usg_post_content_1 edukia\"><p>Droits linguistiques et justice sociale<\/p>\n<\/div><\/div><div class=\"w-vwrapper usg_vwrapper_4 w57\"><\/div><\/div>\t\t<\/div>\r\n\t\t\t<\/article>\r\n\t<article class=\"w-grid-item size_1x1 post-2737 hitzaldiak type-hitzaldiak status-publish hentry\" data-id=\"2737\">\r\n\t\t<div class=\"w-grid-item-h\">\r\n\t\t\t\t\t\t<div class=\"w-hwrapper usg_hwrapper_1 egitaraua-kaja align_left valign_middle\" style=\"--hwrapper-gap:1rem\"><div class=\"w-vwrapper usg_vwrapper_3 w10\" style=\"--vwrapper-gap:0.2rem\"><div class=\"w-post-elm post_custom_field usg_post_custom_field_2 ordua type_text color_link_inherit\"><span class=\"w-post-elm-value\">10:00-10:30<\/span><\/div><div class=\"w-text usg_text_1\"><span class=\"w-text-h\"><span class=\"w-text-value\">Sept. 25<\/span><\/span><\/div><\/div><div class=\"w-vwrapper usg_vwrapper_2 w57 valign_justify\" style=\"--vwrapper-gap:0.5rem\"><p class=\"w-post-elm post_title usg_post_title_1 titulua entry-title color_link_inherit\"><a href=\"https:\/\/bihar.eus\/fr\/hitzaldiak\/conference-12\/\">Conf\u00e9rence<\/a><\/p><div class=\"w-post-elm post_content usg_post_content_1 edukia\"><p>Voix et justice : luttes sociales et passage \u00e0 l\u2019agentivit\u00e9 dans la revitalisation linguistique<\/p>\n<\/div><\/div><div class=\"w-vwrapper usg_vwrapper_4 w57\"><div class=\"w-post-elm post_custom_field usg_post_custom_field_3 type_text hizlaria color_link_inherit\"><span class=\"w-post-elm-value\">Clayton Cruse<\/span><\/div><div class=\"w-post-elm post_custom_field usg_post_custom_field_1 type_text lanpostua color_link_inherit\"><span class=\"w-post-elm-value\">(Adnyamathanha \/ IDIL Australia)<\/span><\/div><\/div><\/div>\t\t<\/div>\r\n\t\t\t<\/article>\r\n\t<article class=\"w-grid-item size_1x1 post-2738 hitzaldiak type-hitzaldiak status-publish hentry\" data-id=\"2738\">\r\n\t\t<div class=\"w-grid-item-h\">\r\n\t\t\t\t\t\t<div class=\"w-hwrapper usg_hwrapper_1 egitaraua-kaja align_left valign_middle\" style=\"--hwrapper-gap:1rem\"><div class=\"w-vwrapper usg_vwrapper_3 w10\" style=\"--vwrapper-gap:0.2rem\"><div class=\"w-post-elm post_custom_field usg_post_custom_field_2 ordua type_text color_link_inherit\"><span class=\"w-post-elm-value\">10:30-11:00<\/span><\/div><div class=\"w-text usg_text_1\"><span class=\"w-text-h\"><span class=\"w-text-value\">Sept. 25<\/span><\/span><\/div><\/div><div class=\"w-vwrapper usg_vwrapper_2 w57 valign_justify\" style=\"--vwrapper-gap:0.5rem\"><p class=\"w-post-elm post_title usg_post_title_1 titulua entry-title color_link_inherit\"><a href=\"https:\/\/bihar.eus\/fr\/hitzaldiak\/conference-13\/\">Conf\u00e9rence<\/a><\/p><div class=\"w-post-elm post_content usg_post_content_1 edukia\"><p>R\u00e9cits et autonomisation communautaire : construire une agentivit\u00e9 collective \u00e0 travers sa propre voix<\/p>\n<\/div><\/div><div class=\"w-vwrapper usg_vwrapper_4 w57\"><div class=\"w-post-elm post_custom_field usg_post_custom_field_3 type_text hizlaria color_link_inherit\"><span class=\"w-post-elm-value\">Lorna Wanosts\u2019a 7 Williams (Lil\u2019wat Nation \/ Victoriako Unibertsitatea)<\/span><\/div><\/div><\/div>\t\t<\/div>\r\n\t\t\t<\/article>\r\n\t<article class=\"w-grid-item size_1x1 post-2739 hitzaldiak type-hitzaldiak status-publish hentry\" data-id=\"2739\">\r\n\t\t<div class=\"w-grid-item-h\">\r\n\t\t\t\t\t\t<div class=\"w-hwrapper usg_hwrapper_1 egitaraua-kaja align_left valign_middle\" style=\"--hwrapper-gap:1rem\"><div class=\"w-vwrapper usg_vwrapper_3 w10\" style=\"--vwrapper-gap:0.2rem\"><div class=\"w-post-elm post_custom_field usg_post_custom_field_2 ordua type_text color_link_inherit\"><span class=\"w-post-elm-value\">11:00-11:30<\/span><\/div><div class=\"w-text usg_text_1\"><span class=\"w-text-h\"><span class=\"w-text-value\">Sept. 25<\/span><\/span><\/div><\/div><div class=\"w-vwrapper usg_vwrapper_2 w57 valign_justify\" style=\"--vwrapper-gap:0.5rem\"><p class=\"w-post-elm post_title usg_post_title_1 titulua entry-title color_link_inherit\"><a href=\"https:\/\/bihar.eus\/fr\/hitzaldiak\/conference-14\/\">Conf\u00e9rence<\/a><\/p><div class=\"w-post-elm post_content usg_post_content_1 edukia\"><p>Discours culturels et construction symbolique de l\u2019appartenance identitaire<\/p>\n<\/div><\/div><div class=\"w-vwrapper usg_vwrapper_4 w57\"><\/div><\/div>\t\t<\/div>\r\n\t\t\t<\/article>\r\n\t<article class=\"w-grid-item size_1x1 post-2740 hitzaldiak type-hitzaldiak status-publish hentry\" data-id=\"2740\">\r\n\t\t<div class=\"w-grid-item-h\">\r\n\t\t\t\t\t\t<div class=\"w-hwrapper usg_hwrapper_1 egitaraua-kaja align_left valign_middle\" style=\"--hwrapper-gap:1rem\"><div class=\"w-vwrapper usg_vwrapper_3 w10\" style=\"--vwrapper-gap:0.2rem\"><div class=\"w-post-elm post_custom_field usg_post_custom_field_2 ordua type_text color_link_inherit\"><span class=\"w-post-elm-value\">11:30-12:00<\/span><\/div><div class=\"w-text usg_text_1\"><span class=\"w-text-h\"><span class=\"w-text-value\">Sept. 25<\/span><\/span><\/div><\/div><div class=\"w-vwrapper usg_vwrapper_2 w57 valign_justify\" style=\"--vwrapper-gap:0.5rem\"><p class=\"w-post-elm post_title usg_post_title_1 titulua entry-title color_link_inherit\"><a href=\"https:\/\/bihar.eus\/fr\/hitzaldiak\/pause-3\/\">Pause<\/a><\/p><\/div><div class=\"w-vwrapper usg_vwrapper_4 w57\"><\/div><\/div>\t\t<\/div>\r\n\t\t\t<\/article>\r\n\t<article class=\"w-grid-item size_1x1 post-2741 hitzaldiak type-hitzaldiak status-publish hentry\" data-id=\"2741\">\r\n\t\t<div class=\"w-grid-item-h\">\r\n\t\t\t\t\t\t<div class=\"w-hwrapper usg_hwrapper_1 egitaraua-kaja align_left valign_middle\" style=\"--hwrapper-gap:1rem\"><div class=\"w-vwrapper usg_vwrapper_3 w10\" style=\"--vwrapper-gap:0.2rem\"><div class=\"w-post-elm post_custom_field usg_post_custom_field_2 ordua type_text color_link_inherit\"><span class=\"w-post-elm-value\">12:00-12:15<\/span><\/div><div class=\"w-text usg_text_1\"><span class=\"w-text-h\"><span class=\"w-text-value\">Sept. 25<\/span><\/span><\/div><\/div><div class=\"w-vwrapper usg_vwrapper_2 w57 valign_justify\" style=\"--vwrapper-gap:0.5rem\"><p class=\"w-post-elm post_title usg_post_title_1 titulua entry-title color_link_inherit\"><a href=\"https:\/\/bihar.eus\/fr\/hitzaldiak\/intervention-artistique-et-culturelle-5\/\">Intervention artistique et culturelle<\/a><\/p><\/div><div class=\"w-vwrapper usg_vwrapper_4 w57\"><\/div><\/div>\t\t<\/div>\r\n\t\t\t<\/article>\r\n\t<article class=\"w-grid-item size_1x1 post-2742 hitzaldiak type-hitzaldiak status-publish hentry\" data-id=\"2742\">\r\n\t\t<div class=\"w-grid-item-h\">\r\n\t\t\t\t\t\t<div class=\"w-hwrapper usg_hwrapper_1 egitaraua-kaja align_left valign_middle\" style=\"--hwrapper-gap:1rem\"><div class=\"w-vwrapper usg_vwrapper_3 w10\" style=\"--vwrapper-gap:0.2rem\"><div class=\"w-post-elm post_custom_field usg_post_custom_field_2 ordua type_text color_link_inherit\"><span class=\"w-post-elm-value\">12:15-13:45<\/span><\/div><div class=\"w-text usg_text_1\"><span class=\"w-text-h\"><span class=\"w-text-value\">Sept. 25<\/span><\/span><\/div><\/div><div class=\"w-vwrapper usg_vwrapper_2 w57 valign_justify\" style=\"--vwrapper-gap:0.5rem\"><p class=\"w-post-elm post_title usg_post_title_1 titulua entry-title color_link_inherit\"><a href=\"https:\/\/bihar.eus\/fr\/hitzaldiak\/table-ronde-5\/\">Table ronde<\/a><\/p><div class=\"w-post-elm post_content usg_post_content_1 edukia\"><p>\u00c9l\u00e9ments pour articuler un discours mondial<\/p>\n<\/div><\/div><div class=\"w-vwrapper usg_vwrapper_4 w57\"><div class=\"w-post-elm post_custom_field usg_post_custom_field_3 type_text hizlaria color_link_inherit\"><span class=\"w-post-elm-value\">Mod\u00e9ratrice : Nerea Uriarte Goitia (Garabide)<br\/>1.Michel DeGraff (cr\u00e9ole ha\u00eftien \/ Platf\u00f2m MIT-Ayiti) <br\/>2.Mustapha El Adak ( communaut\u00e9 amazighe du Rif \/ University of Oujda) <\/span><\/div><\/div><\/div>\t\t<\/div>\r\n\t\t\t<\/article>\r\n\t<article class=\"w-grid-item size_1x1 post-2743 hitzaldiak type-hitzaldiak status-publish hentry\" data-id=\"2743\">\r\n\t\t<div class=\"w-grid-item-h\">\r\n\t\t\t\t\t\t<div class=\"w-hwrapper usg_hwrapper_1 egitaraua-kaja align_left valign_middle\" style=\"--hwrapper-gap:1rem\"><div class=\"w-vwrapper usg_vwrapper_3 w10\" style=\"--vwrapper-gap:0.2rem\"><div class=\"w-post-elm post_custom_field usg_post_custom_field_2 ordua type_text color_link_inherit\"><span class=\"w-post-elm-value\">13:45-14:30<\/span><\/div><div class=\"w-text usg_text_1\"><span class=\"w-text-h\"><span class=\"w-text-value\">Sept. 25<\/span><\/span><\/div><\/div><div class=\"w-vwrapper usg_vwrapper_2 w57 valign_justify\" style=\"--vwrapper-gap:0.5rem\"><p class=\"w-post-elm post_title usg_post_title_1 titulua entry-title color_link_inherit\"><a href=\"https:\/\/bihar.eus\/fr\/hitzaldiak\/pause-dejeuner\/\">Pause d\u00e9jeuner<\/a><\/p><\/div><div class=\"w-vwrapper usg_vwrapper_4 w57\"><\/div><\/div>\t\t<\/div>\r\n\t\t\t<\/article>\r\n\t<article class=\"w-grid-item size_1x1 post-2744 hitzaldiak type-hitzaldiak status-publish hentry\" data-id=\"2744\">\r\n\t\t<div class=\"w-grid-item-h\">\r\n\t\t\t\t\t\t<div class=\"w-hwrapper usg_hwrapper_1 egitaraua-kaja align_left valign_middle\" style=\"--hwrapper-gap:1rem\"><div class=\"w-vwrapper usg_vwrapper_3 w10\" style=\"--vwrapper-gap:0.2rem\"><div class=\"w-post-elm post_custom_field usg_post_custom_field_2 ordua type_text color_link_inherit\"><span class=\"w-post-elm-value\">14:30-14:45<\/span><\/div><div class=\"w-text usg_text_1\"><span class=\"w-text-h\"><span class=\"w-text-value\">Sept. 25<\/span><\/span><\/div><\/div><div class=\"w-vwrapper usg_vwrapper_2 w57 valign_justify\" style=\"--vwrapper-gap:0.5rem\"><p class=\"w-post-elm post_title usg_post_title_1 titulua entry-title color_link_inherit\"><a href=\"https:\/\/bihar.eus\/fr\/hitzaldiak\/intervention-artistique-et-culturelle-6\/\">Intervention artistique et culturelle<\/a><\/p><\/div><div class=\"w-vwrapper usg_vwrapper_4 w57\"><\/div><\/div>\t\t<\/div>\r\n\t\t\t<\/article>\r\n\t<article class=\"w-grid-item size_1x1 post-2745 hitzaldiak type-hitzaldiak status-publish hentry\" data-id=\"2745\">\r\n\t\t<div class=\"w-grid-item-h\">\r\n\t\t\t\t\t\t<div class=\"w-hwrapper usg_hwrapper_1 egitaraua-kaja align_left valign_middle\" style=\"--hwrapper-gap:1rem\"><div class=\"w-vwrapper usg_vwrapper_3 w10\" style=\"--vwrapper-gap:0.2rem\"><div class=\"w-post-elm post_custom_field usg_post_custom_field_2 ordua type_text color_link_inherit\"><span class=\"w-post-elm-value\">14:45-15:30<\/span><\/div><div class=\"w-text usg_text_1\"><span class=\"w-text-h\"><span class=\"w-text-value\">Sept. 25<\/span><\/span><\/div><\/div><div class=\"w-vwrapper usg_vwrapper_2 w57 valign_justify\" style=\"--vwrapper-gap:0.5rem\"><p class=\"w-post-elm post_title usg_post_title_1 titulua entry-title color_link_inherit\"><a href=\"https:\/\/bihar.eus\/fr\/hitzaldiak\/conference-15\/\">Conf\u00e9rence<\/a><\/p><div class=\"w-post-elm post_content usg_post_content_1 edukia\"><p>R\u00e9seau international de communaut\u00e9s en voie de revitalisation linguistique : pourquoi et pour quoi faire ?<\/p>\n<\/div><\/div><div class=\"w-vwrapper usg_vwrapper_4 w57\"><div class=\"w-post-elm post_custom_field usg_post_custom_field_3 type_text hizlaria color_link_inherit\"><span class=\"w-post-elm-value\">1.Urtzi Urrutikoetxea Vacas (communaut\u00e9 linguistique basque \/ Garabide) \/ 2.Jon Sarasua Maritxalar (communaut\u00e9 linguistique basque \/ Garabide)<\/span><\/div><\/div><\/div>\t\t<\/div>\r\n\t\t\t<\/article>\r\n\t<article class=\"w-grid-item size_1x1 post-2746 hitzaldiak type-hitzaldiak status-publish hentry\" data-id=\"2746\">\r\n\t\t<div class=\"w-grid-item-h\">\r\n\t\t\t\t\t\t<div class=\"w-hwrapper usg_hwrapper_1 egitaraua-kaja align_left valign_middle\" style=\"--hwrapper-gap:1rem\"><div class=\"w-vwrapper usg_vwrapper_3 w10\" style=\"--vwrapper-gap:0.2rem\"><div class=\"w-post-elm post_custom_field usg_post_custom_field_2 ordua type_text color_link_inherit\"><span class=\"w-post-elm-value\">15:30-17:00<\/span><\/div><div class=\"w-text usg_text_1\"><span class=\"w-text-h\"><span class=\"w-text-value\">Sept. 25<\/span><\/span><\/div><\/div><div class=\"w-vwrapper usg_vwrapper_2 w57 valign_justify\" style=\"--vwrapper-gap:0.5rem\"><p class=\"w-post-elm post_title usg_post_title_1 titulua entry-title color_link_inherit\"><a href=\"https:\/\/bihar.eus\/fr\/hitzaldiak\/projection-et-debat-2\/\">Projection et d\u00e9bat<\/a><\/p><div class=\"w-post-elm post_content usg_post_content_1 edukia\"><p><strong>Programmation simultan\u00e9e<\/strong><br \/>\nDocumentaire \u201cMai da bai\u201d : de l\u2019oppression \u00e0 l\u2019agentivit\u00e9, le peuple mapuche imaginant l\u2019avenir<\/p>\n<\/div><\/div><div class=\"w-vwrapper usg_vwrapper_4 w57\"><div class=\"w-post-elm post_custom_field usg_post_custom_field_3 type_text hizlaria color_link_inherit\"><span class=\"w-post-elm-value\">Sergio Andres Marinao Nahuelpan (Mapuche zugun \/ Mapuzugun \u00f1i Choy\u00fcn et Mapuzuguletuai\u00f1)<\/span><\/div><div class=\"w-post-elm post_custom_field usg_post_custom_field_1 type_text lanpostua color_link_inherit\"><span class=\"w-post-elm-value\">Moderador : Imanol Larrea Mendizabal (Soziolinguistika Klusterra) Jelisava Dobovsek Sethn (langue japonaise minoris\u00e9e\/Linguapax Asia) Zurbair Torwali (communaut\u00e9 Torwali\/Idara Baraye Taleem wa Taraqi IBT)Moderatzailea: Imanol Larrea Mendizabal (Soziolinguistika Klusterra) Jelisava Dobovsek Sethn (Japoniako hizkuntza minorizatua \/ Linguapax Asia) Zurbair Torwali (Torwali komunitatea \/ Idara Baraye Taleem wa Taraqi IBT)<\/span><\/div><\/div><\/div>\t\t<\/div>\r\n\t\t\t<\/article>\r\n\t<article class=\"w-grid-item size_1x1 post-2747 hitzaldiak type-hitzaldiak status-publish hentry\" data-id=\"2747\">\r\n\t\t<div class=\"w-grid-item-h\">\r\n\t\t\t\t\t\t<div class=\"w-hwrapper usg_hwrapper_1 egitaraua-kaja align_left valign_middle\" style=\"--hwrapper-gap:1rem\"><div class=\"w-vwrapper usg_vwrapper_3 w10\" style=\"--vwrapper-gap:0.2rem\"><div class=\"w-post-elm post_custom_field usg_post_custom_field_2 ordua type_text color_link_inherit\"><span class=\"w-post-elm-value\">15:30-17:00<\/span><\/div><div class=\"w-text usg_text_1\"><span class=\"w-text-h\"><span class=\"w-text-value\">Sept. 25<\/span><\/span><\/div><\/div><div class=\"w-vwrapper usg_vwrapper_2 w57 valign_justify\" style=\"--vwrapper-gap:0.5rem\"><p class=\"w-post-elm post_title usg_post_title_1 titulua entry-title color_link_inherit\"><a href=\"https:\/\/bihar.eus\/fr\/hitzaldiak\/debat-participatif\/\">D\u00e9bat participatif<\/a><\/p><div class=\"w-post-elm post_content usg_post_content_1 edukia\"><p><strong>Programmation simultan\u00e9e<\/strong><br \/>\nDroits linguistiques et justice sociale : cl\u00e9s pour des r\u00e9cits d\u2019avenir<\/p>\n<\/div><\/div><div class=\"w-vwrapper usg_vwrapper_4 w57\"><div class=\"w-post-elm post_custom_field usg_post_custom_field_3 type_text hizlaria color_link_inherit\"><span class=\"w-post-elm-value\">Mod\u00e9rateur: Imanol Larrea Mendizabal (Soziolinguistika Klusterra) \/ 1. Jelisava Dobovsek Sethn (langues minoris\u00e9es au Japon \/ Linguapax Asia) <\/span><\/div><\/div><\/div>\t\t<\/div>\r\n\t\t\t<\/article>\r\n\t<article class=\"w-grid-item size_1x1 post-2748 hitzaldiak type-hitzaldiak status-publish hentry\" data-id=\"2748\">\r\n\t\t<div class=\"w-grid-item-h\">\r\n\t\t\t\t\t\t<div class=\"w-hwrapper usg_hwrapper_1 egitaraua-kaja align_left valign_middle\" style=\"--hwrapper-gap:1rem\"><div class=\"w-vwrapper usg_vwrapper_3 w10\" style=\"--vwrapper-gap:0.2rem\"><div class=\"w-post-elm post_custom_field usg_post_custom_field_2 ordua type_text color_link_inherit\"><span class=\"w-post-elm-value\">15:30-17:00 <\/span><\/div><div class=\"w-text usg_text_1\"><span class=\"w-text-h\"><span class=\"w-text-value\">Sept. 25<\/span><\/span><\/div><\/div><div class=\"w-vwrapper usg_vwrapper_2 w57 valign_justify\" style=\"--vwrapper-gap:0.5rem\"><p class=\"w-post-elm post_title usg_post_title_1 titulua entry-title color_link_inherit\"><a href=\"https:\/\/bihar.eus\/fr\/hitzaldiak\/debat-participatif-2\/\">D\u00e9bat participatif<\/a><\/p><div class=\"w-post-elm post_content usg_post_content_1 edukia\"><p>Apports de la technologie et de l\u2019intelligence artificielle \u00e0 la revitalisation linguistique<\/p>\n<\/div><\/div><div class=\"w-vwrapper usg_vwrapper_4 w57\"><\/div><\/div>\t\t<\/div>\r\n\t\t\t<\/article>\r\n\t<article class=\"w-grid-item size_1x1 post-2749 hitzaldiak type-hitzaldiak status-publish hentry\" data-id=\"2749\">\r\n\t\t<div class=\"w-grid-item-h\">\r\n\t\t\t\t\t\t<div class=\"w-hwrapper usg_hwrapper_1 egitaraua-kaja align_left valign_middle\" style=\"--hwrapper-gap:1rem\"><div class=\"w-vwrapper usg_vwrapper_3 w10\" style=\"--vwrapper-gap:0.2rem\"><div class=\"w-post-elm post_custom_field usg_post_custom_field_2 ordua type_text color_link_inherit\"><span class=\"w-post-elm-value\">15:30-17:00<\/span><\/div><div class=\"w-text usg_text_1\"><span class=\"w-text-h\"><span class=\"w-text-value\">Sept. 25<\/span><\/span><\/div><\/div><div class=\"w-vwrapper usg_vwrapper_2 w57 valign_justify\" style=\"--vwrapper-gap:0.5rem\"><p class=\"w-post-elm post_title usg_post_title_1 titulua entry-title color_link_inherit\"><a href=\"https:\/\/bihar.eus\/fr\/hitzaldiak\/partage-dexperiences\/\">Partage d\u2019exp\u00e9riences<\/a><\/p><div class=\"w-post-elm post_content usg_post_content_1 edukia\"><p><strong>Programmation simultan\u00e9e<\/strong><br \/>\nPratiques pour construire des r\u00e9cits d\u2019avenir<\/p>\n<\/div><\/div><div class=\"w-vwrapper usg_vwrapper_4 w57\"><div class=\"w-post-elm post_custom_field usg_post_custom_field_3 type_text hizlaria color_link_inherit\"><span class=\"w-post-elm-value\">Monica Pere\u00f1a Perez<\/span><\/div><div class=\"w-post-elm post_custom_field usg_post_custom_field_1 type_text lanpostua color_link_inherit\"><span class=\"w-post-elm-value\"> (catalan, Linguapax International)<\/span><\/div><\/div><\/div>\t\t<\/div>\r\n\t\t\t<\/article>\r\n<\/div><div class=\"g-loadmore hidden\"><div class=\"g-preloader type_1\"><div><\/div><\/div><\/div><div class=\"w-grid-list-json hidden\" onclick='return {&quot;max_num_pages&quot;:0,&quot;paginationBase&quot;:&quot;page&quot;,&quot;pagination&quot;:&quot;none&quot;,&quot;paged&quot;:1,&quot;ajaxData&quot;:{&quot;action&quot;:&quot;us_ajax_post_list&quot;,&quot;meta_type&quot;:&quot;post&quot;,&quot;object_id&quot;:0,&quot;template_vars&quot;:{&quot;shortcode_base&quot;:&quot;us_post_list&quot;,&quot;paged&quot;:1,&quot;max_num_pages&quot;:0,&quot;no_results&quot;:false,&quot;us_post_content_design_css&quot;:[],&quot;found_posts&quot;:0,&quot;per_page&quot;:999,&quot;items_count&quot;:17,&quot;orderby_random_seed&quot;:null,&quot;source&quot;:&quot;all&quot;,&quot;custom_field_name&quot;:&quot;&quot;,&quot;ids&quot;:&quot;&quot;,&quot;post_type&quot;:&quot;hitzaldiak&quot;,&quot;attachment_ids&quot;:null,&quot;include_post_thumbnail&quot;:0,&quot;post_author&quot;:&quot;any&quot;,&quot;post_author_ids&quot;:&quot;&quot;,&quot;apply_url_params&quot;:0,&quot;ignore_sticky_posts&quot;:1,&quot;exclude_children&quot;:0,&quot;exclude_current_post&quot;:&quot;0&quot;,&quot;exclude_prev_posts&quot;:0,&quot;exclude_past_events&quot;:0,&quot;enable_items_offset&quot;:0,&quot;items_offset&quot;:&quot;1&quot;,&quot;tax_query_relation&quot;:&quot;none&quot;,&quot;tax_query&quot;:[{&quot;operator&quot;:&quot;IN&quot;,&quot;taxonomy&quot;:&quot;category&quot;,&quot;terms&quot;:&quot;&quot;,&quot;include_children&quot;:0}],&quot;meta_query_relation&quot;:&quot;AND&quot;,&quot;meta_query&quot;:&quot;%5B%7B%22key%22%3A%22tokia%22%2C%22compare%22%3A%22%3D%22%2C%22value%22%3A%22irun%22%7D%2C%7B%22key%22%3A%22data%22%2C%22compare%22%3A%22%3D%22%2C%22value%22%3A%2220260925%22%7D%5D&quot;,&quot;orderby&quot;:&quot;custom&quot;,&quot;orderby_custom_field&quot;:&quot;menu_order&quot;,&quot;orderby_custom_type&quot;:&quot;1&quot;,&quot;order_invert&quot;:0,&quot;show_all&quot;:&quot;1&quot;,&quot;quantity&quot;:&quot;12&quot;,&quot;posts_per_archive_page&quot;:0,&quot;no_items_action&quot;:&quot;message&quot;,&quot;no_items_message&quot;:&quot;Aucun r\\u00e9sultat.&quot;,&quot;no_items_page_block&quot;:&quot;&quot;,&quot;pagination&quot;:&quot;none&quot;,&quot;pagination_style&quot;:&quot;&quot;,&quot;pagination_btn_text&quot;:&quot;Charger plus&quot;,&quot;pagination_btn_size&quot;:&quot;&quot;,&quot;pagination_btn_style&quot;:&quot;1&quot;,&quot;pagination_btn_fullwidth&quot;:0,&quot;items_layout&quot;:&quot;3155&quot;,&quot;type&quot;:&quot;grid&quot;,&quot;items_valign&quot;:0,&quot;ignore_items_size&quot;:0,&quot;columns&quot;:&quot;1&quot;,&quot;items_gap&quot;:&quot;0.3rem&quot;,&quot;load_animation&quot;:&quot;none&quot;,&quot;items_preload_style&quot;:&quot;spinner&quot;,&quot;img_size&quot;:&quot;default&quot;,&quot;title_size&quot;:&quot;&quot;,&quot;items_ratio&quot;:&quot;default&quot;,&quot;items_ratio_width&quot;:&quot;21&quot;,&quot;items_ratio_height&quot;:&quot;9&quot;,&quot;overriding_link&quot;:&quot;%7B%22url%22%3A%22%22%7D&quot;,&quot;popup_page_template&quot;:&quot;0&quot;,&quot;popup_width&quot;:&quot;&quot;,&quot;popup_arrows&quot;:1,&quot;breakpoint_1_width&quot;:&quot;1501px&quot;,&quot;breakpoint_1_cols&quot;:&quot;default&quot;,&quot;breakpoint_1_quantity&quot;:&quot;&quot;,&quot;breakpoint_1_gap&quot;:&quot;&quot;,&quot;breakpoint_2_width&quot;:&quot;1025px&quot;,&quot;breakpoint_2_cols&quot;:&quot;2&quot;,&quot;breakpoint_2_quantity&quot;:&quot;&quot;,&quot;breakpoint_2_gap&quot;:&quot;&quot;,&quot;breakpoint_3_width&quot;:&quot;801px&quot;,&quot;breakpoint_3_cols&quot;:&quot;1&quot;,&quot;breakpoint_3_quantity&quot;:&quot;&quot;,&quot;breakpoint_3_gap&quot;:&quot;&quot;,&quot;conditions_operator&quot;:&quot;always&quot;,&quot;conditions&quot;:[],&quot;css&quot;:null,&quot;el_class&quot;:&quot;&quot;,&quot;el_id&quot;:&quot;&quot;,&quot;enable_custom_html_atts&quot;:0,&quot;custom_html_atts&quot;:null,&quot;hide_on_states&quot;:&quot;&quot;,&quot;hide_for_sticky&quot;:0,&quot;hide_for_not_sticky&quot;:0,&quot;hide_below&quot;:&quot;0px&quot;,&quot;hide_above&quot;:&quot;0px&quot;,&quot;classes&quot;:&quot;&quot;},&quot;found_posts&quot;:0,&quot;per_page&quot;:999},&quot;facetedFilter&quot;:[]}'><\/div><\/div><\/div><\/div><div class=\"wpb_column vc_column_container us_custom_4d5921b1 has_bg_color type_sticky\"><div class=\"vc_column-inner\"><div class=\"w-separator size_small\"><\/div><div class=\"w-image align_center\"><div class=\"w-image-h\"><img decoding=\"async\" width=\"55\" height=\"74\" src=\"https:\/\/bihar.eus\/wp-content\/uploads\/2026\/03\/geo-alt-2.png\" class=\"attachment-large size-large\" alt=\"\" loading=\"lazy\" \/><\/div><\/div><div class=\"w-separator size_small\"><\/div><h3 class=\"w-text us_custom_eb849559\"><span class=\"w-text-h\"><span class=\"w-text-value\">Ficoba \u2013 Irun<\/span><\/span><\/h3><div class=\"w-separator size_medium\"><\/div><div class=\"w-image align_center\"><div class=\"w-image-h\"><img decoding=\"async\" width=\"48\" height=\"48\" src=\"https:\/\/bihar.eus\/wp-content\/uploads\/2026\/03\/calendar-check.png\" class=\"attachment-large size-large\" alt=\"\" loading=\"lazy\" \/><\/div><\/div><div class=\"w-separator size_small\"><\/div><h3 class=\"w-text us_custom_eb849559\"><span class=\"w-text-h\"><span class=\"w-text-value\">24,25 SEPTEMBRE<\/span><\/span><\/h3><div class=\"w-separator size_small\"><\/div><\/div><\/div><\/div><\/div><\/div><\/div><div class=\"w-tabs-section\" id=\"g0d1\"><button class=\"w-tabs-section-header\" aria-controls=\"content-g0d1\" aria-expanded=\"false\"><div class=\"w-tabs-section-title\">26 SEPTEMBRE \u2013 Hendaia<\/div><div class=\"w-tabs-section-control\"><\/div><\/button><div  class=\"w-tabs-section-content\" id=\"content-g0d1\"><div class=\"w-tabs-section-content-h i-cf\"><div class=\"g-cols wpb_row via_grid cols_4-1 laptops-cols_inherit tablets-cols_inherit mobiles-cols_1 valign_top type_default stacking_default\" style=\"--columns-gap:3rem;\"><div class=\"wpb_column vc_column_container\"><div class=\"vc_column-inner\"><h2 class=\"w-text\"><span class=\"w-text-h\"><span class=\"w-text-value\">26 SEPTEMBRE \u2013 Hendaia<\/span><\/span><\/h2><div class=\"w-grid us_post_list type_grid layout_1636 cols_1 preload_style_spinner\" id=\"us_post_list_r8b7\" style=\"--columns:1;--gap:0.3rem;\"><div class=\"w-grid-list\">\t<article class=\"w-grid-item size_1x1 post-1674 hitzaldiak type-hitzaldiak status-publish hentry\" data-id=\"1674\">\r\n\t\t<div class=\"w-grid-item-h\">\r\n\t\t\t\t\t\t<div class=\"w-hwrapper usg_hwrapper_1 egitaraua-kaja align_left valign_middle\" style=\"--hwrapper-gap:1rem\"><div class=\"w-vwrapper usg_vwrapper_3 w10 align_none valign_top\" style=\"--vwrapper-gap:0.2rem\"><div class=\"w-post-elm post_custom_field usg_post_custom_field_2 ordua type_text color_link_inherit\"><span class=\"w-post-elm-value\">11:30-11:45<\/span><\/div><\/div><div class=\"w-vwrapper usg_vwrapper_2 w57 align_none valign_justify\" style=\"--vwrapper-gap:0.5rem\"><p class=\"w-post-elm post_title usg_post_title_1 titulua entry-title color_link_inherit\"><a href=\"https:\/\/bihar.eus\/fr\/hitzaldiak\/performance-culturelle-participative\/\">Actuaci\u00f3n cultural participativa<\/a><\/p><\/div><div class=\"w-vwrapper usg_vwrapper_4 w57 align_none valign_top\"><\/div><\/div>\t\t<\/div>\r\n\t\t\t<\/article>\r\n\t<article class=\"w-grid-item size_1x1 post-1878 hitzaldiak type-hitzaldiak status-publish hentry\" data-id=\"1878\">\r\n\t\t<div class=\"w-grid-item-h\">\r\n\t\t\t\t\t\t<div class=\"w-hwrapper usg_hwrapper_1 egitaraua-kaja align_left valign_middle\" style=\"--hwrapper-gap:1rem\"><div class=\"w-vwrapper usg_vwrapper_3 w10 align_none valign_top\" style=\"--vwrapper-gap:0.2rem\"><div class=\"w-post-elm post_custom_field usg_post_custom_field_2 ordua type_text color_link_inherit\"><span class=\"w-post-elm-value\">11:00-11:15<\/span><\/div><\/div><div class=\"w-vwrapper usg_vwrapper_2 w57 align_none valign_justify\" style=\"--vwrapper-gap:0.5rem\"><p class=\"w-post-elm post_title usg_post_title_1 titulua entry-title color_link_inherit\"><a href=\"https:\/\/bihar.eus\/fr\/hitzaldiak\/accueil-musical\/\">Accueil musical<br><\/a><\/p><\/div><div class=\"w-vwrapper usg_vwrapper_4 w57 align_none valign_top\"><\/div><\/div>\t\t<\/div>\r\n\t\t\t<\/article>\r\n\t<article class=\"w-grid-item size_1x1 post-1882 hitzaldiak type-hitzaldiak status-publish hentry\" data-id=\"1882\">\r\n\t\t<div class=\"w-grid-item-h\">\r\n\t\t\t\t\t\t<div class=\"w-hwrapper usg_hwrapper_1 egitaraua-kaja align_left valign_middle\" style=\"--hwrapper-gap:1rem\"><div class=\"w-vwrapper usg_vwrapper_3 w10 align_none valign_top\" style=\"--vwrapper-gap:0.2rem\"><div class=\"w-post-elm post_custom_field usg_post_custom_field_2 ordua type_text color_link_inherit\"><span class=\"w-post-elm-value\">11:15-11:30<\/span><\/div><\/div><div class=\"w-vwrapper usg_vwrapper_2 w57 align_none valign_justify\" style=\"--vwrapper-gap:0.5rem\"><p class=\"w-post-elm post_title usg_post_title_1 titulua entry-title color_link_inherit\"><a href=\"https:\/\/bihar.eus\/fr\/hitzaldiak\/lecture-de-la-declaration\/\">Lecture de la d\u00e9claration<\/a><\/p><\/div><div class=\"w-vwrapper usg_vwrapper_4 w57 align_none valign_top\"><\/div><\/div>\t\t<\/div>\r\n\t\t\t<\/article>\r\n\t<article class=\"w-grid-item size_1x1 post-1883 hitzaldiak type-hitzaldiak status-publish hentry\" data-id=\"1883\">\r\n\t\t<div class=\"w-grid-item-h\">\r\n\t\t\t\t\t\t<div class=\"w-hwrapper usg_hwrapper_1 egitaraua-kaja align_left valign_middle\" style=\"--hwrapper-gap:1rem\"><div class=\"w-vwrapper usg_vwrapper_3 w10 align_none valign_top\" style=\"--vwrapper-gap:0.2rem\"><div class=\"w-post-elm post_custom_field usg_post_custom_field_2 ordua type_text color_link_inherit\"><span class=\"w-post-elm-value\">11:30-11:45<\/span><\/div><\/div><div class=\"w-vwrapper usg_vwrapper_2 w57 align_none valign_justify\" style=\"--vwrapper-gap:0.5rem\"><p class=\"w-post-elm post_title usg_post_title_1 titulua entry-title color_link_inherit\"><a href=\"https:\/\/bihar.eus\/fr\/hitzaldiak\/performance-culturelle-participative\/\">Performance culturelle participative<\/a><\/p><\/div><div class=\"w-vwrapper usg_vwrapper_4 w57 align_none valign_top\"><\/div><\/div>\t\t<\/div>\r\n\t\t\t<\/article>\r\n\t<article class=\"w-grid-item size_1x1 post-1677 hitzaldiak type-hitzaldiak status-publish hentry\" data-id=\"1677\">\r\n\t\t<div class=\"w-grid-item-h\">\r\n\t\t\t\t\t\t<div class=\"w-hwrapper usg_hwrapper_1 egitaraua-kaja align_left valign_middle\" style=\"--hwrapper-gap:1rem\"><div class=\"w-vwrapper usg_vwrapper_3 w10 align_none valign_top\" style=\"--vwrapper-gap:0.2rem\"><div class=\"w-post-elm post_custom_field usg_post_custom_field_2 ordua type_text color_link_inherit\"><span class=\"w-post-elm-value\">11:45-12:00<\/span><\/div><\/div><div class=\"w-vwrapper usg_vwrapper_2 w57 align_none valign_justify\" style=\"--vwrapper-gap:0.5rem\"><p class=\"w-post-elm post_title usg_post_title_1 titulua entry-title color_link_inherit\"><a href=\"https:\/\/bihar.eus\/fr\/hitzaldiak\/agurra\/\">Cl\u00f4ture<\/a><\/p><\/div><div class=\"w-vwrapper usg_vwrapper_4 w57 align_none valign_top\"><\/div><\/div>\t\t<\/div>\r\n\t\t\t<\/article>\r\n<\/div><div class=\"g-loadmore hidden\"><div class=\"g-preloader type_1\"><div><\/div><\/div><\/div><div class=\"w-grid-list-json hidden\" onclick='return {&quot;max_num_pages&quot;:0,&quot;paginationBase&quot;:&quot;page&quot;,&quot;pagination&quot;:&quot;none&quot;,&quot;paged&quot;:1,&quot;ajaxData&quot;:{&quot;action&quot;:&quot;us_ajax_post_list&quot;,&quot;meta_type&quot;:&quot;post&quot;,&quot;object_id&quot;:0,&quot;template_vars&quot;:{&quot;shortcode_base&quot;:&quot;us_post_list&quot;,&quot;paged&quot;:1,&quot;max_num_pages&quot;:0,&quot;no_results&quot;:false,&quot;us_post_content_design_css&quot;:[],&quot;found_posts&quot;:0,&quot;per_page&quot;:999,&quot;items_count&quot;:5,&quot;orderby_random_seed&quot;:null,&quot;source&quot;:&quot;all&quot;,&quot;custom_field_name&quot;:&quot;&quot;,&quot;ids&quot;:&quot;&quot;,&quot;post_type&quot;:&quot;hitzaldiak&quot;,&quot;attachment_ids&quot;:null,&quot;include_post_thumbnail&quot;:0,&quot;post_author&quot;:&quot;any&quot;,&quot;post_author_ids&quot;:&quot;&quot;,&quot;apply_url_params&quot;:0,&quot;ignore_sticky_posts&quot;:1,&quot;exclude_children&quot;:0,&quot;exclude_current_post&quot;:&quot;0&quot;,&quot;exclude_prev_posts&quot;:0,&quot;exclude_past_events&quot;:0,&quot;enable_items_offset&quot;:0,&quot;items_offset&quot;:&quot;1&quot;,&quot;tax_query_relation&quot;:&quot;none&quot;,&quot;tax_query&quot;:[{&quot;operator&quot;:&quot;IN&quot;,&quot;taxonomy&quot;:&quot;category&quot;,&quot;terms&quot;:&quot;&quot;,&quot;include_children&quot;:0}],&quot;meta_query_relation&quot;:&quot;AND&quot;,&quot;meta_query&quot;:&quot;%5B%7B%22key%22%3A%22tokia%22%2C%22compare%22%3A%22%3D%22%2C%22value%22%3A%22hendaia%22%7D%2C%7B%22key%22%3A%22data%22%2C%22compare%22%3A%22%3D%22%2C%22value%22%3A%2220260926%22%7D%5D&quot;,&quot;orderby&quot;:&quot;custom&quot;,&quot;orderby_custom_field&quot;:&quot;menu_order&quot;,&quot;orderby_custom_type&quot;:0,&quot;order_invert&quot;:0,&quot;show_all&quot;:&quot;1&quot;,&quot;quantity&quot;:&quot;12&quot;,&quot;posts_per_archive_page&quot;:0,&quot;no_items_action&quot;:&quot;message&quot;,&quot;no_items_message&quot;:&quot;Aucun r\\u00e9sultat.&quot;,&quot;no_items_page_block&quot;:&quot;&quot;,&quot;pagination&quot;:&quot;none&quot;,&quot;pagination_style&quot;:&quot;&quot;,&quot;pagination_btn_text&quot;:&quot;Charger plus&quot;,&quot;pagination_btn_size&quot;:&quot;&quot;,&quot;pagination_btn_style&quot;:&quot;1&quot;,&quot;pagination_btn_fullwidth&quot;:0,&quot;items_layout&quot;:&quot;1636&quot;,&quot;type&quot;:&quot;grid&quot;,&quot;items_valign&quot;:0,&quot;ignore_items_size&quot;:0,&quot;columns&quot;:&quot;1&quot;,&quot;items_gap&quot;:&quot;0.3rem&quot;,&quot;load_animation&quot;:&quot;none&quot;,&quot;items_preload_style&quot;:&quot;spinner&quot;,&quot;img_size&quot;:&quot;default&quot;,&quot;title_size&quot;:&quot;&quot;,&quot;items_ratio&quot;:&quot;default&quot;,&quot;items_ratio_width&quot;:&quot;21&quot;,&quot;items_ratio_height&quot;:&quot;9&quot;,&quot;overriding_link&quot;:&quot;%7B%22url%22%3A%22%22%7D&quot;,&quot;popup_page_template&quot;:&quot;0&quot;,&quot;popup_width&quot;:&quot;&quot;,&quot;popup_arrows&quot;:1,&quot;breakpoint_1_width&quot;:&quot;1501px&quot;,&quot;breakpoint_1_cols&quot;:&quot;default&quot;,&quot;breakpoint_1_quantity&quot;:&quot;&quot;,&quot;breakpoint_1_gap&quot;:&quot;&quot;,&quot;breakpoint_2_width&quot;:&quot;1025px&quot;,&quot;breakpoint_2_cols&quot;:&quot;2&quot;,&quot;breakpoint_2_quantity&quot;:&quot;&quot;,&quot;breakpoint_2_gap&quot;:&quot;&quot;,&quot;breakpoint_3_width&quot;:&quot;801px&quot;,&quot;breakpoint_3_cols&quot;:&quot;1&quot;,&quot;breakpoint_3_quantity&quot;:&quot;&quot;,&quot;breakpoint_3_gap&quot;:&quot;&quot;,&quot;conditions_operator&quot;:&quot;always&quot;,&quot;conditions&quot;:[],&quot;css&quot;:null,&quot;el_class&quot;:&quot;&quot;,&quot;el_id&quot;:&quot;&quot;,&quot;enable_custom_html_atts&quot;:0,&quot;custom_html_atts&quot;:null,&quot;hide_on_states&quot;:&quot;&quot;,&quot;hide_for_sticky&quot;:0,&quot;hide_for_not_sticky&quot;:0,&quot;hide_below&quot;:&quot;0px&quot;,&quot;hide_above&quot;:&quot;0px&quot;,&quot;classes&quot;:&quot;&quot;},&quot;found_posts&quot;:0,&quot;per_page&quot;:999},&quot;facetedFilter&quot;:[]}'><\/div><\/div><\/div><\/div><div class=\"wpb_column vc_column_container us_custom_4d5921b1 has_bg_color\"><div class=\"vc_column-inner\"><div class=\"w-separator size_small\"><\/div><div class=\"w-image align_center\"><div class=\"w-image-h\"><img decoding=\"async\" width=\"55\" height=\"74\" src=\"https:\/\/bihar.eus\/wp-content\/uploads\/2026\/03\/geo-alt-2.png\" class=\"attachment-large size-large\" alt=\"\" loading=\"lazy\" \/><\/div><\/div><div class=\"w-separator size_small\"><\/div><h3 class=\"w-text us_custom_eb849559\"><span class=\"w-text-h\"><span class=\"w-text-value\">Hendaia<\/span><\/span><\/h3><div class=\"w-separator size_medium\"><\/div><div class=\"w-image align_center\"><div class=\"w-image-h\"><img decoding=\"async\" width=\"48\" height=\"48\" src=\"https:\/\/bihar.eus\/wp-content\/uploads\/2026\/03\/calendar-check.png\" class=\"attachment-large size-large\" alt=\"\" loading=\"lazy\" \/><\/div><\/div><div class=\"w-separator size_small\"><\/div><h3 class=\"w-text us_custom_eb849559\"><span class=\"w-text-h\"><span class=\"w-text-value\">26 SEPTEMBRE<\/span><\/span><\/h3><div class=\"w-separator size_small\"><\/div><\/div><\/div><\/div><\/div><\/div><\/div><div class=\"w-tabs-section\" id=\"ka42\"><button class=\"w-tabs-section-header\" aria-controls=\"content-ka42\" aria-expanded=\"false\"><div class=\"w-tabs-section-title\">PROGRAMME ARTISTIQUE ET CULTUREL<\/div><div class=\"w-tabs-section-control\"><\/div><\/button><div  class=\"w-tabs-section-content\" id=\"content-ka42\"><div class=\"w-tabs-section-content-h i-cf\"><div class=\"g-cols wpb_row via_grid cols_4-1 laptops-cols_inherit tablets-cols_inherit mobiles-cols_1 valign_top type_default stacking_default\" style=\"--columns-gap:3rem;\"><div class=\"wpb_column vc_column_container\"><div class=\"vc_column-inner\"><h2 class=\"w-text\"><span class=\"w-text-h\"><span class=\"w-text-value\">PROGRAMME ARTISTIQUE ET CULTUREL<\/span><\/span><\/h2><h2 class=\"w-text\"><span class=\"w-text-h\"><span class=\"w-text-value\">24 et 25 septembre<\/span><\/span><\/h2><div class=\"wpb_text_column\"><div class=\"wpb_wrapper\"><p><span> Le programme sera publi\u00e9 ult\u00e9rieurement.<br \/>\n<\/span><\/p>\n<\/div><\/div><div class=\"w-grid us_post_list type_grid layout_1643 cols_1 preload_style_spinner\" id=\"us_post_list_ncd2\" style=\"--columns:1;--gap:0.3rem;\"><style>.layout_1643 .w-grid-item-h{background:var(--color-header-middle-bg)}.layout_1643 .usg_hwrapper_1{border-bottom-width:2px!important;border-color:var(--color-header-middle-text)!important;border-bottom-style:solid!important}.layout_1643 .usg_post_custom_field_1{text-align:left!important;font-size:28px!important;line-height:32px!important;font-weight:800!important}.layout_1643 .usg_vwrapper_1{width:65%!important}.layout_1643 .usg_post_title_1{font-size:22px!important;line-height:24px!important;font-weight:700!important;margin-bottom:1.5rem!important}.layout_1643 .usg_vwrapper_3{width:30%!important}@media (min-width:1025px) and (max-width:1500px){.layout_1643 .usg_post_custom_field_1{text-align:inherit!important;font-weight:800!important}}@media (min-width:801px) and (max-width:1024px){.layout_1643 .usg_post_custom_field_1{text-align:inherit!important;font-weight:800!important}}@media (max-width:800px){.layout_1643 .usg_post_custom_field_1{text-align:inherit!important;font-weight:800!important}}<\/style><div class=\"w-grid-list\">\t<article class=\"w-grid-item size_1x1 post-1664 hitzaldiak type-hitzaldiak status-publish hentry\" data-id=\"1664\">\r\n\t\t<div class=\"w-grid-item-h\">\r\n\t\t\t\t\t\t<div class=\"w-hwrapper usg_hwrapper_1 align_justify valign_middle\" style=\"--hwrapper-gap:0rem\"><div class=\"w-vwrapper usg_vwrapper_3 align_none valign_top\" style=\"--vwrapper-gap:0.3rem\"><div class=\"w-post-elm post_custom_field usg_post_custom_field_1 type_text ordua color_link_inherit\"><span class=\"w-post-elm-value\"> 18:00 et apr\u00e8s <\/span><\/div><\/div><div class=\"w-vwrapper usg_vwrapper_1 align_none valign_top\"><h4 class=\"w-post-elm post_title usg_post_title_1 entry-title color_link_inherit\">Programme artistique et culturel (Hendaia)<\/h4><\/div><\/div>\t\t<\/div>\r\n\t\t\t<\/article>\r\n<\/div><div class=\"g-loadmore hidden\"><div class=\"g-preloader type_1\"><div><\/div><\/div><\/div><div class=\"w-grid-list-json hidden\" onclick='return {&quot;max_num_pages&quot;:0,&quot;paginationBase&quot;:&quot;page&quot;,&quot;pagination&quot;:&quot;none&quot;,&quot;paged&quot;:1,&quot;ajaxData&quot;:{&quot;action&quot;:&quot;us_ajax_post_list&quot;,&quot;meta_type&quot;:&quot;post&quot;,&quot;object_id&quot;:0,&quot;template_vars&quot;:{&quot;shortcode_base&quot;:&quot;us_post_list&quot;,&quot;paged&quot;:1,&quot;max_num_pages&quot;:0,&quot;no_results&quot;:false,&quot;us_post_content_design_css&quot;:[],&quot;found_posts&quot;:0,&quot;per_page&quot;:999,&quot;items_count&quot;:1,&quot;orderby_random_seed&quot;:null,&quot;source&quot;:&quot;all&quot;,&quot;custom_field_name&quot;:&quot;&quot;,&quot;ids&quot;:&quot;&quot;,&quot;post_type&quot;:&quot;hitzaldiak&quot;,&quot;attachment_ids&quot;:null,&quot;include_post_thumbnail&quot;:0,&quot;post_author&quot;:&quot;any&quot;,&quot;post_author_ids&quot;:&quot;&quot;,&quot;apply_url_params&quot;:0,&quot;ignore_sticky_posts&quot;:1,&quot;exclude_children&quot;:0,&quot;exclude_current_post&quot;:&quot;0&quot;,&quot;exclude_prev_posts&quot;:0,&quot;exclude_past_events&quot;:0,&quot;enable_items_offset&quot;:0,&quot;items_offset&quot;:&quot;1&quot;,&quot;tax_query_relation&quot;:&quot;none&quot;,&quot;tax_query&quot;:[{&quot;operator&quot;:&quot;IN&quot;,&quot;taxonomy&quot;:&quot;category&quot;,&quot;terms&quot;:&quot;&quot;,&quot;include_children&quot;:0}],&quot;meta_query_relation&quot;:&quot;AND&quot;,&quot;meta_query&quot;:&quot;%5B%7B%22key%22%3A%22ekintza_mota%22%2C%22compare%22%3A%22%3D%22%2C%22value%22%3A%22kulturala%22%7D%5D&quot;,&quot;orderby&quot;:&quot;custom&quot;,&quot;orderby_custom_field&quot;:&quot;menu_order&quot;,&quot;orderby_custom_type&quot;:0,&quot;order_invert&quot;:0,&quot;show_all&quot;:&quot;1&quot;,&quot;quantity&quot;:&quot;12&quot;,&quot;posts_per_archive_page&quot;:0,&quot;no_items_action&quot;:&quot;message&quot;,&quot;no_items_message&quot;:&quot;Aucun r\\u00e9sultat.&quot;,&quot;no_items_page_block&quot;:&quot;&quot;,&quot;pagination&quot;:&quot;none&quot;,&quot;pagination_style&quot;:&quot;&quot;,&quot;pagination_btn_text&quot;:&quot;Charger plus&quot;,&quot;pagination_btn_size&quot;:&quot;&quot;,&quot;pagination_btn_style&quot;:&quot;1&quot;,&quot;pagination_btn_fullwidth&quot;:0,&quot;items_layout&quot;:&quot;1643&quot;,&quot;type&quot;:&quot;grid&quot;,&quot;items_valign&quot;:0,&quot;ignore_items_size&quot;:0,&quot;columns&quot;:&quot;1&quot;,&quot;items_gap&quot;:&quot;0.3rem&quot;,&quot;load_animation&quot;:&quot;none&quot;,&quot;items_preload_style&quot;:&quot;spinner&quot;,&quot;img_size&quot;:&quot;default&quot;,&quot;title_size&quot;:&quot;&quot;,&quot;items_ratio&quot;:&quot;default&quot;,&quot;items_ratio_width&quot;:&quot;21&quot;,&quot;items_ratio_height&quot;:&quot;9&quot;,&quot;overriding_link&quot;:&quot;%7B%22url%22%3A%22%22%7D&quot;,&quot;popup_page_template&quot;:&quot;0&quot;,&quot;popup_width&quot;:&quot;&quot;,&quot;popup_arrows&quot;:1,&quot;breakpoint_1_width&quot;:&quot;1501px&quot;,&quot;breakpoint_1_cols&quot;:&quot;default&quot;,&quot;breakpoint_1_quantity&quot;:&quot;&quot;,&quot;breakpoint_1_gap&quot;:&quot;&quot;,&quot;breakpoint_2_width&quot;:&quot;1025px&quot;,&quot;breakpoint_2_cols&quot;:&quot;2&quot;,&quot;breakpoint_2_quantity&quot;:&quot;&quot;,&quot;breakpoint_2_gap&quot;:&quot;&quot;,&quot;breakpoint_3_width&quot;:&quot;801px&quot;,&quot;breakpoint_3_cols&quot;:&quot;1&quot;,&quot;breakpoint_3_quantity&quot;:&quot;&quot;,&quot;breakpoint_3_gap&quot;:&quot;&quot;,&quot;conditions_operator&quot;:&quot;always&quot;,&quot;conditions&quot;:[],&quot;css&quot;:null,&quot;el_class&quot;:&quot;&quot;,&quot;el_id&quot;:&quot;&quot;,&quot;enable_custom_html_atts&quot;:0,&quot;custom_html_atts&quot;:null,&quot;hide_on_states&quot;:&quot;&quot;,&quot;hide_for_sticky&quot;:0,&quot;hide_for_not_sticky&quot;:0,&quot;hide_below&quot;:&quot;0px&quot;,&quot;hide_above&quot;:&quot;0px&quot;,&quot;classes&quot;:&quot;&quot;},&quot;found_posts&quot;:0,&quot;per_page&quot;:999},&quot;facetedFilter&quot;:[]}'><\/div><\/div><div class=\"w-separator size_small\"><\/div><div class=\"wpb_text_column\"><div class=\"wpb_wrapper\"><p><strong>Aucune inscription requise<\/strong><\/p>\n<\/div><\/div><\/div><\/div><div class=\"wpb_column vc_column_container us_custom_4d5921b1 has_bg_color\"><div class=\"vc_column-inner\"><div class=\"w-separator size_small\"><\/div><div class=\"w-image align_center\"><div class=\"w-image-h\"><img decoding=\"async\" width=\"55\" height=\"74\" src=\"https:\/\/bihar.eus\/wp-content\/uploads\/2026\/03\/geo-alt-2.png\" class=\"attachment-large size-large\" alt=\"\" loading=\"lazy\" \/><\/div><\/div><div class=\"w-separator size_small\"><\/div><h3 class=\"w-text us_custom_eb849559\"><span class=\"w-text-h\"><span class=\"w-text-value\">Hendaia<\/span><\/span><\/h3><p class=\"w-text us_custom_eb849559\"><span class=\"w-text-h\"><span class=\"w-text-value\">Fabrique Borderline<\/span><\/span><\/p><div class=\"w-separator size_medium\"><\/div><div class=\"w-separator size_small\"><\/div><\/div><\/div><\/div><\/div><\/div><\/div><\/div><\/div><div class=\"w-separator size_medium\"><\/div><\/div><\/div><\/div><\/div><\/section><section class=\"l-section wpb_row height_small\" id=\"izena-eman\"><div class=\"l-section-h i-cf\"><div class=\"g-cols vc_row via_grid cols_1 laptops-cols_inherit tablets-cols_inherit mobiles-cols_1 valign_top type_default stacking_default\"><div class=\"wpb_column vc_column_container\"><div class=\"vc_column-inner\"><div class=\"w-separator size_medium\"><\/div><h2 class=\"w-text\"><span class=\"w-text-h\"><span class=\"w-text-value\">Inscription :<\/span><\/span><\/h2><h3 class=\"w-text us_custom_df5f4c97 has_text_color\"><span class=\"w-text-h\"><span class=\"w-text-value\">Participez au congr\u00e8s !<\/span><\/span><\/h3><div class=\"w-separator size_custom\" style=\"height:0.5rem\"><\/div><div class=\"w-html\"><noscript class=\"ninja-forms-noscript-message\">\n\tRemarque\u00a0: JavaScript est requis pour ce contenu.<\/noscript>\n<div id=\"nf-form-3-cont\" class=\"nf-form-cont\" aria-live=\"polite\" aria-labelledby=\"nf-form-title-3\" aria-describedby=\"nf-form-errors-3\" role=\"form\">\n\n    <div class=\"nf-loading-spinner\"><\/div>\n\n<\/div>\n        <!-- That data is being printed as a workaround to page builders reordering the order of the scripts loaded-->\n        <script>var formDisplay=1;var nfForms=nfForms||[];var form=[];form.id='3';form.settings={\"objectType\":\"Form Setting\",\"editActive\":true,\"title\":\"izena eman\",\"show_title\":0,\"allow_public_link\":0,\"embed_form\":\"\",\"clear_complete\":1,\"hide_complete\":1,\"default_label_pos\":\"above\",\"wrapper_class\":\"\",\"element_class\":\"\",\"form_title_heading_level\":\"3\",\"key\":\"\",\"add_submit\":1,\"currency\":\"\",\"unique_field_error\":\"Un formulaire a d\\u00e9j\\u00e0 \\u00e9t\\u00e9 envoy\\u00e9 avec cette valeur.\",\"logged_in\":false,\"not_logged_in_msg\":\"\",\"sub_limit_msg\":\"Le formulaire est \\u00e0 la limite de son envoi.\",\"calculations\":[],\"formContentData\":[\"izen-abizenak_1778751383794\",\"email_1777978612513\",\"hizkuntza_komunitatea_1777978970876\",\"erakundea_1777978996604\",\"zein_hizkuntzan_jaso_nahi_dituzu_oharrak_1777978643985\",\"ziurtagiririk_behar_duzu_1777980310017\",\"zein_ekitaldira_etorriko_zara_1778656352758\",\"html_1778145200553\",\"irailak_24_-_16_00-17_30_1778146214268\",\"irailak_25_-16_00-17_30_1778146228350\",\"elikadura-intolerantziaren_bat_edo_eskaera_bereziren_bat_baduzu_adierazi_iezaguzu_lunch-zerbitzua_egokitu_ahal_izateko_1778146274418\",\"irisgarritasunari_lotutako_premiarik_baduzu_adierazi_hemen_1778146284268\",\"irakurri_dut_eta_onartzen_dut_less_than_a_href_pribatutasun-politika_greater_than_pribatutasun_politikan_less_than_a_greater_than_jasotakoa_1785161555490\",\"irailaren_24an_eta_25ean_izen_emate_asko_jaotzen_ari_garenez_itxaron_zerrenda_zabaldu_dugu_izena_eman_eta_harremanetan_jarriko_gara_barruan_zauden_ala_ez_esateko_1788177271995\",\"bidali_1778146320379\"],\"public_link\":\"https:\\\/\\\/bihar.eus\\\/ninja-forms\\\/3d88g\",\"changeEmailErrorMsg\":\"Veuillez saisir une adresse de messagerie valide. Ex\\u00a0: jean.dupont@gmail.com\",\"changeDateErrorMsg\":\"Veuillez saisir une date valide\\u00a0!\",\"confirmFieldErrorMsg\":\"Ces champs doivent correspondre\\u00a0!\",\"fieldNumberNumMinError\":\"Erreur de nombre min.\",\"fieldNumberNumMaxError\":\"Erreur de nombre max.\",\"fieldNumberIncrementBy\":\"Veuillez incr\\u00e9menter par \",\"formErrorsCorrectErrors\":\"Veuillez corriger les erreurs avant d\\u2019envoyer ce formulaire.\",\"validateRequiredField\":\"Ce champ est obligatoire.\",\"honeypotHoneypotError\":\"Erreur Honeypot\",\"fieldsMarkedRequired\":\"Les champs marqu\\u00e9s d\\u2019un <span class=\\\"ninja-forms-req-symbol\\\">*<\\\/span> sont obligatoires\",\"public_link_key\":\"3d88g\",\"objectDomain\":\"conditional_logic\",\"drawerDisabled\":false,\"conditions\":[{\"collapsed\":false,\"process\":1,\"connector\":\"all\",\"label\":\"irun hautatu\",\"order\":0,\"when\":[{\"connector\":\"AND\",\"key\":\"zein_ekitaldira_etorriko_zara_1778656352758\",\"comparator\":\"contains\",\"value\":\"Ira.24\",\"type\":\"field\",\"modelType\":\"when\"}],\"then\":[{\"key\":\"html_1778145200553\",\"trigger\":\"show_field\",\"value\":\"\",\"type\":\"field\",\"modelType\":\"then\"},{\"key\":\"irailak_24_-_16_00-17_30_1778146214268\",\"trigger\":\"show_field\",\"value\":\"\",\"type\":\"field\",\"modelType\":\"then\"},{\"key\":\"irailak_25_-16_00-17_30_1778146228350\",\"trigger\":\"show_field\",\"value\":\"\",\"type\":\"field\",\"modelType\":\"then\"}],\"else\":[{\"key\":\"html_1778145200553\",\"trigger\":\"hide_field\",\"value\":\"\",\"type\":\"field\",\"modelType\":\"else\"},{\"key\":\"irailak_24_-_16_00-17_30_1778146214268\",\"trigger\":\"hide_field\",\"value\":\"\",\"type\":\"field\",\"modelType\":\"else\"},{\"key\":\"irailak_25_-16_00-17_30_1778146228350\",\"trigger\":\"hide_field\",\"value\":\"\",\"type\":\"field\",\"modelType\":\"else\"}]}],\"ninjaForms\":\"Ninja Forms\",\"fieldTextareaRTEInsertLink\":\"Ins\\u00e9rer un lien\",\"fieldTextareaRTEInsertMedia\":\"Ins\\u00e9rer un m\\u00e9dia\",\"fieldTextareaRTESelectAFile\":\"S\\u00e9lectionnez un fichier\",\"tableInsertRowAbove\":\"Insert Row Above\",\"tableInsertRowBelow\":\"Insert Row Below\",\"tableInsertColumnLeft\":\"Insert Column Left\",\"tableInsertColumnRight\":\"Insert Column Right\",\"tableDeleteRow\":\"Delete Row\",\"tableDeleteColumn\":\"Delete Column\",\"tableDeleteTable\":\"Delete Table\",\"tableLegacyNotice\":\"This content has tables in the old editor format. Custom styles are preserved until converted. Editing will update to the new format.\",\"tableLegacyConvert\":\"Convert Now\",\"tableInsertTable\":\"Insert Table\",\"dismiss\":\"Ignorer\",\"insertLink\":\"Ins\\u00e9rer un lien\",\"formHoneypot\":\"Si vous \\u00eates un \\u00eatre humain et que vous voyez ce champ, veuillez le laisser vide.\",\"fileUploadOldCodeFileUploadInProgress\":\"T\\u00e9l\\u00e9versement du fichier en cours.\",\"fileUploadOldCodeFileUpload\":\"T\\u00c9L\\u00c9VERSEMENT DE FICHIER\",\"currencySymbol\":\"&#36;\",\"thousands_sep\":\"\\u00a0\",\"decimal_point\":\",\",\"siteLocale\":\"fr_FR\",\"dateFormat\":\"m\\\/d\\\/Y\",\"startOfWeek\":\"1\",\"of\":\"sur\",\"previousMonth\":\"Mois pr\\u00e9c\\u00e9dent\",\"nextMonth\":\"Mois suivant\",\"months\":[\"Janvier\",\"F\\u00e9vrier\",\"Mars\",\"Avril\",\"Mai\",\"Juin\",\"Juillet\",\"Ao\\u00fbt\",\"Septembre\",\"Octobre\",\"Novembre\",\"D\\u00e9cembre\"],\"monthsShort\":[\"Jan\",\"F\\u00e9v\",\"Mar\",\"Avr\",\"Mai\",\"Juin\",\"Juil\",\"Ao\\u00fb\",\"Sep\",\"Oct\",\"Nov\",\"D\\u00e9c\"],\"weekdays\":[\"Dimanche\",\"Lundi\",\"Mardi\",\"Mercredi\",\"Jeudi\",\"Vendredi\",\"Samedi\"],\"weekdaysShort\":[\"Dim\",\"Lun\",\"Mar\",\"Mer\",\"Jeu\",\"Ven\",\"Sam\"],\"weekdaysMin\":[\"Di\",\"Lu\",\"Ma\",\"Me\",\"Je\",\"Ve\",\"Sa\"],\"recaptchaConsentMissing\":\"reCaptcha validation couldn&#039;t load.\",\"recaptchaMissingCookie\":\"reCaptcha v3 validation couldn&#039;t load the cookie needed to submit the form.\",\"recaptchaConsentEvent\":\"Accept reCaptcha cookies before sending the form.\",\"currency_symbol\":\"\",\"beforeForm\":\"\",\"beforeFields\":\"\",\"afterFields\":\"\",\"afterForm\":\"\"};form.fields=[{\"objectType\":\"Field\",\"objectDomain\":\"fields\",\"editActive\":false,\"order\":1,\"idAttribute\":\"id\",\"type\":\"textbox\",\"label\":\"Nom et pr\\u00e9nom\",\"key\":\"izen-abizenak_1778751383794\",\"label_pos\":\"above\",\"required\":false,\"default\":\"\",\"placeholder\":\"\",\"container_class\":\"one-half first\",\"element_class\":\"\",\"input_limit\":\"\",\"input_limit_type\":\"characters\",\"input_limit_msg\":\"Caract\\u00e8res restants\",\"manual_key\":false,\"admin_label\":\"\",\"help_text\":\"\",\"mask\":\"\",\"custom_mask\":\"\",\"custom_name_attribute\":\"\",\"personally_identifiable\":\"\",\"custom_autocomplete\":\"\",\"value\":\"\",\"drawerDisabled\":false,\"id\":20,\"beforeField\":\"\",\"afterField\":\"\",\"parentType\":\"textbox\",\"element_templates\":[\"textbox\",\"input\"],\"old_classname\":\"\",\"wrap_template\":\"wrap\"},{\"objectType\":\"Field\",\"objectDomain\":\"fields\",\"editActive\":false,\"order\":2,\"idAttribute\":\"id\",\"type\":\"email\",\"label\":\"Courriel\",\"key\":\"email_1777978612513\",\"label_pos\":\"above\",\"required\":false,\"default\":\"\",\"placeholder\":\"\",\"container_class\":\"one-half\",\"element_class\":\"\",\"admin_label\":\"\",\"help_text\":\"\",\"custom_name_attribute\":\"email\",\"personally_identifiable\":1,\"value\":\"\",\"drawerDisabled\":false,\"id\":14,\"beforeField\":\"\",\"afterField\":\"\",\"parentType\":\"email\",\"element_templates\":[\"email\",\"input\"],\"old_classname\":\"\",\"wrap_template\":\"wrap\"},{\"objectType\":\"Field\",\"objectDomain\":\"fields\",\"editActive\":false,\"order\":3,\"idAttribute\":\"id\",\"type\":\"textbox\",\"label\":\"Communaut\\u00e9 linguistique :\",\"key\":\"hizkuntza_komunitatea_1777978970876\",\"label_pos\":\"above\",\"required\":false,\"default\":\"\",\"placeholder\":\"\",\"container_class\":\"one-half first\",\"element_class\":\"\",\"input_limit\":\"\",\"input_limit_type\":\"characters\",\"input_limit_msg\":\"Caract\\u00e8res restants\",\"manual_key\":false,\"admin_label\":\"\",\"help_text\":\"\",\"mask\":\"\",\"custom_mask\":\"\",\"custom_name_attribute\":\"\",\"personally_identifiable\":\"\",\"custom_autocomplete\":\"\",\"value\":\"\",\"drawerDisabled\":false,\"id\":17,\"beforeField\":\"\",\"afterField\":\"\",\"parentType\":\"textbox\",\"element_templates\":[\"textbox\",\"input\"],\"old_classname\":\"\",\"wrap_template\":\"wrap\"},{\"objectType\":\"Field\",\"objectDomain\":\"fields\",\"editActive\":false,\"order\":4,\"idAttribute\":\"id\",\"type\":\"textbox\",\"label\":\"Organisation\",\"key\":\"erakundea_1777978996604\",\"label_pos\":\"above\",\"required\":false,\"default\":\"\",\"placeholder\":\"\",\"container_class\":\"one-half\",\"element_class\":\"\",\"input_limit\":\"\",\"input_limit_type\":\"characters\",\"input_limit_msg\":\"Caract\\u00e8res restants\",\"manual_key\":false,\"admin_label\":\"\",\"help_text\":\"\",\"mask\":\"\",\"custom_mask\":\"\",\"custom_name_attribute\":\"\",\"personally_identifiable\":\"\",\"custom_autocomplete\":\"\",\"value\":\"\",\"drawerDisabled\":false,\"id\":18,\"beforeField\":\"\",\"afterField\":\"\",\"parentType\":\"textbox\",\"element_templates\":[\"textbox\",\"input\"],\"old_classname\":\"\",\"wrap_template\":\"wrap\"},{\"objectType\":\"Field\",\"objectDomain\":\"fields\",\"editActive\":false,\"order\":5,\"idAttribute\":\"id\",\"type\":\"listselect\",\"label\":\"Dans quelle langue souhaitez-vous recevoir les communications ? Dans quelle langue suivrez-vous le congr\\u00e8s ?\",\"key\":\"zein_hizkuntzan_jaso_nahi_dituzu_oharrak_1777978643985\",\"label_pos\":\"above\",\"required\":false,\"options\":[{\"errors\":[],\"max_options\":0,\"label\":\"basque\",\"value\":\"Euskara\",\"calc\":1,\"selected\":0,\"order\":0,\"settingModel\":{\"settings\":false,\"hide_merge_tags\":false,\"error\":false,\"name\":\"options\",\"type\":\"option-repeater\",\"label\":\"Aukerak <a href=\\\"#\\\" class=\\\"nf-add-new\\\">Gehitu berria<\\\/a> <a href=\\\"#\\\" class=\\\"extra nf-open-import-tooltip\\\"><i class=\\\"fa fa-sign-in\\\" aria-hidden=\\\"true\\\"><\\\/i> Inportatu<\\\/a>\",\"width\":\"full\",\"group\":\"\",\"value\":[{\"label\":\"Bat\",\"value\":\"bat\",\"calc\":\"\",\"selected\":0,\"order\":0},{\"label\":\"Bi\",\"value\":\"bi\",\"calc\":\"\",\"selected\":0,\"order\":1},{\"label\":\"Hiru\",\"value\":\"hiru\",\"calc\":\"\",\"selected\":0,\"order\":2}],\"columns\":{\"label\":{\"header\":\"Etiketa\",\"default\":\"\"},\"value\":{\"header\":\"Balioa\",\"default\":\"\"},\"calc\":{\"header\":\"Kalkulu Balioa\",\"default\":\"\"},\"selected\":{\"header\":\"<span class=\\\"dashicons dashicons-yes\\\"><\\\/span>\",\"default\":0}},\"settingKey\":\"options\"},\"manual_value\":true},{\"errors\":[],\"max_options\":0,\"label\":\"Espagnol\",\"value\":\"Gaztelera\",\"calc\":2,\"selected\":0,\"order\":1,\"settingModel\":{\"settings\":false,\"hide_merge_tags\":false,\"error\":false,\"name\":\"options\",\"type\":\"option-repeater\",\"label\":\"Aukerak <a href=\\\"#\\\" class=\\\"nf-add-new\\\">Gehitu berria<\\\/a> <a href=\\\"#\\\" class=\\\"extra nf-open-import-tooltip\\\"><i class=\\\"fa fa-sign-in\\\" aria-hidden=\\\"true\\\"><\\\/i> Inportatu<\\\/a>\",\"width\":\"full\",\"group\":\"\",\"value\":[{\"label\":\"Bat\",\"value\":\"bat\",\"calc\":\"\",\"selected\":0,\"order\":0},{\"label\":\"Bi\",\"value\":\"bi\",\"calc\":\"\",\"selected\":0,\"order\":1},{\"label\":\"Hiru\",\"value\":\"hiru\",\"calc\":\"\",\"selected\":0,\"order\":2}],\"columns\":{\"label\":{\"header\":\"Etiketa\",\"default\":\"\"},\"value\":{\"header\":\"Balioa\",\"default\":\"\"},\"calc\":{\"header\":\"Kalkulu Balioa\",\"default\":\"\"},\"selected\":{\"header\":\"<span class=\\\"dashicons dashicons-yes\\\"><\\\/span>\",\"default\":0}},\"settingKey\":\"options\"},\"manual_value\":true},{\"errors\":[],\"max_options\":0,\"label\":\"Anglais\",\"value\":\"Ingelesa\",\"calc\":3,\"selected\":0,\"order\":2,\"settingModel\":{\"settings\":false,\"hide_merge_tags\":false,\"error\":false,\"name\":\"options\",\"type\":\"option-repeater\",\"label\":\"Aukerak <a href=\\\"#\\\" class=\\\"nf-add-new\\\">Gehitu berria<\\\/a> <a href=\\\"#\\\" class=\\\"extra nf-open-import-tooltip\\\"><i class=\\\"fa fa-sign-in\\\" aria-hidden=\\\"true\\\"><\\\/i> Inportatu<\\\/a>\",\"width\":\"full\",\"group\":\"\",\"value\":[{\"label\":\"Bat\",\"value\":\"bat\",\"calc\":\"\",\"selected\":0,\"order\":0},{\"label\":\"Bi\",\"value\":\"bi\",\"calc\":\"\",\"selected\":0,\"order\":1},{\"label\":\"Hiru\",\"value\":\"hiru\",\"calc\":\"\",\"selected\":0,\"order\":2}],\"columns\":{\"label\":{\"header\":\"Etiketa\",\"default\":\"\"},\"value\":{\"header\":\"Balioa\",\"default\":\"\"},\"calc\":{\"header\":\"Kalkulu Balioa\",\"default\":\"\"},\"selected\":{\"header\":\"<span class=\\\"dashicons dashicons-yes\\\"><\\\/span>\",\"default\":0}},\"settingKey\":\"options\"},\"manual_value\":true},{\"errors\":[],\"max_options\":0,\"order\":3,\"new\":false,\"options\":[],\"label\":\"Fran\\u00e7ais\",\"value\":\"Frantsesa\",\"calc\":4,\"selected\":0,\"settingModel\":{\"settings\":false,\"hide_merge_tags\":false,\"error\":false,\"name\":\"options\",\"type\":\"option-repeater\",\"label\":\"Aukerak <a href=\\\"#\\\" class=\\\"nf-add-new\\\">Gehitu berria<\\\/a> <a href=\\\"#\\\" class=\\\"extra nf-open-import-tooltip\\\"><i class=\\\"fa fa-sign-in\\\" aria-hidden=\\\"true\\\"><\\\/i> Inportatu<\\\/a>\",\"width\":\"full\",\"group\":\"\",\"value\":[{\"label\":\"Bat\",\"value\":\"bat\",\"calc\":\"\",\"selected\":0,\"order\":0},{\"label\":\"Bi\",\"value\":\"bi\",\"calc\":\"\",\"selected\":0,\"order\":1},{\"label\":\"Hiru\",\"value\":\"hiru\",\"calc\":\"\",\"selected\":0,\"order\":2}],\"columns\":{\"label\":{\"header\":\"Etiketa\",\"default\":\"\"},\"value\":{\"header\":\"Balioa\",\"default\":\"\"},\"calc\":{\"header\":\"Kalkulu Balioa\",\"default\":\"\"},\"selected\":{\"header\":\"<span class=\\\"dashicons dashicons-yes\\\"><\\\/span>\",\"default\":0}},\"settingKey\":\"options\"},\"manual_value\":true}],\"container_class\":\"one-half first\",\"element_class\":\"\",\"admin_label\":\"\",\"help_text\":\"\",\"drawerDisabled\":false,\"id\":15,\"beforeField\":\"\",\"afterField\":\"\",\"value\":\"\",\"parentType\":\"list\",\"element_templates\":[\"listselect\",\"input\"],\"old_classname\":\"list-select\",\"wrap_template\":\"wrap\"},{\"objectType\":\"Field\",\"objectDomain\":\"fields\",\"editActive\":false,\"order\":6,\"idAttribute\":\"id\",\"type\":\"listradio\",\"label\":\"Avez-vous besoin d\\u2019un certificat ?\",\"key\":\"ziurtagiririk_behar_duzu_1777980310017\",\"label_pos\":\"above\",\"required\":false,\"options\":[{\"errors\":[],\"max_options\":0,\"label\":\"Oui\",\"value\":\"bai\",\"calc\":\"\",\"selected\":1,\"order\":0,\"settingModel\":{\"settings\":false,\"hide_merge_tags\":false,\"error\":false,\"name\":\"options\",\"type\":\"option-repeater\",\"label\":\"Aukerak <a href=\\\"#\\\" class=\\\"nf-add-new\\\">Gehitu berria<\\\/a> <a href=\\\"#\\\" class=\\\"extra nf-open-import-tooltip\\\"><i class=\\\"fa fa-sign-in\\\" aria-hidden=\\\"true\\\"><\\\/i> Inportatu<\\\/a>\",\"width\":\"full\",\"group\":\"\",\"value\":[{\"label\":\"Bat\",\"value\":\"bat\",\"calc\":\"\",\"selected\":0,\"order\":0},{\"label\":\"Bi\",\"value\":\"bi\",\"calc\":\"\",\"selected\":0,\"order\":1},{\"label\":\"Hiru\",\"value\":\"hiru\",\"calc\":\"\",\"selected\":0,\"order\":2}],\"columns\":{\"label\":{\"header\":\"Etiketa\",\"default\":\"\"},\"value\":{\"header\":\"Balioa\",\"default\":\"\"},\"calc\":{\"header\":\"Kalkulu Balioa\",\"default\":\"\"},\"selected\":{\"header\":\"<span class=\\\"dashicons dashicons-yes\\\"><\\\/span>\",\"default\":0}},\"settingKey\":\"options\"},\"manual_value\":true},{\"errors\":[],\"max_options\":0,\"label\":\"non\",\"value\":\"ez\",\"calc\":\"\",\"selected\":0,\"order\":1,\"settingModel\":{\"settings\":false,\"hide_merge_tags\":false,\"error\":false,\"name\":\"options\",\"type\":\"option-repeater\",\"label\":\"Aukerak <a href=\\\"#\\\" class=\\\"nf-add-new\\\">Gehitu berria<\\\/a> <a href=\\\"#\\\" class=\\\"extra nf-open-import-tooltip\\\"><i class=\\\"fa fa-sign-in\\\" aria-hidden=\\\"true\\\"><\\\/i> Inportatu<\\\/a>\",\"width\":\"full\",\"group\":\"\",\"value\":[{\"label\":\"Bat\",\"value\":\"bat\",\"calc\":\"\",\"selected\":0,\"order\":0},{\"label\":\"Bi\",\"value\":\"bi\",\"calc\":\"\",\"selected\":0,\"order\":1},{\"label\":\"Hiru\",\"value\":\"hiru\",\"calc\":\"\",\"selected\":0,\"order\":2}],\"columns\":{\"label\":{\"header\":\"Etiketa\",\"default\":\"\"},\"value\":{\"header\":\"Balioa\",\"default\":\"\"},\"calc\":{\"header\":\"Kalkulu Balioa\",\"default\":\"\"},\"selected\":{\"header\":\"<span class=\\\"dashicons dashicons-yes\\\"><\\\/span>\",\"default\":0}},\"settingKey\":\"options\"},\"manual_value\":true}],\"container_class\":\"one-half\",\"element_class\":\"\",\"admin_label\":\"\",\"help_text\":\"\",\"drawerDisabled\":false,\"id\":16,\"beforeField\":\"\",\"afterField\":\"\",\"value\":\"\",\"parentType\":\"list\",\"element_templates\":[\"listradio\",\"input\"],\"old_classname\":\"list-radio\",\"wrap_template\":\"wrap\"},{\"objectType\":\"Field\",\"objectDomain\":\"fields\",\"editActive\":false,\"order\":7,\"idAttribute\":\"id\",\"type\":\"listcheckbox\",\"label\":\"\\u00c0 quels \\u00e9v\\u00e9nements participerez-vous ?\",\"key\":\"zein_ekitaldira_etorriko_zara_1778656352758\",\"label_pos\":\"above\",\"required\":false,\"options\":[{\"errors\":[],\"max_options\":0,\"label\":\"23 septembre, Euskalduna Jauregia \\u2013 Bilbao\",\"value\":\"Ira.23\",\"calc\":\"\",\"selected\":0,\"order\":0,\"settingModel\":{\"settings\":false,\"hide_merge_tags\":false,\"error\":false,\"name\":\"options\",\"type\":\"option-repeater\",\"label\":\"Aukerak <a href=\\\"#\\\" class=\\\"nf-add-new\\\">Gehitu berria<\\\/a> <a href=\\\"#\\\" class=\\\"extra nf-open-import-tooltip\\\"><i class=\\\"fa fa-sign-in\\\" aria-hidden=\\\"true\\\"><\\\/i> Inportatu<\\\/a>\",\"width\":\"full\",\"group\":\"\",\"value\":[{\"label\":\"Bat\",\"value\":\"bat\",\"calc\":\"\",\"selected\":0,\"order\":0},{\"label\":\"Bi\",\"value\":\"bi\",\"calc\":\"\",\"selected\":0,\"order\":1},{\"label\":\"Hiru\",\"value\":\"hiru\",\"calc\":\"\",\"selected\":0,\"order\":2}],\"columns\":{\"label\":{\"header\":\"Etiketa\",\"default\":\"\"},\"value\":{\"header\":\"Balioa\",\"default\":\"\"},\"calc\":{\"header\":\"Kalkulu Balioa\",\"default\":\"\"},\"selected\":{\"header\":\"<span class=\\\"dashicons dashicons-yes\\\"><\\\/span>\",\"default\":0}},\"settingKey\":\"options\"},\"manual_value\":true},{\"errors\":[],\"max_options\":0,\"label\":\"24 et 25 septembre, Ficoba \\u2013 Irun\",\"value\":\"Ira.24\",\"calc\":\"\",\"selected\":0,\"order\":1,\"settingModel\":{\"settings\":false,\"hide_merge_tags\":false,\"error\":false,\"name\":\"options\",\"type\":\"option-repeater\",\"label\":\"Aukerak <a href=\\\"#\\\" class=\\\"nf-add-new\\\">Gehitu berria<\\\/a> <a href=\\\"#\\\" class=\\\"extra nf-open-import-tooltip\\\"><i class=\\\"fa fa-sign-in\\\" aria-hidden=\\\"true\\\"><\\\/i> Inportatu<\\\/a>\",\"width\":\"full\",\"group\":\"\",\"value\":[{\"label\":\"Bat\",\"value\":\"bat\",\"calc\":\"\",\"selected\":0,\"order\":0},{\"label\":\"Bi\",\"value\":\"bi\",\"calc\":\"\",\"selected\":0,\"order\":1},{\"label\":\"Hiru\",\"value\":\"hiru\",\"calc\":\"\",\"selected\":0,\"order\":2}],\"columns\":{\"label\":{\"header\":\"Etiketa\",\"default\":\"\"},\"value\":{\"header\":\"Balioa\",\"default\":\"\"},\"calc\":{\"header\":\"Kalkulu Balioa\",\"default\":\"\"},\"selected\":{\"header\":\"<span class=\\\"dashicons dashicons-yes\\\"><\\\/span>\",\"default\":0}},\"settingKey\":\"options\"},\"manual_value\":true},{\"errors\":[],\"max_options\":0,\"label\":\"26 septembre, Hendaia\",\"value\":\"Ira.26\",\"calc\":\"\",\"selected\":0,\"order\":2,\"settingModel\":{\"settings\":false,\"hide_merge_tags\":false,\"error\":false,\"name\":\"options\",\"type\":\"option-repeater\",\"label\":\"Aukerak <a href=\\\"#\\\" class=\\\"nf-add-new\\\">Gehitu berria<\\\/a> <a href=\\\"#\\\" class=\\\"extra nf-open-import-tooltip\\\"><i class=\\\"fa fa-sign-in\\\" aria-hidden=\\\"true\\\"><\\\/i> Inportatu<\\\/a>\",\"width\":\"full\",\"group\":\"\",\"value\":[{\"label\":\"Bat\",\"value\":\"bat\",\"calc\":\"\",\"selected\":0,\"order\":0},{\"label\":\"Bi\",\"value\":\"bi\",\"calc\":\"\",\"selected\":0,\"order\":1},{\"label\":\"Hiru\",\"value\":\"hiru\",\"calc\":\"\",\"selected\":0,\"order\":2}],\"columns\":{\"label\":{\"header\":\"Etiketa\",\"default\":\"\"},\"value\":{\"header\":\"Balioa\",\"default\":\"\"},\"calc\":{\"header\":\"Kalkulu Balioa\",\"default\":\"\"},\"selected\":{\"header\":\"<span class=\\\"dashicons dashicons-yes\\\"><\\\/span>\",\"default\":0}},\"settingKey\":\"options\"},\"manual_value\":true}],\"container_class\":\"\",\"element_class\":\"\",\"admin_label\":\"\",\"help_text\":\"\",\"drawerDisabled\":false,\"id\":40,\"beforeField\":\"\",\"afterField\":\"\",\"value\":\"\",\"parentType\":\"list\",\"element_templates\":[\"listcheckbox\",\"input\"],\"old_classname\":\"list-checkbox\",\"wrap_template\":\"wrap\"},{\"objectType\":\"Field\",\"objectDomain\":\"fields\",\"editActive\":false,\"order\":8,\"idAttribute\":\"id\",\"label\":\"HTML\",\"type\":\"html\",\"default\":\"<h3 style=\\\"margin-bottom: 10pt; margin-top: 0pt;\\\"><span style=\\\"color: rgb(0, 0, 0); font-size: 11pt; font-family: Arial;\\\">Les 24 et 25 septembre, comme nous sommes en train de faire beaucoup d'inscriptions, nous avons ouvert la liste d'attente, nous allons nous inscrire et nous contacter pour vous dire si vous \\u00eates \\u00e0 l'int\\u00e9rieur ou non.<\\\/span><\\\/h3>\",\"container_class\":\"\",\"element_class\":\"\",\"admin_label\":\"\",\"key\":\"html_1778145200553\",\"drawerDisabled\":false,\"id\":26,\"beforeField\":\"\",\"afterField\":\"\",\"value\":\"<h3 style=\\\"margin-bottom: 10pt; margin-top: 0pt;\\\"><span style=\\\"color: rgb(0, 0, 0); font-size: 11pt; font-family: Arial;\\\">Les 24 et 25 septembre, comme nous sommes en train de faire beaucoup d'inscriptions, nous avons ouvert la liste d'attente, nous allons nous inscrire et nous contacter pour vous dire si vous \\u00eates \\u00e0 l'int\\u00e9rieur ou non.<\\\/span><\\\/h3>\",\"label_pos\":\"above\",\"parentType\":\"html\",\"element_templates\":[\"html\",\"input\"],\"old_classname\":\"\",\"wrap_template\":\"wrap\"},{\"objectType\":\"Field\",\"objectDomain\":\"fields\",\"editActive\":false,\"order\":9,\"idAttribute\":\"id\",\"type\":\"listradio\",\"label\":\"24 septembre, 16:00\\u201317:30, Activit\\u00e9s propos\\u00e9es :\",\"key\":\"irailak_24_-_16_00-17_30_1778146214268\",\"label_pos\":\"above\",\"required\":false,\"options\":[{\"errors\":[],\"max_options\":0,\"label\":\"Projection et d\\u00e9bat- Renouveler les r\\u00e9cits de revitalisation linguistique dans la p\\u00e9ninsule du Yucat\\u00e1n\",\"value\":\"Proiekzioa eta solasaldia - Hizkuntzak biziberritzeko narratibak berritzen Yukatango penintsulan\",\"calc\":\"\",\"selected\":0,\"order\":0,\"settingModel\":{\"settings\":false,\"hide_merge_tags\":false,\"error\":false,\"name\":\"options\",\"type\":\"option-repeater\",\"label\":\"Aukerak <a href=\\\"#\\\" class=\\\"nf-add-new\\\">Gehitu berria<\\\/a> <a href=\\\"#\\\" class=\\\"extra nf-open-import-tooltip\\\"><i class=\\\"fa fa-sign-in\\\" aria-hidden=\\\"true\\\"><\\\/i> Inportatu<\\\/a>\",\"width\":\"full\",\"group\":\"\",\"value\":[{\"label\":\"Bat\",\"value\":\"bat\",\"calc\":\"\",\"selected\":0,\"order\":0},{\"label\":\"Bi\",\"value\":\"bi\",\"calc\":\"\",\"selected\":0,\"order\":1},{\"label\":\"Hiru\",\"value\":\"hiru\",\"calc\":\"\",\"selected\":0,\"order\":2}],\"columns\":{\"label\":{\"header\":\"Etiketa\",\"default\":\"\"},\"value\":{\"header\":\"Balioa\",\"default\":\"\"},\"calc\":{\"header\":\"Kalkulu Balioa\",\"default\":\"\"},\"selected\":{\"header\":\"<span class=\\\"dashicons dashicons-yes\\\"><\\\/span>\",\"default\":0}},\"settingKey\":\"options\"},\"manual_value\":true},{\"errors\":[],\"max_options\":0,\"label\":\"Table ronde- R\\u00e9cits sur l\\u2019identit\\u00e9, la culture et la m\\u00e9moire\",\"value\":\"Mahai-ingurua- Nortasuna kultura eta memoriari buruzko kontakizunak\",\"calc\":\"\",\"selected\":0,\"order\":1,\"settingModel\":{\"settings\":false,\"hide_merge_tags\":false,\"error\":false,\"name\":\"options\",\"type\":\"option-repeater\",\"label\":\"Aukerak <a href=\\\"#\\\" class=\\\"nf-add-new\\\">Gehitu berria<\\\/a> <a href=\\\"#\\\" class=\\\"extra nf-open-import-tooltip\\\"><i class=\\\"fa fa-sign-in\\\" aria-hidden=\\\"true\\\"><\\\/i> Inportatu<\\\/a>\",\"width\":\"full\",\"group\":\"\",\"value\":[{\"label\":\"Bat\",\"value\":\"bat\",\"calc\":\"\",\"selected\":0,\"order\":0},{\"label\":\"Bi\",\"value\":\"bi\",\"calc\":\"\",\"selected\":0,\"order\":1},{\"label\":\"Hiru\",\"value\":\"hiru\",\"calc\":\"\",\"selected\":0,\"order\":2}],\"columns\":{\"label\":{\"header\":\"Etiketa\",\"default\":\"\"},\"value\":{\"header\":\"Balioa\",\"default\":\"\"},\"calc\":{\"header\":\"Kalkulu Balioa\",\"default\":\"\"},\"selected\":{\"header\":\"<span class=\\\"dashicons dashicons-yes\\\"><\\\/span>\",\"default\":0}},\"settingKey\":\"options\"},\"manual_value\":true},{\"errors\":[],\"max_options\":0,\"label\":\"Table ronde : Approche \\u00e9cologique et linguistique de la durabilit\\u00e9 communautaire<br\\\/>\",\"value\":\"mahai-ingurua-komunitatearen-iraunkortasuna-bermatuko-duen-ikuspegi-ekologiko-eta-linguistikoa\",\"calc\":\"\",\"selected\":0,\"order\":2,\"settingModel\":{\"settings\":false,\"hide_merge_tags\":false,\"error\":false,\"name\":\"options\",\"type\":\"option-repeater\",\"label\":\"Aukerak <a href=\\\"#\\\" class=\\\"nf-add-new\\\">Gehitu berria<\\\/a> <a href=\\\"#\\\" class=\\\"extra nf-open-import-tooltip\\\"><i class=\\\"fa fa-sign-in\\\" aria-hidden=\\\"true\\\"><\\\/i> Inportatu<\\\/a>\",\"width\":\"full\",\"group\":\"\",\"value\":[{\"label\":\"Bat\",\"value\":\"bat\",\"calc\":\"\",\"selected\":0,\"order\":0},{\"label\":\"Bi\",\"value\":\"bi\",\"calc\":\"\",\"selected\":0,\"order\":1},{\"label\":\"Hiru\",\"value\":\"hiru\",\"calc\":\"\",\"selected\":0,\"order\":2}],\"columns\":{\"label\":{\"header\":\"Etiketa\",\"default\":\"\"},\"value\":{\"header\":\"Balioa\",\"default\":\"\"},\"calc\":{\"header\":\"Kalkulu Balioa\",\"default\":\"\"},\"selected\":{\"header\":\"<span class=\\\"dashicons dashicons-yes\\\"><\\\/span>\",\"default\":0}},\"settingKey\":\"options\"}},{\"errors\":[],\"max_options\":0,\"order\":3,\"new\":false,\"options\":[],\"label\":\"Dialogue performatif-La danse communautaire comme cl\\u00e9 pour vivre nos langues au XXIe si\\u00e8cle \",\"value\":\"solasaldi-dantzatua-dantza-komunitarioa-xxi-mendean-gure-hizkuntzetan-bizitzeko-giltza-irunetik-mundura\",\"calc\":\"\",\"selected\":0,\"settingModel\":{\"settings\":false,\"hide_merge_tags\":false,\"error\":false,\"name\":\"options\",\"type\":\"option-repeater\",\"label\":\"Aukerak <a href=\\\"#\\\" class=\\\"nf-add-new\\\">Gehitu berria<\\\/a> <a href=\\\"#\\\" class=\\\"extra nf-open-import-tooltip\\\"><i class=\\\"fa fa-sign-in\\\" aria-hidden=\\\"true\\\"><\\\/i> Inportatu<\\\/a>\",\"width\":\"full\",\"group\":\"\",\"value\":[{\"label\":\"Bat\",\"value\":\"bat\",\"calc\":\"\",\"selected\":0,\"order\":0},{\"label\":\"Bi\",\"value\":\"bi\",\"calc\":\"\",\"selected\":0,\"order\":1},{\"label\":\"Hiru\",\"value\":\"hiru\",\"calc\":\"\",\"selected\":0,\"order\":2}],\"columns\":{\"label\":{\"header\":\"Etiketa\",\"default\":\"\"},\"value\":{\"header\":\"Balioa\",\"default\":\"\"},\"calc\":{\"header\":\"Kalkulu Balioa\",\"default\":\"\"},\"selected\":{\"header\":\"<span class=\\\"dashicons dashicons-yes\\\"><\\\/span>\",\"default\":0}},\"settingKey\":\"options\"}}],\"container_class\":\"\",\"element_class\":\"\",\"admin_label\":\"\",\"help_text\":\"\",\"drawerDisabled\":false,\"id\":28,\"beforeField\":\"\",\"afterField\":\"\",\"value\":\"\",\"parentType\":\"list\",\"element_templates\":[\"listradio\",\"input\"],\"old_classname\":\"list-radio\",\"wrap_template\":\"wrap\"},{\"objectType\":\"Field\",\"objectDomain\":\"fields\",\"editActive\":false,\"order\":10,\"idAttribute\":\"id\",\"type\":\"listradio\",\"label\":\"25 septembre, 16:00\\u201317:30, Activit\\u00e9s propos\\u00e9es :\",\"key\":\"irailak_25_-16_00-17_30_1778146228350\",\"label_pos\":\"above\",\"required\":false,\"options\":[{\"errors\":[],\"max_options\":0,\"label\":\"Projection et d\\u00e9bat- Documentaire \\u201cMai da bai\\u201d : de l\\u2019oppression \\u00e0 l\\u2019agentivit\\u00e9, le peuple mapuche imaginant l\\u2019avenir\",\"value\":\"Mai da bai dokumentala Zapalkuntzatik agentziara Maputxeak etorkizuna marrazten.\",\"calc\":\"\",\"selected\":0,\"order\":0,\"settingModel\":{\"settings\":false,\"hide_merge_tags\":false,\"error\":false,\"name\":\"options\",\"type\":\"option-repeater\",\"label\":\"Aukerak <a href=\\\"#\\\" class=\\\"nf-add-new\\\">Gehitu berria<\\\/a> <a href=\\\"#\\\" class=\\\"extra nf-open-import-tooltip\\\"><i class=\\\"fa fa-sign-in\\\" aria-hidden=\\\"true\\\"><\\\/i> Inportatu<\\\/a>\",\"width\":\"full\",\"group\":\"\",\"value\":[{\"label\":\"Bat\",\"value\":\"bat\",\"calc\":\"\",\"selected\":0,\"order\":0},{\"label\":\"Bi\",\"value\":\"bi\",\"calc\":\"\",\"selected\":0,\"order\":1},{\"label\":\"Hiru\",\"value\":\"hiru\",\"calc\":\"\",\"selected\":0,\"order\":2}],\"columns\":{\"label\":{\"header\":\"Etiketa\",\"default\":\"\"},\"value\":{\"header\":\"Balioa\",\"default\":\"\"},\"calc\":{\"header\":\"Kalkulu Balioa\",\"default\":\"\"},\"selected\":{\"header\":\"<span class=\\\"dashicons dashicons-yes\\\"><\\\/span>\",\"default\":0}},\"settingKey\":\"options\"},\"manual_value\":true},{\"errors\":[],\"max_options\":0,\"label\":\"D\\u00e9bat participatif- Droits linguistiques et justice sociale : cl\\u00e9s pour des r\\u00e9cits d\\u2019avenir\",\"value\":\"Eztabaida parte-hartzailea-Hizkuntza eskubideak eta justizia soziala etorkizuneko kontakizunetarako gakoak\",\"calc\":\"\",\"selected\":0,\"order\":1,\"settingModel\":{\"settings\":false,\"hide_merge_tags\":false,\"error\":false,\"name\":\"options\",\"type\":\"option-repeater\",\"label\":\"Aukerak <a href=\\\"#\\\" class=\\\"nf-add-new\\\">Gehitu berria<\\\/a> <a href=\\\"#\\\" class=\\\"extra nf-open-import-tooltip\\\"><i class=\\\"fa fa-sign-in\\\" aria-hidden=\\\"true\\\"><\\\/i> Inportatu<\\\/a>\",\"width\":\"full\",\"group\":\"\",\"value\":[{\"label\":\"Bat\",\"value\":\"bat\",\"calc\":\"\",\"selected\":0,\"order\":0},{\"label\":\"Bi\",\"value\":\"bi\",\"calc\":\"\",\"selected\":0,\"order\":1},{\"label\":\"Hiru\",\"value\":\"hiru\",\"calc\":\"\",\"selected\":0,\"order\":2}],\"columns\":{\"label\":{\"header\":\"Etiketa\",\"default\":\"\"},\"value\":{\"header\":\"Balioa\",\"default\":\"\"},\"calc\":{\"header\":\"Kalkulu Balioa\",\"default\":\"\"},\"selected\":{\"header\":\"<span class=\\\"dashicons dashicons-yes\\\"><\\\/span>\",\"default\":0}},\"settingKey\":\"options\"},\"manual_value\":true},{\"errors\":[],\"max_options\":0,\"order\":3,\"new\":false,\"options\":[],\"label\":\"D\\u00e9bat participatif-Apports de la technologie et de l\\u2019intelligence artificielle \\u00e0 la revitalisation linguistique\",\"value\":\"Eztabaida parte-hartzailea-Teknologiaren eta adimen artifizialaren ekarpenak hizkuntzen biziberritze prozesuetan\",\"calc\":\"\",\"selected\":0,\"settingModel\":{\"settings\":false,\"hide_merge_tags\":false,\"error\":false,\"name\":\"options\",\"type\":\"option-repeater\",\"label\":\"Aukerak <a href=\\\"#\\\" class=\\\"nf-add-new\\\">Gehitu berria<\\\/a> <a href=\\\"#\\\" class=\\\"extra nf-open-import-tooltip\\\"><i class=\\\"fa fa-sign-in\\\" aria-hidden=\\\"true\\\"><\\\/i> Inportatu<\\\/a>\",\"width\":\"full\",\"group\":\"\",\"value\":[{\"label\":\"Bat\",\"value\":\"bat\",\"calc\":\"\",\"selected\":0,\"order\":0},{\"label\":\"Bi\",\"value\":\"bi\",\"calc\":\"\",\"selected\":0,\"order\":1},{\"label\":\"Hiru\",\"value\":\"hiru\",\"calc\":\"\",\"selected\":0,\"order\":2}],\"columns\":{\"label\":{\"header\":\"Etiketa\",\"default\":\"\"},\"value\":{\"header\":\"Balioa\",\"default\":\"\"},\"calc\":{\"header\":\"Kalkulu Balioa\",\"default\":\"\"},\"selected\":{\"header\":\"<span class=\\\"dashicons dashicons-yes\\\"><\\\/span>\",\"default\":0}},\"settingKey\":\"options\"},\"manual_value\":true},{\"errors\":[],\"max_options\":0,\"order\":3,\"new\":false,\"options\":[],\"label\":\"Partage d\\u2019exp\\u00e9riences : Pratiques pour construire des r\\u00e9cits d\\u2019avenir\",\"value\":\"Esperientzien partekatzea-Etorkizuneko kontakizunak lantzea helburu duten zenbait esperientzia eta praktika\",\"calc\":\"\",\"selected\":0,\"settingModel\":{\"settings\":false,\"hide_merge_tags\":false,\"error\":false,\"name\":\"options\",\"type\":\"option-repeater\",\"label\":\"Aukerak <a href=\\\"#\\\" class=\\\"nf-add-new\\\">Gehitu berria<\\\/a> <a href=\\\"#\\\" class=\\\"extra nf-open-import-tooltip\\\"><i class=\\\"fa fa-sign-in\\\" aria-hidden=\\\"true\\\"><\\\/i> Inportatu<\\\/a>\",\"width\":\"full\",\"group\":\"\",\"value\":[{\"label\":\"Bat\",\"value\":\"bat\",\"calc\":\"\",\"selected\":0,\"order\":0},{\"label\":\"Bi\",\"value\":\"bi\",\"calc\":\"\",\"selected\":0,\"order\":1},{\"label\":\"Hiru\",\"value\":\"hiru\",\"calc\":\"\",\"selected\":0,\"order\":2}],\"columns\":{\"label\":{\"header\":\"Etiketa\",\"default\":\"\"},\"value\":{\"header\":\"Balioa\",\"default\":\"\"},\"calc\":{\"header\":\"Kalkulu Balioa\",\"default\":\"\"},\"selected\":{\"header\":\"<span class=\\\"dashicons dashicons-yes\\\"><\\\/span>\",\"default\":0}},\"settingKey\":\"options\"},\"manual_value\":true}],\"container_class\":\"\",\"element_class\":\"\",\"admin_label\":\"\",\"help_text\":\"\",\"drawerDisabled\":false,\"id\":29,\"beforeField\":\"\",\"afterField\":\"\",\"value\":\"\",\"parentType\":\"list\",\"element_templates\":[\"listradio\",\"input\"],\"old_classname\":\"list-radio\",\"wrap_template\":\"wrap\"},{\"objectType\":\"Field\",\"objectDomain\":\"fields\",\"editActive\":false,\"order\":11,\"idAttribute\":\"id\",\"label\":\"Si vous avez une intol\\u00e9rance alimentaire ou un besoin sp\\u00e9cifique, merci de nous l\\u2019indiquer afin d\\u2019adapter le service de restauration\",\"type\":\"textbox\",\"key\":\"elikadura-intolerantziaren_bat_edo_eskaera_bereziren_bat_baduzu_adierazi_iezaguzu_lunch-zerbitzua_egokitu_ahal_izateko_1778146274418\",\"label_pos\":\"above\",\"required\":false,\"default\":\"\",\"placeholder\":\"\",\"container_class\":\" one-half first\",\"element_class\":\"\",\"input_limit\":\"\",\"input_limit_type\":\"characters\",\"input_limit_msg\":\"Caract\\u00e8res restants\",\"manual_key\":false,\"admin_label\":\"\",\"help_text\":\"\",\"mask\":\"\",\"custom_mask\":\"\",\"custom_name_attribute\":\"\",\"personally_identifiable\":\"\",\"custom_autocomplete\":\"\",\"value\":\"\",\"id\":32,\"beforeField\":\"\",\"afterField\":\"\",\"parentType\":\"textbox\",\"element_templates\":[\"textbox\",\"input\"],\"old_classname\":\"\",\"wrap_template\":\"wrap\"},{\"objectType\":\"Field\",\"objectDomain\":\"fields\",\"editActive\":false,\"order\":12,\"idAttribute\":\"id\",\"type\":\"textbox\",\"label\":\"Si vous avez des besoins en mati\\u00e8re d\\u2019accessibilit\\u00e9, merci de les indiquer ici :\",\"key\":\"irisgarritasunari_lotutako_premiarik_baduzu_adierazi_hemen_1778146284268\",\"label_pos\":\"above\",\"required\":false,\"default\":\"\",\"placeholder\":\"\",\"container_class\":\" one-half\",\"element_class\":\"\",\"input_limit\":\"\",\"input_limit_type\":\"characters\",\"input_limit_msg\":\"Caract\\u00e8res restants\",\"manual_key\":false,\"admin_label\":\"\",\"help_text\":\"\",\"mask\":\"\",\"custom_mask\":\"\",\"custom_name_attribute\":\"\",\"personally_identifiable\":\"\",\"custom_autocomplete\":\"\",\"value\":\"\",\"drawerDisabled\":false,\"id\":33,\"beforeField\":\"\",\"afterField\":\"\",\"parentType\":\"textbox\",\"element_templates\":[\"textbox\",\"input\"],\"old_classname\":\"\",\"wrap_template\":\"wrap\"},{\"objectType\":\"Field\",\"objectDomain\":\"fields\",\"editActive\":false,\"order\":13,\"idAttribute\":\"id\",\"type\":\"checkbox\",\"label\":\"J'ai lu et j'accepte la<a href=\\\"https:\\\/\\\/bihar.eus\\\/fr\\\/politica-de-privacidad\\\/\\\"> politique de confidentialit\\u00e9<\\\/a> \",\"key\":\"irakurri_dut_eta_onartzen_dut_less_than_a_href_pribatutasun-politika_greater_than_pribatutasun_politikan_less_than_a_greater_than_jasotakoa_1785161555490\",\"label_pos\":\"right\",\"required\":1,\"container_class\":\"\",\"element_class\":\"\",\"manual_key\":false,\"admin_label\":\"\",\"help_text\":\"\",\"default_value\":\"unchecked\",\"checked_value\":\"Markatuta\",\"unchecked_value\":\"Hautatu gabe\",\"checked_calc_value\":\"\",\"unchecked_calc_value\":\"\",\"drawerDisabled\":false,\"id\":42,\"beforeField\":\"\",\"afterField\":\"\",\"value\":\"\",\"parentType\":\"checkbox\",\"element_templates\":[\"checkbox\",\"input\"],\"old_classname\":\"\",\"wrap_template\":\"wrap\"},{\"objectType\":\"Field\",\"objectDomain\":\"fields\",\"editActive\":false,\"order\":13,\"idAttribute\":\"id\",\"type\":\"checkbox\",\"label\":\"Les 24 et 25 septembre, comme nous sommes en train de faire beaucoup d'inscriptions, nous avons ouvert la liste d'attente, nous allons nous inscrire et nous contacter pour vous dire si vous \\u00eates \\u00e0 l'int\\u00e9rieur ou non.\",\"key\":\"irailaren_24an_eta_25ean_izen_emate_asko_jaotzen_ari_garenez_itxaron_zerrenda_zabaldu_dugu_izena_eman_eta_harremanetan_jarriko_gara_barruan_zauden_ala_ez_esateko_1788177271995\",\"label_pos\":\"right\",\"required\":1,\"container_class\":\"\",\"element_class\":\"\",\"manual_key\":false,\"admin_label\":\"\",\"help_text\":\"\",\"default_value\":\"unchecked\",\"checked_value\":\"Markatuta\",\"unchecked_value\":\"Hautatu gabe\",\"checked_calc_value\":\"\",\"unchecked_calc_value\":\"\",\"drawerDisabled\":false,\"id\":43,\"beforeField\":\"\",\"afterField\":\"\",\"value\":\"\",\"parentType\":\"checkbox\",\"element_templates\":[\"checkbox\",\"input\"],\"old_classname\":\"\",\"wrap_template\":\"wrap\"},{\"objectType\":\"Field\",\"objectDomain\":\"fields\",\"editActive\":false,\"order\":14,\"idAttribute\":\"id\",\"type\":\"submit\",\"label\":\"Envoyer\",\"processing_label\":\"Traitement en cours\",\"container_class\":\"\",\"element_class\":\"\",\"key\":\"bidali_1778146320379\",\"admin_label\":\"\",\"drawerDisabled\":false,\"id\":19,\"beforeField\":\"\",\"afterField\":\"\",\"value\":\"\",\"label_pos\":\"above\",\"parentType\":\"textbox\",\"element_templates\":[\"submit\",\"button\",\"input\"],\"old_classname\":\"\",\"wrap_template\":\"wrap-no-label\"}];nfForms.push(form);<\/script>\n        <\/div><div class=\"w-separator size_medium\"><\/div><\/div><\/div><\/div><\/div><\/section><section class=\"l-section wpb_row height_small\" id=\"hizlariak\"><div class=\"l-section-h i-cf\"><div class=\"g-cols vc_row via_grid cols_1 laptops-cols_inherit tablets-cols_inherit mobiles-cols_1 valign_top type_default stacking_default\"><div class=\"wpb_column vc_column_container\"><div class=\"vc_column-inner\"><div class=\"wpb_text_column\"><div class=\"wpb_wrapper\"><h2>Intervenants<\/h2>\n<\/div><\/div><div class=\"wpb_text_column\"><div class=\"wpb_wrapper\"><h3>Nos invit\u00e9s<\/h3>\n<\/div><\/div><\/div><\/div><\/div><\/div><\/section><section class=\"l-section wpb_row us_custom_f5da8c9c height_small\"><div class=\"l-section-h i-cf\"><div class=\"g-cols vc_row via_grid cols_1 laptops-cols_inherit tablets-cols_inherit mobiles-cols_1 valign_top type_default stacking_default\"><div class=\"wpb_column vc_column_container\"><div class=\"vc_column-inner\"><div class=\"w-grid us_post_carousel type_carousel layout_1543 preload_style_spinner items_2\" id=\"us_post_list_nf4b\" style=\"--items:2;--gap:1.5rem;\"><style>.layout_1543 .w-grid-item-h{background:var(--color-header-middle-bg)}.layout_1543 .usg_hwrapper_1{padding-top:0!important;padding-bottom:0!important}.layout_1543 .usg_post_image_1{width:30%!important;height:100%!important;padding-top:0!important;padding-bottom:0!important}.layout_1543 .usg_vwrapper_1{width:65%!important;padding-top:2rem!important;padding-bottom:1rem!important;padding-right:2rem!important}.layout_1543 .usg_post_custom_field_1{color:var(--color-header-middle-text)!important}.layout_1543 .usg_html_1{margin-top:1.4rem!important}<\/style><div class=\"w-grid-list owl-carousel valign_stretch dotstyle_circle navstyle_circle arrows-ver-pos_middle arrows-hor-pos_on_sides_outside arrows-disabled_hide owl-responsive-2000 with_arrows\" style=\"--transition-duration:350ms;--arrows-size:1.5rem;--arrows-gap:10px;\">\t<article class=\"w-grid-item size_1x1 post-3107 hizlaria type-hizlaria status-publish has-post-thumbnail hentry\" data-id=\"3107\">\r\n\t\t<div class=\"w-grid-item-h\">\r\n\t\t\t\t\t\t<div class=\"w-hwrapper usg_hwrapper_1 align_justify valign_middle\" style=\"--hwrapper-gap:0rem\"><div class=\"w-post-elm post_image usg_post_image_1 has_width has_height has_ratio\"><img loading=\"lazy\" decoding=\"async\" width=\"1024\" height=\"768\" src=\"https:\/\/bihar.eus\/wp-content\/uploads\/2026\/08\/DJERIDE-JEAN-BAPTISTE-1024x768.jpeg\" class=\"attachment-large size-large wp-post-image\" alt=\"\" \/><div style=\"padding-bottom:166.6667%\"><\/div><\/div><div class=\"w-vwrapper usg_vwrapper_1 align_left valign_top\" style=\"--vwrapper-gap:0.5rem\"><h4 class=\"w-post-elm post_title usg_post_title_1 entry-title color_link_inherit\">Djeride Jean-Baptiste<\/h4><div class=\"w-post-elm post_custom_field usg_post_custom_field_1 has_text_color type_text kargua\"><span class=\"w-post-elm-value\">MIT-Hait\u00ed \/ Chercheur et responsable de la communicationMIT-Hait\u00ed \/ Ikerlaria eta komunikazio arduraduna<\/span><\/div><div class=\"w-html usg_html_1\"><\/div><\/div><\/div>\t\t<\/div>\r\n\t\t\t<\/article>\r\n\t<article class=\"w-grid-item size_1x1 post-2996 hizlaria type-hizlaria status-publish has-post-thumbnail hentry\" data-id=\"2996\">\r\n\t\t<div class=\"w-grid-item-h\">\r\n\t\t\t\t\t\t<div class=\"w-hwrapper usg_hwrapper_1 align_justify valign_middle\" style=\"--hwrapper-gap:0rem\"><div class=\"w-post-elm post_image usg_post_image_1 has_width has_height has_ratio\"><img loading=\"lazy\" decoding=\"async\" width=\"768\" height=\"1024\" src=\"https:\/\/bihar.eus\/wp-content\/uploads\/2026\/08\/Yazmin-Novelo-768x1024.jpg\" class=\"attachment-large size-large wp-post-image\" alt=\"\" \/><div style=\"padding-bottom:166.6667%\"><\/div><\/div><div class=\"w-vwrapper usg_vwrapper_1 align_left valign_top\" style=\"--vwrapper-gap:0.5rem\"><h4 class=\"w-post-elm post_title usg_post_title_1 entry-title color_link_inherit\">Yazm\u00edn Yadira Novelo Montejo<\/h4><div class=\"w-post-elm post_custom_field usg_post_custom_field_1 has_text_color type_text kargua\"><span class=\"w-post-elm-value\">U P\u00e9ekbal Waye\u2019 \/ Directrice<\/span><\/div><div class=\"w-html usg_html_1\"><\/div><\/div><\/div>\t\t<\/div>\r\n\t\t\t<\/article>\r\n\t<article class=\"w-grid-item size_1x1 post-3039 hizlaria type-hizlaria status-publish has-post-thumbnail hentry\" data-id=\"3039\">\r\n\t\t<div class=\"w-grid-item-h\">\r\n\t\t\t\t\t\t<div class=\"w-hwrapper usg_hwrapper_1 align_justify valign_middle\" style=\"--hwrapper-gap:0rem\"><div class=\"w-post-elm post_image usg_post_image_1 has_width has_height has_ratio\"><img loading=\"lazy\" decoding=\"async\" width=\"1024\" height=\"863\" src=\"https:\/\/bihar.eus\/wp-content\/uploads\/2026\/07\/Aritz-Ibanez-Lusarreta-scaled-e1785332831104-1024x863.png\" class=\"attachment-large size-large wp-post-image\" alt=\"\" \/><div style=\"padding-bottom:166.6667%\"><\/div><\/div><div class=\"w-vwrapper usg_vwrapper_1 align_left valign_top\" style=\"--vwrapper-gap:0.5rem\"><h4 class=\"w-post-elm post_title usg_post_title_1 entry-title color_link_inherit\">Aritz Iba\u00f1ez Lusarreta<\/h4><div class=\"w-post-elm post_custom_field usg_post_custom_field_1 has_text_color type_text kargua\"><span class=\"w-post-elm-value\">Duguna \u2013 Danseurs de Pampelune \/ Directeur<\/span><\/div><div class=\"w-html usg_html_1\"><\/div><\/div><\/div>\t\t<\/div>\r\n\t\t\t<\/article>\r\n\t<article class=\"w-grid-item size_1x1 post-2958 hizlaria type-hizlaria status-publish has-post-thumbnail hentry\" data-id=\"2958\">\r\n\t\t<div class=\"w-grid-item-h\">\r\n\t\t\t\t\t\t<div class=\"w-hwrapper usg_hwrapper_1 align_justify valign_middle\" style=\"--hwrapper-gap:0rem\"><div class=\"w-post-elm post_image usg_post_image_1 has_width has_height has_ratio\"><img loading=\"lazy\" decoding=\"async\" width=\"267\" height=\"251\" src=\"https:\/\/bihar.eus\/wp-content\/uploads\/2026\/07\/Rahera-Cowie.png\" class=\"attachment-large size-large wp-post-image\" alt=\"\" \/><div style=\"padding-bottom:166.6667%\"><\/div><\/div><div class=\"w-vwrapper usg_vwrapper_1 align_left valign_top\" style=\"--vwrapper-gap:0.5rem\"><h4 class=\"w-post-elm post_title usg_post_title_1 entry-title color_link_inherit\">Rahera Cowie<\/h4><div class=\"w-post-elm post_custom_field usg_post_custom_field_1 has_text_color type_text kargua\"><span class=\"w-post-elm-value\">Universit\u00e9 de Canterbury \/ Charg\u00e9e de cours <\/span><\/div><div class=\"w-html usg_html_1\"><\/div><\/div><\/div>\t\t<\/div>\r\n\t\t\t<\/article>\r\n\t<article class=\"w-grid-item size_1x1 post-3008 hizlaria type-hizlaria status-publish has-post-thumbnail hentry\" data-id=\"3008\">\r\n\t\t<div class=\"w-grid-item-h\">\r\n\t\t\t\t\t\t<div class=\"w-hwrapper usg_hwrapper_1 align_justify valign_middle\" style=\"--hwrapper-gap:0rem\"><div class=\"w-post-elm post_image usg_post_image_1 has_width has_height has_ratio\"><img loading=\"lazy\" decoding=\"async\" width=\"1024\" height=\"795\" src=\"https:\/\/bihar.eus\/wp-content\/uploads\/2026\/07\/Talent-Mudenda-1024x795.jpg\" class=\"attachment-large size-large wp-post-image\" alt=\"\" \/><div style=\"padding-bottom:166.6667%\"><\/div><\/div><div class=\"w-vwrapper usg_vwrapper_1 align_left valign_top\" style=\"--vwrapper-gap:0.5rem\"><h4 class=\"w-post-elm post_title usg_post_title_1 entry-title color_link_inherit\">Talent Mudenda<\/h4><div class=\"w-post-elm post_custom_field usg_post_custom_field_1 has_text_color type_text kargua\"><span class=\"w-post-elm-value\">Zimbabwe Indigenous Languages Revitalisation Project \/ Midlands State University National Language Institute<br\/>Fondateur et directeur \/ Chercheur associ\u00e9<\/span><\/div><div class=\"w-html usg_html_1\"><\/div><\/div><\/div>\t\t<\/div>\r\n\t\t\t<\/article>\r\n\t<article class=\"w-grid-item size_1x1 post-3137 hizlaria type-hizlaria status-publish has-post-thumbnail hentry\" data-id=\"3137\">\r\n\t\t<div class=\"w-grid-item-h\">\r\n\t\t\t\t\t\t<div class=\"w-hwrapper usg_hwrapper_1 align_justify valign_middle\" style=\"--hwrapper-gap:0rem\"><div class=\"w-post-elm post_image usg_post_image_1 has_width has_height has_ratio\"><img loading=\"lazy\" decoding=\"async\" width=\"894\" height=\"1024\" src=\"https:\/\/bihar.eus\/wp-content\/uploads\/2026\/07\/Toroga-Breda-894x1024.jpg\" class=\"attachment-large size-large wp-post-image\" alt=\"\" \/><div style=\"padding-bottom:166.6667%\"><\/div><\/div><div class=\"w-vwrapper usg_vwrapper_1 align_left valign_top\" style=\"--vwrapper-gap:0.5rem\"><h4 class=\"w-post-elm post_title usg_post_title_1 entry-title color_link_inherit\">Toroga Breda<\/h4><div class=\"w-post-elm post_custom_field usg_post_custom_field_1 has_text_color type_text kargua\"><span class=\"w-post-elm-value\">Munanai \/ Producteur<\/span><\/div><div class=\"w-html usg_html_1\"><\/div><\/div><\/div>\t\t<\/div>\r\n\t\t\t<\/article>\r\n\t<article class=\"w-grid-item size_1x1 post-3043 hizlaria type-hizlaria status-publish has-post-thumbnail hentry\" data-id=\"3043\">\r\n\t\t<div class=\"w-grid-item-h\">\r\n\t\t\t\t\t\t<div class=\"w-hwrapper usg_hwrapper_1 align_justify valign_middle\" style=\"--hwrapper-gap:0rem\"><div class=\"w-post-elm post_image usg_post_image_1 has_width has_height has_ratio\"><img loading=\"lazy\" decoding=\"async\" width=\"804\" height=\"1024\" src=\"https:\/\/bihar.eus\/wp-content\/uploads\/2026\/07\/Tahir-Baykusak-804x1024.png\" class=\"attachment-large size-large wp-post-image\" alt=\"\" \/><div style=\"padding-bottom:166.6667%\"><\/div><\/div><div class=\"w-vwrapper usg_vwrapper_1 align_left valign_top\" style=\"--vwrapper-gap:0.5rem\"><h4 class=\"w-post-elm post_title usg_post_title_1 entry-title color_link_inherit\">Tahir Bayku\u015fak<\/h4><div class=\"w-post-elm post_custom_field usg_post_custom_field_1 has_text_color type_text kargua\"><span class=\"w-post-elm-value\">Municipalit\u00e9 m\u00e9tropolitaine de Diyarbak\u0131r \/ Directeur du D\u00e9partement du d\u00e9veloppement et de la pr\u00e9servation de la langue<\/span><\/div><div class=\"w-html usg_html_1\"><\/div><\/div><\/div>\t\t<\/div>\r\n\t\t\t<\/article>\r\n\t<article class=\"w-grid-item size_1x1 post-3125 hizlaria type-hizlaria status-publish has-post-thumbnail hentry\" data-id=\"3125\">\r\n\t\t<div class=\"w-grid-item-h\">\r\n\t\t\t\t\t\t<div class=\"w-hwrapper usg_hwrapper_1 align_justify valign_middle\" style=\"--hwrapper-gap:0rem\"><div class=\"w-post-elm post_image usg_post_image_1 has_width has_height has_ratio\"><img loading=\"lazy\" decoding=\"async\" width=\"247\" height=\"268\" src=\"https:\/\/bihar.eus\/wp-content\/uploads\/2026\/07\/Monica-Perena-Perez.jpg\" class=\"attachment-large size-large wp-post-image\" alt=\"\" \/><div style=\"padding-bottom:166.6667%\"><\/div><\/div><div class=\"w-vwrapper usg_vwrapper_1 align_left valign_top\" style=\"--vwrapper-gap:0.5rem\"><h4 class=\"w-post-elm post_title usg_post_title_1 entry-title color_link_inherit\">M\u00f3nica Pere\u00f1a Perez<\/h4><div class=\"w-post-elm post_custom_field usg_post_custom_field_1 has_text_color type_text kargua\"><span class=\"w-post-elm-value\">Linguapax International \/ Pr\u00e9sidente <\/span><\/div><div class=\"w-html usg_html_1\"><\/div><\/div><\/div>\t\t<\/div>\r\n\t\t\t<\/article>\r\n\t<article class=\"w-grid-item size_1x1 post-3119 hizlaria type-hizlaria status-publish has-post-thumbnail hentry\" data-id=\"3119\">\r\n\t\t<div class=\"w-grid-item-h\">\r\n\t\t\t\t\t\t<div class=\"w-hwrapper usg_hwrapper_1 align_justify valign_middle\" style=\"--hwrapper-gap:0rem\"><div class=\"w-post-elm post_image usg_post_image_1 has_width has_height has_ratio\"><img loading=\"lazy\" decoding=\"async\" width=\"761\" height=\"854\" src=\"https:\/\/bihar.eus\/wp-content\/uploads\/2026\/08\/eddie-avila.png\" class=\"attachment-large size-large wp-post-image\" alt=\"\" \/><div style=\"padding-bottom:166.6667%\"><\/div><\/div><div class=\"w-vwrapper usg_vwrapper_1 align_left valign_top\" style=\"--vwrapper-gap:0.5rem\"><h4 class=\"w-post-elm post_title usg_post_title_1 entry-title color_link_inherit\">Eddie Avila<\/h4><div class=\"w-post-elm post_custom_field usg_post_custom_field_1 has_text_color type_text kargua\"><span class=\"w-post-elm-value\">Rising Voices \/ Global Voices \/ Directeur g\u00e9n\u00e9ral<\/span><\/div><div class=\"w-html usg_html_1\"><\/div><\/div><\/div>\t\t<\/div>\r\n\t\t\t<\/article>\r\n\t<article class=\"w-grid-item size_1x1 post-3014 hizlaria type-hizlaria status-publish has-post-thumbnail hentry\" data-id=\"3014\">\r\n\t\t<div class=\"w-grid-item-h\">\r\n\t\t\t\t\t\t<div class=\"w-hwrapper usg_hwrapper_1 align_justify valign_middle\" style=\"--hwrapper-gap:0rem\"><div class=\"w-post-elm post_image usg_post_image_1 has_width has_height has_ratio\"><img loading=\"lazy\" decoding=\"async\" width=\"640\" height=\"640\" src=\"https:\/\/bihar.eus\/wp-content\/uploads\/2026\/08\/Maria-Izquierdo.png\" class=\"attachment-large size-large wp-post-image\" alt=\"\" \/><div style=\"padding-bottom:166.6667%\"><\/div><\/div><div class=\"w-vwrapper usg_vwrapper_1 align_left valign_top\" style=\"--vwrapper-gap:0.5rem\"><h4 class=\"w-post-elm post_title usg_post_title_1 entry-title color_link_inherit\">Maria Auxiliadora Izquierdo Perez<\/h4><div class=\"w-post-elm post_custom_field usg_post_custom_field_1 has_text_color type_text kargua\"><span class=\"w-post-elm-value\">Communaut\u00e9 indig\u00e8ne arhuaca de Seykun, Colombie, Mikelazulo Kultur Elkartea \/ Membre de la communaut\u00e9 arhuaca. Pr\u00e9sidente de Mikelazulo Kultur Elkartea. <\/span><\/div><div class=\"w-html usg_html_1\"><\/div><\/div><\/div>\t\t<\/div>\r\n\t\t\t<\/article>\r\n\t<article class=\"w-grid-item size_1x1 post-2921 hizlaria type-hizlaria status-publish has-post-thumbnail hentry\" data-id=\"2921\">\r\n\t\t<div class=\"w-grid-item-h\">\r\n\t\t\t\t\t\t<div class=\"w-hwrapper usg_hwrapper_1 align_justify valign_middle\" style=\"--hwrapper-gap:0rem\"><div class=\"w-post-elm post_image usg_post_image_1 has_width has_height has_ratio\"><img loading=\"lazy\" decoding=\"async\" width=\"338\" height=\"203\" src=\"https:\/\/bihar.eus\/wp-content\/uploads\/2026\/07\/Xan-Aire-Hasket.jpg\" class=\"attachment-large size-large wp-post-image\" alt=\"\" \/><div style=\"padding-bottom:166.6667%\"><\/div><\/div><div class=\"w-vwrapper usg_vwrapper_1 align_left valign_top\" style=\"--vwrapper-gap:0.5rem\"><h4 class=\"w-post-elm post_title usg_post_title_1 entry-title color_link_inherit\">Xan Aire Hasket<\/h4><div class=\"w-post-elm post_custom_field usg_post_custom_field_1 has_text_color type_text kargua\"><span class=\"w-post-elm-value\">Plazara Kolektiboa\/ Formateur et coordinateur de services<\/span><\/div><div class=\"w-html usg_html_1\"><\/div><\/div><\/div>\t\t<\/div>\r\n\t\t\t<\/article>\r\n\t<article class=\"w-grid-item size_1x1 post-2951 hizlaria type-hizlaria status-publish has-post-thumbnail hentry\" data-id=\"2951\">\r\n\t\t<div class=\"w-grid-item-h\">\r\n\t\t\t\t\t\t<div class=\"w-hwrapper usg_hwrapper_1 align_justify valign_middle\" style=\"--hwrapper-gap:0rem\"><div class=\"w-post-elm post_image usg_post_image_1 has_width has_height has_ratio\"><img loading=\"lazy\" decoding=\"async\" width=\"523\" height=\"349\" src=\"https:\/\/bihar.eus\/wp-content\/uploads\/2026\/07\/Paula-Laita-Pallares.jpg\" class=\"attachment-large size-large wp-post-image\" alt=\"\" \/><div style=\"padding-bottom:166.6667%\"><\/div><\/div><div class=\"w-vwrapper usg_vwrapper_1 align_left valign_top\" style=\"--vwrapper-gap:0.5rem\"><h4 class=\"w-post-elm post_title usg_post_title_1 entry-title color_link_inherit\">Paula Laita Pallares<\/h4><div class=\"w-post-elm post_custom_field usg_post_custom_field_1 has_text_color type_text kargua\"><span class=\"w-post-elm-value\">Soziolinguistika Klusterra \/ Chercheuse en sociolinguistique<\/span><\/div><div class=\"w-html usg_html_1\"><\/div><\/div><\/div>\t\t<\/div>\r\n\t\t\t<\/article>\r\n\t<article class=\"w-grid-item size_1x1 post-3003 hizlaria type-hizlaria status-publish has-post-thumbnail hentry\" data-id=\"3003\">\r\n\t\t<div class=\"w-grid-item-h\">\r\n\t\t\t\t\t\t<div class=\"w-hwrapper usg_hwrapper_1 align_justify valign_middle\" style=\"--hwrapper-gap:0rem\"><div class=\"w-post-elm post_image usg_post_image_1 has_width has_height has_ratio\"><img loading=\"lazy\" decoding=\"async\" width=\"780\" height=\"1024\" src=\"https:\/\/bihar.eus\/wp-content\/uploads\/2026\/07\/Asya-Zayzaoui-780x1024.jpg\" class=\"attachment-large size-large wp-post-image\" alt=\"\" \/><div style=\"padding-bottom:166.6667%\"><\/div><\/div><div class=\"w-vwrapper usg_vwrapper_1 align_left valign_top\" style=\"--vwrapper-gap:0.5rem\"><h4 class=\"w-post-elm post_title usg_post_title_1 entry-title color_link_inherit\">Asya Zayzaoui<\/h4><div class=\"w-post-elm post_custom_field usg_post_custom_field_1 has_text_color type_text kargua\"><span class=\"w-post-elm-value\">Mondragon Unibertsitatea \/ Chercheuse doctorante, professeure de langue amazighe et cr\u00e9atrice de contenu sur les r\u00e9seaux sociaux consacr\u00e9 \u00e0 la revitalisation de la langue amazighe.<\/span><\/div><div class=\"w-html usg_html_1\"><\/div><\/div><\/div>\t\t<\/div>\r\n\t\t\t<\/article>\r\n\t<article class=\"w-grid-item size_1x1 post-2945 hizlaria type-hizlaria status-publish has-post-thumbnail hentry\" data-id=\"2945\">\r\n\t\t<div class=\"w-grid-item-h\">\r\n\t\t\t\t\t\t<div class=\"w-hwrapper usg_hwrapper_1 align_justify valign_middle\" style=\"--hwrapper-gap:0rem\"><div class=\"w-post-elm post_image usg_post_image_1 has_width has_height has_ratio\"><img loading=\"lazy\" decoding=\"async\" width=\"434\" height=\"651\" src=\"https:\/\/bihar.eus\/wp-content\/uploads\/2026\/07\/Belen-Uranga-Arakistain.jpg\" class=\"attachment-large size-large wp-post-image\" alt=\"\" \/><div style=\"padding-bottom:166.6667%\"><\/div><\/div><div class=\"w-vwrapper usg_vwrapper_1 align_left valign_top\" style=\"--vwrapper-gap:0.5rem\"><h4 class=\"w-post-elm post_title usg_post_title_1 entry-title color_link_inherit\">Belen Uranga Arakistain<\/h4><div class=\"w-post-elm post_custom_field usg_post_custom_field_1 has_text_color type_text kargua\"><span class=\"w-post-elm-value\">Soziolinguistika Klusterra \/ Technicienne linguistique et chercheuse en sociolinguistique<\/span><\/div><div class=\"w-html usg_html_1\"><\/div><\/div><\/div>\t\t<\/div>\r\n\t\t\t<\/article>\r\n\t<article class=\"w-grid-item size_1x1 post-3056 hizlaria type-hizlaria status-publish has-post-thumbnail hentry\" data-id=\"3056\">\r\n\t\t<div class=\"w-grid-item-h\">\r\n\t\t\t\t\t\t<div class=\"w-hwrapper usg_hwrapper_1 align_justify valign_middle\" style=\"--hwrapper-gap:0rem\"><div class=\"w-post-elm post_image usg_post_image_1 has_width has_height has_ratio\"><img loading=\"lazy\" decoding=\"async\" width=\"1024\" height=\"640\" src=\"https:\/\/bihar.eus\/wp-content\/uploads\/2026\/08\/Lorna-Williams-1024x640.jpg\" class=\"attachment-large size-large wp-post-image\" alt=\"\" \/><div style=\"padding-bottom:166.6667%\"><\/div><\/div><div class=\"w-vwrapper usg_vwrapper_1 align_left valign_top\" style=\"--vwrapper-gap:0.5rem\"><h4 class=\"w-post-elm post_title usg_post_title_1 entry-title color_link_inherit\">Lorna Wanosts\u2019a7 Williams<\/h4><div class=\"w-post-elm post_custom_field usg_post_custom_field_1 has_text_color type_text kargua\"><span class=\"w-post-elm-value\">Universit\u00e9 de Victoria \/ Professeure \u00e9m\u00e9rite<\/span><\/div><div class=\"w-html usg_html_1\"><\/div><\/div><\/div>\t\t<\/div>\r\n\t\t\t<\/article>\r\n\t<article class=\"w-grid-item size_1x1 post-3113 hizlaria type-hizlaria status-publish has-post-thumbnail hentry\" data-id=\"3113\">\r\n\t\t<div class=\"w-grid-item-h\">\r\n\t\t\t\t\t\t<div class=\"w-hwrapper usg_hwrapper_1 align_justify valign_middle\" style=\"--hwrapper-gap:0rem\"><div class=\"w-post-elm post_image usg_post_image_1 has_width has_height has_ratio\"><img loading=\"lazy\" decoding=\"async\" width=\"300\" height=\"291\" src=\"https:\/\/bihar.eus\/wp-content\/uploads\/2026\/08\/Sophia-Smith-Galer.png\" class=\"attachment-large size-large wp-post-image\" alt=\"\" \/><div style=\"padding-bottom:166.6667%\"><\/div><\/div><div class=\"w-vwrapper usg_vwrapper_1 align_left valign_top\" style=\"--vwrapper-gap:0.5rem\"><h4 class=\"w-post-elm post_title usg_post_title_1 entry-title color_link_inherit\">Sophia Smith Galer<\/h4><div class=\"w-post-elm post_custom_field usg_post_custom_field_1 has_text_color type_text kargua\"><span class=\"w-post-elm-value\">Autrice de How To Kill A Language: Power, Resistance and the Race to Save Our Words<\/span><\/div><div class=\"w-html usg_html_1\"><\/div><\/div><\/div>\t\t<\/div>\r\n\t\t\t<\/article>\r\n\t<article class=\"w-grid-item size_1x1 post-3034 hizlaria type-hizlaria status-publish has-post-thumbnail hentry\" data-id=\"3034\">\r\n\t\t<div class=\"w-grid-item-h\">\r\n\t\t\t\t\t\t<div class=\"w-hwrapper usg_hwrapper_1 align_justify valign_middle\" style=\"--hwrapper-gap:0rem\"><div class=\"w-post-elm post_image usg_post_image_1 has_width has_height has_ratio\"><img loading=\"lazy\" decoding=\"async\" width=\"1024\" height=\"683\" src=\"https:\/\/bihar.eus\/wp-content\/uploads\/2026\/08\/Nailejileji-Tipap-1024x683.jpg\" class=\"attachment-large size-large wp-post-image\" alt=\"\" \/><div style=\"padding-bottom:166.6667%\"><\/div><\/div><div class=\"w-vwrapper usg_vwrapper_1 align_left valign_top\" style=\"--vwrapper-gap:0.5rem\"><h4 class=\"w-post-elm post_title usg_post_title_1 entry-title color_link_inherit\">Nailejileji Tipap<\/h4><div class=\"w-post-elm post_custom_field usg_post_custom_field_1 has_text_color type_text kargua\"><span class=\"w-post-elm-value\">Indigenous Women Development Affairs (IWDA) et communaut\u00e9s autochtones de Tanzanie (communaut\u00e9s Maasai, Hadzabe, Barabaig et Akiye) \/ Directrice ex\u00e9cutive<br\/><br\/><\/span><\/div><div class=\"w-html usg_html_1\"><\/div><\/div><\/div>\t\t<\/div>\r\n\t\t\t<\/article>\r\n\t<article class=\"w-grid-item size_1x1 post-3050 hizlaria type-hizlaria status-publish has-post-thumbnail hentry\" data-id=\"3050\">\r\n\t\t<div class=\"w-grid-item-h\">\r\n\t\t\t\t\t\t<div class=\"w-hwrapper usg_hwrapper_1 align_justify valign_middle\" style=\"--hwrapper-gap:0rem\"><div class=\"w-post-elm post_image usg_post_image_1 has_width has_height has_ratio\"><img loading=\"lazy\" decoding=\"async\" width=\"640\" height=\"640\" src=\"https:\/\/bihar.eus\/wp-content\/uploads\/2026\/07\/Clayton-Cruse.png\" class=\"attachment-large size-large wp-post-image\" alt=\"\" \/><div style=\"padding-bottom:166.6667%\"><\/div><\/div><div class=\"w-vwrapper usg_vwrapper_1 align_left valign_top\" style=\"--vwrapper-gap:0.5rem\"><h4 class=\"w-post-elm post_title usg_post_title_1 entry-title color_link_inherit\">Clayton Cruse<\/h4><div class=\"w-post-elm post_custom_field usg_post_custom_field_1 has_text_color type_text kargua\"><span class=\"w-post-elm-value\">IDIL Australia \/ Membre du Groupe de Direction<\/span><\/div><div class=\"w-html usg_html_1\"><\/div><\/div><\/div>\t\t<\/div>\r\n\t\t\t<\/article>\r\n\t<article class=\"w-grid-item size_1x1 post-3027 hizlaria type-hizlaria status-publish has-post-thumbnail hentry\" data-id=\"3027\">\r\n\t\t<div class=\"w-grid-item-h\">\r\n\t\t\t\t\t\t<div class=\"w-hwrapper usg_hwrapper_1 align_justify valign_middle\" style=\"--hwrapper-gap:0rem\"><div class=\"w-post-elm post_image usg_post_image_1 has_width has_height has_ratio\"><img loading=\"lazy\" decoding=\"async\" width=\"766\" height=\"1024\" src=\"https:\/\/bihar.eus\/wp-content\/uploads\/2026\/07\/Kseniia-Bolshakova-766x1024.jpg\" class=\"attachment-large size-large wp-post-image\" alt=\"\" \/><div style=\"padding-bottom:166.6667%\"><\/div><\/div><div class=\"w-vwrapper usg_vwrapper_1 align_left valign_top\" style=\"--vwrapper-gap:0.5rem\"><h4 class=\"w-post-elm post_title usg_post_title_1 entry-title color_link_inherit\">KSENIIA BOLSHAKOVA<\/h4><div class=\"w-post-elm post_custom_field usg_post_custom_field_1 has_text_color type_text kargua\"><span class=\"w-post-elm-value\">ONG Indigenous Resilience\/ Membre du conseil d'administration<\/span><\/div><div class=\"w-html usg_html_1\"><\/div><\/div><\/div>\t\t<\/div>\r\n\t\t\t<\/article>\r\n\t<article class=\"w-grid-item size_1x1 post-2970 hizlaria type-hizlaria status-publish has-post-thumbnail hentry\" data-id=\"2970\">\r\n\t\t<div class=\"w-grid-item-h\">\r\n\t\t\t\t\t\t<div class=\"w-hwrapper usg_hwrapper_1 align_justify valign_middle\" style=\"--hwrapper-gap:0rem\"><div class=\"w-post-elm post_image usg_post_image_1 has_width has_height has_ratio\"><img loading=\"lazy\" decoding=\"async\" width=\"1024\" height=\"855\" src=\"https:\/\/bihar.eus\/wp-content\/uploads\/2026\/07\/Elias-Caurey-e1785331150231-1024x855.jpeg\" class=\"attachment-large size-large wp-post-image\" alt=\"\" \/><div style=\"padding-bottom:166.6667%\"><\/div><\/div><div class=\"w-vwrapper usg_vwrapper_1 align_left valign_top\" style=\"--vwrapper-gap:0.5rem\"><h4 class=\"w-post-elm post_title usg_post_title_1 entry-title color_link_inherit\">El\u00edas Caurey<\/h4><div class=\"w-post-elm post_custom_field usg_post_custom_field_1 has_text_color type_text kargua\"><span class=\"w-post-elm-value\">Coordinateur de l'\u00c9cole de journalisme autochtone et facilitateur communautaire<\/span><\/div><div class=\"w-html usg_html_1\"><\/div><\/div><\/div>\t\t<\/div>\r\n\t\t\t<\/article>\r\n\t<article class=\"w-grid-item size_1x1 post-3086 hizlaria type-hizlaria status-publish has-post-thumbnail hentry\" data-id=\"3086\">\r\n\t\t<div class=\"w-grid-item-h\">\r\n\t\t\t\t\t\t<div class=\"w-hwrapper usg_hwrapper_1 align_justify valign_middle\" style=\"--hwrapper-gap:0rem\"><div class=\"w-post-elm post_image usg_post_image_1 has_width has_height has_ratio\"><img loading=\"lazy\" decoding=\"async\" width=\"460\" height=\"493\" src=\"https:\/\/bihar.eus\/wp-content\/uploads\/2026\/07\/Sergio-Marinao.jpg\" class=\"attachment-large size-large wp-post-image\" alt=\"\" \/><div style=\"padding-bottom:166.6667%\"><\/div><\/div><div class=\"w-vwrapper usg_vwrapper_1 align_left valign_top\" style=\"--vwrapper-gap:0.5rem\"><h4 class=\"w-post-elm post_title usg_post_title_1 entry-title color_link_inherit\">Sergio Andr\u00e9s Marinao Nahuelpan<\/h4><div class=\"w-post-elm post_custom_field usg_post_custom_field_1 has_text_color type_text kargua\"><span class=\"w-post-elm-value\">Fondateur et pr\u00e9sident de la Fondation Mapuzugun \u00f1i Choy\u00fcn. \/ Membre et kimelfe (enseignant de mapuzugun) de Mapuzuguletuai\u00f1. <\/span><\/div><div class=\"w-html usg_html_1\"><\/div><\/div><\/div>\t\t<\/div>\r\n\t\t\t<\/article>\r\n\t<article class=\"w-grid-item size_1x1 post-2963 hizlaria type-hizlaria status-publish has-post-thumbnail hentry\" data-id=\"2963\">\r\n\t\t<div class=\"w-grid-item-h\">\r\n\t\t\t\t\t\t<div class=\"w-hwrapper usg_hwrapper_1 align_justify valign_middle\" style=\"--hwrapper-gap:0rem\"><div class=\"w-post-elm post_image usg_post_image_1 has_width has_height has_ratio\"><img loading=\"lazy\" decoding=\"async\" width=\"683\" height=\"1024\" src=\"https:\/\/bihar.eus\/wp-content\/uploads\/2026\/08\/Paolina-Vercoutere-683x1024.jpg\" class=\"attachment-large size-large wp-post-image\" alt=\"\" \/><div style=\"padding-bottom:166.6667%\"><\/div><\/div><div class=\"w-vwrapper usg_vwrapper_1 align_left valign_top\" style=\"--vwrapper-gap:0.5rem\"><h4 class=\"w-post-elm post_title usg_post_title_1 entry-title color_link_inherit\">Paolina Vercoutere Quinchef<\/h4><div class=\"w-post-elm post_custom_field usg_post_custom_field_1 has_text_color type_text kargua\"><span class=\"w-post-elm-value\">Ancienne vice-pr\u00e9f\u00e8te d\u2019Ibambura<\/span><\/div><div class=\"w-html usg_html_1\"><\/div><\/div><\/div>\t\t<\/div>\r\n\t\t\t<\/article>\r\n\t<article class=\"w-grid-item size_1x1 post-2988 hizlaria type-hizlaria status-publish has-post-thumbnail hentry\" data-id=\"2988\">\r\n\t\t<div class=\"w-grid-item-h\">\r\n\t\t\t\t\t\t<div class=\"w-hwrapper usg_hwrapper_1 align_justify valign_middle\" style=\"--hwrapper-gap:0rem\"><div class=\"w-post-elm post_image usg_post_image_1 has_width has_height has_ratio\"><img loading=\"lazy\" decoding=\"async\" width=\"1024\" height=\"849\" src=\"https:\/\/bihar.eus\/wp-content\/uploads\/2026\/07\/Justyna-Olko-1024x849.jpg\" class=\"attachment-large size-large wp-post-image\" alt=\"\" \/><div style=\"padding-bottom:166.6667%\"><\/div><\/div><div class=\"w-vwrapper usg_vwrapper_1 align_left valign_top\" style=\"--vwrapper-gap:0.5rem\"><h4 class=\"w-post-elm post_title usg_post_title_1 entry-title color_link_inherit\">Justyna Olko<\/h4><div class=\"w-post-elm post_custom_field usg_post_custom_field_1 has_text_color type_text kargua\"><span class=\"w-post-elm-value\">Universit\u00e9 de Varsovie \/ Professeure, directrice du Centre de recherche et de pratique sur la continuit\u00e9 culturelle.<\/span><\/div><div class=\"w-html usg_html_1\"><\/div><\/div><\/div>\t\t<\/div>\r\n\t\t\t<\/article>\r\n\t<article class=\"w-grid-item size_1x1 post-2932 hizlaria type-hizlaria status-publish has-post-thumbnail hentry\" data-id=\"2932\">\r\n\t\t<div class=\"w-grid-item-h\">\r\n\t\t\t\t\t\t<div class=\"w-hwrapper usg_hwrapper_1 align_justify valign_middle\" style=\"--hwrapper-gap:0rem\"><div class=\"w-post-elm post_image usg_post_image_1 has_width has_height has_ratio\"><img loading=\"lazy\" decoding=\"async\" width=\"840\" height=\"630\" src=\"https:\/\/bihar.eus\/wp-content\/uploads\/2026\/07\/Miriam-Viviana-Gonzalez-Garzon.jpg\" class=\"attachment-large size-large wp-post-image\" alt=\"\" \/><div style=\"padding-bottom:166.6667%\"><\/div><\/div><div class=\"w-vwrapper usg_vwrapper_1 align_left valign_top\" style=\"--vwrapper-gap:0.5rem\"><h4 class=\"w-post-elm post_title usg_post_title_1 entry-title color_link_inherit\">Miriam Viviana Gonz\u00e1lez Garz\u00f3n<\/h4><div class=\"w-post-elm post_custom_field usg_post_custom_field_1 has_text_color type_text kargua\"><span class=\"w-post-elm-value\">Garabide, Plan de Vida Proyecto Nasa, Peuple Nasa \/ Conseill\u00e8re, Technicienne<\/span><\/div><div class=\"w-html usg_html_1\"><\/div><\/div><\/div>\t\t<\/div>\r\n\t\t\t<\/article>\r\n\t<article class=\"w-grid-item size_1x1 post-3074 hizlaria type-hizlaria status-publish has-post-thumbnail hentry\" data-id=\"3074\">\r\n\t\t<div class=\"w-grid-item-h\">\r\n\t\t\t\t\t\t<div class=\"w-hwrapper usg_hwrapper_1 align_justify valign_middle\" style=\"--hwrapper-gap:0rem\"><div class=\"w-post-elm post_image usg_post_image_1 has_width has_height has_ratio\"><img loading=\"lazy\" decoding=\"async\" width=\"1024\" height=\"589\" src=\"https:\/\/bihar.eus\/wp-content\/uploads\/2026\/07\/urtzi-urrutikoetxea-1024x589.webp\" class=\"attachment-large size-large wp-post-image\" alt=\"\" \/><div style=\"padding-bottom:166.6667%\"><\/div><\/div><div class=\"w-vwrapper usg_vwrapper_1 align_left valign_top\" style=\"--vwrapper-gap:0.5rem\"><h4 class=\"w-post-elm post_title usg_post_title_1 entry-title color_link_inherit\">Urtzi Urrutikoetxea<\/h4><div class=\"w-post-elm post_custom_field usg_post_custom_field_1 has_text_color type_text kargua\"><span class=\"w-post-elm-value\">GARABIDE (+ Euskal PEN \/ PEN International) \/ Membre du groupe de travail. Pr\u00e9sident de la Commission Traduction et Droits linguistiques de PEN International. <\/span><\/div><div class=\"w-html usg_html_1\"><\/div><\/div><\/div>\t\t<\/div>\r\n\t\t\t<\/article>\r\n\t<article class=\"w-grid-item size_1x1 post-2926 hizlaria type-hizlaria status-publish has-post-thumbnail hentry\" data-id=\"2926\">\r\n\t\t<div class=\"w-grid-item-h\">\r\n\t\t\t\t\t\t<div class=\"w-hwrapper usg_hwrapper_1 align_justify valign_middle\" style=\"--hwrapper-gap:0rem\"><div class=\"w-post-elm post_image usg_post_image_1 has_width has_height has_ratio\"><img loading=\"lazy\" decoding=\"async\" width=\"204\" height=\"250\" src=\"https:\/\/bihar.eus\/wp-content\/uploads\/2026\/08\/Andichi-Chahid.jpg\" class=\"attachment-large size-large wp-post-image\" alt=\"\" \/><div style=\"padding-bottom:166.6667%\"><\/div><\/div><div class=\"w-vwrapper usg_vwrapper_1 align_left valign_top\" style=\"--vwrapper-gap:0.5rem\"><h4 class=\"w-post-elm post_title usg_post_title_1 entry-title color_link_inherit\">Andichi Chahid<\/h4><div class=\"w-post-elm post_custom_field usg_post_custom_field_1 has_text_color type_text kargua\"><span class=\"w-post-elm-value\">Adlis Amazi\u0263 \/ Journaliste \/ Doctorant<\/span><\/div><div class=\"w-html usg_html_1\"><\/div><\/div><\/div>\t\t<\/div>\r\n\t\t\t<\/article>\r\n\t<article class=\"w-grid-item size_1x1 post-3068 hizlaria type-hizlaria status-publish has-post-thumbnail hentry\" data-id=\"3068\">\r\n\t\t<div class=\"w-grid-item-h\">\r\n\t\t\t\t\t\t<div class=\"w-hwrapper usg_hwrapper_1 align_justify valign_middle\" style=\"--hwrapper-gap:0rem\"><div class=\"w-post-elm post_image usg_post_image_1 has_width has_height has_ratio\"><img loading=\"lazy\" decoding=\"async\" width=\"576\" height=\"1024\" src=\"https:\/\/bihar.eus\/wp-content\/uploads\/2026\/07\/Mustapha-1-1-576x1024.png\" class=\"attachment-large size-large wp-post-image\" alt=\"\" \/><div style=\"padding-bottom:166.6667%\"><\/div><\/div><div class=\"w-vwrapper usg_vwrapper_1 align_left valign_top\" style=\"--vwrapper-gap:0.5rem\"><h4 class=\"w-post-elm post_title usg_post_title_1 entry-title color_link_inherit\">Mustapha El Adak<\/h4><div class=\"w-post-elm post_custom_field usg_post_custom_field_1 has_text_color type_text kargua\"><span class=\"w-post-elm-value\">Universit\u00e9 d\u2019Oujda \/ Chercheur universitaire et acteur socioculturel.<\/span><\/div><div class=\"w-html usg_html_1\"><\/div><\/div><\/div>\t\t<\/div>\r\n\t\t\t<\/article>\r\n\t<article class=\"w-grid-item size_1x1 post-3063 hizlaria type-hizlaria status-publish has-post-thumbnail hentry\" data-id=\"3063\">\r\n\t\t<div class=\"w-grid-item-h\">\r\n\t\t\t\t\t\t<div class=\"w-hwrapper usg_hwrapper_1 align_justify valign_middle\" style=\"--hwrapper-gap:0rem\"><div class=\"w-post-elm post_image usg_post_image_1 has_width has_height has_ratio\"><img loading=\"lazy\" decoding=\"async\" width=\"1024\" height=\"1024\" src=\"https:\/\/bihar.eus\/wp-content\/uploads\/2026\/07\/Michel-DeGraff-1024x1024.jpeg\" class=\"attachment-large size-large wp-post-image\" alt=\"\" \/><div style=\"padding-bottom:166.6667%\"><\/div><\/div><div class=\"w-vwrapper usg_vwrapper_1 align_left valign_top\" style=\"--vwrapper-gap:0.5rem\"><h4 class=\"w-post-elm post_title usg_post_title_1 entry-title color_link_inherit\">Michel DeGraff<\/h4><div class=\"w-post-elm post_custom_field usg_post_custom_field_1 has_text_color type_text kargua\"><span class=\"w-post-elm-value\">Mit haiyti \/ Professeur<\/span><\/div><div class=\"w-html usg_html_1\"><\/div><\/div><\/div>\t\t<\/div>\r\n\t\t\t<\/article>\r\n\t<article class=\"w-grid-item size_1x1 post-3080 hizlaria type-hizlaria status-publish has-post-thumbnail hentry\" data-id=\"3080\">\r\n\t\t<div class=\"w-grid-item-h\">\r\n\t\t\t\t\t\t<div class=\"w-hwrapper usg_hwrapper_1 align_justify valign_middle\" style=\"--hwrapper-gap:0rem\"><div class=\"w-post-elm post_image usg_post_image_1 has_width has_height has_ratio\"><img loading=\"lazy\" decoding=\"async\" width=\"500\" height=\"500\" src=\"https:\/\/bihar.eus\/wp-content\/uploads\/2026\/07\/Jon-Sarasua-Maritxalar.jpg\" class=\"attachment-large size-large wp-post-image\" alt=\"\" \/><div style=\"padding-bottom:166.6667%\"><\/div><\/div><div class=\"w-vwrapper usg_vwrapper_1 align_left valign_top\" style=\"--vwrapper-gap:0.5rem\"><h4 class=\"w-post-elm post_title usg_post_title_1 entry-title color_link_inherit\">Jon Sarasua Maritxalar<\/h4><div class=\"w-post-elm post_custom_field usg_post_custom_field_1 has_text_color type_text kargua\"><span class=\"w-post-elm-value\">Garabide, Mondragon Unibertsitatea, Euskaltzandia \/ Irakaslea<\/span><\/div><div class=\"w-html usg_html_1\"><\/div><\/div><\/div>\t\t<\/div>\r\n\t\t\t<\/article>\r\n\t<article class=\"w-grid-item size_1x1 post-3021 hizlaria type-hizlaria status-publish has-post-thumbnail hentry\" data-id=\"3021\">\r\n\t\t<div class=\"w-grid-item-h\">\r\n\t\t\t\t\t\t<div class=\"w-hwrapper usg_hwrapper_1 align_justify valign_middle\" style=\"--hwrapper-gap:0rem\"><div class=\"w-post-elm post_image usg_post_image_1 has_width has_height has_ratio\"><img loading=\"lazy\" decoding=\"async\" width=\"405\" height=\"544\" src=\"https:\/\/bihar.eus\/wp-content\/uploads\/2026\/07\/kekoa.jpeg\" class=\"attachment-large size-large wp-post-image\" alt=\"\" \/><div style=\"padding-bottom:166.6667%\"><\/div><\/div><div class=\"w-vwrapper usg_vwrapper_1 align_left valign_top\" style=\"--vwrapper-gap:0.5rem\"><h4 class=\"w-post-elm post_title usg_post_title_1 entry-title color_link_inherit\">Kekoa Lloyd Harman<\/h4><div class=\"w-post-elm post_custom_field usg_post_custom_field_1 has_text_color type_text kargua\"><span class=\"w-post-elm-value\">University of Hawai\u02bbi at Hilo \u2013 H\u0101lau I Ka Leo Ola O N\u0101 Mamo \/ Professeur associ\u00e9 de langue hawa\u00efenne.<\/span><\/div><div class=\"w-html usg_html_1\"><\/div><\/div><\/div>\t\t<\/div>\r\n\t\t\t<\/article>\r\n\t<article class=\"w-grid-item size_1x1 post-2939 hizlaria type-hizlaria status-publish has-post-thumbnail hentry\" data-id=\"2939\">\r\n\t\t<div class=\"w-grid-item-h\">\r\n\t\t\t\t\t\t<div class=\"w-hwrapper usg_hwrapper_1 align_justify valign_middle\" style=\"--hwrapper-gap:0rem\"><div class=\"w-post-elm post_image usg_post_image_1 has_width has_height has_ratio\"><img loading=\"lazy\" decoding=\"async\" width=\"595\" height=\"698\" src=\"https:\/\/bihar.eus\/wp-content\/uploads\/2026\/07\/Albert-Badosa-Roldos.jpg\" class=\"attachment-large size-large wp-post-image\" alt=\"\" \/><div style=\"padding-bottom:166.6667%\"><\/div><\/div><div class=\"w-vwrapper usg_vwrapper_1 align_left valign_top\" style=\"--vwrapper-gap:0.5rem\"><h4 class=\"w-post-elm post_title usg_post_title_1 entry-title color_link_inherit\">Albert Badosa Rold\u00f3s<\/h4><div class=\"w-post-elm post_custom_field usg_post_custom_field_1 has_text_color type_text kargua\"><span class=\"w-post-elm-value\">ecteur de catalan, Universit\u00e9 de Belgrade<\/span><\/div><div class=\"w-html usg_html_1\"><\/div><\/div><\/div>\t\t<\/div>\r\n\t\t\t<\/article>\r\n\t<article class=\"w-grid-item size_1x1 post-3098 hizlaria type-hizlaria status-publish has-post-thumbnail hentry\" data-id=\"3098\">\r\n\t\t<div class=\"w-grid-item-h\">\r\n\t\t\t\t\t\t<div class=\"w-hwrapper usg_hwrapper_1 align_justify valign_middle\" style=\"--hwrapper-gap:0rem\"><div class=\"w-post-elm post_image usg_post_image_1 has_width has_height has_ratio\"><img loading=\"lazy\" decoding=\"async\" width=\"340\" height=\"340\" src=\"https:\/\/bihar.eus\/wp-content\/uploads\/2026\/08\/Zurbair-Torwali.jpeg\" class=\"attachment-large size-large wp-post-image\" alt=\"\" \/><div style=\"padding-bottom:166.6667%\"><\/div><\/div><div class=\"w-vwrapper usg_vwrapper_1 align_left valign_top\" style=\"--vwrapper-gap:0.5rem\"><h4 class=\"w-post-elm post_title usg_post_title_1 entry-title color_link_inherit\">Zurbair Torwali<\/h4><div class=\"w-post-elm post_custom_field usg_post_custom_field_1 has_text_color type_text kargua\"><span class=\"w-post-elm-value\">Idara Baraye Taleem wa Taraqi (IBT), communaut\u00e9 Torwali \/ Directeur ex\u00e9cutif, cofondateur<\/span><\/div><div class=\"w-html usg_html_1\"><\/div><\/div><\/div>\t\t<\/div>\r\n\t\t\t<\/article>\r\n\t<article class=\"w-grid-item size_1x1 post-2981 hizlaria type-hizlaria status-publish has-post-thumbnail hentry\" data-id=\"2981\">\r\n\t\t<div class=\"w-grid-item-h\">\r\n\t\t\t\t\t\t<div class=\"w-hwrapper usg_hwrapper_1 align_justify valign_middle\" style=\"--hwrapper-gap:0rem\"><div class=\"w-post-elm post_image usg_post_image_1 has_width has_height has_ratio\"><img loading=\"lazy\" decoding=\"async\" width=\"686\" height=\"457\" src=\"https:\/\/bihar.eus\/wp-content\/uploads\/2026\/08\/Onintza-argazkia.jpg\" class=\"attachment-large size-large wp-post-image\" alt=\"\" \/><div style=\"padding-bottom:166.6667%\"><\/div><\/div><div class=\"w-vwrapper usg_vwrapper_1 align_left valign_top\" style=\"--vwrapper-gap:0.5rem\"><h4 class=\"w-post-elm post_title usg_post_title_1 entry-title color_link_inherit\">Onintza Olaizola Aristi<\/h4><div class=\"w-post-elm post_custom_field usg_post_custom_field_1 has_text_color type_text kargua\"><span class=\"w-post-elm-value\">Taupa Euskalzaleen Mugimendua \/ Responsable de l\u2019axe de d\u00e9veloppement communautaire<br\/> <\/span><\/div><div class=\"w-html usg_html_1\"><\/div><\/div><\/div>\t\t<\/div>\r\n\t\t\t<\/article>\r\n\t<article class=\"w-grid-item size_1x1 post-2975 hizlaria type-hizlaria status-publish has-post-thumbnail hentry\" data-id=\"2975\">\r\n\t\t<div class=\"w-grid-item-h\">\r\n\t\t\t\t\t\t<div class=\"w-hwrapper usg_hwrapper_1 align_justify valign_middle\" style=\"--hwrapper-gap:0rem\"><div class=\"w-post-elm post_image usg_post_image_1 has_width has_height has_ratio\"><img loading=\"lazy\" decoding=\"async\" width=\"534\" height=\"356\" src=\"https:\/\/bihar.eus\/wp-content\/uploads\/2026\/08\/Jasone-argazkia.jpg\" class=\"attachment-large size-large wp-post-image\" alt=\"\" \/><div style=\"padding-bottom:166.6667%\"><\/div><\/div><div class=\"w-vwrapper usg_vwrapper_1 align_left valign_top\" style=\"--vwrapper-gap:0.5rem\"><h4 class=\"w-post-elm post_title usg_post_title_1 entry-title color_link_inherit\">Jasone Mendizabal Altun<\/h4><div class=\"w-post-elm post_custom_field usg_post_custom_field_1 has_text_color type_text kargua\"><span class=\"w-post-elm-value\">Taupa Euskalzaleen Mugimendua\/ Coordinatrice g\u00e9n\u00e9rale<\/span><\/div><div class=\"w-html usg_html_1\"><\/div><\/div><\/div>\t\t<\/div>\r\n\t\t\t<\/article>\r\n\t<article class=\"w-grid-item size_1x1 post-3092 hizlaria type-hizlaria status-publish has-post-thumbnail hentry\" data-id=\"3092\">\r\n\t\t<div class=\"w-grid-item-h\">\r\n\t\t\t\t\t\t<div class=\"w-hwrapper usg_hwrapper_1 align_justify valign_middle\" style=\"--hwrapper-gap:0rem\"><div class=\"w-post-elm post_image usg_post_image_1 has_width has_height has_ratio\"><img loading=\"lazy\" decoding=\"async\" width=\"963\" height=\"1024\" src=\"https:\/\/bihar.eus\/wp-content\/uploads\/2026\/07\/Jelisava-Dobovsek-963x1024.jpeg\" class=\"attachment-large size-large wp-post-image\" alt=\"\" \/><div style=\"padding-bottom:166.6667%\"><\/div><\/div><div class=\"w-vwrapper usg_vwrapper_1 align_left valign_top\" style=\"--vwrapper-gap:0.5rem\"><h4 class=\"w-post-elm post_title usg_post_title_1 entry-title color_link_inherit\">Jelisava Dobovsek Sethna<\/h4><div class=\"w-post-elm post_custom_field usg_post_custom_field_1 has_text_color type_text kargua\"><span class=\"w-post-elm-value\">Linguapax Asia \/ Directeur<\/span><\/div><div class=\"w-html usg_html_1\"><\/div><\/div><\/div>\t\t<\/div>\r\n\t\t\t<\/article>\r\n<\/div><div class=\"w-grid-carousel-json hidden\" onclick='return {&quot;carousel_settings&quot;:{&quot;aria_labels&quot;:{&quot;prev&quot;:&quot;Previous&quot;,&quot;next&quot;:&quot;Suivant&quot;},&quot;autoplayContinual&quot;:false,&quot;autoplayHoverPause&quot;:false,&quot;autoplayTimeout&quot;:4000,&quot;autoWidth&quot;:false,&quot;smartSpeed&quot;:350,&quot;margin&quot;:0,&quot;mouseDrag&quot;:true,&quot;rtl&quot;:false,&quot;slideBy&quot;:&quot;1&quot;,&quot;touchDrag&quot;:true,&quot;slideTransition&quot;:&quot;&quot;,&quot;responsive&quot;:{&quot;0&quot;:{&quot;autoHeight&quot;:false,&quot;autoplay&quot;:false,&quot;autoWidth&quot;:false,&quot;center&quot;:false,&quot;dots&quot;:false,&quot;items&quot;:1,&quot;loop&quot;:false,&quot;nav&quot;:false,&quot;stagePadding&quot;:0,&quot;slideBy&quot;:&quot;1&quot;},&quot;801&quot;:{&quot;items&quot;:2,&quot;autoplay&quot;:false,&quot;center&quot;:false,&quot;dots&quot;:false,&quot;nav&quot;:true,&quot;autoHeight&quot;:false,&quot;autoWidth&quot;:false,&quot;loop&quot;:false,&quot;stagePadding&quot;:0}}}}'><\/div><\/div><\/div><\/div><\/div><\/div><\/section><section class=\"l-section wpb_row height_small\" id=\"info-praktika\"><div class=\"l-section-h i-cf\"><div class=\"g-cols vc_row via_grid cols_1 laptops-cols_inherit tablets-cols_inherit mobiles-cols_1 valign_top type_default stacking_default\"><div class=\"wpb_column vc_column_container us_custom_057801f8 has_bg_color\"><div class=\"vc_column-inner\"><div class=\"w-separator size_medium\"><\/div><h2 class=\"w-text\"><span class=\"w-text-h\"><span class=\"w-text-value\">Informations pratiques pour les participants au congr\u00e8s<\/span><\/span><\/h2><div class=\"wpb_text_column\"><div class=\"wpb_wrapper\"><p>Merci de participer \u00e0 notre congr\u00e8s. Ce document contient des informations utiles sur les lieux, les d\u00e9placements, l\u2019h\u00e9bergement et la mobilit\u00e9.<\/p>\n<\/div><\/div><div class=\"w-separator size_medium\"><\/div><div class=\"g-cols wpb_row via_grid cols_2-1 laptops-cols_inherit tablets-cols_inherit mobiles-cols_1 valign_top type_default stacking_default\" style=\"--columns-gap:3rem;\"><div class=\"wpb_column vc_column_container\"><div class=\"vc_column-inner\"><div class=\"wpb_text_column\"><div class=\"wpb_wrapper\"><h3><strong>Localisation<\/strong><\/h3>\n<p>Le congr\u00e8s se tiendra au Pays Basque, situ\u00e9 dans le sud-ouest de l\u2019Europe, entre les Pyr\u00e9n\u00e9es occidentales et l\u2019oc\u00e9an Atlantique.<\/p>\n<p>Limites g\u00e9ographiques:<\/p>\n<ul>\n<li>Nord : oc\u00e9an Atlantique<\/li>\n<li>Est : Pyr\u00e9n\u00e9es et Occitanie (B\u00e9arn)<\/li>\n<li>Ouest : Cantabrie et Castille<\/li>\n<li>Sud : fleuve \u00c8bre et La Rioja<\/li>\n<\/ul>\n<p>Le Pays Basque est compos\u00e9 de sept territoires:<\/p>\n<ul>\n<li>Sud : Bizkaia, Gipuzkoa, Araba et Nafarroa<\/li>\n<li>Nord : Labourd (Lapurdi), Basse-Navarre (Baxe Nafarroa) et Soule (Xiberoa)<\/li>\n<\/ul>\n<p>Le basque (euskara) est la langue originelle de la r\u00e9gion et est aujourd\u2019hui en voie de revitalisation. Dans le territoire, l\u2019euskara coexiste avec l\u2019espagnol dans le sud du Pays basque et avec le fran\u00e7ais dans le nord.<\/p>\n<\/div><\/div><\/div><\/div><div class=\"wpb_column vc_column_container\"><div class=\"vc_column-inner\"><div class=\"w-image align_none\"><div class=\"w-image-h\"><img decoding=\"async\" width=\"430\" height=\"369\" src=\"https:\/\/bihar.eus\/wp-content\/uploads\/2026\/06\/Picture-7.png\" class=\"attachment-large size-large\" alt=\"\" loading=\"lazy\" srcset=\"https:\/\/bihar.eus\/wp-content\/uploads\/2026\/06\/Picture-7.png 430w, https:\/\/bihar.eus\/wp-content\/uploads\/2026\/06\/Picture-7-300x257.png 300w\" sizes=\"auto, (max-width: 430px) 100vw, 430px\" \/><\/div><\/div><\/div><\/div><\/div><div class=\"w-separator size_medium\"><\/div><div class=\"wpb_text_column\"><div class=\"wpb_wrapper\"><p><strong>AVIS:<\/strong> Si vous avez besoin d\u2019aide pour organiser le d\u00e9placement entre Bilbao\u2013Irun\/Hendaye, veuillez contacter les organisateurs afin qu\u2019ils puissent vous aider \u00e0 organiser et g\u00e9rer le transport.<\/p>\n<\/div><\/div><div class=\"w-separator size_medium\"><\/div><div class=\"w-separator size_small\"><\/div><div class=\"g-cols wpb_row us_custom_b76b3af2 via_grid cols_4 laptops-cols_inherit tablets-cols_inherit mobiles-cols_1 valign_top type_default stacking_default\" style=\"--columns-gap:3rem;\"><div class=\"wpb_column vc_column_container\"><div class=\"vc_column-inner\"><div class=\"w-separator size_small\"><\/div><div class=\"wpb_text_column\"><div class=\"wpb_wrapper\"><p><strong>23 septembre \u2013 Palais Euskalduna (BILBAO)<br \/>\n<\/strong><\/p>\n<p><img loading=\"lazy\" decoding=\"async\" class=\"alignnone wp-image-103\" src=\"https:\/\/bihar.eus\/wp-content\/uploads\/2026\/03\/Grupo-330.png\" alt=\"\" width=\"29\" height=\"28\" \/>Abandoibarra etorbidea, 4, Abando, 48011 Bilbao, Bizkaia<br \/>\nLa c\u00e9r\u00e9monie d\u2019ouverture y sera organis\u00e9e.<\/p>\n<p>Site web: <a href=\"https:\/\/www.euskalduna.eus\/fr\/\">https:\/\/www.euskalduna.eus\/fr\/<\/a><br \/>\nLocalisation: <a href=\"https:\/\/maps.app.goo.gl\/6n8vc56xsdV5Ne1V6\">https:\/\/maps.app.goo.gl\/6n8vc56xsdV5Ne1V6<\/a><br \/>\nAcc\u00e8s: <a href=\"https:\/\/www.euskaldunabilbao.com\/fr\/palais-euskalduna\/comment-venir\/\">https:\/\/www.euskaldunabilbao.com\/fr\/palais-euskalduna\/comment-venir\/\u00a0<\/a><\/p>\n<\/div><\/div><div class=\"w-separator size_small\"><\/div><\/div><\/div><div class=\"wpb_column vc_column_container\"><div class=\"vc_column-inner\"><div class=\"w-separator size_small\"><\/div><div class=\"wpb_text_column\"><div class=\"wpb_wrapper\"><p><strong>24\u201325 septembre \u2013 FICOBA (IRUN)<br \/>\n<\/strong><\/p>\n<p><img loading=\"lazy\" decoding=\"async\" class=\"alignnone wp-image-103\" src=\"https:\/\/bihar.eus\/wp-content\/uploads\/2026\/03\/Grupo-330.png\" alt=\"\" width=\"29\" height=\"28\" \/> Iparralde Hiribidea 43, Irun<br \/>\nLieu principal du congr\u00e8s.<\/p>\n<p>Site web: <a href=\"https:\/\/www.ficoba.org\/fr\/\">https:\/\/www.ficoba.org\/fr\/<\/a><br \/>\nLocalisation: <a href=\"https:\/\/maps.app.goo.gl\/d8w3ZJhHCejrBJuc6\">https:\/\/maps.app.goo.gl\/d8w3ZJhHCejrBJuc6<\/a><\/p>\n<\/div><\/div><\/div><\/div><div class=\"wpb_column vc_column_container\"><div class=\"vc_column-inner\"><div class=\"w-separator size_small\"><\/div><div class=\"wpb_text_column esteka-banatu\"><div class=\"wpb_wrapper\"><p><strong>24\u201326 septembre \u2013 Borderline Fabrika (HENDAYE)<br \/>\n<\/strong><\/p>\n<p><span><img loading=\"lazy\" decoding=\"async\" class=\"alignnone wp-image-103\" src=\"https:\/\/bihar.eus\/wp-content\/uploads\/2026\/03\/Grupo-330.png\" alt=\"\" width=\"29\" height=\"28\" \/>64 Bd du G\u00e9n\u00e9ral de Gaulle, 64700 Hendaye, France<br \/>\n<\/span><\/p>\n<p>Activit\u00e9s culturelles les 24 et 25 septembre. C\u00e9r\u00e9monie de cl\u00f4ture le 26 septembre.<\/p>\n<p>Site web:<a href=\"https:\/\/borderlinefabrika.weebly.com\/borderlinefabrika.html\"> https:\/\/borderlinefabrika.weebly.com\/borderlinefabrika.html<\/a><br \/>\nLocalisation: <a href=\"https:\/\/maps.app.goo.gl\/KCJdXSyPic9ySeED8\">https:\/\/maps.app.goo.gl\/KCJdXSyPic9ySeED8<\/a><\/p>\n<\/div><\/div><\/div><\/div><div class=\"wpb_column vc_column_container\"><div class=\"vc_column-inner\"><div class=\"w-separator size_small\"><\/div><h3 class=\"w-text us_custom_be6b162e has_text_color\"><span class=\"w-text-h\"><span class=\"w-text-value\">Comment y arriver:<\/span><\/span><\/h3><div class=\"w-separator size_small\"><\/div><div class=\"w-btn-wrapper align_none\"><a class=\"w-btn us-btn-style_3\" target=\"_blank\" href=\"\/wp-content\/uploads\/2026\/06\/nola-iritsi-fr-1.pdf\"><span class=\"w-btn-label\">COMMENT SE RENDRE \u00c0 BILBAO, IRUN ET HENDAYE<\/span><\/a><\/div><div class=\"w-separator size_custom\" style=\"height:1rem\"><\/div><div class=\"w-btn-wrapper align_none\"><a class=\"w-btn us-btn-style_3\" target=\"_blank\" href=\"\/wp-content\/uploads\/2026\/06\/garraio-publikoa-fr.pdf\"><span class=\"w-btn-label\">Transports publics (se d\u00e9placer \u00e0 Bilbao, Irun et Hendaye)<\/span><\/a><\/div><\/div><\/div><\/div><div class=\"w-separator size_small\"><\/div><\/div><\/div><\/div><\/div><\/section><section class=\"l-section wpb_row us_custom_3d2a9b29 height_small width_custom\" style=\"--site-content-width:930px;\"><div class=\"l-section-h i-cf\"><div class=\"g-cols vc_row via_grid cols_1 laptops-cols_inherit tablets-cols_inherit mobiles-cols_1 valign_top type_default stacking_default\"><div class=\"wpb_column vc_column_container\"><div class=\"vc_column-inner\"><div class=\"w-separator size_small\"><\/div><\/div><\/div><\/div><\/div><\/section><section class=\"l-section wpb_row us_custom_0e6be46c height_large\"><div class=\"l-section-h i-cf\"><div class=\"g-cols vc_row via_grid cols_2 laptops-cols_inherit tablets-cols_inherit mobiles-cols_1 valign_bottom type_default stacking_default\"><div class=\"wpb_column vc_column_container\"><div class=\"vc_column-inner\"><h3 class=\"w-text us_custom_df5f4c97 has_text_color\"><span class=\"w-text-h\"><span class=\"w-text-value\">Nous avons constitu\u00e9 le Comit\u00e9 Consultatif International pour aider \u00e0 l&rsquo;organisation du Congr\u00e8s. Voici les membres qui composent le comit\u00e9 :<\/span><\/span><\/h3><div class=\"wpb_text_column us_custom_df5f4c97 has_text_color\"><div class=\"wpb_wrapper\"><ul>\n<li><span>\u00a0<\/span><strong>Albert Badosa Rold\u00f3s<\/strong>, catalan, Grup de Ling\u00fcistes per la Diversitat (GLiDi-UB)<\/li>\n<li><strong>Alexandra Philbin<\/strong>, irlandaise, Endangered Languages Project<\/li>\n<li><strong>Aliana Parker<\/strong>, First Peoples&rsquo; Cultural Council<\/li>\n<li><strong>Amanda Holmes<\/strong>, communaut\u00e9 linguistique Mohawk, Endangered Languages Project<\/li>\n<li><strong>Anna Belew<\/strong>, Endangered Languages Project<\/li>\n<li><strong>Danika Vickers<\/strong>, communaut\u00e9 linguistique Hai\u0301\u026bzaqv\u1e37a, Endangered Languages Project<\/li>\n<li><strong>Elvis Bolivar T\u00faquerres Ichau<\/strong>, Kichwa Karankia de l&rsquo;\u00c9quateur, Organisation Asociaci\u00f3n Kichwakamak Sisariy<\/li>\n<li><strong>Ernst Djeride Jean-Baptiste<\/strong>, cr\u00e9ole ha\u00eftien, initiative MIT-Ha\u00efti<\/li>\n<li><strong>Igor Xoy\u00f3n D\u00edaz<\/strong>, Kaqchikel, Red de Escuelas Kaqchikeles : Ruk&rsquo;u&rsquo;x Qatinam\u00eft<\/li>\n<li><strong>Ihitz Iriart Casenave<\/strong>, basque, chanteur, danseur et acteur culturel<\/li>\n<li><strong>I\u00f1aki Sagardoy Leuza<\/strong>, basque, Universit\u00e9 publique de Navarre<\/li>\n<\/ul>\n<\/div><\/div><\/div><\/div><div class=\"wpb_column vc_column_container\"><div class=\"vc_column-inner\"><div class=\"w-separator size_huge\"><\/div><div class=\"wpb_text_column us_custom_df5f4c97 has_text_color\"><div class=\"wpb_wrapper\"><ul>\n<li><strong>Kekoa Harman,<\/strong>\u00a0langue hawa\u00efenne, University of Hawai\u02bbi at Hilo<\/li>\n<li><strong>Mirjam Vellinga<\/strong>, Frysk, organisation Af\u00fbk<\/li>\n<li><strong>Monica Pere\u00f1a Perez<\/strong>, catalane, Associaci\u00f3 Linguapax Internacional<\/li>\n<li><strong>Mustapha El Adak<\/strong>, communaut\u00e9 amazighe, chercheur universitaire\/Universit\u00e9 d&rsquo;Oujda<\/li>\n<li><strong>Paula Kasares Corrales<\/strong>, basque, sociolinguiste<\/li>\n<li><strong>Pius Akumbu<\/strong>, communaut\u00e9 linguistique Babanki, Endangered Languages Project \/ CNRS-LLACAN<\/li>\n<li><strong>Rahera Cowie<\/strong>, maorie des tribus Ng\u0101i Tahu, Ng\u0101puhi et Ng\u0101ti Kahu, Universit\u00e9 de Canterbury<\/li>\n<li><strong>Miriam Viviana Gonz\u00e1lez Garz\u00f3n<\/strong>, collaboratrice du peuple Nasa, Plan de Vida Proyecto Nasa et Garabide<\/li>\n<li>\u00a0<strong>Yasnaya Elena Aguilar<\/strong>, mixe, Colectivo Mixe<\/li>\n<li>\u00a0<strong>Yazmin Novelo<\/strong>, maya yucat\u00e8que, Endangered Languages Project \/ U p\u00e9ekbal waye\u2019<\/li>\n<li><strong>Yulha Lhawa<\/strong>, communaut\u00e9 linguistique Khroskyabs, Endangered Languages Project<\/li>\n<\/ul>\n<\/div><\/div><\/div><\/div><\/div><\/div><\/section><section class=\"l-section wpb_row height_auto width_full\"><div class=\"l-section-h i-cf\"><div class=\"g-cols vc_row via_grid cols_1 laptops-cols_inherit tablets-cols_inherit mobiles-cols_1 valign_top type_default stacking_default\"><div class=\"wpb_column vc_column_container\"><div class=\"vc_column-inner\"><section class=\"l-section wpb_row us_custom_dd1ffa3f height_medium\"><div class=\"l-section-h i-cf\"><div class=\"g-cols vc_row via_grid cols_1 laptops-cols_inherit tablets-cols_inherit mobiles-cols_1 valign_top type_default stacking_default\"><div class=\"wpb_column vc_column_container\"><div class=\"vc_column-inner\"><div class=\"w-vwrapper us_custom_5839c549 banner-harpidetu align_center valign_middle has-link\" style=\"--vwrapper-gap:2.1rem\"><h2 class=\"w-itext type_fadeIn align_center\" onclick='return {&quot;duration&quot;:250,&quot;delay&quot;:3000,&quot;disablePartAnimation&quot;:false,&quot;html_nbsp_char&quot;:false}'><span class=\"w-itext-part changesat_0 changesat_1 dynamic\" onclick='return [&quot;S&#039;abonner et recevoir les derni\\u00e8res nouvelles&quot;,&quot;Directement \\u00e0 votre email !&quot;]'><span>S&#039;abonner et recevoir les derni&egrave;res nouvelles<\/span><\/span><\/h2><div class=\"w-btn-wrapper align_none\"><a class=\"w-btn us-btn-style_1 icon_atright\" href=\"#\"><span class=\"w-btn-label\">Subscribe<\/span><i class=\"fas fa-arrow-right\"><\/i><\/a><\/div><a href=\"https:\/\/bihar.eus\/fr\/sabonner-a-la-newsletter\/\" class=\"w-vwrapper-link smooth-scroll\" aria-label=\"Lien\"><\/a><\/div><\/div><\/div><\/div><\/div><\/section>\n<\/div><\/div><\/div><\/div><\/section>\n","protected":false},"excerpt":{"rendered":"","protected":false},"author":1,"featured_media":0,"parent":0,"menu_order":0,"comment_status":"closed","ping_status":"closed","template":"","meta":{"_acf_changed":false,"footnotes":""},"class_list":["post-669","page","type-page","status-publish","hentry"],"acf":[],"_links":{"self":[{"href":"https:\/\/bihar.eus\/fr\/wp-json\/wp\/v2\/pages\/669","targetHints":{"allow":["GET"]}}],"collection":[{"href":"https:\/\/bihar.eus\/fr\/wp-json\/wp\/v2\/pages"}],"about":[{"href":"https:\/\/bihar.eus\/fr\/wp-json\/wp\/v2\/types\/page"}],"author":[{"embeddable":true,"href":"https:\/\/bihar.eus\/fr\/wp-json\/wp\/v2\/users\/1"}],"replies":[{"embeddable":true,"href":"https:\/\/bihar.eus\/fr\/wp-json\/wp\/v2\/comments?post=669"}],"version-history":[{"count":37,"href":"https:\/\/bihar.eus\/fr\/wp-json\/wp\/v2\/pages\/669\/revisions"}],"predecessor-version":[{"id":3162,"href":"https:\/\/bihar.eus\/fr\/wp-json\/wp\/v2\/pages\/669\/revisions\/3162"}],"wp:attachment":[{"href":"https:\/\/bihar.eus\/fr\/wp-json\/wp\/v2\/media?parent=669"}],"curies":[{"name":"wp","href":"https:\/\/api.w.org\/{rel}","templated":true}]}}