{"id":771,"date":"2026-03-23T12:26:26","date_gmt":"2026-03-23T11:26:26","guid":{"rendered":"https:\/\/bihar.eus\/?page_id=771"},"modified":"2026-09-02T15:05:28","modified_gmt":"2026-09-02T14:05:28","slug":"kongresua","status":"publish","type":"page","link":"https:\/\/bihar.eus\/es\/kongresua\/","title":{"rendered":"CONGRESO"},"content":{"rendered":"<section class=\"l-section wpb_row height_small\"><div class=\"l-section-h i-cf\"><div class=\"g-cols vc_row via_grid cols_1 laptops-cols_inherit tablets-cols_inherit mobiles-cols_1 valign_top type_default stacking_default\"><div class=\"wpb_column vc_column_container\"><div class=\"vc_column-inner\"><h1 class=\"w-post-elm post_title us_custom_2774bef1 entry-title color_link_inherit\">CONGRESO<\/h1><div class=\"wpb_text_column us_custom_9eee4631\"><div class=\"wpb_wrapper\"><h5>Lenguas que hacen emerger el futuro<\/h5>\n<\/div><\/div><div class=\"w-separator size_small\"><\/div><div class=\"wpb_text_column us_custom_9eee4631\"><div class=\"wpb_wrapper\"><p>Del 23 al 26 de septiembre de 2026, el Pa\u00eds Vasco acoger\u00e1 el Congreso Internacional de Comunidades Ling\u00fc\u00edsticas Minorizadas en Proceso de Revitalizaci\u00f3n. Bajo el lema <em>Lenguas que hacen emerger el futuro<\/em>, el congreso tiene como objetivo reunir a diversas comunidades ling\u00fc\u00edsticas del mundo para reflexionar en torno a los discursos de revitalizaci\u00f3n y situarlos a nivel global desde una perspectiva transformadora.<\/p>\n<p>Durante cuatro d\u00edas, expertas y expertos, activistas y artistas de todo el mundo se dar\u00e1n cita entre Bilbao, Irun y Hendaya. Asimismo, se pondr\u00e1n en el centro los aprendizajes, discursos y experiencias recogidas en las dos fases previas (diagn\u00f3stico y socializaci\u00f3n), a trav\u00e9s de un programa amplio que combinar\u00e1 conferencias, mesas redondas, talleres y propuestas art\u00edstico-culturales.<\/p>\n<p>Entre otros, en el Congreso se abordar\u00e1n los siguientes temas:<\/p>\n<\/div><\/div><div class=\"w-separator size_large\"><\/div><\/div><\/div><\/div><\/div><\/section><section class=\"l-section wpb_row height_small\"><div class=\"l-section-h i-cf\"><div class=\"g-cols vc_row via_grid cols_1 laptops-cols_inherit tablets-cols_inherit mobiles-cols_1 valign_top type_default stacking_default\"><div class=\"wpb_column vc_column_container\"><div class=\"vc_column-inner\"><div class=\"w-tabs layout_hor style_default switch_click has_scrolling\" style=\"--sections-title-size:1em\"><div class=\"w-tabs-list items_4 align_none\"><div class=\"w-tabs-list-h\"><button class=\"w-tabs-item active\" aria-controls=\"content-a536\" aria-expanded=\"false\"><span class=\"w-tabs-item-title\">23 de septiembre &#8211; Bilbao<\/span><\/button><button class=\"w-tabs-item\" aria-controls=\"content-z5ca\" aria-expanded=\"false\"><span class=\"w-tabs-item-title\">24 y 25 de septiembre &#8211; Irun<\/span><\/button><button class=\"w-tabs-item\" aria-controls=\"content-oef7\" aria-expanded=\"false\"><span class=\"w-tabs-item-title\">26 de septiembre Hendaia<\/span><\/button><button class=\"w-tabs-item\" aria-controls=\"content-u698\" aria-expanded=\"false\"><span class=\"w-tabs-item-title\">Programa art\u00edstico-cultural<\/span><\/button><\/div><\/div><div class=\"w-tabs-sections titles-align_none icon_chevron cpos_right\"><div class=\"w-tabs-section active\" id=\"a536\"><button class=\"w-tabs-section-header active\" aria-controls=\"content-a536\" aria-expanded=\"true\"><div class=\"w-tabs-section-title\">23 de septiembre &#8211; Bilbao<\/div><div class=\"w-tabs-section-control\"><\/div><\/button><div  class=\"w-tabs-section-content\" id=\"content-a536\"><div class=\"w-tabs-section-content-h i-cf\"><div class=\"g-cols wpb_row via_grid cols_4-1 laptops-cols_inherit tablets-cols_inherit mobiles-cols_1 valign_top type_default stacking_default\" style=\"--columns-gap:3rem;\"><div class=\"wpb_column vc_column_container\"><div class=\"vc_column-inner\"><h2 class=\"w-text\"><span class=\"w-text-h\"><span class=\"w-text-value\">23 sept. &#8211; Palacio euskalduna, Bilbao<\/span><\/span><\/h2><div class=\"w-grid us_post_list type_grid layout_1636 cols_1 preload_style_spinner\" id=\"us_post_list_o4ce\" style=\"--columns:1;--gap:0.3rem;\"><style>.layout_1636 .w-grid-item-h{background:var(--color-header-middle-bg)}.layout_1636 .usg_hwrapper_1{border-bottom-width:2px!important;border-color:var(--color-header-middle-text)!important;border-bottom-style:solid!important}.layout_1636 .usg_post_title_1{font-size:22px!important;line-height:26px!important;font-weight:800!important}.layout_1636 .usg_vwrapper_2{width:48%!important}.layout_1636 .usg_post_content_1{font-size:22px!important;line-height:26px!important;padding-top:0.5rem!important;padding-bottom:0.5rem!important;border-top-width:2px!important;border-color:var(--color-content-bg-alt)!important;border-top-style:solid!important}.layout_1636 .usg_vwrapper_3{width:10%!important;padding:0.3rem!important}.layout_1636 .usg_post_custom_field_2{text-align:left!important;font-size:28px!important;line-height:32px!important;font-weight:800!important}.layout_1636 .usg_vwrapper_4{width:36%!important}.layout_1636 .usg_post_custom_field_3{font-weight:800!important}.layout_1636 .usg_post_custom_field_1{font-weight:800!important}@media (min-width:1025px) and (max-width:1500px){.layout_1636 .usg_post_custom_field_2{text-align:inherit!important;font-weight:800!important}}@media (min-width:801px) and (max-width:1024px){.layout_1636 .usg_post_custom_field_2{text-align:inherit!important;font-weight:800!important}}@media (max-width:800px){.layout_1636 .usg_post_custom_field_2{text-align:inherit!important;font-weight:800!important}}<\/style><div class=\"w-grid-list\">\t<article class=\"w-grid-item size_1x1 post-1702 hitzaldiak type-hitzaldiak status-publish hentry\" data-id=\"1702\">\r\n\t\t<div class=\"w-grid-item-h\">\r\n\t\t\t\t\t\t<div class=\"w-hwrapper usg_hwrapper_1 egitaraua-kaja align_left valign_middle\" style=\"--hwrapper-gap:1rem\"><div class=\"w-vwrapper usg_vwrapper_3 w10 align_none valign_top\" style=\"--vwrapper-gap:0.2rem\"><div class=\"w-post-elm post_custom_field usg_post_custom_field_2 ordua type_text color_link_inherit\"><span class=\"w-post-elm-value\">15:30 -16:00<\/span><\/div><\/div><div class=\"w-vwrapper usg_vwrapper_2 w57 align_none valign_justify\" style=\"--vwrapper-gap:0.5rem\"><p class=\"w-post-elm post_title usg_post_title_1 titulua entry-title color_link_inherit\"><a href=\"https:\/\/bihar.eus\/es\/hitzaldiak\/apertura-de-puertas-2\/\">Apertura de puertas<\/a><\/p><\/div><div class=\"w-vwrapper usg_vwrapper_4 w57 align_none valign_top\"><\/div><\/div>\t\t<\/div>\r\n\t\t\t<\/article>\r\n\t<article class=\"w-grid-item size_1x1 post-2634 hitzaldiak type-hitzaldiak status-publish hentry\" data-id=\"2634\">\r\n\t\t<div class=\"w-grid-item-h\">\r\n\t\t\t\t\t\t<div class=\"w-hwrapper usg_hwrapper_1 egitaraua-kaja align_left valign_middle\" style=\"--hwrapper-gap:1rem\"><div class=\"w-vwrapper usg_vwrapper_3 w10 align_none valign_top\" style=\"--vwrapper-gap:0.2rem\"><div class=\"w-post-elm post_custom_field usg_post_custom_field_2 ordua type_text color_link_inherit\"><span class=\"w-post-elm-value\">16:00-16:40<\/span><\/div><\/div><div class=\"w-vwrapper usg_vwrapper_2 w57 align_none valign_justify\" style=\"--vwrapper-gap:0.5rem\"><p class=\"w-post-elm post_title usg_post_title_1 titulua entry-title color_link_inherit\"><a href=\"https:\/\/bihar.eus\/es\/hitzaldiak\/inauguracion-oficial\/\">Inauguraci\u00f3n oficial<\/a><\/p><\/div><div class=\"w-vwrapper usg_vwrapper_4 w57 align_none valign_top\"><\/div><\/div>\t\t<\/div>\r\n\t\t\t<\/article>\r\n\t<article class=\"w-grid-item size_1x1 post-1718 hitzaldiak type-hitzaldiak status-publish hentry\" data-id=\"1718\">\r\n\t\t<div class=\"w-grid-item-h\">\r\n\t\t\t\t\t\t<div class=\"w-hwrapper usg_hwrapper_1 egitaraua-kaja align_left valign_middle\" style=\"--hwrapper-gap:1rem\"><div class=\"w-vwrapper usg_vwrapper_3 w10 align_none valign_top\" style=\"--vwrapper-gap:0.2rem\"><div class=\"w-post-elm post_custom_field usg_post_custom_field_2 ordua type_text color_link_inherit\"><span class=\"w-post-elm-value\">16:40-17:10<\/span><\/div><\/div><div class=\"w-vwrapper usg_vwrapper_2 w57 align_none valign_justify\" style=\"--vwrapper-gap:0.5rem\"><p class=\"w-post-elm post_title usg_post_title_1 titulua entry-title color_link_inherit\"><a href=\"https:\/\/bihar.eus\/es\/hitzaldiak\/conferencia\/\">Conferencia: <br\/><\/a><\/p><div class=\"w-post-elm post_content usg_post_content_1 edukia\"><p>El proyecto BIHAR y la reflexi\u00f3n sobre los relatos para la revitalizaci\u00f3n de las lenguas<\/p>\n<\/div><\/div><div class=\"w-vwrapper usg_vwrapper_4 w57 align_none valign_top\"><div class=\"w-post-elm post_custom_field usg_post_custom_field_3 type_text hizlaria color_link_inherit\"><span class=\"w-post-elm-value\">Xan Aire Hasket<\/span><\/div><div class=\"w-post-elm post_custom_field usg_post_custom_field_1 type_text lanpostua color_link_inherit\"><span class=\"w-post-elm-value\">(comunidad ling\u00fc\u00edstica vasca \/ Plazara)<\/span><\/div><\/div><\/div>\t\t<\/div>\r\n\t\t\t<\/article>\r\n\t<article class=\"w-grid-item size_1x1 post-1736 hitzaldiak type-hitzaldiak status-publish hentry\" data-id=\"1736\">\r\n\t\t<div class=\"w-grid-item-h\">\r\n\t\t\t\t\t\t<div class=\"w-hwrapper usg_hwrapper_1 egitaraua-kaja align_left valign_middle\" style=\"--hwrapper-gap:1rem\"><div class=\"w-vwrapper usg_vwrapper_3 w10 align_none valign_top\" style=\"--vwrapper-gap:0.2rem\"><div class=\"w-post-elm post_custom_field usg_post_custom_field_2 ordua type_text color_link_inherit\"><span class=\"w-post-elm-value\">17:10-18:40<\/span><\/div><\/div><div class=\"w-vwrapper usg_vwrapper_2 w57 align_none valign_justify\" style=\"--vwrapper-gap:0.5rem\"><p class=\"w-post-elm post_title usg_post_title_1 titulua entry-title color_link_inherit\"><a href=\"https:\/\/bihar.eus\/es\/hitzaldiak\/mesa-redonda\/\">Mesa redonda<\/a><\/p><div class=\"w-post-elm post_content usg_post_content_1 edukia\"><p>\u00bfPor qu\u00e9 es urgente buscar, activar y difundir nuevos o renovados relatos?<\/p>\n<\/div><\/div><div class=\"w-vwrapper usg_vwrapper_4 w57 align_none valign_top\"><div class=\"w-post-elm post_custom_field usg_post_custom_field_3 type_text hizlaria color_link_inherit\"><span class=\"w-post-elm-value\">Moderador: Irati Amondarain Labayen (Garabide Elkartea) \/ Miriam Viviana Gonzalez Garz\u00f3n (Plan de Vida Proyecto Nasa, Garabide) \/ Albert Badosa Rold\u00f3s (katalana \/ HIGA- GLiDi), \/ Andichi Chahid (Tarifit,Tamazight \/ Adlis Amazi\u0263)<\/span><\/div><\/div><\/div>\t\t<\/div>\r\n\t\t\t<\/article>\r\n\t<article class=\"w-grid-item size_1x1 post-1739 hitzaldiak type-hitzaldiak status-publish hentry\" data-id=\"1739\">\r\n\t\t<div class=\"w-grid-item-h\">\r\n\t\t\t\t\t\t<div class=\"w-hwrapper usg_hwrapper_1 egitaraua-kaja align_left valign_middle\" style=\"--hwrapper-gap:1rem\"><div class=\"w-vwrapper usg_vwrapper_3 w10 align_none valign_top\" style=\"--vwrapper-gap:0.2rem\"><div class=\"w-post-elm post_custom_field usg_post_custom_field_2 ordua type_text color_link_inherit\"><span class=\"w-post-elm-value\">18:40-19:00<\/span><\/div><\/div><div class=\"w-vwrapper usg_vwrapper_2 w57 align_none valign_justify\" style=\"--vwrapper-gap:0.5rem\"><p class=\"w-post-elm post_title usg_post_title_1 titulua entry-title color_link_inherit\"><a href=\"https:\/\/bihar.eus\/es\/hitzaldiak\/aperitivo-de-bienvenidaharrera-mokadutxoa\/\">Acto de clausura<\/a><\/p><\/div><div class=\"w-vwrapper usg_vwrapper_4 w57 align_none valign_top\"><\/div><\/div>\t\t<\/div>\r\n\t\t\t<\/article>\r\n<\/div><div class=\"g-loadmore hidden\"><div class=\"g-preloader type_1\"><div><\/div><\/div><\/div><div class=\"w-grid-list-json hidden\" onclick='return {&quot;max_num_pages&quot;:0,&quot;paginationBase&quot;:&quot;page&quot;,&quot;pagination&quot;:&quot;none&quot;,&quot;paged&quot;:1,&quot;ajaxData&quot;:{&quot;action&quot;:&quot;us_ajax_post_list&quot;,&quot;meta_type&quot;:&quot;post&quot;,&quot;object_id&quot;:0,&quot;template_vars&quot;:{&quot;shortcode_base&quot;:&quot;us_post_list&quot;,&quot;paged&quot;:1,&quot;max_num_pages&quot;:0,&quot;no_results&quot;:false,&quot;us_post_content_design_css&quot;:[],&quot;found_posts&quot;:0,&quot;per_page&quot;:12,&quot;items_count&quot;:5,&quot;orderby_random_seed&quot;:null,&quot;source&quot;:&quot;all&quot;,&quot;custom_field_name&quot;:&quot;&quot;,&quot;ids&quot;:&quot;&quot;,&quot;post_type&quot;:&quot;hitzaldiak&quot;,&quot;attachment_ids&quot;:null,&quot;include_post_thumbnail&quot;:0,&quot;post_author&quot;:&quot;any&quot;,&quot;post_author_ids&quot;:&quot;&quot;,&quot;apply_url_params&quot;:0,&quot;ignore_sticky_posts&quot;:1,&quot;exclude_children&quot;:0,&quot;exclude_current_post&quot;:&quot;0&quot;,&quot;exclude_prev_posts&quot;:0,&quot;exclude_past_events&quot;:0,&quot;enable_items_offset&quot;:0,&quot;items_offset&quot;:&quot;1&quot;,&quot;tax_query_relation&quot;:&quot;none&quot;,&quot;tax_query&quot;:[{&quot;operator&quot;:&quot;IN&quot;,&quot;taxonomy&quot;:&quot;category&quot;,&quot;terms&quot;:&quot;&quot;,&quot;include_children&quot;:0}],&quot;meta_query_relation&quot;:&quot;AND&quot;,&quot;meta_query&quot;:&quot;%5B%7B%22key%22%3A%22tokia%22%2C%22compare%22%3A%22%3D%22%2C%22value%22%3A%22bilbao%22%7D%5D&quot;,&quot;orderby&quot;:&quot;custom&quot;,&quot;orderby_custom_field&quot;:&quot;menu_order&quot;,&quot;orderby_custom_type&quot;:&quot;1&quot;,&quot;order_invert&quot;:0,&quot;show_all&quot;:0,&quot;quantity&quot;:&quot;12&quot;,&quot;posts_per_archive_page&quot;:0,&quot;no_items_action&quot;:&quot;message&quot;,&quot;no_items_message&quot;:&quot;No se han encontrado resultados.&quot;,&quot;no_items_page_block&quot;:&quot;&quot;,&quot;pagination&quot;:&quot;none&quot;,&quot;pagination_style&quot;:&quot;&quot;,&quot;pagination_btn_text&quot;:&quot;Cargar m\\u00e1s&quot;,&quot;pagination_btn_size&quot;:&quot;&quot;,&quot;pagination_btn_style&quot;:&quot;1&quot;,&quot;pagination_btn_fullwidth&quot;:0,&quot;items_layout&quot;:&quot;1636&quot;,&quot;type&quot;:&quot;grid&quot;,&quot;items_valign&quot;:0,&quot;ignore_items_size&quot;:0,&quot;columns&quot;:&quot;1&quot;,&quot;items_gap&quot;:&quot;0.3rem&quot;,&quot;load_animation&quot;:&quot;none&quot;,&quot;items_preload_style&quot;:&quot;spinner&quot;,&quot;img_size&quot;:&quot;default&quot;,&quot;title_size&quot;:&quot;&quot;,&quot;items_ratio&quot;:&quot;default&quot;,&quot;items_ratio_width&quot;:&quot;21&quot;,&quot;items_ratio_height&quot;:&quot;9&quot;,&quot;overriding_link&quot;:&quot;%7B%22url%22%3A%22%22%7D&quot;,&quot;popup_page_template&quot;:&quot;0&quot;,&quot;popup_width&quot;:&quot;&quot;,&quot;popup_arrows&quot;:1,&quot;breakpoint_1_width&quot;:&quot;1501px&quot;,&quot;breakpoint_1_cols&quot;:&quot;default&quot;,&quot;breakpoint_1_quantity&quot;:&quot;&quot;,&quot;breakpoint_1_gap&quot;:&quot;&quot;,&quot;breakpoint_2_width&quot;:&quot;1025px&quot;,&quot;breakpoint_2_cols&quot;:&quot;2&quot;,&quot;breakpoint_2_quantity&quot;:&quot;&quot;,&quot;breakpoint_2_gap&quot;:&quot;&quot;,&quot;breakpoint_3_width&quot;:&quot;801px&quot;,&quot;breakpoint_3_cols&quot;:&quot;1&quot;,&quot;breakpoint_3_quantity&quot;:&quot;&quot;,&quot;breakpoint_3_gap&quot;:&quot;&quot;,&quot;conditions_operator&quot;:&quot;always&quot;,&quot;conditions&quot;:[],&quot;css&quot;:null,&quot;el_class&quot;:&quot;&quot;,&quot;el_id&quot;:&quot;&quot;,&quot;enable_custom_html_atts&quot;:0,&quot;custom_html_atts&quot;:null,&quot;hide_on_states&quot;:&quot;&quot;,&quot;hide_for_sticky&quot;:0,&quot;hide_for_not_sticky&quot;:0,&quot;hide_below&quot;:&quot;0px&quot;,&quot;hide_above&quot;:&quot;0px&quot;,&quot;classes&quot;:&quot;&quot;},&quot;found_posts&quot;:0,&quot;per_page&quot;:12},&quot;facetedFilter&quot;:[]}'><\/div><\/div><\/div><\/div><div class=\"wpb_column vc_column_container us_custom_4d5921b1 has_bg_color type_sticky\"><div class=\"vc_column-inner\"><div class=\"w-separator size_small\"><\/div><div class=\"w-image align_center\"><div class=\"w-image-h\"><img decoding=\"async\" width=\"55\" height=\"74\" src=\"https:\/\/bihar.eus\/wp-content\/uploads\/2026\/03\/geo-alt-2.png\" class=\"attachment-large size-large\" alt=\"\" loading=\"lazy\" \/><\/div><\/div><div class=\"w-separator size_small\"><\/div><h3 class=\"w-text us_custom_eb849559\"><span class=\"w-text-h\"><span class=\"w-text-value\">Palacio Euskalduna \u00b7 Bilbao<\/span><\/span><\/h3><div class=\"w-separator size_medium\"><\/div><div class=\"w-image align_center\"><div class=\"w-image-h\"><img decoding=\"async\" width=\"48\" height=\"48\" src=\"https:\/\/bihar.eus\/wp-content\/uploads\/2026\/03\/calendar-check.png\" class=\"attachment-large size-large\" alt=\"\" loading=\"lazy\" \/><\/div><\/div><div class=\"w-separator size_small\"><\/div><h3 class=\"w-text us_custom_eb849559\"><span class=\"w-text-h\"><span class=\"w-text-value\">23 de septiembre<\/span><\/span><\/h3><div class=\"w-separator size_small\"><\/div><\/div><\/div><\/div><\/div><\/div><\/div><div class=\"w-tabs-section\" id=\"z5ca\"><button class=\"w-tabs-section-header\" aria-controls=\"content-z5ca\" aria-expanded=\"false\"><div class=\"w-tabs-section-title\">24 y 25 de septiembre &#8211; Irun<\/div><div class=\"w-tabs-section-control\"><\/div><\/button><div  class=\"w-tabs-section-content\" id=\"content-z5ca\"><div class=\"w-tabs-section-content-h i-cf\"><div class=\"g-cols wpb_row via_grid cols_4-1 laptops-cols_inherit tablets-cols_inherit mobiles-cols_1 valign_top type_default stacking_default\" style=\"--columns-gap:3rem;\"><div class=\"wpb_column vc_column_container\"><div class=\"vc_column-inner\"><h2 class=\"w-text\"><span class=\"w-text-h\"><span class=\"w-text-value\">24 sept.<\/span><\/span><\/h2><div class=\"w-grid us_post_list type_grid layout_3153 cols_1 preload_style_spinner\" id=\"us_post_list_w675\" style=\"--columns:1;--gap:0.3rem;\"><style>.layout_3153 .w-grid-item-h{background:var(--color-header-middle-bg)}.layout_3153 .usg_hwrapper_1{border-bottom-width:2px!important;border-color:var(--color-header-middle-text)!important;border-bottom-style:solid!important}.layout_3153 .usg_post_title_1{font-size:22px!important;line-height:26px!important;font-weight:800!important}.layout_3153 .usg_vwrapper_2{width:48%!important}.layout_3153 .usg_post_content_1{font-size:22px!important;line-height:26px!important;padding-top:0.5rem!important;padding-bottom:0.5rem!important;border-top-width:2px!important;border-color:var(--color-content-bg-alt)!important;border-top-style:solid!important}.layout_3153 .usg_vwrapper_3{width:10%!important;padding:0.3rem!important}.layout_3153 .usg_post_custom_field_2{text-align:left!important;font-size:28px!important;line-height:32px!important;font-weight:800!important}.layout_3153 .usg_vwrapper_4{width:36%!important}.layout_3153 .usg_post_custom_field_3{font-weight:800!important}.layout_3153 .usg_post_custom_field_1{font-weight:800!important}.layout_3153 .usg_text_1{font-size:16px!important;line-height:20px!important;font-weight:400!important;text-transform:uppercase!important}@media (min-width:1025px) and (max-width:1500px){.layout_3153 .usg_post_custom_field_2{text-align:inherit!important;font-weight:800!important}}@media (min-width:801px) and (max-width:1024px){.layout_3153 .usg_post_custom_field_2{text-align:inherit!important;font-weight:800!important}}@media (max-width:800px){.layout_3153 .usg_post_custom_field_2{text-align:inherit!important;font-weight:800!important}}<\/style><div class=\"w-grid-list\">\t<article class=\"w-grid-item size_1x1 post-2675 hitzaldiak type-hitzaldiak status-publish hentry\" data-id=\"2675\">\r\n\t\t<div class=\"w-grid-item-h\">\r\n\t\t\t\t\t\t<div class=\"w-hwrapper usg_hwrapper_1 egitaraua-kaja align_left valign_middle\" style=\"--hwrapper-gap:1rem\"><div class=\"w-vwrapper usg_vwrapper_3 w10 align_none valign_top\" style=\"--vwrapper-gap:0.2rem\"><div class=\"w-post-elm post_custom_field usg_post_custom_field_2 ordua type_text color_link_inherit\"><span class=\"w-post-elm-value\">08:30-09:00<\/span><\/div><div class=\"w-text usg_text_1\"><span class=\"w-text-h\"><span class=\"w-text-value\">24 sept.<\/span><\/span><\/div><\/div><div class=\"w-vwrapper usg_vwrapper_2 w57 align_none valign_justify\" style=\"--vwrapper-gap:0.5rem\"><p class=\"w-post-elm post_title usg_post_title_1 titulua entry-title color_link_inherit\"><a href=\"https:\/\/bihar.eus\/es\/hitzaldiak\/entrega-de-documentacion\/\">Entrega de documentaci\u00f3n<\/a><\/p><\/div><div class=\"w-vwrapper usg_vwrapper_4 w57 align_none valign_top\"><\/div><\/div>\t\t<\/div>\r\n\t\t\t<\/article>\r\n\t<article class=\"w-grid-item size_1x1 post-1742 hitzaldiak type-hitzaldiak status-publish hentry\" data-id=\"1742\">\r\n\t\t<div class=\"w-grid-item-h\">\r\n\t\t\t\t\t\t<div class=\"w-hwrapper usg_hwrapper_1 egitaraua-kaja align_left valign_middle\" style=\"--hwrapper-gap:1rem\"><div class=\"w-vwrapper usg_vwrapper_3 w10 align_none valign_top\" style=\"--vwrapper-gap:0.2rem\"><div class=\"w-post-elm post_custom_field usg_post_custom_field_2 ordua type_text color_link_inherit\"><span class=\"w-post-elm-value\">09:00-09:30<\/span><\/div><div class=\"w-text usg_text_1\"><span class=\"w-text-h\"><span class=\"w-text-value\">24 sept.<\/span><\/span><\/div><\/div><div class=\"w-vwrapper usg_vwrapper_2 w57 align_none valign_justify\" style=\"--vwrapper-gap:0.5rem\"><p class=\"w-post-elm post_title usg_post_title_1 titulua entry-title color_link_inherit\"><a href=\"https:\/\/bihar.eus\/es\/hitzaldiak\/acto-de-bienvenida\/\">Acto de bienvenida<\/a><\/p><\/div><div class=\"w-vwrapper usg_vwrapper_4 w57 align_none valign_top\"><\/div><\/div>\t\t<\/div>\r\n\t\t\t<\/article>\r\n\t<article class=\"w-grid-item size_1x1 post-1745 hitzaldiak type-hitzaldiak status-publish hentry\" data-id=\"1745\">\r\n\t\t<div class=\"w-grid-item-h\">\r\n\t\t\t\t\t\t<div class=\"w-hwrapper usg_hwrapper_1 egitaraua-kaja align_left valign_middle\" style=\"--hwrapper-gap:1rem\"><div class=\"w-vwrapper usg_vwrapper_3 w10 align_none valign_top\" style=\"--vwrapper-gap:0.2rem\"><div class=\"w-post-elm post_custom_field usg_post_custom_field_2 ordua type_text color_link_inherit\"><span class=\"w-post-elm-value\">09:30-10:15\t<\/span><\/div><div class=\"w-text usg_text_1\"><span class=\"w-text-h\"><span class=\"w-text-value\">24 sept.<\/span><\/span><\/div><\/div><div class=\"w-vwrapper usg_vwrapper_2 w57 align_none valign_justify\" style=\"--vwrapper-gap:0.5rem\"><p class=\"w-post-elm post_title usg_post_title_1 titulua entry-title color_link_inherit\"><a href=\"https:\/\/bihar.eus\/es\/hitzaldiak\/conferencia-2\/\">Conferencia: <br\/><\/a><\/p><div class=\"w-post-elm post_content usg_post_content_1 edukia\"><p>Discursos internacionales actuales sobre la revitalizaci\u00f3n ling\u00fc\u00edstica (claves del diagn\u00f3stico)<\/p>\n<\/div><\/div><div class=\"w-vwrapper usg_vwrapper_4 w57 align_none valign_top\"><div class=\"w-post-elm post_custom_field usg_post_custom_field_3 type_text hizlaria color_link_inherit\"><span class=\"w-post-elm-value\">1.Belen Uranga (comunidad ling\u00fc\u00edstica vasca \/ Soziolinguistika Klusterra) \/ 2.Paula Laita (comunidad ling\u00fc\u00edstica vasca \/ Soziolinguistika Klusterra)<\/span><\/div><\/div><\/div>\t\t<\/div>\r\n\t\t\t<\/article>\r\n\t<article class=\"w-grid-item size_1x1 post-1748 hitzaldiak type-hitzaldiak status-publish hentry\" data-id=\"1748\">\r\n\t\t<div class=\"w-grid-item-h\">\r\n\t\t\t\t\t\t<div class=\"w-hwrapper usg_hwrapper_1 egitaraua-kaja align_left valign_middle\" style=\"--hwrapper-gap:1rem\"><div class=\"w-vwrapper usg_vwrapper_3 w10 align_none valign_top\" style=\"--vwrapper-gap:0.2rem\"><div class=\"w-post-elm post_custom_field usg_post_custom_field_2 ordua type_text color_link_inherit\"><span class=\"w-post-elm-value\">10:15-10:30<\/span><\/div><div class=\"w-text usg_text_1\"><span class=\"w-text-h\"><span class=\"w-text-value\">24 sept.<\/span><\/span><\/div><\/div><div class=\"w-vwrapper usg_vwrapper_2 w57 align_none valign_justify\" style=\"--vwrapper-gap:0.5rem\"><p class=\"w-post-elm post_title usg_post_title_1 titulua entry-title color_link_inherit\"><a href=\"https:\/\/bihar.eus\/es\/hitzaldiak\/pildora-artistico-cultural\/\">P\u00edldora art\u00edstico-cultural<br\/><\/a><\/p><\/div><div class=\"w-vwrapper usg_vwrapper_4 w57 align_none valign_top\"><\/div><\/div>\t\t<\/div>\r\n\t\t\t<\/article>\r\n\t<article class=\"w-grid-item size_1x1 post-1751 hitzaldiak type-hitzaldiak status-publish hentry\" data-id=\"1751\">\r\n\t\t<div class=\"w-grid-item-h\">\r\n\t\t\t\t\t\t<div class=\"w-hwrapper usg_hwrapper_1 egitaraua-kaja align_left valign_middle\" style=\"--hwrapper-gap:1rem\"><div class=\"w-vwrapper usg_vwrapper_3 w10 align_none valign_top\" style=\"--vwrapper-gap:0.2rem\"><div class=\"w-post-elm post_custom_field usg_post_custom_field_2 ordua type_text color_link_inherit\"><span class=\"w-post-elm-value\">10:30-11:15<\/span><\/div><div class=\"w-text usg_text_1\"><span class=\"w-text-h\"><span class=\"w-text-value\">24 sept.<\/span><\/span><\/div><\/div><div class=\"w-vwrapper usg_vwrapper_2 w57 align_none valign_justify\" style=\"--vwrapper-gap:0.5rem\"><p class=\"w-post-elm post_title usg_post_title_1 titulua entry-title color_link_inherit\"><a href=\"https:\/\/bihar.eus\/es\/hitzaldiak\/conferencia-3\/\">Conferencia: <br><\/a><\/p><div class=\"w-post-elm post_content usg_post_content_1 edukia\"><p>Las lenguas en la construcci\u00f3n de la identidad personal y colectiva: relatos con proyecci\u00f3n de futuro<\/p>\n<\/div><\/div><div class=\"w-vwrapper usg_vwrapper_4 w57 align_none valign_top\"><\/div><\/div>\t\t<\/div>\r\n\t\t\t<\/article>\r\n\t<article class=\"w-grid-item size_1x1 post-1752 hitzaldiak type-hitzaldiak status-publish hentry\" data-id=\"1752\">\r\n\t\t<div class=\"w-grid-item-h\">\r\n\t\t\t\t\t\t<div class=\"w-hwrapper usg_hwrapper_1 egitaraua-kaja align_left valign_middle\" style=\"--hwrapper-gap:1rem\"><div class=\"w-vwrapper usg_vwrapper_3 w10 align_none valign_top\" style=\"--vwrapper-gap:0.2rem\"><div class=\"w-post-elm post_custom_field usg_post_custom_field_2 ordua type_text color_link_inherit\"><span class=\"w-post-elm-value\">11:15-11:45<\/span><\/div><div class=\"w-text usg_text_1\"><span class=\"w-text-h\"><span class=\"w-text-value\">24 sept.<\/span><\/span><\/div><\/div><div class=\"w-vwrapper usg_vwrapper_2 w57 align_none valign_justify\" style=\"--vwrapper-gap:0.5rem\"><p class=\"w-post-elm post_title usg_post_title_1 titulua entry-title color_link_inherit\"><a href=\"https:\/\/bihar.eus\/es\/hitzaldiak\/pausa\/\">Pausa<\/a><\/p><\/div><div class=\"w-vwrapper usg_vwrapper_4 w57 align_none valign_top\"><\/div><\/div>\t\t<\/div>\r\n\t\t\t<\/article>\r\n\t<article class=\"w-grid-item size_1x1 post-2676 hitzaldiak type-hitzaldiak status-publish hentry\" data-id=\"2676\">\r\n\t\t<div class=\"w-grid-item-h\">\r\n\t\t\t\t\t\t<div class=\"w-hwrapper usg_hwrapper_1 egitaraua-kaja align_left valign_middle\" style=\"--hwrapper-gap:1rem\"><div class=\"w-vwrapper usg_vwrapper_3 w10 align_none valign_top\" style=\"--vwrapper-gap:0.2rem\"><div class=\"w-post-elm post_custom_field usg_post_custom_field_2 ordua type_text color_link_inherit\"><span class=\"w-post-elm-value\">11:45-12:30<\/span><\/div><div class=\"w-text usg_text_1\"><span class=\"w-text-h\"><span class=\"w-text-value\">24 sept.<\/span><\/span><\/div><\/div><div class=\"w-vwrapper usg_vwrapper_2 w57 align_none valign_justify\" style=\"--vwrapper-gap:0.5rem\"><p class=\"w-post-elm post_title usg_post_title_1 titulua entry-title color_link_inherit\"><a href=\"https:\/\/bihar.eus\/es\/hitzaldiak\/conferencia-6\/\">Conferencia: <br\/><\/a><\/p><div class=\"w-post-elm post_content usg_post_content_1 edukia\"><p>Lengua, identidad y conocimiento comunitario en los nuevos relatos de revitalizaci\u00f3n ling\u00fc\u00edstica<\/p>\n<\/div><\/div><div class=\"w-vwrapper usg_vwrapper_4 w57 align_none valign_top\"><div class=\"w-post-elm post_custom_field usg_post_custom_field_3 type_text hizlaria color_link_inherit\"><span class=\"w-post-elm-value\">Paolina Vercoutere Quinche (Ecuadorreko Kichwa \/ Warmy Ibambura)<\/span><\/div><\/div><\/div>\t\t<\/div>\r\n\t\t\t<\/article>\r\n\t<article class=\"w-grid-item size_1x1 post-1758 hitzaldiak type-hitzaldiak status-publish hentry\" data-id=\"1758\">\r\n\t\t<div class=\"w-grid-item-h\">\r\n\t\t\t\t\t\t<div class=\"w-hwrapper usg_hwrapper_1 egitaraua-kaja align_left valign_middle\" style=\"--hwrapper-gap:1rem\"><div class=\"w-vwrapper usg_vwrapper_3 w10 align_none valign_top\" style=\"--vwrapper-gap:0.2rem\"><div class=\"w-post-elm post_custom_field usg_post_custom_field_2 ordua type_text color_link_inherit\"><span class=\"w-post-elm-value\">12:30-13:00<\/span><\/div><div class=\"w-text usg_text_1\"><span class=\"w-text-h\"><span class=\"w-text-value\">24 sept.<\/span><\/span><\/div><\/div><div class=\"w-vwrapper usg_vwrapper_2 w57 align_none valign_justify\" style=\"--vwrapper-gap:0.5rem\"><p class=\"w-post-elm post_title usg_post_title_1 titulua entry-title color_link_inherit\"><a href=\"https:\/\/bihar.eus\/es\/hitzaldiak\/breve-ponencia-2\/\">Conferencia: <br\/><\/a><\/p><div class=\"w-post-elm post_content usg_post_content_1 edukia\"><p>Diversidad, sostenibilidad y valores ecol\u00f3gicos en los relatos de revitalizaci\u00f3n ling\u00fc\u00edstica<\/p>\n<\/div><\/div><div class=\"w-vwrapper usg_vwrapper_4 w57 align_none valign_top\"><div class=\"w-post-elm post_custom_field usg_post_custom_field_3 type_text hizlaria color_link_inherit\"><span class=\"w-post-elm-value\">Elias Ca1.Elias Caurey (Boliviako guarania \/ ORE. Organizaci\u00f3n de Apoyo Legal y Social; y, CEP Arakuaiyapo) <\/span><\/div><\/div><\/div>\t\t<\/div>\r\n\t\t\t<\/article>\r\n\t<article class=\"w-grid-item size_1x1 post-2678 hitzaldiak type-hitzaldiak status-publish hentry\" data-id=\"2678\">\r\n\t\t<div class=\"w-grid-item-h\">\r\n\t\t\t\t\t\t<div class=\"w-hwrapper usg_hwrapper_1 egitaraua-kaja align_left valign_middle\" style=\"--hwrapper-gap:1rem\"><div class=\"w-vwrapper usg_vwrapper_3 w10 align_none valign_top\" style=\"--vwrapper-gap:0.2rem\"><div class=\"w-post-elm post_custom_field usg_post_custom_field_2 ordua type_text color_link_inherit\"><span class=\"w-post-elm-value\">13:00-13:30<\/span><\/div><div class=\"w-text usg_text_1\"><span class=\"w-text-h\"><span class=\"w-text-value\">24 sept.<\/span><\/span><\/div><\/div><div class=\"w-vwrapper usg_vwrapper_2 w57 align_none valign_justify\" style=\"--vwrapper-gap:0.5rem\"><p class=\"w-post-elm post_title usg_post_title_1 titulua entry-title color_link_inherit\"><a href=\"https:\/\/bihar.eus\/es\/hitzaldiak\/conferencia-7\/\">Conferencia: <br\/><\/a><\/p><div class=\"w-post-elm post_content usg_post_content_1 edukia\"><p>La perspectiva del Pa\u00eds Vasco ante el diagn\u00f3stico: algunos aportes desde los movimientos sociales<\/p>\n<\/div><\/div><div class=\"w-vwrapper usg_vwrapper_4 w57 align_none valign_top\"><div class=\"w-post-elm post_custom_field usg_post_custom_field_3 type_text hizlaria color_link_inherit\"><span class=\"w-post-elm-value\">1. Onintza Olaizola Aristi (comunidad ling\u00fc\u00edstica vasca \/ Taupa mugimendua) 2.Jasone Mendizabal Altuna (comunidad ling\u00fc\u00edstica vasca \/ Taupa mugimendua)<\/span><\/div><\/div><\/div>\t\t<\/div>\r\n\t\t\t<\/article>\r\n\t<article class=\"w-grid-item size_1x1 post-1765 hitzaldiak type-hitzaldiak status-publish hentry\" data-id=\"1765\">\r\n\t\t<div class=\"w-grid-item-h\">\r\n\t\t\t\t\t\t<div class=\"w-hwrapper usg_hwrapper_1 egitaraua-kaja align_left valign_middle\" style=\"--hwrapper-gap:1rem\"><div class=\"w-vwrapper usg_vwrapper_3 w10 align_none valign_top\" style=\"--vwrapper-gap:0.2rem\"><div class=\"w-post-elm post_custom_field usg_post_custom_field_2 ordua type_text color_link_inherit\"><span class=\"w-post-elm-value\"> 13:30-14:15<\/span><\/div><div class=\"w-text usg_text_1\"><span class=\"w-text-h\"><span class=\"w-text-value\">24 sept.<\/span><\/span><\/div><\/div><div class=\"w-vwrapper usg_vwrapper_2 w57 align_none valign_justify\" style=\"--vwrapper-gap:0.5rem\"><p class=\"w-post-elm post_title usg_post_title_1 titulua entry-title color_link_inherit\"><a href=\"https:\/\/bihar.eus\/es\/hitzaldiak\/almuerzo\/\">Almuerzo<\/a><\/p><\/div><div class=\"w-vwrapper usg_vwrapper_4 w57 align_none valign_top\"><\/div><\/div>\t\t<\/div>\r\n\t\t\t<\/article>\r\n\t<article class=\"w-grid-item size_1x1 post-1770 hitzaldiak type-hitzaldiak status-publish hentry\" data-id=\"1770\">\r\n\t\t<div class=\"w-grid-item-h\">\r\n\t\t\t\t\t\t<div class=\"w-hwrapper usg_hwrapper_1 egitaraua-kaja align_left valign_middle\" style=\"--hwrapper-gap:1rem\"><div class=\"w-vwrapper usg_vwrapper_3 w10 align_none valign_top\" style=\"--vwrapper-gap:0.2rem\"><div class=\"w-post-elm post_custom_field usg_post_custom_field_2 ordua type_text color_link_inherit\"><span class=\"w-post-elm-value\">14:15-14:30<\/span><\/div><div class=\"w-text usg_text_1\"><span class=\"w-text-h\"><span class=\"w-text-value\">24 sept.<\/span><\/span><\/div><\/div><div class=\"w-vwrapper usg_vwrapper_2 w57 align_none valign_justify\" style=\"--vwrapper-gap:0.5rem\"><p class=\"w-post-elm post_title usg_post_title_1 titulua entry-title color_link_inherit\"><a href=\"https:\/\/bihar.eus\/es\/hitzaldiak\/pildora-artistico-cultural-2\/\">P\u00edldora art\u00edstico-cultural<\/a><\/p><\/div><div class=\"w-vwrapper usg_vwrapper_4 w57 align_none valign_top\"><\/div><\/div>\t\t<\/div>\r\n\t\t\t<\/article>\r\n\t<article class=\"w-grid-item size_1x1 post-2679 hitzaldiak type-hitzaldiak status-publish hentry\" data-id=\"2679\">\r\n\t\t<div class=\"w-grid-item-h\">\r\n\t\t\t\t\t\t<div class=\"w-hwrapper usg_hwrapper_1 egitaraua-kaja align_left valign_middle\" style=\"--hwrapper-gap:1rem\"><div class=\"w-vwrapper usg_vwrapper_3 w10 align_none valign_top\" style=\"--vwrapper-gap:0.2rem\"><div class=\"w-post-elm post_custom_field usg_post_custom_field_2 ordua type_text color_link_inherit\"><span class=\"w-post-elm-value\">14:30-15:00<\/span><\/div><div class=\"w-text usg_text_1\"><span class=\"w-text-h\"><span class=\"w-text-value\">24 sept.<\/span><\/span><\/div><\/div><div class=\"w-vwrapper usg_vwrapper_2 w57 align_none valign_justify\" style=\"--vwrapper-gap:0.5rem\"><p class=\"w-post-elm post_title usg_post_title_1 titulua entry-title color_link_inherit\"><a href=\"https:\/\/bihar.eus\/es\/hitzaldiak\/conferencia-8\/\">Conferencia<\/a><\/p><div class=\"w-post-elm post_content usg_post_content_1 edukia\"><p><span>El universo de las relaciones: las lenguas minorizadas e ind\u00edgenas como herramientas para la justicia social y el bienestar<\/span><\/p>\n<\/div><\/div><div class=\"w-vwrapper usg_vwrapper_4 w57 align_none valign_top\"><div class=\"w-post-elm post_custom_field usg_post_custom_field_3 type_text hizlaria color_link_inherit\"><span class=\"w-post-elm-value\">Justyna Olko<\/span><\/div><div class=\"w-post-elm post_custom_field usg_post_custom_field_1 type_text lanpostua color_link_inherit\"><span class=\"w-post-elm-value\">(Universidad de Varsovia)<\/span><\/div><\/div><\/div>\t\t<\/div>\r\n\t\t\t<\/article>\r\n\t<article class=\"w-grid-item size_1x1 post-2699 hitzaldiak type-hitzaldiak status-publish hentry\" data-id=\"2699\">\r\n\t\t<div class=\"w-grid-item-h\">\r\n\t\t\t\t\t\t<div class=\"w-hwrapper usg_hwrapper_1 egitaraua-kaja align_left valign_middle\" style=\"--hwrapper-gap:1rem\"><div class=\"w-vwrapper usg_vwrapper_3 w10 align_none valign_top\" style=\"--vwrapper-gap:0.2rem\"><div class=\"w-post-elm post_custom_field usg_post_custom_field_2 ordua type_text color_link_inherit\"><span class=\"w-post-elm-value\">15:00-15:30<\/span><\/div><div class=\"w-text usg_text_1\"><span class=\"w-text-h\"><span class=\"w-text-value\">24 sept.<\/span><\/span><\/div><\/div><div class=\"w-vwrapper usg_vwrapper_2 w57 align_none valign_justify\" style=\"--vwrapper-gap:0.5rem\"><p class=\"w-post-elm post_title usg_post_title_1 titulua entry-title color_link_inherit\"><a href=\"https:\/\/bihar.eus\/es\/hitzaldiak\/conferencia-14\/\">Conferencia: <br\/><\/a><\/p><div class=\"w-post-elm post_content usg_post_content_1 edukia\"><p>El valor pragm\u00e1tico de la lengua. Los riesgos del discurso pragm\u00e1tico: la recreaci\u00f3n y la folclorizaci\u00f3n. <\/p>\n<\/div><\/div><div class=\"w-vwrapper usg_vwrapper_4 w57 align_none valign_top\"><div class=\"w-post-elm post_custom_field usg_post_custom_field_3 type_text hizlaria color_link_inherit\"><span class=\"w-post-elm-value\">Toroga Breda <\/span><\/div><div class=\"w-post-elm post_custom_field usg_post_custom_field_1 type_text lanpostua color_link_inherit\"><span class=\"w-post-elm-value\">(Comunidad ind\u00edgena Khoikhoi \/ Munanai)<\/span><\/div><\/div><\/div>\t\t<\/div>\r\n\t\t\t<\/article>\r\n\t<article class=\"w-grid-item size_1x1 post-2680 hitzaldiak type-hitzaldiak status-publish hentry\" data-id=\"2680\">\r\n\t\t<div class=\"w-grid-item-h\">\r\n\t\t\t\t\t\t<div class=\"w-hwrapper usg_hwrapper_1 egitaraua-kaja align_left valign_middle\" style=\"--hwrapper-gap:1rem\"><div class=\"w-vwrapper usg_vwrapper_3 w10 align_none valign_top\" style=\"--vwrapper-gap:0.2rem\"><div class=\"w-post-elm post_custom_field usg_post_custom_field_2 ordua type_text color_link_inherit\"><span class=\"w-post-elm-value\">15:30-17:00 <\/span><\/div><div class=\"w-text usg_text_1\"><span class=\"w-text-h\"><span class=\"w-text-value\">24 sept.<\/span><\/span><\/div><\/div><div class=\"w-vwrapper usg_vwrapper_2 w57 align_none valign_justify\" style=\"--vwrapper-gap:0.5rem\"><p class=\"w-post-elm post_title usg_post_title_1 titulua entry-title color_link_inherit\"><a href=\"https:\/\/bihar.eus\/es\/hitzaldiak\/proyeccion-y-coloquio-3\/\">Proyecci\u00f3n y coloquio:<\/a><\/p><div class=\"w-post-elm post_content usg_post_content_1 edukia\"><p><strong>Programaci\u00f3n simult\u00e1nea:<br \/>\n<\/strong>Renovando narrativas para la revitalizaci\u00f3n ling\u00fc\u00edstica en la pen\u00ednsula de Yucat\u00e1n<\/p>\n<\/div><\/div><div class=\"w-vwrapper usg_vwrapper_4 w57 align_none valign_top\"><div class=\"w-post-elm post_custom_field usg_post_custom_field_3 type_text hizlaria color_link_inherit\"><span class=\"w-post-elm-value\">Yazm\u00edn Yadira Novelo Montejo (Yukatango maia \/ U P\u00e9ekbal Waye\u2019)<\/span><\/div><\/div><\/div>\t\t<\/div>\r\n\t\t\t<\/article>\r\n\t<article class=\"w-grid-item size_1x1 post-2681 hitzaldiak type-hitzaldiak status-publish hentry\" data-id=\"2681\">\r\n\t\t<div class=\"w-grid-item-h\">\r\n\t\t\t\t\t\t<div class=\"w-hwrapper usg_hwrapper_1 egitaraua-kaja align_left valign_middle\" style=\"--hwrapper-gap:1rem\"><div class=\"w-vwrapper usg_vwrapper_3 w10 align_none valign_top\" style=\"--vwrapper-gap:0.2rem\"><div class=\"w-post-elm post_custom_field usg_post_custom_field_2 ordua type_text color_link_inherit\"><span class=\"w-post-elm-value\">15:30-17:00<\/span><\/div><div class=\"w-text usg_text_1\"><span class=\"w-text-h\"><span class=\"w-text-value\">24 sept.<\/span><\/span><\/div><\/div><div class=\"w-vwrapper usg_vwrapper_2 w57 align_none valign_justify\" style=\"--vwrapper-gap:0.5rem\"><p class=\"w-post-elm post_title usg_post_title_1 titulua entry-title color_link_inherit\"><a href=\"https:\/\/bihar.eus\/es\/hitzaldiak\/mesa-redonda-5\/\">Mesa redonda<\/a><\/p><div class=\"w-post-elm post_content usg_post_content_1 edukia\"><p><strong>Programaci\u00f3n simult\u00e1nea<\/strong><br \/>\nRelatos sobre identidad, cultura y memoria<\/p>\n<\/div><\/div><div class=\"w-vwrapper usg_vwrapper_4 w57 align_none valign_top\"><div class=\"w-post-elm post_custom_field usg_post_custom_field_3 type_text hizlaria color_link_inherit\"><span class=\"w-post-elm-value\">Moderador: Jasone Mendizabal Altuna (Movimiento Taupa)\/1.Asya Zayzaoui (Comunidad Amazigh del Rif\/Mondragon Unibertsitatea)\/2.Talent Mudenda (Tonga\/Zimbabwe Indigenous Languages Revitalisation Project\/Midlands State University National Language Institute)\/3. Nailejileji Tipap (Maasai, kiswahilia\/Indigenous Women Development Affairs IWDA) <\/span><\/div><\/div><\/div>\t\t<\/div>\r\n\t\t\t<\/article>\r\n\t<article class=\"w-grid-item size_1x1 post-2682 hitzaldiak type-hitzaldiak status-publish hentry\" data-id=\"2682\">\r\n\t\t<div class=\"w-grid-item-h\">\r\n\t\t\t\t\t\t<div class=\"w-hwrapper usg_hwrapper_1 egitaraua-kaja align_left valign_middle\" style=\"--hwrapper-gap:1rem\"><div class=\"w-vwrapper usg_vwrapper_3 w10 align_none valign_top\" style=\"--vwrapper-gap:0.2rem\"><div class=\"w-post-elm post_custom_field usg_post_custom_field_2 ordua type_text color_link_inherit\"><span class=\"w-post-elm-value\">15:30-17:00<\/span><\/div><div class=\"w-text usg_text_1\"><span class=\"w-text-h\"><span class=\"w-text-value\">24 sept.<\/span><\/span><\/div><\/div><div class=\"w-vwrapper usg_vwrapper_2 w57 align_none valign_justify\" style=\"--vwrapper-gap:0.5rem\"><p class=\"w-post-elm post_title usg_post_title_1 titulua entry-title color_link_inherit\"><a href=\"https:\/\/bihar.eus\/es\/hitzaldiak\/mesa-redonda-6\/\">Mesa redonda<\/a><\/p><div class=\"w-post-elm post_content usg_post_content_1 edukia\"><p><strong>Programaci\u00f3n simult\u00e1nea<\/strong><br \/>\nPerspectiva ecol\u00f3gica y ling\u00fc\u00edstica para la sostenibilidad comunitaria<\/p>\n<\/div><\/div><div class=\"w-vwrapper usg_vwrapper_4 w57 align_none valign_top\"><div class=\"w-post-elm post_custom_field usg_post_custom_field_3 type_text hizlaria color_link_inherit\"><span class=\"w-post-elm-value\">Moderadora: Miren Otxotorena Aranguren (Soziolinguistika Klusterra) \/ 1.Kekoa Lloyd Harman (comunidad ling\u00fc\u00edstica de Hawaii \/ University of Hawai\u2019i al Hilo) \/ 2.Kseniia Bolshakova (comunidad Dolgana\/ Indigenous Resilience ONGD)<\/span><\/div><\/div><\/div>\t\t<\/div>\r\n\t\t\t<\/article>\r\n\t<article class=\"w-grid-item size_1x1 post-2683 hitzaldiak type-hitzaldiak status-publish hentry\" data-id=\"2683\">\r\n\t\t<div class=\"w-grid-item-h\">\r\n\t\t\t\t\t\t<div class=\"w-hwrapper usg_hwrapper_1 egitaraua-kaja align_left valign_middle\" style=\"--hwrapper-gap:1rem\"><div class=\"w-vwrapper usg_vwrapper_3 w10 align_none valign_top\" style=\"--vwrapper-gap:0.2rem\"><div class=\"w-post-elm post_custom_field usg_post_custom_field_2 ordua type_text color_link_inherit\"><span class=\"w-post-elm-value\">15:30-17:00 <\/span><\/div><div class=\"w-text usg_text_1\"><span class=\"w-text-h\"><span class=\"w-text-value\">24 sept.<\/span><\/span><\/div><\/div><div class=\"w-vwrapper usg_vwrapper_2 w57 align_none valign_justify\" style=\"--vwrapper-gap:0.5rem\"><p class=\"w-post-elm post_title usg_post_title_1 titulua entry-title color_link_inherit\"><a href=\"https:\/\/bihar.eus\/es\/hitzaldiak\/dialogo-performativo-2\/\">Di\u00e1logo performativo<\/a><\/p><div class=\"w-post-elm post_content usg_post_content_1 edukia\"><p><strong>Programaci\u00f3n simult\u00e1nea<\/strong><br \/>\nLa danza comunitaria como clave para vivir en nuestras lenguas en el siglo XXI La danza comunitaria como clave para vivir en nuestras lenguas en el siglo XXI .mendean gure hizkuntzetan bizitzeko giltza: Iru\u00f1etik Mundura<\/p>\n<\/div><\/div><div class=\"w-vwrapper usg_vwrapper_4 w57 align_none valign_top\"><div class=\"w-post-elm post_custom_field usg_post_custom_field_3 type_text hizlaria color_link_inherit\"><span class=\"w-post-elm-value\">1.Aritz Iba\u00f1ez Lusarreta (comunidad ling\u00fc\u00edstica vasca\/ Duguna \u2013 Iru\u00f1eko dantzariak) \/ M\u00fasico: Mixel Etxekopar<\/span><\/div><\/div><\/div>\t\t<\/div>\r\n\t\t\t<\/article>\r\n<\/div><div class=\"g-loadmore hidden\"><div class=\"g-preloader type_1\"><div><\/div><\/div><\/div><div class=\"w-grid-list-json hidden\" onclick='return {&quot;max_num_pages&quot;:0,&quot;paginationBase&quot;:&quot;page&quot;,&quot;pagination&quot;:&quot;none&quot;,&quot;paged&quot;:1,&quot;ajaxData&quot;:{&quot;action&quot;:&quot;us_ajax_post_list&quot;,&quot;meta_type&quot;:&quot;post&quot;,&quot;object_id&quot;:0,&quot;template_vars&quot;:{&quot;shortcode_base&quot;:&quot;us_post_list&quot;,&quot;paged&quot;:1,&quot;max_num_pages&quot;:0,&quot;no_results&quot;:false,&quot;us_post_content_design_css&quot;:[],&quot;found_posts&quot;:0,&quot;per_page&quot;:999,&quot;items_count&quot;:17,&quot;orderby_random_seed&quot;:null,&quot;source&quot;:&quot;all&quot;,&quot;custom_field_name&quot;:&quot;&quot;,&quot;ids&quot;:&quot;&quot;,&quot;post_type&quot;:&quot;hitzaldiak&quot;,&quot;attachment_ids&quot;:null,&quot;include_post_thumbnail&quot;:0,&quot;post_author&quot;:&quot;any&quot;,&quot;post_author_ids&quot;:&quot;&quot;,&quot;apply_url_params&quot;:0,&quot;ignore_sticky_posts&quot;:1,&quot;exclude_children&quot;:0,&quot;exclude_current_post&quot;:&quot;0&quot;,&quot;exclude_prev_posts&quot;:0,&quot;exclude_past_events&quot;:0,&quot;enable_items_offset&quot;:0,&quot;items_offset&quot;:&quot;1&quot;,&quot;tax_query_relation&quot;:&quot;none&quot;,&quot;tax_query&quot;:[{&quot;operator&quot;:&quot;IN&quot;,&quot;taxonomy&quot;:&quot;category&quot;,&quot;terms&quot;:&quot;&quot;,&quot;include_children&quot;:0}],&quot;meta_query_relation&quot;:&quot;AND&quot;,&quot;meta_query&quot;:&quot;%5B%7B%22key%22%3A%22tokia%22%2C%22compare%22%3A%22%3D%22%2C%22value%22%3A%22irun%22%7D%2C%7B%22key%22%3A%22data%22%2C%22compare%22%3A%22%3D%22%2C%22value%22%3A%2220260924%22%7D%5D&quot;,&quot;orderby&quot;:&quot;custom&quot;,&quot;orderby_custom_field&quot;:&quot;menu_order&quot;,&quot;orderby_custom_type&quot;:&quot;1&quot;,&quot;order_invert&quot;:0,&quot;show_all&quot;:&quot;1&quot;,&quot;quantity&quot;:&quot;12&quot;,&quot;posts_per_archive_page&quot;:0,&quot;no_items_action&quot;:&quot;message&quot;,&quot;no_items_message&quot;:&quot;No se han encontrado resultados.&quot;,&quot;no_items_page_block&quot;:&quot;&quot;,&quot;pagination&quot;:&quot;none&quot;,&quot;pagination_style&quot;:&quot;&quot;,&quot;pagination_btn_text&quot;:&quot;Cargar m\\u00e1s&quot;,&quot;pagination_btn_size&quot;:&quot;&quot;,&quot;pagination_btn_style&quot;:&quot;1&quot;,&quot;pagination_btn_fullwidth&quot;:0,&quot;items_layout&quot;:&quot;3153&quot;,&quot;type&quot;:&quot;grid&quot;,&quot;items_valign&quot;:0,&quot;ignore_items_size&quot;:0,&quot;columns&quot;:&quot;1&quot;,&quot;items_gap&quot;:&quot;0.3rem&quot;,&quot;load_animation&quot;:&quot;none&quot;,&quot;items_preload_style&quot;:&quot;spinner&quot;,&quot;img_size&quot;:&quot;default&quot;,&quot;title_size&quot;:&quot;&quot;,&quot;items_ratio&quot;:&quot;default&quot;,&quot;items_ratio_width&quot;:&quot;21&quot;,&quot;items_ratio_height&quot;:&quot;9&quot;,&quot;overriding_link&quot;:&quot;%7B%22url%22%3A%22%22%7D&quot;,&quot;popup_page_template&quot;:&quot;0&quot;,&quot;popup_width&quot;:&quot;&quot;,&quot;popup_arrows&quot;:1,&quot;breakpoint_1_width&quot;:&quot;1501px&quot;,&quot;breakpoint_1_cols&quot;:&quot;default&quot;,&quot;breakpoint_1_quantity&quot;:&quot;&quot;,&quot;breakpoint_1_gap&quot;:&quot;&quot;,&quot;breakpoint_2_width&quot;:&quot;1025px&quot;,&quot;breakpoint_2_cols&quot;:&quot;2&quot;,&quot;breakpoint_2_quantity&quot;:&quot;&quot;,&quot;breakpoint_2_gap&quot;:&quot;&quot;,&quot;breakpoint_3_width&quot;:&quot;801px&quot;,&quot;breakpoint_3_cols&quot;:&quot;1&quot;,&quot;breakpoint_3_quantity&quot;:&quot;&quot;,&quot;breakpoint_3_gap&quot;:&quot;&quot;,&quot;conditions_operator&quot;:&quot;always&quot;,&quot;conditions&quot;:[],&quot;css&quot;:null,&quot;el_class&quot;:&quot;&quot;,&quot;el_id&quot;:&quot;&quot;,&quot;enable_custom_html_atts&quot;:0,&quot;custom_html_atts&quot;:null,&quot;hide_on_states&quot;:&quot;&quot;,&quot;hide_for_sticky&quot;:0,&quot;hide_for_not_sticky&quot;:0,&quot;hide_below&quot;:&quot;0px&quot;,&quot;hide_above&quot;:&quot;0px&quot;,&quot;classes&quot;:&quot;&quot;},&quot;found_posts&quot;:0,&quot;per_page&quot;:999},&quot;facetedFilter&quot;:[]}'><\/div><\/div><div class=\"w-separator size_medium\"><\/div><h2 class=\"w-text\"><span class=\"w-text-h\"><span class=\"w-text-value\">25 sept.<\/span><\/span><\/h2><div class=\"w-grid us_post_list type_grid layout_3155 cols_1 preload_style_spinner\" id=\"us_post_list_y29b\" style=\"--columns:1;--gap:0.3rem;\"><style>.layout_3155 .w-grid-item-h{background:var(--color-header-middle-bg)}.layout_3155 .usg_hwrapper_1{border-bottom-width:2px!important;border-color:var(--color-header-middle-text)!important;border-bottom-style:solid!important}.layout_3155 .usg_post_title_1{font-size:22px!important;line-height:26px!important;font-weight:800!important}.layout_3155 .usg_vwrapper_2{width:48%!important}.layout_3155 .usg_post_content_1{font-size:22px!important;line-height:26px!important;padding-top:0.5rem!important;padding-bottom:0.5rem!important;border-top-width:2px!important;border-color:var(--color-content-bg-alt)!important;border-top-style:solid!important}.layout_3155 .usg_vwrapper_3{width:10%!important;padding:0.3rem!important}.layout_3155 .usg_post_custom_field_2{text-align:left!important;font-size:28px!important;line-height:32px!important;font-weight:800!important}.layout_3155 .usg_vwrapper_4{width:36%!important}.layout_3155 .usg_post_custom_field_3{font-weight:800!important}.layout_3155 .usg_post_custom_field_1{font-weight:800!important}.layout_3155 .usg_text_1{font-size:16px!important;line-height:20px!important;font-weight:400!important;text-transform:uppercase!important}@media (min-width:1025px) and (max-width:1500px){.layout_3155 .usg_post_custom_field_2{text-align:inherit!important;font-weight:800!important}}@media (min-width:801px) and (max-width:1024px){.layout_3155 .usg_post_custom_field_2{text-align:inherit!important;font-weight:800!important}}@media (max-width:800px){.layout_3155 .usg_post_custom_field_2{text-align:inherit!important;font-weight:800!important}}<\/style><div class=\"w-grid-list\">\t<article class=\"w-grid-item size_1x1 post-2684 hitzaldiak type-hitzaldiak status-publish hentry\" data-id=\"2684\">\r\n\t\t<div class=\"w-grid-item-h\">\r\n\t\t\t\t\t\t<div class=\"w-hwrapper usg_hwrapper_1 egitaraua-kaja align_left valign_middle\" style=\"--hwrapper-gap:1rem\"><div class=\"w-vwrapper usg_vwrapper_3 w10\" style=\"--vwrapper-gap:0.2rem\"><div class=\"w-post-elm post_custom_field usg_post_custom_field_2 ordua type_text color_link_inherit\"><span class=\"w-post-elm-value\">08:15-08:45<\/span><\/div><div class=\"w-text usg_text_1\"><span class=\"w-text-h\"><span class=\"w-text-value\">25 Sept.<\/span><\/span><\/div><\/div><div class=\"w-vwrapper usg_vwrapper_2 w57 valign_justify\" style=\"--vwrapper-gap:0.5rem\"><p class=\"w-post-elm post_title usg_post_title_1 titulua entry-title color_link_inherit\"><a href=\"https:\/\/bihar.eus\/es\/hitzaldiak\/apertura-de-puertas\/\">Apertura de puertas<\/a><\/p><\/div><div class=\"w-vwrapper usg_vwrapper_4 w57\"><\/div><\/div>\t\t<\/div>\r\n\t\t\t<\/article>\r\n\t<article class=\"w-grid-item size_1x1 post-1790 hitzaldiak type-hitzaldiak status-publish hentry\" data-id=\"1790\">\r\n\t\t<div class=\"w-grid-item-h\">\r\n\t\t\t\t\t\t<div class=\"w-hwrapper usg_hwrapper_1 egitaraua-kaja align_left valign_middle\" style=\"--hwrapper-gap:1rem\"><div class=\"w-vwrapper usg_vwrapper_3 w10\" style=\"--vwrapper-gap:0.2rem\"><div class=\"w-post-elm post_custom_field usg_post_custom_field_2 ordua type_text color_link_inherit\"><span class=\"w-post-elm-value\">08:45-09:00<\/span><\/div><div class=\"w-text usg_text_1\"><span class=\"w-text-h\"><span class=\"w-text-value\">25 Sept.<\/span><\/span><\/div><\/div><div class=\"w-vwrapper usg_vwrapper_2 w57 valign_justify\" style=\"--vwrapper-gap:0.5rem\"><p class=\"w-post-elm post_title usg_post_title_1 titulua entry-title color_link_inherit\"><a href=\"https:\/\/bihar.eus\/es\/hitzaldiak\/recepcion\/\">Acto de bienvenida<\/a><\/p><\/div><div class=\"w-vwrapper usg_vwrapper_4 w57\"><\/div><\/div>\t\t<\/div>\r\n\t\t\t<\/article>\r\n\t<article class=\"w-grid-item size_1x1 post-2685 hitzaldiak type-hitzaldiak status-publish hentry\" data-id=\"2685\">\r\n\t\t<div class=\"w-grid-item-h\">\r\n\t\t\t\t\t\t<div class=\"w-hwrapper usg_hwrapper_1 egitaraua-kaja align_left valign_middle\" style=\"--hwrapper-gap:1rem\"><div class=\"w-vwrapper usg_vwrapper_3 w10\" style=\"--vwrapper-gap:0.2rem\"><div class=\"w-post-elm post_custom_field usg_post_custom_field_2 ordua type_text color_link_inherit\"><span class=\"w-post-elm-value\">09:00-09:30<\/span><\/div><div class=\"w-text usg_text_1\"><span class=\"w-text-h\"><span class=\"w-text-value\">25 Sept.<\/span><\/span><\/div><\/div><div class=\"w-vwrapper usg_vwrapper_2 w57 valign_justify\" style=\"--vwrapper-gap:0.5rem\"><p class=\"w-post-elm post_title usg_post_title_1 titulua entry-title color_link_inherit\"><a href=\"https:\/\/bihar.eus\/es\/hitzaldiak\/conferencia-9\/\">Conferencia: <br\/><\/a><\/p><div class=\"w-post-elm post_content usg_post_content_1 edukia\"><p>Lenguas en resistencia: agencia, activaci\u00f3n comunitaria y narrativas de futuro para la revitalizaci\u00f3n ling\u00fc\u00edstica<\/p>\n<\/div><\/div><div class=\"w-vwrapper usg_vwrapper_4 w57\"><div class=\"w-post-elm post_custom_field usg_post_custom_field_3 type_text hizlaria color_link_inherit\"><span class=\"w-post-elm-value\">Tahir Bayku\u015fak <\/span><\/div><div class=\"w-post-elm post_custom_field usg_post_custom_field_1 type_text lanpostua color_link_inherit\"><span class=\"w-post-elm-value\">(comunidad kurda, Ayuntamiento de la ciudad de Diyarbak\u0131r)<\/span><\/div><\/div><\/div>\t\t<\/div>\r\n\t\t\t<\/article>\r\n\t<article class=\"w-grid-item size_1x1 post-2686 hitzaldiak type-hitzaldiak status-publish hentry\" data-id=\"2686\">\r\n\t\t<div class=\"w-grid-item-h\">\r\n\t\t\t\t\t\t<div class=\"w-hwrapper usg_hwrapper_1 egitaraua-kaja align_left valign_middle\" style=\"--hwrapper-gap:1rem\"><div class=\"w-vwrapper usg_vwrapper_3 w10\" style=\"--vwrapper-gap:0.2rem\"><div class=\"w-post-elm post_custom_field usg_post_custom_field_2 ordua type_text color_link_inherit\"><span class=\"w-post-elm-value\">09:30-10:00<\/span><\/div><div class=\"w-text usg_text_1\"><span class=\"w-text-h\"><span class=\"w-text-value\">25 Sept.<\/span><\/span><\/div><\/div><div class=\"w-vwrapper usg_vwrapper_2 w57 valign_justify\" style=\"--vwrapper-gap:0.5rem\"><p class=\"w-post-elm post_title usg_post_title_1 titulua entry-title color_link_inherit\"><a href=\"https:\/\/bihar.eus\/es\/hitzaldiak\/conferencia-10\/\">Conferencia: <br\/><\/a><\/p><div class=\"w-post-elm post_content usg_post_content_1 edukia\"><p>Derechos ling\u00fc\u00edsticos y justicia social<\/p>\n<\/div><\/div><div class=\"w-vwrapper usg_vwrapper_4 w57\"><\/div><\/div>\t\t<\/div>\r\n\t\t\t<\/article>\r\n\t<article class=\"w-grid-item size_1x1 post-2687 hitzaldiak type-hitzaldiak status-publish hentry\" data-id=\"2687\">\r\n\t\t<div class=\"w-grid-item-h\">\r\n\t\t\t\t\t\t<div class=\"w-hwrapper usg_hwrapper_1 egitaraua-kaja align_left valign_middle\" style=\"--hwrapper-gap:1rem\"><div class=\"w-vwrapper usg_vwrapper_3 w10\" style=\"--vwrapper-gap:0.2rem\"><div class=\"w-post-elm post_custom_field usg_post_custom_field_2 ordua type_text color_link_inherit\"><span class=\"w-post-elm-value\">10:00-10:30<\/span><\/div><div class=\"w-text usg_text_1\"><span class=\"w-text-h\"><span class=\"w-text-value\">25 Sept.<\/span><\/span><\/div><\/div><div class=\"w-vwrapper usg_vwrapper_2 w57 valign_justify\" style=\"--vwrapper-gap:0.5rem\"><p class=\"w-post-elm post_title usg_post_title_1 titulua entry-title color_link_inherit\"><a href=\"https:\/\/bihar.eus\/es\/hitzaldiak\/conferencia-11\/\">Conferencia: <br\/><\/a><\/p><div class=\"w-post-elm post_content usg_post_content_1 edukia\"><p>\u201cVoz y justicia: luchas sociales para la revitalizaci\u00f3n de las lenguas y el salto hacia la agencia\u201d<\/p>\n<\/div><\/div><div class=\"w-vwrapper usg_vwrapper_4 w57\"><div class=\"w-post-elm post_custom_field usg_post_custom_field_3 type_text hizlaria color_link_inherit\"><span class=\"w-post-elm-value\">Clayton Cruse<\/span><\/div><div class=\"w-post-elm post_custom_field usg_post_custom_field_1 type_text lanpostua color_link_inherit\"><span class=\"w-post-elm-value\">(Adnyamathanha \/ IDIL Australia)<\/span><\/div><\/div><\/div>\t\t<\/div>\r\n\t\t\t<\/article>\r\n\t<article class=\"w-grid-item size_1x1 post-2688 hitzaldiak type-hitzaldiak status-publish hentry\" data-id=\"2688\">\r\n\t\t<div class=\"w-grid-item-h\">\r\n\t\t\t\t\t\t<div class=\"w-hwrapper usg_hwrapper_1 egitaraua-kaja align_left valign_middle\" style=\"--hwrapper-gap:1rem\"><div class=\"w-vwrapper usg_vwrapper_3 w10\" style=\"--vwrapper-gap:0.2rem\"><div class=\"w-post-elm post_custom_field usg_post_custom_field_2 ordua type_text color_link_inherit\"><span class=\"w-post-elm-value\">10:30-11:00<\/span><\/div><div class=\"w-text usg_text_1\"><span class=\"w-text-h\"><span class=\"w-text-value\">25 Sept.<\/span><\/span><\/div><\/div><div class=\"w-vwrapper usg_vwrapper_2 w57 valign_justify\" style=\"--vwrapper-gap:0.5rem\"><p class=\"w-post-elm post_title usg_post_title_1 titulua entry-title color_link_inherit\"><a href=\"https:\/\/bihar.eus\/es\/hitzaldiak\/conferencia-12\/\">Conferencia: <br\/><\/a><\/p><div class=\"w-post-elm post_content usg_post_content_1 edukia\"><p>Narrativas y empoderamiento comunitario: la construcci\u00f3n de la agencia colectiva a trav\u00e9s de la propia voz<\/p>\n<\/div><\/div><div class=\"w-vwrapper usg_vwrapper_4 w57\"><div class=\"w-post-elm post_custom_field usg_post_custom_field_3 type_text hizlaria color_link_inherit\"><span class=\"w-post-elm-value\">Lorna Wanosts\u2019a 7 Williams (Lil\u2019wat Nation \/ Universidad Victoria)<\/span><\/div><\/div><\/div>\t\t<\/div>\r\n\t\t\t<\/article>\r\n\t<article class=\"w-grid-item size_1x1 post-2689 hitzaldiak type-hitzaldiak status-publish hentry\" data-id=\"2689\">\r\n\t\t<div class=\"w-grid-item-h\">\r\n\t\t\t\t\t\t<div class=\"w-hwrapper usg_hwrapper_1 egitaraua-kaja align_left valign_middle\" style=\"--hwrapper-gap:1rem\"><div class=\"w-vwrapper usg_vwrapper_3 w10\" style=\"--vwrapper-gap:0.2rem\"><div class=\"w-post-elm post_custom_field usg_post_custom_field_2 ordua type_text color_link_inherit\"><span class=\"w-post-elm-value\">11:00-11:30<\/span><\/div><div class=\"w-text usg_text_1\"><span class=\"w-text-h\"><span class=\"w-text-value\">25 Sept.<\/span><\/span><\/div><\/div><div class=\"w-vwrapper usg_vwrapper_2 w57 valign_justify\" style=\"--vwrapper-gap:0.5rem\"><p class=\"w-post-elm post_title usg_post_title_1 titulua entry-title color_link_inherit\"><a href=\"https:\/\/bihar.eus\/es\/hitzaldiak\/conferencia-13\/\">Conferencia: <br\/><\/a><\/p><div class=\"w-post-elm post_content usg_post_content_1 edukia\"><p>Discursos culturales y construcci\u00f3n simb\u00f3lica de la pertenencia identitaria<\/p>\n<\/div><\/div><div class=\"w-vwrapper usg_vwrapper_4 w57\"><div class=\"w-post-elm post_custom_field usg_post_custom_field_3 type_text hizlaria color_link_inherit\"><span class=\"w-post-elm-value\">Ganesh Devy (The People\u2019s Linguistic Survey of India) \u00b7 Presidente y fundador<\/span><\/div><\/div><\/div>\t\t<\/div>\r\n\t\t\t<\/article>\r\n\t<article class=\"w-grid-item size_1x1 post-2755 hitzaldiak type-hitzaldiak status-publish hentry\" data-id=\"2755\">\r\n\t\t<div class=\"w-grid-item-h\">\r\n\t\t\t\t\t\t<div class=\"w-hwrapper usg_hwrapper_1 egitaraua-kaja align_left valign_middle\" style=\"--hwrapper-gap:1rem\"><div class=\"w-vwrapper usg_vwrapper_3 w10\" style=\"--vwrapper-gap:0.2rem\"><div class=\"w-post-elm post_custom_field usg_post_custom_field_2 ordua type_text color_link_inherit\"><span class=\"w-post-elm-value\">11:30-12:00<\/span><\/div><div class=\"w-text usg_text_1\"><span class=\"w-text-h\"><span class=\"w-text-value\">25 Sept.<\/span><\/span><\/div><\/div><div class=\"w-vwrapper usg_vwrapper_2 w57 valign_justify\" style=\"--vwrapper-gap:0.5rem\"><p class=\"w-post-elm post_title usg_post_title_1 titulua entry-title color_link_inherit\"><a href=\"https:\/\/bihar.eus\/es\/hitzaldiak\/pausa-2\/\">Pausa<\/a><\/p><\/div><div class=\"w-vwrapper usg_vwrapper_4 w57\"><\/div><\/div>\t\t<\/div>\r\n\t\t\t<\/article>\r\n\t<article class=\"w-grid-item size_1x1 post-2690 hitzaldiak type-hitzaldiak status-publish hentry\" data-id=\"2690\">\r\n\t\t<div class=\"w-grid-item-h\">\r\n\t\t\t\t\t\t<div class=\"w-hwrapper usg_hwrapper_1 egitaraua-kaja align_left valign_middle\" style=\"--hwrapper-gap:1rem\"><div class=\"w-vwrapper usg_vwrapper_3 w10\" style=\"--vwrapper-gap:0.2rem\"><div class=\"w-post-elm post_custom_field usg_post_custom_field_2 ordua type_text color_link_inherit\"><span class=\"w-post-elm-value\">12:00-12:15<\/span><\/div><div class=\"w-text usg_text_1\"><span class=\"w-text-h\"><span class=\"w-text-value\">25 Sept.<\/span><\/span><\/div><\/div><div class=\"w-vwrapper usg_vwrapper_2 w57 valign_justify\" style=\"--vwrapper-gap:0.5rem\"><p class=\"w-post-elm post_title usg_post_title_1 titulua entry-title color_link_inherit\"><a href=\"https:\/\/bihar.eus\/es\/hitzaldiak\/pildora-artistico-cultural-5\/\">P\u00edldora art\u00edstico-cultural<\/a><\/p><\/div><div class=\"w-vwrapper usg_vwrapper_4 w57\"><\/div><\/div>\t\t<\/div>\r\n\t\t\t<\/article>\r\n\t<article class=\"w-grid-item size_1x1 post-2691 hitzaldiak type-hitzaldiak status-publish hentry\" data-id=\"2691\">\r\n\t\t<div class=\"w-grid-item-h\">\r\n\t\t\t\t\t\t<div class=\"w-hwrapper usg_hwrapper_1 egitaraua-kaja align_left valign_middle\" style=\"--hwrapper-gap:1rem\"><div class=\"w-vwrapper usg_vwrapper_3 w10\" style=\"--vwrapper-gap:0.2rem\"><div class=\"w-post-elm post_custom_field usg_post_custom_field_2 ordua type_text color_link_inherit\"><span class=\"w-post-elm-value\">12:15-13:45<\/span><\/div><div class=\"w-text usg_text_1\"><span class=\"w-text-h\"><span class=\"w-text-value\">25 Sept.<\/span><\/span><\/div><\/div><div class=\"w-vwrapper usg_vwrapper_2 w57 valign_justify\" style=\"--vwrapper-gap:0.5rem\"><p class=\"w-post-elm post_title usg_post_title_1 titulua entry-title color_link_inherit\"><a href=\"https:\/\/bihar.eus\/es\/hitzaldiak\/mesa-redonda-7\/\">Mesa redonda<\/a><\/p><div class=\"w-post-elm post_content usg_post_content_1 edukia\"><p>Elementos para articular un discurso global<\/p>\n<\/div><\/div><div class=\"w-vwrapper usg_vwrapper_4 w57\"><div class=\"w-post-elm post_custom_field usg_post_custom_field_3 type_text hizlaria color_link_inherit\"><span class=\"w-post-elm-value\">Moderadora: Nerea Uriarte Goitia (Garabide) \/ 1.Michel DeGraff (criollo haitiano\/ Platf\u00f2m MIT-Ayiti) ( 2.Mustapha El Adak (comunidad Amazig del Rif\/ Universidad de Oujda) <\/span><\/div><\/div><\/div>\t\t<\/div>\r\n\t\t\t<\/article>\r\n\t<article class=\"w-grid-item size_1x1 post-2754 hitzaldiak type-hitzaldiak status-publish hentry\" data-id=\"2754\">\r\n\t\t<div class=\"w-grid-item-h\">\r\n\t\t\t\t\t\t<div class=\"w-hwrapper usg_hwrapper_1 egitaraua-kaja align_left valign_middle\" style=\"--hwrapper-gap:1rem\"><div class=\"w-vwrapper usg_vwrapper_3 w10\" style=\"--vwrapper-gap:0.2rem\"><div class=\"w-post-elm post_custom_field usg_post_custom_field_2 ordua type_text color_link_inherit\"><span class=\"w-post-elm-value\">13:45-14:30<\/span><\/div><div class=\"w-text usg_text_1\"><span class=\"w-text-h\"><span class=\"w-text-value\">25 Sept.<\/span><\/span><\/div><\/div><div class=\"w-vwrapper usg_vwrapper_2 w57 valign_justify\" style=\"--vwrapper-gap:0.5rem\"><p class=\"w-post-elm post_title usg_post_title_1 titulua entry-title color_link_inherit\"><a href=\"https:\/\/bihar.eus\/es\/hitzaldiak\/almuerzo-2\/\">Almuerzo<\/a><\/p><\/div><div class=\"w-vwrapper usg_vwrapper_4 w57\"><\/div><\/div>\t\t<\/div>\r\n\t\t\t<\/article>\r\n\t<article class=\"w-grid-item size_1x1 post-2753 hitzaldiak type-hitzaldiak status-publish hentry\" data-id=\"2753\">\r\n\t\t<div class=\"w-grid-item-h\">\r\n\t\t\t\t\t\t<div class=\"w-hwrapper usg_hwrapper_1 egitaraua-kaja align_left valign_middle\" style=\"--hwrapper-gap:1rem\"><div class=\"w-vwrapper usg_vwrapper_3 w10\" style=\"--vwrapper-gap:0.2rem\"><div class=\"w-post-elm post_custom_field usg_post_custom_field_2 ordua type_text color_link_inherit\"><span class=\"w-post-elm-value\">14:30-14:45<\/span><\/div><div class=\"w-text usg_text_1\"><span class=\"w-text-h\"><span class=\"w-text-value\">25 Sept.<\/span><\/span><\/div><\/div><div class=\"w-vwrapper usg_vwrapper_2 w57 valign_justify\" style=\"--vwrapper-gap:0.5rem\"><p class=\"w-post-elm post_title usg_post_title_1 titulua entry-title color_link_inherit\"><a href=\"https:\/\/bihar.eus\/es\/hitzaldiak\/pildora-artistico-cultural-3\/\">P\u00edldora art\u00edstico-cultural<\/a><\/p><\/div><div class=\"w-vwrapper usg_vwrapper_4 w57\"><\/div><\/div>\t\t<\/div>\r\n\t\t\t<\/article>\r\n\t<article class=\"w-grid-item size_1x1 post-2730 hitzaldiak type-hitzaldiak status-publish hentry\" data-id=\"2730\">\r\n\t\t<div class=\"w-grid-item-h\">\r\n\t\t\t\t\t\t<div class=\"w-hwrapper usg_hwrapper_1 egitaraua-kaja align_left valign_middle\" style=\"--hwrapper-gap:1rem\"><div class=\"w-vwrapper usg_vwrapper_3 w10\" style=\"--vwrapper-gap:0.2rem\"><div class=\"w-post-elm post_custom_field usg_post_custom_field_2 ordua type_text color_link_inherit\"><span class=\"w-post-elm-value\">14:45-15:30<\/span><\/div><div class=\"w-text usg_text_1\"><span class=\"w-text-h\"><span class=\"w-text-value\">25 Sept.<\/span><\/span><\/div><\/div><div class=\"w-vwrapper usg_vwrapper_2 w57 valign_justify\" style=\"--vwrapper-gap:0.5rem\"><p class=\"w-post-elm post_title usg_post_title_1 titulua entry-title color_link_inherit\"><a href=\"https:\/\/bihar.eus\/es\/hitzaldiak\/conferencia-15\/\">Conferencia: <br\/><\/a><\/p><div class=\"w-post-elm post_content usg_post_content_1 edukia\"><p>Red internacional de comunidades en revitalizaci\u00f3n ling\u00fc\u00edstica: \u00bfPor qu\u00e9 y para qu\u00e9? <\/p>\n<\/div><\/div><div class=\"w-vwrapper usg_vwrapper_4 w57\"><div class=\"w-post-elm post_custom_field usg_post_custom_field_3 type_text hizlaria color_link_inherit\"><span class=\"w-post-elm-value\">1.Urtzi Urrutikoetxea Vacas (comunidad ling\u00fc\u00edstica vasca \/ Garabide) \/ 2.Jon Sarasua Maritxalar (comunidad ling\u00fc\u00edstica vasca \/ Garabide)<\/span><\/div><\/div><\/div>\t\t<\/div>\r\n\t\t\t<\/article>\r\n\t<article class=\"w-grid-item size_1x1 post-2731 hitzaldiak type-hitzaldiak status-publish hentry\" data-id=\"2731\">\r\n\t\t<div class=\"w-grid-item-h\">\r\n\t\t\t\t\t\t<div class=\"w-hwrapper usg_hwrapper_1 egitaraua-kaja align_left valign_middle\" style=\"--hwrapper-gap:1rem\"><div class=\"w-vwrapper usg_vwrapper_3 w10\" style=\"--vwrapper-gap:0.2rem\"><div class=\"w-post-elm post_custom_field usg_post_custom_field_2 ordua type_text color_link_inherit\"><span class=\"w-post-elm-value\">15:30-17:00<\/span><\/div><div class=\"w-text usg_text_1\"><span class=\"w-text-h\"><span class=\"w-text-value\">25 Sept.<\/span><\/span><\/div><\/div><div class=\"w-vwrapper usg_vwrapper_2 w57 valign_justify\" style=\"--vwrapper-gap:0.5rem\"><p class=\"w-post-elm post_title usg_post_title_1 titulua entry-title color_link_inherit\"><a href=\"https:\/\/bihar.eus\/es\/hitzaldiak\/proyeccion-y-coloquio\/\">Proyecci\u00f3n y coloquio:<\/a><\/p><div class=\"w-post-elm post_content usg_post_content_1 edukia\"><p><strong>Programaci\u00f3n simult\u00e1nea<\/strong><br \/>\nDocumental \u201cMai da bai\u201d: de la opresi\u00f3n a la agencia. El pueblo mapuche y la construcci\u00f3n de futuros posibles.<\/p>\n<\/div><\/div><div class=\"w-vwrapper usg_vwrapper_4 w57\"><div class=\"w-post-elm post_custom_field usg_post_custom_field_3 type_text hizlaria color_link_inherit\"><span class=\"w-post-elm-value\">Sergio Andres Marinao Nahuelpan (Mapuche zugun \/ Mapuzugun \u00f1i Choy\u00fcn y Mapuzuguletuai\u00f1)<\/span><\/div><div class=\"w-post-elm post_custom_field usg_post_custom_field_1 type_text lanpostua color_link_inherit\"><span class=\"w-post-elm-value\">Moderador: Imanol Larrea Mendizabal (Soziolinguistika Klusterra) Jelisava Dobovsek Sethn (Japoniako hizkuntza minorizatua\/Linguapax Asia) Zurbair Torwali (Torwali komunitatea\/Idara Baraye Taleem wa Taraqi IBT)<\/span><\/div><\/div><\/div>\t\t<\/div>\r\n\t\t\t<\/article>\r\n\t<article class=\"w-grid-item size_1x1 post-2732 hitzaldiak type-hitzaldiak status-publish hentry\" data-id=\"2732\">\r\n\t\t<div class=\"w-grid-item-h\">\r\n\t\t\t\t\t\t<div class=\"w-hwrapper usg_hwrapper_1 egitaraua-kaja align_left valign_middle\" style=\"--hwrapper-gap:1rem\"><div class=\"w-vwrapper usg_vwrapper_3 w10\" style=\"--vwrapper-gap:0.2rem\"><div class=\"w-post-elm post_custom_field usg_post_custom_field_2 ordua type_text color_link_inherit\"><span class=\"w-post-elm-value\">15:30-17:00<\/span><\/div><div class=\"w-text usg_text_1\"><span class=\"w-text-h\"><span class=\"w-text-value\">25 Sept.<\/span><\/span><\/div><\/div><div class=\"w-vwrapper usg_vwrapper_2 w57 valign_justify\" style=\"--vwrapper-gap:0.5rem\"><p class=\"w-post-elm post_title usg_post_title_1 titulua entry-title color_link_inherit\"><a href=\"https:\/\/bihar.eus\/es\/hitzaldiak\/debate-participativo-3\/\">Debate participativo:<\/a><\/p><div class=\"w-post-elm post_content usg_post_content_1 edukia\"><p><strong>Simultaneous programming<\/strong><br \/>\nDerechos ling\u00fc\u00edsticos y justicia social: claves para relatos de futuro<\/p>\n<\/div><\/div><div class=\"w-vwrapper usg_vwrapper_4 w57\"><div class=\"w-post-elm post_custom_field usg_post_custom_field_3 type_text hizlaria color_link_inherit\"><span class=\"w-post-elm-value\">Moderador: Imanol Larrea Mendizabal (Soziolinguistika Klusterra) \/ 1. Jelisava Dobovsek Sethn (lenguas minorizadas de Japon \/ Linguapax Asia) <\/span><\/div><\/div><\/div>\t\t<\/div>\r\n\t\t\t<\/article>\r\n\t<article class=\"w-grid-item size_1x1 post-2733 hitzaldiak type-hitzaldiak status-publish hentry\" data-id=\"2733\">\r\n\t\t<div class=\"w-grid-item-h\">\r\n\t\t\t\t\t\t<div class=\"w-hwrapper usg_hwrapper_1 egitaraua-kaja align_left valign_middle\" style=\"--hwrapper-gap:1rem\"><div class=\"w-vwrapper usg_vwrapper_3 w10\" style=\"--vwrapper-gap:0.2rem\"><div class=\"w-post-elm post_custom_field usg_post_custom_field_2 ordua type_text color_link_inherit\"><span class=\"w-post-elm-value\">15:30-17:00 <\/span><\/div><div class=\"w-text usg_text_1\"><span class=\"w-text-h\"><span class=\"w-text-value\">25 Sept.<\/span><\/span><\/div><\/div><div class=\"w-vwrapper usg_vwrapper_2 w57 valign_justify\" style=\"--vwrapper-gap:0.5rem\"><p class=\"w-post-elm post_title usg_post_title_1 titulua entry-title color_link_inherit\"><a href=\"https:\/\/bihar.eus\/es\/hitzaldiak\/debate-participativo-4\/\">Debate participativo:<\/a><\/p><div class=\"w-post-elm post_content usg_post_content_1 edukia\"><p><strong>Programaci\u00f3n simult\u00e1nea<\/strong><br \/>\nContribuciones de la tecnolog\u00eda y la inteligencia artificial a la revitalizaci\u00f3n ling\u00fc\u00edstica<\/p>\n<\/div><\/div><div class=\"w-vwrapper usg_vwrapper_4 w57\"><\/div><\/div>\t\t<\/div>\r\n\t\t\t<\/article>\r\n\t<article class=\"w-grid-item size_1x1 post-2734 hitzaldiak type-hitzaldiak status-publish hentry\" data-id=\"2734\">\r\n\t\t<div class=\"w-grid-item-h\">\r\n\t\t\t\t\t\t<div class=\"w-hwrapper usg_hwrapper_1 egitaraua-kaja align_left valign_middle\" style=\"--hwrapper-gap:1rem\"><div class=\"w-vwrapper usg_vwrapper_3 w10\" style=\"--vwrapper-gap:0.2rem\"><div class=\"w-post-elm post_custom_field usg_post_custom_field_2 ordua type_text color_link_inherit\"><span class=\"w-post-elm-value\">15:30-17:00<\/span><\/div><div class=\"w-text usg_text_1\"><span class=\"w-text-h\"><span class=\"w-text-value\">25 Sept.<\/span><\/span><\/div><\/div><div class=\"w-vwrapper usg_vwrapper_2 w57 valign_justify\" style=\"--vwrapper-gap:0.5rem\"><p class=\"w-post-elm post_title usg_post_title_1 titulua entry-title color_link_inherit\"><a href=\"https:\/\/bihar.eus\/es\/hitzaldiak\/intercambio-de-experiencias\/\">Intercambio de experiencias<\/a><\/p><div class=\"w-post-elm post_content usg_post_content_1 edukia\"><p><strong>Programaci\u00f3n simult\u00e1nea<\/strong><br \/>\nPr\u00e1cticas y experiencias para construir relatos de futuro<\/p>\n<\/div><\/div><div class=\"w-vwrapper usg_vwrapper_4 w57\"><div class=\"w-post-elm post_custom_field usg_post_custom_field_3 type_text hizlaria color_link_inherit\"><span class=\"w-post-elm-value\">Monica Pere\u00f1a Perez<\/span><\/div><div class=\"w-post-elm post_custom_field usg_post_custom_field_1 type_text lanpostua color_link_inherit\"><span class=\"w-post-elm-value\"> (catal\u00e1, Linguapax Internacional)<\/span><\/div><\/div><\/div>\t\t<\/div>\r\n\t\t\t<\/article>\r\n<\/div><div class=\"g-loadmore hidden\"><div class=\"g-preloader type_1\"><div><\/div><\/div><\/div><div class=\"w-grid-list-json hidden\" onclick='return {&quot;max_num_pages&quot;:0,&quot;paginationBase&quot;:&quot;page&quot;,&quot;pagination&quot;:&quot;none&quot;,&quot;paged&quot;:1,&quot;ajaxData&quot;:{&quot;action&quot;:&quot;us_ajax_post_list&quot;,&quot;meta_type&quot;:&quot;post&quot;,&quot;object_id&quot;:0,&quot;template_vars&quot;:{&quot;shortcode_base&quot;:&quot;us_post_list&quot;,&quot;paged&quot;:1,&quot;max_num_pages&quot;:0,&quot;no_results&quot;:false,&quot;us_post_content_design_css&quot;:[],&quot;found_posts&quot;:0,&quot;per_page&quot;:999,&quot;items_count&quot;:17,&quot;orderby_random_seed&quot;:null,&quot;source&quot;:&quot;all&quot;,&quot;custom_field_name&quot;:&quot;&quot;,&quot;ids&quot;:&quot;&quot;,&quot;post_type&quot;:&quot;hitzaldiak&quot;,&quot;attachment_ids&quot;:null,&quot;include_post_thumbnail&quot;:0,&quot;post_author&quot;:&quot;any&quot;,&quot;post_author_ids&quot;:&quot;&quot;,&quot;apply_url_params&quot;:0,&quot;ignore_sticky_posts&quot;:1,&quot;exclude_children&quot;:0,&quot;exclude_current_post&quot;:&quot;0&quot;,&quot;exclude_prev_posts&quot;:0,&quot;exclude_past_events&quot;:0,&quot;enable_items_offset&quot;:0,&quot;items_offset&quot;:&quot;1&quot;,&quot;tax_query_relation&quot;:&quot;none&quot;,&quot;tax_query&quot;:[{&quot;operator&quot;:&quot;IN&quot;,&quot;taxonomy&quot;:&quot;category&quot;,&quot;terms&quot;:&quot;&quot;,&quot;include_children&quot;:0}],&quot;meta_query_relation&quot;:&quot;AND&quot;,&quot;meta_query&quot;:&quot;%5B%7B%22key%22%3A%22tokia%22%2C%22compare%22%3A%22%3D%22%2C%22value%22%3A%22irun%22%7D%2C%7B%22key%22%3A%22data%22%2C%22compare%22%3A%22%3D%22%2C%22value%22%3A%2220260925%22%7D%5D&quot;,&quot;orderby&quot;:&quot;custom&quot;,&quot;orderby_custom_field&quot;:&quot;menu_order&quot;,&quot;orderby_custom_type&quot;:&quot;1&quot;,&quot;order_invert&quot;:0,&quot;show_all&quot;:&quot;1&quot;,&quot;quantity&quot;:&quot;12&quot;,&quot;posts_per_archive_page&quot;:0,&quot;no_items_action&quot;:&quot;message&quot;,&quot;no_items_message&quot;:&quot;No se han encontrado resultados.&quot;,&quot;no_items_page_block&quot;:&quot;&quot;,&quot;pagination&quot;:&quot;none&quot;,&quot;pagination_style&quot;:&quot;&quot;,&quot;pagination_btn_text&quot;:&quot;Cargar m\\u00e1s&quot;,&quot;pagination_btn_size&quot;:&quot;&quot;,&quot;pagination_btn_style&quot;:&quot;1&quot;,&quot;pagination_btn_fullwidth&quot;:0,&quot;items_layout&quot;:&quot;3155&quot;,&quot;type&quot;:&quot;grid&quot;,&quot;items_valign&quot;:0,&quot;ignore_items_size&quot;:0,&quot;columns&quot;:&quot;1&quot;,&quot;items_gap&quot;:&quot;0.3rem&quot;,&quot;load_animation&quot;:&quot;none&quot;,&quot;items_preload_style&quot;:&quot;spinner&quot;,&quot;img_size&quot;:&quot;default&quot;,&quot;title_size&quot;:&quot;&quot;,&quot;items_ratio&quot;:&quot;default&quot;,&quot;items_ratio_width&quot;:&quot;21&quot;,&quot;items_ratio_height&quot;:&quot;9&quot;,&quot;overriding_link&quot;:&quot;%7B%22url%22%3A%22%22%7D&quot;,&quot;popup_page_template&quot;:&quot;0&quot;,&quot;popup_width&quot;:&quot;&quot;,&quot;popup_arrows&quot;:1,&quot;breakpoint_1_width&quot;:&quot;1501px&quot;,&quot;breakpoint_1_cols&quot;:&quot;default&quot;,&quot;breakpoint_1_quantity&quot;:&quot;&quot;,&quot;breakpoint_1_gap&quot;:&quot;&quot;,&quot;breakpoint_2_width&quot;:&quot;1025px&quot;,&quot;breakpoint_2_cols&quot;:&quot;2&quot;,&quot;breakpoint_2_quantity&quot;:&quot;&quot;,&quot;breakpoint_2_gap&quot;:&quot;&quot;,&quot;breakpoint_3_width&quot;:&quot;801px&quot;,&quot;breakpoint_3_cols&quot;:&quot;1&quot;,&quot;breakpoint_3_quantity&quot;:&quot;&quot;,&quot;breakpoint_3_gap&quot;:&quot;&quot;,&quot;conditions_operator&quot;:&quot;always&quot;,&quot;conditions&quot;:[],&quot;css&quot;:null,&quot;el_class&quot;:&quot;&quot;,&quot;el_id&quot;:&quot;&quot;,&quot;enable_custom_html_atts&quot;:0,&quot;custom_html_atts&quot;:null,&quot;hide_on_states&quot;:&quot;&quot;,&quot;hide_for_sticky&quot;:0,&quot;hide_for_not_sticky&quot;:0,&quot;hide_below&quot;:&quot;0px&quot;,&quot;hide_above&quot;:&quot;0px&quot;,&quot;classes&quot;:&quot;&quot;},&quot;found_posts&quot;:0,&quot;per_page&quot;:999},&quot;facetedFilter&quot;:[]}'><\/div><\/div><\/div><\/div><div class=\"wpb_column vc_column_container us_custom_4d5921b1 has_bg_color type_sticky\"><div class=\"vc_column-inner\"><div class=\"w-separator size_small\"><\/div><div class=\"w-image align_center\"><div class=\"w-image-h\"><img decoding=\"async\" width=\"55\" height=\"74\" src=\"https:\/\/bihar.eus\/wp-content\/uploads\/2026\/03\/geo-alt-2.png\" class=\"attachment-large size-large\" alt=\"\" loading=\"lazy\" \/><\/div><\/div><div class=\"w-separator size_small\"><\/div><h3 class=\"w-text us_custom_eb849559\"><span class=\"w-text-h\"><span class=\"w-text-value\">Ficoba \u2013 Irun<\/span><\/span><\/h3><div class=\"w-separator size_medium\"><\/div><div class=\"w-image align_center\"><div class=\"w-image-h\"><img decoding=\"async\" width=\"48\" height=\"48\" src=\"https:\/\/bihar.eus\/wp-content\/uploads\/2026\/03\/calendar-check.png\" class=\"attachment-large size-large\" alt=\"\" loading=\"lazy\" \/><\/div><\/div><div class=\"w-separator size_small\"><\/div><h3 class=\"w-text us_custom_eb849559\"><span class=\"w-text-h\"><span class=\"w-text-value\">24 y 25 de septiembre<\/span><\/span><\/h3><div class=\"w-separator size_small\"><\/div><\/div><\/div><\/div><\/div><\/div><\/div><div class=\"w-tabs-section\" id=\"oef7\"><button class=\"w-tabs-section-header\" aria-controls=\"content-oef7\" aria-expanded=\"false\"><div class=\"w-tabs-section-title\">26 de septiembre Hendaia<\/div><div class=\"w-tabs-section-control\"><\/div><\/button><div  class=\"w-tabs-section-content\" id=\"content-oef7\"><div class=\"w-tabs-section-content-h i-cf\"><div class=\"g-cols wpb_row via_grid cols_4-1 laptops-cols_inherit tablets-cols_inherit mobiles-cols_1 valign_top type_default stacking_default\" style=\"--columns-gap:3rem;\"><div class=\"wpb_column vc_column_container\"><div class=\"vc_column-inner\"><h2 class=\"w-text\"><span class=\"w-text-h\"><span class=\"w-text-value\">26 sept.- Hendaia<\/span><\/span><\/h2><div class=\"w-grid us_post_list type_grid layout_1636 cols_1 preload_style_spinner\" id=\"us_post_list_z3cf\" style=\"--columns:1;--gap:0.3rem;\"><div class=\"w-grid-list\">\t<article class=\"w-grid-item size_1x1 post-1674 hitzaldiak type-hitzaldiak status-publish hentry\" data-id=\"1674\">\r\n\t\t<div class=\"w-grid-item-h\">\r\n\t\t\t\t\t\t<div class=\"w-hwrapper usg_hwrapper_1 egitaraua-kaja align_left valign_middle\" style=\"--hwrapper-gap:1rem\"><div class=\"w-vwrapper usg_vwrapper_3 w10 align_none valign_top\" style=\"--vwrapper-gap:0.2rem\"><div class=\"w-post-elm post_custom_field usg_post_custom_field_2 ordua type_text color_link_inherit\"><span class=\"w-post-elm-value\">11:30-11:45<\/span><\/div><\/div><div class=\"w-vwrapper usg_vwrapper_2 w57 align_none valign_justify\" style=\"--vwrapper-gap:0.5rem\"><p class=\"w-post-elm post_title usg_post_title_1 titulua entry-title color_link_inherit\"><a href=\"https:\/\/bihar.eus\/es\/hitzaldiak\/performance-culturelle-participative\/\">Actuaci\u00f3n cultural participativa<\/a><\/p><\/div><div class=\"w-vwrapper usg_vwrapper_4 w57 align_none valign_top\"><\/div><\/div>\t\t<\/div>\r\n\t\t\t<\/article>\r\n\t<article class=\"w-grid-item size_1x1 post-1703 hitzaldiak type-hitzaldiak status-publish hentry\" data-id=\"1703\">\r\n\t\t<div class=\"w-grid-item-h\">\r\n\t\t\t\t\t\t<div class=\"w-hwrapper usg_hwrapper_1 egitaraua-kaja align_left valign_middle\" style=\"--hwrapper-gap:1rem\"><div class=\"w-vwrapper usg_vwrapper_3 w10 align_none valign_top\" style=\"--vwrapper-gap:0.2rem\"><div class=\"w-post-elm post_custom_field usg_post_custom_field_2 ordua type_text color_link_inherit\"><span class=\"w-post-elm-value\">11:00-11:15<\/span><\/div><\/div><div class=\"w-vwrapper usg_vwrapper_2 w57 align_none valign_justify\" style=\"--vwrapper-gap:0.5rem\"><p class=\"w-post-elm post_title usg_post_title_1 titulua entry-title color_link_inherit\"><a href=\"https:\/\/bihar.eus\/es\/hitzaldiak\/bienvenida-musical\/\">Bienvenida musical<\/a><\/p><\/div><div class=\"w-vwrapper usg_vwrapper_4 w57 align_none valign_top\"><\/div><\/div>\t\t<\/div>\r\n\t\t\t<\/article>\r\n\t<article class=\"w-grid-item size_1x1 post-1880 hitzaldiak type-hitzaldiak status-publish hentry\" data-id=\"1880\">\r\n\t\t<div class=\"w-grid-item-h\">\r\n\t\t\t\t\t\t<div class=\"w-hwrapper usg_hwrapper_1 egitaraua-kaja align_left valign_middle\" style=\"--hwrapper-gap:1rem\"><div class=\"w-vwrapper usg_vwrapper_3 w10 align_none valign_top\" style=\"--vwrapper-gap:0.2rem\"><div class=\"w-post-elm post_custom_field usg_post_custom_field_2 ordua type_text color_link_inherit\"><span class=\"w-post-elm-value\">11:15-11:30<\/span><\/div><\/div><div class=\"w-vwrapper usg_vwrapper_2 w57 align_none valign_justify\" style=\"--vwrapper-gap:0.5rem\"><p class=\"w-post-elm post_title usg_post_title_1 titulua entry-title color_link_inherit\"><a href=\"https:\/\/bihar.eus\/es\/hitzaldiak\/lectura-de-la-declaracion\/\">Lectura de la declaraci\u00f3n<\/a><\/p><\/div><div class=\"w-vwrapper usg_vwrapper_4 w57 align_none valign_top\"><\/div><\/div>\t\t<\/div>\r\n\t\t\t<\/article>\r\n\t<article class=\"w-grid-item size_1x1 post-1675 hitzaldiak type-hitzaldiak status-publish hentry\" data-id=\"1675\">\r\n\t\t<div class=\"w-grid-item-h\">\r\n\t\t\t\t\t\t<div class=\"w-hwrapper usg_hwrapper_1 egitaraua-kaja align_left valign_middle\" style=\"--hwrapper-gap:1rem\"><div class=\"w-vwrapper usg_vwrapper_3 w10 align_none valign_top\" style=\"--vwrapper-gap:0.2rem\"><div class=\"w-post-elm post_custom_field usg_post_custom_field_2 ordua type_text color_link_inherit\"><span class=\"w-post-elm-value\">11:30-11:45<\/span><\/div><\/div><div class=\"w-vwrapper usg_vwrapper_2 w57 align_none valign_justify\" style=\"--vwrapper-gap:0.5rem\"><p class=\"w-post-elm post_title usg_post_title_1 titulua entry-title color_link_inherit\"><a href=\"https:\/\/bihar.eus\/es\/hitzaldiak\/kultura-emanaldi-parte-hartzailea\/\">Actuaci\u00f3n cultural participativa<\/a><\/p><\/div><div class=\"w-vwrapper usg_vwrapper_4 w57 align_none valign_top\"><\/div><\/div>\t\t<\/div>\r\n\t\t\t<\/article>\r\n\t<article class=\"w-grid-item size_1x1 post-1671 hitzaldiak type-hitzaldiak status-publish hentry\" data-id=\"1671\">\r\n\t\t<div class=\"w-grid-item-h\">\r\n\t\t\t\t\t\t<div class=\"w-hwrapper usg_hwrapper_1 egitaraua-kaja align_left valign_middle\" style=\"--hwrapper-gap:1rem\"><div class=\"w-vwrapper usg_vwrapper_3 w10 align_none valign_top\" style=\"--vwrapper-gap:0.2rem\"><div class=\"w-post-elm post_custom_field usg_post_custom_field_2 ordua type_text color_link_inherit\"><span class=\"w-post-elm-value\">11:45-12:00<\/span><\/div><\/div><div class=\"w-vwrapper usg_vwrapper_2 w57 align_none valign_justify\" style=\"--vwrapper-gap:0.5rem\"><p class=\"w-post-elm post_title usg_post_title_1 titulua entry-title color_link_inherit\"><a href=\"https:\/\/bihar.eus\/es\/hitzaldiak\/clausura\/\">Clausura<\/a><\/p><\/div><div class=\"w-vwrapper usg_vwrapper_4 w57 align_none valign_top\"><\/div><\/div>\t\t<\/div>\r\n\t\t\t<\/article>\r\n<\/div><div class=\"g-loadmore hidden\"><div class=\"g-preloader type_1\"><div><\/div><\/div><\/div><div class=\"w-grid-list-json hidden\" onclick='return {&quot;max_num_pages&quot;:0,&quot;paginationBase&quot;:&quot;page&quot;,&quot;pagination&quot;:&quot;none&quot;,&quot;paged&quot;:1,&quot;ajaxData&quot;:{&quot;action&quot;:&quot;us_ajax_post_list&quot;,&quot;meta_type&quot;:&quot;post&quot;,&quot;object_id&quot;:0,&quot;template_vars&quot;:{&quot;shortcode_base&quot;:&quot;us_post_list&quot;,&quot;paged&quot;:1,&quot;max_num_pages&quot;:0,&quot;no_results&quot;:false,&quot;us_post_content_design_css&quot;:[],&quot;found_posts&quot;:0,&quot;per_page&quot;:999,&quot;items_count&quot;:5,&quot;orderby_random_seed&quot;:null,&quot;source&quot;:&quot;all&quot;,&quot;custom_field_name&quot;:&quot;&quot;,&quot;ids&quot;:&quot;&quot;,&quot;post_type&quot;:&quot;hitzaldiak&quot;,&quot;attachment_ids&quot;:null,&quot;include_post_thumbnail&quot;:0,&quot;post_author&quot;:&quot;any&quot;,&quot;post_author_ids&quot;:&quot;&quot;,&quot;apply_url_params&quot;:0,&quot;ignore_sticky_posts&quot;:1,&quot;exclude_children&quot;:0,&quot;exclude_current_post&quot;:&quot;0&quot;,&quot;exclude_prev_posts&quot;:0,&quot;exclude_past_events&quot;:0,&quot;enable_items_offset&quot;:0,&quot;items_offset&quot;:&quot;1&quot;,&quot;tax_query_relation&quot;:&quot;none&quot;,&quot;tax_query&quot;:[{&quot;operator&quot;:&quot;IN&quot;,&quot;taxonomy&quot;:&quot;category&quot;,&quot;terms&quot;:&quot;&quot;,&quot;include_children&quot;:0}],&quot;meta_query_relation&quot;:&quot;AND&quot;,&quot;meta_query&quot;:&quot;%5B%7B%22key%22%3A%22tokia%22%2C%22compare%22%3A%22%3D%22%2C%22value%22%3A%22hendaia%22%7D%2C%7B%22key%22%3A%22data%22%2C%22compare%22%3A%22%3D%22%2C%22value%22%3A%2220260926%22%7D%5D&quot;,&quot;orderby&quot;:&quot;custom&quot;,&quot;orderby_custom_field&quot;:&quot;menu_order&quot;,&quot;orderby_custom_type&quot;:0,&quot;order_invert&quot;:0,&quot;show_all&quot;:&quot;1&quot;,&quot;quantity&quot;:&quot;12&quot;,&quot;posts_per_archive_page&quot;:0,&quot;no_items_action&quot;:&quot;message&quot;,&quot;no_items_message&quot;:&quot;No se han encontrado resultados.&quot;,&quot;no_items_page_block&quot;:&quot;&quot;,&quot;pagination&quot;:&quot;none&quot;,&quot;pagination_style&quot;:&quot;&quot;,&quot;pagination_btn_text&quot;:&quot;Cargar m\\u00e1s&quot;,&quot;pagination_btn_size&quot;:&quot;&quot;,&quot;pagination_btn_style&quot;:&quot;1&quot;,&quot;pagination_btn_fullwidth&quot;:0,&quot;items_layout&quot;:&quot;1636&quot;,&quot;type&quot;:&quot;grid&quot;,&quot;items_valign&quot;:0,&quot;ignore_items_size&quot;:0,&quot;columns&quot;:&quot;1&quot;,&quot;items_gap&quot;:&quot;0.3rem&quot;,&quot;load_animation&quot;:&quot;none&quot;,&quot;items_preload_style&quot;:&quot;spinner&quot;,&quot;img_size&quot;:&quot;default&quot;,&quot;title_size&quot;:&quot;&quot;,&quot;items_ratio&quot;:&quot;default&quot;,&quot;items_ratio_width&quot;:&quot;21&quot;,&quot;items_ratio_height&quot;:&quot;9&quot;,&quot;overriding_link&quot;:&quot;%7B%22url%22%3A%22%22%7D&quot;,&quot;popup_page_template&quot;:&quot;0&quot;,&quot;popup_width&quot;:&quot;&quot;,&quot;popup_arrows&quot;:1,&quot;breakpoint_1_width&quot;:&quot;1501px&quot;,&quot;breakpoint_1_cols&quot;:&quot;default&quot;,&quot;breakpoint_1_quantity&quot;:&quot;&quot;,&quot;breakpoint_1_gap&quot;:&quot;&quot;,&quot;breakpoint_2_width&quot;:&quot;1025px&quot;,&quot;breakpoint_2_cols&quot;:&quot;2&quot;,&quot;breakpoint_2_quantity&quot;:&quot;&quot;,&quot;breakpoint_2_gap&quot;:&quot;&quot;,&quot;breakpoint_3_width&quot;:&quot;801px&quot;,&quot;breakpoint_3_cols&quot;:&quot;1&quot;,&quot;breakpoint_3_quantity&quot;:&quot;&quot;,&quot;breakpoint_3_gap&quot;:&quot;&quot;,&quot;conditions_operator&quot;:&quot;always&quot;,&quot;conditions&quot;:[],&quot;css&quot;:null,&quot;el_class&quot;:&quot;&quot;,&quot;el_id&quot;:&quot;&quot;,&quot;enable_custom_html_atts&quot;:0,&quot;custom_html_atts&quot;:null,&quot;hide_on_states&quot;:&quot;&quot;,&quot;hide_for_sticky&quot;:0,&quot;hide_for_not_sticky&quot;:0,&quot;hide_below&quot;:&quot;0px&quot;,&quot;hide_above&quot;:&quot;0px&quot;,&quot;classes&quot;:&quot;&quot;},&quot;found_posts&quot;:0,&quot;per_page&quot;:999},&quot;facetedFilter&quot;:[]}'><\/div><\/div><\/div><\/div><div class=\"wpb_column vc_column_container us_custom_4d5921b1 has_bg_color\"><div class=\"vc_column-inner\"><div class=\"w-separator size_small\"><\/div><div class=\"w-image align_center\"><div class=\"w-image-h\"><img decoding=\"async\" width=\"55\" height=\"74\" src=\"https:\/\/bihar.eus\/wp-content\/uploads\/2026\/03\/geo-alt-2.png\" class=\"attachment-large size-large\" alt=\"\" loading=\"lazy\" \/><\/div><\/div><div class=\"w-separator size_small\"><\/div><h3 class=\"w-text us_custom_eb849559\"><span class=\"w-text-h\"><span class=\"w-text-value\">Hendaia<\/span><\/span><\/h3><div class=\"w-separator size_medium\"><\/div><div class=\"w-image align_center\"><div class=\"w-image-h\"><img decoding=\"async\" width=\"48\" height=\"48\" src=\"https:\/\/bihar.eus\/wp-content\/uploads\/2026\/03\/calendar-check.png\" class=\"attachment-large size-large\" alt=\"\" loading=\"lazy\" \/><\/div><\/div><div class=\"w-separator size_small\"><\/div><h3 class=\"w-text us_custom_eb849559\"><span class=\"w-text-h\"><span class=\"w-text-value\">26 de septiembre<\/span><\/span><\/h3><div class=\"w-separator size_small\"><\/div><\/div><\/div><\/div><\/div><\/div><\/div><div class=\"w-tabs-section\" id=\"u698\"><button class=\"w-tabs-section-header\" aria-controls=\"content-u698\" aria-expanded=\"false\"><div class=\"w-tabs-section-title\">Programa art\u00edstico-cultural<\/div><div class=\"w-tabs-section-control\"><\/div><\/button><div  class=\"w-tabs-section-content\" id=\"content-u698\"><div class=\"w-tabs-section-content-h i-cf\"><div class=\"g-cols wpb_row via_grid cols_4-1 laptops-cols_inherit tablets-cols_inherit mobiles-cols_1 valign_top type_default stacking_default\" style=\"--columns-gap:3rem;\"><div class=\"wpb_column vc_column_container\"><div class=\"vc_column-inner\"><h2 class=\"w-text\"><span class=\"w-text-h\"><span class=\"w-text-value\">Programa art\u00edstico-cultural<\/span><\/span><\/h2><h2 class=\"w-text\"><span class=\"w-text-h\"><span class=\"w-text-value\">24 y 25 de septiembre<\/span><\/span><\/h2><div class=\"wpb_text_column\"><div class=\"wpb_wrapper\"><p><span>El programa se publicar\u00e1 m\u00e1s adelante.<br \/>\n<\/span><\/p>\n<\/div><\/div><div class=\"w-grid us_post_list type_grid layout_1896 cols_1 preload_style_spinner\" id=\"us_post_list_b926\" style=\"--columns:1;--gap:0.3rem;\"><style>.layout_1896 .w-grid-item-h{background:var(--color-header-middle-bg)}.layout_1896 .usg_hwrapper_1{border-bottom-width:2px!important;border-color:var(--color-header-middle-text)!important;border-bottom-style:solid!important}.layout_1896 .usg_post_custom_field_1{text-align:left!important;font-size:28px!important;line-height:32px!important;font-weight:800!important}.layout_1896 .usg_vwrapper_1{width:65%!important}.layout_1896 .usg_post_title_1{font-size:22px!important;line-height:24px!important;font-weight:700!important;margin-bottom:1.5rem!important}.layout_1896 .usg_vwrapper_3{width:30%!important}@media (min-width:1025px) and (max-width:1500px){.layout_1896 .usg_post_custom_field_1{text-align:inherit!important;font-weight:800!important}}@media (min-width:801px) and (max-width:1024px){.layout_1896 .usg_post_custom_field_1{text-align:inherit!important;font-weight:800!important}}@media (max-width:800px){.layout_1896 .usg_post_custom_field_1{text-align:inherit!important;font-weight:800!important}}<\/style><div class=\"w-grid-list\">\t<article class=\"w-grid-item size_1x1 post-1640 hitzaldiak type-hitzaldiak status-publish hentry\" data-id=\"1640\">\r\n\t\t<div class=\"w-grid-item-h\">\r\n\t\t\t\t\t\t<div class=\"w-hwrapper usg_hwrapper_1 align_justify valign_middle\" style=\"--hwrapper-gap:0rem\"><div class=\"w-vwrapper usg_vwrapper_3 align_none valign_top\" style=\"--vwrapper-gap:0.3rem\"><div class=\"w-post-elm post_custom_field usg_post_custom_field_1 type_text ordua color_link_inherit\"><span class=\"w-post-elm-value\">18:00etatik aurrera\t<\/span><\/div><\/div><div class=\"w-vwrapper usg_vwrapper_1 align_none valign_top\"><h4 class=\"w-post-elm post_title usg_post_title_1 entry-title color_link_inherit\">Eskaintza artistiko-kulturala (Hendaia)<\/h4><\/div><\/div>\t\t<\/div>\r\n\t\t\t<\/article>\r\n<\/div><div class=\"g-loadmore hidden\"><div class=\"g-preloader type_1\"><div><\/div><\/div><\/div><div class=\"w-grid-list-json hidden\" onclick='return {&quot;max_num_pages&quot;:0,&quot;paginationBase&quot;:&quot;page&quot;,&quot;pagination&quot;:&quot;none&quot;,&quot;paged&quot;:1,&quot;ajaxData&quot;:{&quot;action&quot;:&quot;us_ajax_post_list&quot;,&quot;meta_type&quot;:&quot;post&quot;,&quot;object_id&quot;:0,&quot;template_vars&quot;:{&quot;shortcode_base&quot;:&quot;us_post_list&quot;,&quot;paged&quot;:1,&quot;max_num_pages&quot;:0,&quot;no_results&quot;:false,&quot;us_post_content_design_css&quot;:[],&quot;found_posts&quot;:0,&quot;per_page&quot;:999,&quot;items_count&quot;:1,&quot;orderby_random_seed&quot;:null,&quot;source&quot;:&quot;all&quot;,&quot;custom_field_name&quot;:&quot;&quot;,&quot;ids&quot;:&quot;&quot;,&quot;post_type&quot;:&quot;hitzaldiak&quot;,&quot;attachment_ids&quot;:null,&quot;include_post_thumbnail&quot;:0,&quot;post_author&quot;:&quot;any&quot;,&quot;post_author_ids&quot;:&quot;&quot;,&quot;apply_url_params&quot;:0,&quot;ignore_sticky_posts&quot;:1,&quot;exclude_children&quot;:0,&quot;exclude_current_post&quot;:&quot;0&quot;,&quot;exclude_prev_posts&quot;:0,&quot;exclude_past_events&quot;:0,&quot;enable_items_offset&quot;:0,&quot;items_offset&quot;:&quot;1&quot;,&quot;tax_query_relation&quot;:&quot;none&quot;,&quot;tax_query&quot;:[{&quot;operator&quot;:&quot;IN&quot;,&quot;taxonomy&quot;:&quot;category&quot;,&quot;terms&quot;:&quot;&quot;,&quot;include_children&quot;:0}],&quot;meta_query_relation&quot;:&quot;AND&quot;,&quot;meta_query&quot;:&quot;%5B%7B%22key%22%3A%22ekintza_mota%22%2C%22compare%22%3A%22%3D%22%2C%22value%22%3A%22kulturala%22%7D%5D&quot;,&quot;orderby&quot;:&quot;date&quot;,&quot;orderby_custom_field&quot;:&quot;&quot;,&quot;orderby_custom_type&quot;:0,&quot;order_invert&quot;:0,&quot;show_all&quot;:&quot;1&quot;,&quot;quantity&quot;:&quot;12&quot;,&quot;posts_per_archive_page&quot;:0,&quot;no_items_action&quot;:&quot;message&quot;,&quot;no_items_message&quot;:&quot;No se han encontrado resultados.&quot;,&quot;no_items_page_block&quot;:&quot;&quot;,&quot;pagination&quot;:&quot;none&quot;,&quot;pagination_style&quot;:&quot;&quot;,&quot;pagination_btn_text&quot;:&quot;Cargar m\\u00e1s&quot;,&quot;pagination_btn_size&quot;:&quot;&quot;,&quot;pagination_btn_style&quot;:&quot;1&quot;,&quot;pagination_btn_fullwidth&quot;:0,&quot;items_layout&quot;:&quot;1896&quot;,&quot;type&quot;:&quot;grid&quot;,&quot;items_valign&quot;:0,&quot;ignore_items_size&quot;:0,&quot;columns&quot;:&quot;1&quot;,&quot;items_gap&quot;:&quot;0.3rem&quot;,&quot;load_animation&quot;:&quot;none&quot;,&quot;items_preload_style&quot;:&quot;spinner&quot;,&quot;img_size&quot;:&quot;default&quot;,&quot;title_size&quot;:&quot;&quot;,&quot;items_ratio&quot;:&quot;default&quot;,&quot;items_ratio_width&quot;:&quot;21&quot;,&quot;items_ratio_height&quot;:&quot;9&quot;,&quot;overriding_link&quot;:&quot;%7B%22url%22%3A%22%22%7D&quot;,&quot;popup_page_template&quot;:&quot;0&quot;,&quot;popup_width&quot;:&quot;&quot;,&quot;popup_arrows&quot;:1,&quot;breakpoint_1_width&quot;:&quot;1501px&quot;,&quot;breakpoint_1_cols&quot;:&quot;default&quot;,&quot;breakpoint_1_quantity&quot;:&quot;&quot;,&quot;breakpoint_1_gap&quot;:&quot;&quot;,&quot;breakpoint_2_width&quot;:&quot;1025px&quot;,&quot;breakpoint_2_cols&quot;:&quot;2&quot;,&quot;breakpoint_2_quantity&quot;:&quot;&quot;,&quot;breakpoint_2_gap&quot;:&quot;&quot;,&quot;breakpoint_3_width&quot;:&quot;801px&quot;,&quot;breakpoint_3_cols&quot;:&quot;1&quot;,&quot;breakpoint_3_quantity&quot;:&quot;&quot;,&quot;breakpoint_3_gap&quot;:&quot;&quot;,&quot;conditions_operator&quot;:&quot;always&quot;,&quot;conditions&quot;:[],&quot;css&quot;:null,&quot;el_class&quot;:&quot;&quot;,&quot;el_id&quot;:&quot;&quot;,&quot;enable_custom_html_atts&quot;:0,&quot;custom_html_atts&quot;:null,&quot;hide_on_states&quot;:&quot;&quot;,&quot;hide_for_sticky&quot;:0,&quot;hide_for_not_sticky&quot;:0,&quot;hide_below&quot;:&quot;0px&quot;,&quot;hide_above&quot;:&quot;0px&quot;,&quot;classes&quot;:&quot;&quot;},&quot;found_posts&quot;:0,&quot;per_page&quot;:999},&quot;facetedFilter&quot;:[]}'><\/div><\/div><div class=\"w-separator size_small\"><\/div><div class=\"wpb_text_column\"><div class=\"wpb_wrapper\"><p><span>No es necesario inscribirse<\/span><\/p>\n<\/div><\/div><\/div><\/div><div class=\"wpb_column vc_column_container us_custom_4d5921b1 has_bg_color\"><div class=\"vc_column-inner\"><div class=\"w-separator size_small\"><\/div><div class=\"w-image align_center\"><div class=\"w-image-h\"><img decoding=\"async\" width=\"55\" height=\"74\" src=\"https:\/\/bihar.eus\/wp-content\/uploads\/2026\/03\/geo-alt-2.png\" class=\"attachment-large size-large\" alt=\"\" loading=\"lazy\" \/><\/div><\/div><div class=\"w-separator size_small\"><\/div><h3 class=\"w-text us_custom_eb849559\"><span class=\"w-text-h\"><span class=\"w-text-value\">Hendaia<\/span><\/span><\/h3><p class=\"w-text us_custom_eb849559\"><span class=\"w-text-h\"><span class=\"w-text-value\">F\u00e1brica Borderline<\/span><\/span><\/p><div class=\"w-separator size_medium\"><\/div><div class=\"w-separator size_small\"><\/div><\/div><\/div><\/div><\/div><\/div><\/div><\/div><\/div><\/div><\/div><\/div><\/div><\/section><section class=\"l-section wpb_row height_small\" id=\"izena-eman\"><div class=\"l-section-h i-cf\"><div class=\"g-cols vc_row via_grid cols_1 laptops-cols_inherit tablets-cols_inherit mobiles-cols_1 valign_top type_default stacking_default\"><div class=\"wpb_column vc_column_container\"><div class=\"vc_column-inner\"><div class=\"w-separator size_medium\"><\/div><h2 class=\"w-text\"><span class=\"w-text-h\"><span class=\"w-text-value\">Inscripci\u00f3n<\/span><\/span><\/h2><h3 class=\"w-text us_custom_df5f4c97 has_text_color\"><span class=\"w-text-h\"><span class=\"w-text-value\">\u00a1Te invitamos a nuestro congreso!<\/span><\/span><\/h3><div class=\"w-separator size_custom\" style=\"height:0.5rem\"><\/div><div class=\"w-html\"><noscript class=\"ninja-forms-noscript-message\">\n\tAviso: Se requiere JavaScript para este contenido.<\/noscript>\n<div id=\"nf-form-3-cont\" class=\"nf-form-cont\" aria-live=\"polite\" aria-labelledby=\"nf-form-title-3\" aria-describedby=\"nf-form-errors-3\" role=\"form\">\n\n    <div class=\"nf-loading-spinner\"><\/div>\n\n<\/div>\n        <!-- That data is being printed as a workaround to page builders reordering the order of the scripts loaded-->\n        <script>var formDisplay=1;var nfForms=nfForms||[];var form=[];form.id='3';form.settings={\"objectType\":\"Form Setting\",\"editActive\":true,\"title\":\"Nombre y apellidos:\",\"show_title\":0,\"allow_public_link\":0,\"embed_form\":\"\",\"clear_complete\":1,\"hide_complete\":1,\"default_label_pos\":\"above\",\"wrapper_class\":\"\",\"element_class\":\"\",\"form_title_heading_level\":\"3\",\"key\":\"\",\"add_submit\":1,\"currency\":\"\",\"unique_field_error\":\"Ya se ha realizado un env\\u00edo del formulario con este valor.\",\"logged_in\":false,\"not_logged_in_msg\":\"\",\"sub_limit_msg\":\"El formulario ha alcanzado su l\\u00edmite de env\\u00edos.\",\"calculations\":[],\"formContentData\":[\"izen-abizenak_1778751383794\",\"email_1777978612513\",\"hizkuntza_komunitatea_1777978970876\",\"erakundea_1777978996604\",\"zein_hizkuntzan_jaso_nahi_dituzu_oharrak_1777978643985\",\"ziurtagiririk_behar_duzu_1777980310017\",\"zein_ekitaldira_etorriko_zara_1778656352758\",\"html_1778145200553\",\"irailak_24_-_16_00-17_30_1778146214268\",\"irailak_25_-16_00-17_30_1778146228350\",\"elikadura-intolerantziaren_bat_edo_eskaera_bereziren_bat_baduzu_adierazi_iezaguzu_lunch-zerbitzua_egokitu_ahal_izateko_1778146274418\",\"irisgarritasunari_lotutako_premiarik_baduzu_adierazi_hemen_1778146284268\",\"irakurri_dut_eta_onartzen_dut_less_than_a_href_pribatutasun-politika_greater_than_pribatutasun_politikan_less_than_a_greater_than_jasotakoa_1785161555490\",\"irailaren_24an_eta_25ean_izen_emate_asko_jaotzen_ari_garenez_itxaron_zerrenda_zabaldu_dugu_izena_eman_eta_harremanetan_jarriko_gara_barruan_zauden_ala_ez_esateko_1788177271995\",\"bidali_1778146320379\"],\"public_link\":\"https:\\\/\\\/bihar.eus\\\/ninja-forms\\\/3d88g\",\"changeEmailErrorMsg\":\"Introduce una direcci\\u00f3n de correo electr\\u00f3nico v\\u00e1lida.\",\"changeDateErrorMsg\":\"\\u00a1Introduce una fecha v\\u00e1lida!\",\"confirmFieldErrorMsg\":\"Estos campos deben coincidir.\",\"fieldNumberNumMinError\":\"Error de n\\u00famero m\\u00ednimo\",\"fieldNumberNumMaxError\":\"Error de n\\u00famero m\\u00e1ximo\",\"fieldNumberIncrementBy\":\"Increm\\u00e9ntalo por \",\"formErrorsCorrectErrors\":\"Corrige los errores antes de enviar este formulario.\",\"validateRequiredField\":\"Esto es un campo obligatorio.\",\"honeypotHoneypotError\":\"Error de Honeypot\",\"fieldsMarkedRequired\":\"Los campos marcados con <span class=\\\"ninja-forms-req-symbol\\\">*<\\\/span> son obligatorios\",\"public_link_key\":\"3d88g\",\"objectDomain\":\"conditional_logic\",\"drawerDisabled\":false,\"conditions\":[{\"collapsed\":false,\"process\":1,\"connector\":\"all\",\"label\":\"irun hautatu\",\"order\":0,\"when\":[{\"connector\":\"AND\",\"key\":\"zein_ekitaldira_etorriko_zara_1778656352758\",\"comparator\":\"contains\",\"value\":\"Ira.24\",\"type\":\"field\",\"modelType\":\"when\"}],\"then\":[{\"key\":\"html_1778145200553\",\"trigger\":\"show_field\",\"value\":\"\",\"type\":\"field\",\"modelType\":\"then\"},{\"key\":\"irailak_24_-_16_00-17_30_1778146214268\",\"trigger\":\"show_field\",\"value\":\"\",\"type\":\"field\",\"modelType\":\"then\"},{\"key\":\"irailak_25_-16_00-17_30_1778146228350\",\"trigger\":\"show_field\",\"value\":\"\",\"type\":\"field\",\"modelType\":\"then\"}],\"else\":[{\"key\":\"html_1778145200553\",\"trigger\":\"hide_field\",\"value\":\"\",\"type\":\"field\",\"modelType\":\"else\"},{\"key\":\"irailak_24_-_16_00-17_30_1778146214268\",\"trigger\":\"hide_field\",\"value\":\"\",\"type\":\"field\",\"modelType\":\"else\"},{\"key\":\"irailak_25_-16_00-17_30_1778146228350\",\"trigger\":\"hide_field\",\"value\":\"\",\"type\":\"field\",\"modelType\":\"else\"}]}],\"ninjaForms\":\"Ninja Forms\",\"fieldTextareaRTEInsertLink\":\"Insertar enlace\",\"fieldTextareaRTEInsertMedia\":\"Insertar medios\",\"fieldTextareaRTESelectAFile\":\"Seleccione un archivo\",\"tableInsertRowAbove\":\"Insert Row Above\",\"tableInsertRowBelow\":\"Insert Row Below\",\"tableInsertColumnLeft\":\"Insert Column Left\",\"tableInsertColumnRight\":\"Insert Column Right\",\"tableDeleteRow\":\"Delete Row\",\"tableDeleteColumn\":\"Delete Column\",\"tableDeleteTable\":\"Delete Table\",\"tableLegacyNotice\":\"This content has tables in the old editor format. Custom styles are preserved until converted. Editing will update to the new format.\",\"tableLegacyConvert\":\"Convert Now\",\"tableInsertTable\":\"Insert Table\",\"dismiss\":\"Descartar\",\"insertLink\":\"Insertar enlace\",\"formHoneypot\":\"Si eres un ser humano y est\\u00e1s viendo este campo, por favor d\\u00e9jalo vac\\u00edo.\",\"fileUploadOldCodeFileUploadInProgress\":\"Subida de archivo en curso.\",\"fileUploadOldCodeFileUpload\":\"SUBIDA DE ARCHIVO\",\"currencySymbol\":\"&#36;\",\"thousands_sep\":\".\",\"decimal_point\":\",\",\"siteLocale\":\"es_ES\",\"dateFormat\":\"m\\\/d\\\/Y\",\"startOfWeek\":\"1\",\"of\":\"de\",\"previousMonth\":\"Mes anterior\",\"nextMonth\":\"Pr\\u00f3ximo mes\",\"months\":[\"Enero\",\"Febrero\",\"Marzo\",\"Abril\",\"Mayo\",\"Junio\",\"Julio\",\"Agosto\",\"Septiembre\",\"Octubre\",\"Noviembre\",\"Diciembre\"],\"monthsShort\":[\"Ene\",\"Feb\",\"Mar\",\"Abr\",\"Mayo\",\"Jun\",\"Jul\",\"Ago\",\"Sep\",\"Oct\",\"Nov\",\"Dic\"],\"weekdays\":[\"Domingo\",\"Lunes\",\"Martes\",\"Mi\\u00e9rcoles\",\"Jueves\",\"Viernes\",\"S\\u00e1bado\"],\"weekdaysShort\":[\"Dom\",\"Lun\",\"Mar\",\"Mi\\u00e9\",\"Jue\",\"Vie\",\"S\\u00e1b\"],\"weekdaysMin\":[\"Do\",\"Lu\",\"Ma\",\"Mi\",\"Ju\",\"Vi\",\"S\\u00e1\"],\"recaptchaConsentMissing\":\"reCaptcha validation couldn&#039;t load.\",\"recaptchaMissingCookie\":\"reCaptcha v3 validation couldn&#039;t load the cookie needed to submit the form.\",\"recaptchaConsentEvent\":\"Accept reCaptcha cookies before sending the form.\",\"currency_symbol\":\"\",\"beforeForm\":\"\",\"beforeFields\":\"\",\"afterFields\":\"\",\"afterForm\":\"\"};form.fields=[{\"objectType\":\"Field\",\"objectDomain\":\"fields\",\"editActive\":false,\"order\":1,\"idAttribute\":\"id\",\"type\":\"textbox\",\"label\":\"Nombre y Apellidos\",\"key\":\"izen-abizenak_1778751383794\",\"label_pos\":\"above\",\"required\":false,\"default\":\"\",\"placeholder\":\"\",\"container_class\":\"one-half first\",\"element_class\":\"\",\"input_limit\":\"\",\"input_limit_type\":\"characters\",\"input_limit_msg\":\"Faltan caracteres\",\"manual_key\":false,\"admin_label\":\"\",\"help_text\":\"\",\"mask\":\"\",\"custom_mask\":\"\",\"custom_name_attribute\":\"\",\"personally_identifiable\":\"\",\"custom_autocomplete\":\"\",\"value\":\"\",\"drawerDisabled\":false,\"id\":20,\"beforeField\":\"\",\"afterField\":\"\",\"parentType\":\"textbox\",\"element_templates\":[\"textbox\",\"input\"],\"old_classname\":\"\",\"wrap_template\":\"wrap\"},{\"objectType\":\"Field\",\"objectDomain\":\"fields\",\"editActive\":false,\"order\":2,\"idAttribute\":\"id\",\"type\":\"email\",\"label\":\"Correo electr\\u00f3nico:\",\"key\":\"email_1777978612513\",\"label_pos\":\"above\",\"required\":false,\"default\":\"\",\"placeholder\":\"\",\"container_class\":\"one-half\",\"element_class\":\"\",\"admin_label\":\"\",\"help_text\":\"\",\"custom_name_attribute\":\"email\",\"personally_identifiable\":1,\"value\":\"\",\"drawerDisabled\":false,\"id\":14,\"beforeField\":\"\",\"afterField\":\"\",\"parentType\":\"email\",\"element_templates\":[\"email\",\"input\"],\"old_classname\":\"\",\"wrap_template\":\"wrap\"},{\"objectType\":\"Field\",\"objectDomain\":\"fields\",\"editActive\":false,\"order\":3,\"idAttribute\":\"id\",\"type\":\"textbox\",\"label\":\"Comunidad ling\\u00fc\\u00edstica\",\"key\":\"hizkuntza_komunitatea_1777978970876\",\"label_pos\":\"above\",\"required\":false,\"default\":\"\",\"placeholder\":\"\",\"container_class\":\"one-half first\",\"element_class\":\"\",\"input_limit\":\"\",\"input_limit_type\":\"characters\",\"input_limit_msg\":\"Faltan caracteres\",\"manual_key\":false,\"admin_label\":\"\",\"help_text\":\"\",\"mask\":\"\",\"custom_mask\":\"\",\"custom_name_attribute\":\"\",\"personally_identifiable\":\"\",\"custom_autocomplete\":\"\",\"value\":\"\",\"drawerDisabled\":false,\"id\":17,\"beforeField\":\"\",\"afterField\":\"\",\"parentType\":\"textbox\",\"element_templates\":[\"textbox\",\"input\"],\"old_classname\":\"\",\"wrap_template\":\"wrap\"},{\"objectType\":\"Field\",\"objectDomain\":\"fields\",\"editActive\":false,\"order\":4,\"idAttribute\":\"id\",\"type\":\"textbox\",\"label\":\"Organizaci\\u00f3n\",\"key\":\"erakundea_1777978996604\",\"label_pos\":\"above\",\"required\":false,\"default\":\"\",\"placeholder\":\"\",\"container_class\":\"one-half\",\"element_class\":\"\",\"input_limit\":\"\",\"input_limit_type\":\"characters\",\"input_limit_msg\":\"Faltan caracteres\",\"manual_key\":false,\"admin_label\":\"\",\"help_text\":\"\",\"mask\":\"\",\"custom_mask\":\"\",\"custom_name_attribute\":\"\",\"personally_identifiable\":\"\",\"custom_autocomplete\":\"\",\"value\":\"\",\"drawerDisabled\":false,\"id\":18,\"beforeField\":\"\",\"afterField\":\"\",\"parentType\":\"textbox\",\"element_templates\":[\"textbox\",\"input\"],\"old_classname\":\"\",\"wrap_template\":\"wrap\"},{\"objectType\":\"Field\",\"objectDomain\":\"fields\",\"editActive\":false,\"order\":5,\"idAttribute\":\"id\",\"type\":\"listselect\",\"label\":\"\\u00bfEn qu\\u00e9 idioma desea recibir las comunicaciones? \\u00bfEn qu\\u00e9 idioma seguir\\u00e1 el congreso?\",\"key\":\"zein_hizkuntzan_jaso_nahi_dituzu_oharrak_1777978643985\",\"label_pos\":\"above\",\"required\":false,\"options\":[{\"errors\":[],\"max_options\":0,\"label\":\"Euskara\",\"value\":\"Euskara\",\"calc\":1,\"selected\":0,\"order\":0,\"settingModel\":{\"settings\":false,\"hide_merge_tags\":false,\"error\":false,\"name\":\"options\",\"type\":\"option-repeater\",\"label\":\"Aukerak <a href=\\\"#\\\" class=\\\"nf-add-new\\\">Gehitu berria<\\\/a> <a href=\\\"#\\\" class=\\\"extra nf-open-import-tooltip\\\"><i class=\\\"fa fa-sign-in\\\" aria-hidden=\\\"true\\\"><\\\/i> Inportatu<\\\/a>\",\"width\":\"full\",\"group\":\"\",\"value\":[{\"label\":\"Bat\",\"value\":\"bat\",\"calc\":\"\",\"selected\":0,\"order\":0},{\"label\":\"Bi\",\"value\":\"bi\",\"calc\":\"\",\"selected\":0,\"order\":1},{\"label\":\"Hiru\",\"value\":\"hiru\",\"calc\":\"\",\"selected\":0,\"order\":2}],\"columns\":{\"label\":{\"header\":\"Etiketa\",\"default\":\"\"},\"value\":{\"header\":\"Balioa\",\"default\":\"\"},\"calc\":{\"header\":\"Kalkulu Balioa\",\"default\":\"\"},\"selected\":{\"header\":\"<span class=\\\"dashicons dashicons-yes\\\"><\\\/span>\",\"default\":0}},\"settingKey\":\"options\"},\"manual_value\":true},{\"errors\":[],\"max_options\":0,\"label\":\"Castellano\",\"value\":\"Gaztelera\",\"calc\":2,\"selected\":0,\"order\":1,\"settingModel\":{\"settings\":false,\"hide_merge_tags\":false,\"error\":false,\"name\":\"options\",\"type\":\"option-repeater\",\"label\":\"Aukerak <a href=\\\"#\\\" class=\\\"nf-add-new\\\">Gehitu berria<\\\/a> <a href=\\\"#\\\" class=\\\"extra nf-open-import-tooltip\\\"><i class=\\\"fa fa-sign-in\\\" aria-hidden=\\\"true\\\"><\\\/i> Inportatu<\\\/a>\",\"width\":\"full\",\"group\":\"\",\"value\":[{\"label\":\"Bat\",\"value\":\"bat\",\"calc\":\"\",\"selected\":0,\"order\":0},{\"label\":\"Bi\",\"value\":\"bi\",\"calc\":\"\",\"selected\":0,\"order\":1},{\"label\":\"Hiru\",\"value\":\"hiru\",\"calc\":\"\",\"selected\":0,\"order\":2}],\"columns\":{\"label\":{\"header\":\"Etiketa\",\"default\":\"\"},\"value\":{\"header\":\"Balioa\",\"default\":\"\"},\"calc\":{\"header\":\"Kalkulu Balioa\",\"default\":\"\"},\"selected\":{\"header\":\"<span class=\\\"dashicons dashicons-yes\\\"><\\\/span>\",\"default\":0}},\"settingKey\":\"options\"},\"manual_value\":true},{\"errors\":[],\"max_options\":0,\"label\":\"Ingl\\u00e9s\",\"value\":\"Ingelesa\",\"calc\":3,\"selected\":0,\"order\":2,\"settingModel\":{\"settings\":false,\"hide_merge_tags\":false,\"error\":false,\"name\":\"options\",\"type\":\"option-repeater\",\"label\":\"Aukerak <a href=\\\"#\\\" class=\\\"nf-add-new\\\">Gehitu berria<\\\/a> <a href=\\\"#\\\" class=\\\"extra nf-open-import-tooltip\\\"><i class=\\\"fa fa-sign-in\\\" aria-hidden=\\\"true\\\"><\\\/i> Inportatu<\\\/a>\",\"width\":\"full\",\"group\":\"\",\"value\":[{\"label\":\"Bat\",\"value\":\"bat\",\"calc\":\"\",\"selected\":0,\"order\":0},{\"label\":\"Bi\",\"value\":\"bi\",\"calc\":\"\",\"selected\":0,\"order\":1},{\"label\":\"Hiru\",\"value\":\"hiru\",\"calc\":\"\",\"selected\":0,\"order\":2}],\"columns\":{\"label\":{\"header\":\"Etiketa\",\"default\":\"\"},\"value\":{\"header\":\"Balioa\",\"default\":\"\"},\"calc\":{\"header\":\"Kalkulu Balioa\",\"default\":\"\"},\"selected\":{\"header\":\"<span class=\\\"dashicons dashicons-yes\\\"><\\\/span>\",\"default\":0}},\"settingKey\":\"options\"},\"manual_value\":true},{\"errors\":[],\"max_options\":0,\"order\":3,\"new\":false,\"options\":[],\"label\":\"Franc\\u00e9s\",\"value\":\"Frantsesa\",\"calc\":4,\"selected\":0,\"settingModel\":{\"settings\":false,\"hide_merge_tags\":false,\"error\":false,\"name\":\"options\",\"type\":\"option-repeater\",\"label\":\"Aukerak <a href=\\\"#\\\" class=\\\"nf-add-new\\\">Gehitu berria<\\\/a> <a href=\\\"#\\\" class=\\\"extra nf-open-import-tooltip\\\"><i class=\\\"fa fa-sign-in\\\" aria-hidden=\\\"true\\\"><\\\/i> Inportatu<\\\/a>\",\"width\":\"full\",\"group\":\"\",\"value\":[{\"label\":\"Bat\",\"value\":\"bat\",\"calc\":\"\",\"selected\":0,\"order\":0},{\"label\":\"Bi\",\"value\":\"bi\",\"calc\":\"\",\"selected\":0,\"order\":1},{\"label\":\"Hiru\",\"value\":\"hiru\",\"calc\":\"\",\"selected\":0,\"order\":2}],\"columns\":{\"label\":{\"header\":\"Etiketa\",\"default\":\"\"},\"value\":{\"header\":\"Balioa\",\"default\":\"\"},\"calc\":{\"header\":\"Kalkulu Balioa\",\"default\":\"\"},\"selected\":{\"header\":\"<span class=\\\"dashicons dashicons-yes\\\"><\\\/span>\",\"default\":0}},\"settingKey\":\"options\"},\"manual_value\":true}],\"container_class\":\"one-half first\",\"element_class\":\"\",\"admin_label\":\"\",\"help_text\":\"\",\"drawerDisabled\":false,\"id\":15,\"beforeField\":\"\",\"afterField\":\"\",\"value\":\"\",\"parentType\":\"list\",\"element_templates\":[\"listselect\",\"input\"],\"old_classname\":\"list-select\",\"wrap_template\":\"wrap\"},{\"objectType\":\"Field\",\"objectDomain\":\"fields\",\"editActive\":false,\"order\":6,\"idAttribute\":\"id\",\"type\":\"listradio\",\"label\":\"\\u00bfNecesita alg\\u00fan justificante?\",\"key\":\"ziurtagiririk_behar_duzu_1777980310017\",\"label_pos\":\"above\",\"required\":false,\"options\":[{\"errors\":[],\"max_options\":0,\"label\":\"S\\u00ed\",\"value\":\"bai\",\"calc\":\"\",\"selected\":1,\"order\":0,\"settingModel\":{\"settings\":false,\"hide_merge_tags\":false,\"error\":false,\"name\":\"options\",\"type\":\"option-repeater\",\"label\":\"Aukerak <a href=\\\"#\\\" class=\\\"nf-add-new\\\">Gehitu berria<\\\/a> <a href=\\\"#\\\" class=\\\"extra nf-open-import-tooltip\\\"><i class=\\\"fa fa-sign-in\\\" aria-hidden=\\\"true\\\"><\\\/i> Inportatu<\\\/a>\",\"width\":\"full\",\"group\":\"\",\"value\":[{\"label\":\"Bat\",\"value\":\"bat\",\"calc\":\"\",\"selected\":0,\"order\":0},{\"label\":\"Bi\",\"value\":\"bi\",\"calc\":\"\",\"selected\":0,\"order\":1},{\"label\":\"Hiru\",\"value\":\"hiru\",\"calc\":\"\",\"selected\":0,\"order\":2}],\"columns\":{\"label\":{\"header\":\"Etiketa\",\"default\":\"\"},\"value\":{\"header\":\"Balioa\",\"default\":\"\"},\"calc\":{\"header\":\"Kalkulu Balioa\",\"default\":\"\"},\"selected\":{\"header\":\"<span class=\\\"dashicons dashicons-yes\\\"><\\\/span>\",\"default\":0}},\"settingKey\":\"options\"},\"manual_value\":true},{\"errors\":[],\"max_options\":0,\"label\":\"No\",\"value\":\"ez\",\"calc\":\"\",\"selected\":0,\"order\":1,\"settingModel\":{\"settings\":false,\"hide_merge_tags\":false,\"error\":false,\"name\":\"options\",\"type\":\"option-repeater\",\"label\":\"Aukerak <a href=\\\"#\\\" class=\\\"nf-add-new\\\">Gehitu berria<\\\/a> <a href=\\\"#\\\" class=\\\"extra nf-open-import-tooltip\\\"><i class=\\\"fa fa-sign-in\\\" aria-hidden=\\\"true\\\"><\\\/i> Inportatu<\\\/a>\",\"width\":\"full\",\"group\":\"\",\"value\":[{\"label\":\"Bat\",\"value\":\"bat\",\"calc\":\"\",\"selected\":0,\"order\":0},{\"label\":\"Bi\",\"value\":\"bi\",\"calc\":\"\",\"selected\":0,\"order\":1},{\"label\":\"Hiru\",\"value\":\"hiru\",\"calc\":\"\",\"selected\":0,\"order\":2}],\"columns\":{\"label\":{\"header\":\"Etiketa\",\"default\":\"\"},\"value\":{\"header\":\"Balioa\",\"default\":\"\"},\"calc\":{\"header\":\"Kalkulu Balioa\",\"default\":\"\"},\"selected\":{\"header\":\"<span class=\\\"dashicons dashicons-yes\\\"><\\\/span>\",\"default\":0}},\"settingKey\":\"options\"},\"manual_value\":true}],\"container_class\":\"one-half\",\"element_class\":\"\",\"admin_label\":\"\",\"help_text\":\"\",\"drawerDisabled\":false,\"id\":16,\"beforeField\":\"\",\"afterField\":\"\",\"value\":\"\",\"parentType\":\"list\",\"element_templates\":[\"listradio\",\"input\"],\"old_classname\":\"list-radio\",\"wrap_template\":\"wrap\"},{\"objectType\":\"Field\",\"objectDomain\":\"fields\",\"editActive\":false,\"order\":7,\"idAttribute\":\"id\",\"type\":\"listcheckbox\",\"label\":\"\\u00bfA qu\\u00e9 eventos asistir\\u00e1?\",\"key\":\"zein_ekitaldira_etorriko_zara_1778656352758\",\"label_pos\":\"above\",\"required\":false,\"options\":[{\"errors\":[],\"max_options\":0,\"label\":\"23 de septiembre, Euskalduna Jauregia \\u2013 Bilbao\",\"value\":\"Ira.23\",\"calc\":\"\",\"selected\":0,\"order\":0,\"settingModel\":{\"settings\":false,\"hide_merge_tags\":false,\"error\":false,\"name\":\"options\",\"type\":\"option-repeater\",\"label\":\"Aukerak <a href=\\\"#\\\" class=\\\"nf-add-new\\\">Gehitu berria<\\\/a> <a href=\\\"#\\\" class=\\\"extra nf-open-import-tooltip\\\"><i class=\\\"fa fa-sign-in\\\" aria-hidden=\\\"true\\\"><\\\/i> Inportatu<\\\/a>\",\"width\":\"full\",\"group\":\"\",\"value\":[{\"label\":\"Bat\",\"value\":\"bat\",\"calc\":\"\",\"selected\":0,\"order\":0},{\"label\":\"Bi\",\"value\":\"bi\",\"calc\":\"\",\"selected\":0,\"order\":1},{\"label\":\"Hiru\",\"value\":\"hiru\",\"calc\":\"\",\"selected\":0,\"order\":2}],\"columns\":{\"label\":{\"header\":\"Etiketa\",\"default\":\"\"},\"value\":{\"header\":\"Balioa\",\"default\":\"\"},\"calc\":{\"header\":\"Kalkulu Balioa\",\"default\":\"\"},\"selected\":{\"header\":\"<span class=\\\"dashicons dashicons-yes\\\"><\\\/span>\",\"default\":0}},\"settingKey\":\"options\"},\"manual_value\":true},{\"errors\":[],\"max_options\":0,\"label\":\"24 y 25 de septiembre, Ficoba \\u2013 Ir\\u00fan\",\"value\":\"Ira.24\",\"calc\":\"\",\"selected\":0,\"order\":1,\"settingModel\":{\"settings\":false,\"hide_merge_tags\":false,\"error\":false,\"name\":\"options\",\"type\":\"option-repeater\",\"label\":\"Aukerak <a href=\\\"#\\\" class=\\\"nf-add-new\\\">Gehitu berria<\\\/a> <a href=\\\"#\\\" class=\\\"extra nf-open-import-tooltip\\\"><i class=\\\"fa fa-sign-in\\\" aria-hidden=\\\"true\\\"><\\\/i> Inportatu<\\\/a>\",\"width\":\"full\",\"group\":\"\",\"value\":[{\"label\":\"Bat\",\"value\":\"bat\",\"calc\":\"\",\"selected\":0,\"order\":0},{\"label\":\"Bi\",\"value\":\"bi\",\"calc\":\"\",\"selected\":0,\"order\":1},{\"label\":\"Hiru\",\"value\":\"hiru\",\"calc\":\"\",\"selected\":0,\"order\":2}],\"columns\":{\"label\":{\"header\":\"Etiketa\",\"default\":\"\"},\"value\":{\"header\":\"Balioa\",\"default\":\"\"},\"calc\":{\"header\":\"Kalkulu Balioa\",\"default\":\"\"},\"selected\":{\"header\":\"<span class=\\\"dashicons dashicons-yes\\\"><\\\/span>\",\"default\":0}},\"settingKey\":\"options\"},\"manual_value\":true},{\"errors\":[],\"max_options\":0,\"label\":\"26 de septiembre, Hendaia\",\"value\":\"Ira.26\",\"calc\":\"\",\"selected\":0,\"order\":2,\"settingModel\":{\"settings\":false,\"hide_merge_tags\":false,\"error\":false,\"name\":\"options\",\"type\":\"option-repeater\",\"label\":\"Aukerak <a href=\\\"#\\\" class=\\\"nf-add-new\\\">Gehitu berria<\\\/a> <a href=\\\"#\\\" class=\\\"extra nf-open-import-tooltip\\\"><i class=\\\"fa fa-sign-in\\\" aria-hidden=\\\"true\\\"><\\\/i> Inportatu<\\\/a>\",\"width\":\"full\",\"group\":\"\",\"value\":[{\"label\":\"Bat\",\"value\":\"bat\",\"calc\":\"\",\"selected\":0,\"order\":0},{\"label\":\"Bi\",\"value\":\"bi\",\"calc\":\"\",\"selected\":0,\"order\":1},{\"label\":\"Hiru\",\"value\":\"hiru\",\"calc\":\"\",\"selected\":0,\"order\":2}],\"columns\":{\"label\":{\"header\":\"Etiketa\",\"default\":\"\"},\"value\":{\"header\":\"Balioa\",\"default\":\"\"},\"calc\":{\"header\":\"Kalkulu Balioa\",\"default\":\"\"},\"selected\":{\"header\":\"<span class=\\\"dashicons dashicons-yes\\\"><\\\/span>\",\"default\":0}},\"settingKey\":\"options\"},\"manual_value\":true}],\"container_class\":\"\",\"element_class\":\"\",\"admin_label\":\"\",\"help_text\":\"\",\"drawerDisabled\":false,\"id\":40,\"beforeField\":\"\",\"afterField\":\"\",\"value\":\"\",\"parentType\":\"list\",\"element_templates\":[\"listcheckbox\",\"input\"],\"old_classname\":\"list-checkbox\",\"wrap_template\":\"wrap\"},{\"objectType\":\"Field\",\"objectDomain\":\"fields\",\"editActive\":false,\"order\":8,\"idAttribute\":\"id\",\"label\":\"HTML\",\"type\":\"html\",\"default\":\"<h3 style=\\\"margin-bottom: 10pt; margin-top: 0pt;\\\"><span style=\\\"color: rgb(0, 0, 0); font-size: 11pt; font-family: Arial;\\\">Los d\\u00edas 24 y 25 de septiembre, debido al gran n\\u00famero de inscripciones, hemos abierto una lista de espera, nos apuntamos y nos ponemos en contacto para deciros si est\\u00e1s dentro o no.<\\\/span><\\\/h3>\",\"container_class\":\"\",\"element_class\":\"\",\"admin_label\":\"\",\"key\":\"html_1778145200553\",\"drawerDisabled\":false,\"id\":26,\"beforeField\":\"\",\"afterField\":\"\",\"value\":\"<h3 style=\\\"margin-bottom: 10pt; margin-top: 0pt;\\\"><span style=\\\"color: rgb(0, 0, 0); font-size: 11pt; font-family: Arial;\\\">Los d\\u00edas 24 y 25 de septiembre, debido al gran n\\u00famero de inscripciones, hemos abierto una lista de espera, nos apuntamos y nos ponemos en contacto para deciros si est\\u00e1s dentro o no.<\\\/span><\\\/h3>\",\"label_pos\":\"above\",\"parentType\":\"html\",\"element_templates\":[\"html\",\"input\"],\"old_classname\":\"\",\"wrap_template\":\"wrap\"},{\"objectType\":\"Field\",\"objectDomain\":\"fields\",\"editActive\":false,\"order\":9,\"idAttribute\":\"id\",\"type\":\"listradio\",\"label\":\"24 de septiembre, 16:00\\u201317:30, actividades de la programaci\\u00f3n simult\\u00e1nea:\",\"key\":\"irailak_24_-_16_00-17_30_1778146214268\",\"label_pos\":\"above\",\"required\":false,\"options\":[{\"errors\":[],\"max_options\":0,\"label\":\"Proyecci\\u00f3n y coloquio: Renovando narrativas para la revitalizaci\\u00f3n ling\\u00fc\\u00edstica en la pen\\u00ednsula de Yucat\\u00e1n\",\"value\":\"Proiekzioa eta solasaldia - Hizkuntzak biziberritzeko narratibak berritzen Yukatango penintsulan\",\"calc\":\"\",\"selected\":0,\"order\":0,\"settingModel\":{\"settings\":false,\"hide_merge_tags\":false,\"error\":false,\"name\":\"options\",\"type\":\"option-repeater\",\"label\":\"Aukerak <a href=\\\"#\\\" class=\\\"nf-add-new\\\">Gehitu berria<\\\/a> <a href=\\\"#\\\" class=\\\"extra nf-open-import-tooltip\\\"><i class=\\\"fa fa-sign-in\\\" aria-hidden=\\\"true\\\"><\\\/i> Inportatu<\\\/a>\",\"width\":\"full\",\"group\":\"\",\"value\":[{\"label\":\"Bat\",\"value\":\"bat\",\"calc\":\"\",\"selected\":0,\"order\":0},{\"label\":\"Bi\",\"value\":\"bi\",\"calc\":\"\",\"selected\":0,\"order\":1},{\"label\":\"Hiru\",\"value\":\"hiru\",\"calc\":\"\",\"selected\":0,\"order\":2}],\"columns\":{\"label\":{\"header\":\"Etiketa\",\"default\":\"\"},\"value\":{\"header\":\"Balioa\",\"default\":\"\"},\"calc\":{\"header\":\"Kalkulu Balioa\",\"default\":\"\"},\"selected\":{\"header\":\"<span class=\\\"dashicons dashicons-yes\\\"><\\\/span>\",\"default\":0}},\"settingKey\":\"options\"},\"manual_value\":true},{\"errors\":[],\"max_options\":0,\"label\":\"Mesa redonda: Relatos sobre identidad, cultura y memoria\",\"value\":\"Mahai-ingurua- Nortasuna kultura eta memoriari buruzko kontakizunak\",\"calc\":\"\",\"selected\":0,\"order\":1,\"settingModel\":{\"settings\":false,\"hide_merge_tags\":false,\"error\":false,\"name\":\"options\",\"type\":\"option-repeater\",\"label\":\"Aukerak <a href=\\\"#\\\" class=\\\"nf-add-new\\\">Gehitu berria<\\\/a> <a href=\\\"#\\\" class=\\\"extra nf-open-import-tooltip\\\"><i class=\\\"fa fa-sign-in\\\" aria-hidden=\\\"true\\\"><\\\/i> Inportatu<\\\/a>\",\"width\":\"full\",\"group\":\"\",\"value\":[{\"label\":\"Bat\",\"value\":\"bat\",\"calc\":\"\",\"selected\":0,\"order\":0},{\"label\":\"Bi\",\"value\":\"bi\",\"calc\":\"\",\"selected\":0,\"order\":1},{\"label\":\"Hiru\",\"value\":\"hiru\",\"calc\":\"\",\"selected\":0,\"order\":2}],\"columns\":{\"label\":{\"header\":\"Etiketa\",\"default\":\"\"},\"value\":{\"header\":\"Balioa\",\"default\":\"\"},\"calc\":{\"header\":\"Kalkulu Balioa\",\"default\":\"\"},\"selected\":{\"header\":\"<span class=\\\"dashicons dashicons-yes\\\"><\\\/span>\",\"default\":0}},\"settingKey\":\"options\"},\"manual_value\":true},{\"errors\":[],\"max_options\":0,\"label\":\"Mesa redonda: Perspectiva ecol\\u00f3gica y ling\\u00fc\\u00edstica para la sostenibilidad comunitaria\",\"value\":\"mahai-ingurua-komunitatearen-iraunkortasuna-bermatuko-duen-ikuspegi-ekologiko-eta-linguistikoa\",\"calc\":\"\",\"selected\":0,\"order\":2,\"settingModel\":{\"settings\":false,\"hide_merge_tags\":false,\"error\":false,\"name\":\"options\",\"type\":\"option-repeater\",\"label\":\"Aukerak <a href=\\\"#\\\" class=\\\"nf-add-new\\\">Gehitu berria<\\\/a> <a href=\\\"#\\\" class=\\\"extra nf-open-import-tooltip\\\"><i class=\\\"fa fa-sign-in\\\" aria-hidden=\\\"true\\\"><\\\/i> Inportatu<\\\/a>\",\"width\":\"full\",\"group\":\"\",\"value\":[{\"label\":\"Bat\",\"value\":\"bat\",\"calc\":\"\",\"selected\":0,\"order\":0},{\"label\":\"Bi\",\"value\":\"bi\",\"calc\":\"\",\"selected\":0,\"order\":1},{\"label\":\"Hiru\",\"value\":\"hiru\",\"calc\":\"\",\"selected\":0,\"order\":2}],\"columns\":{\"label\":{\"header\":\"Etiketa\",\"default\":\"\"},\"value\":{\"header\":\"Balioa\",\"default\":\"\"},\"calc\":{\"header\":\"Kalkulu Balioa\",\"default\":\"\"},\"selected\":{\"header\":\"<span class=\\\"dashicons dashicons-yes\\\"><\\\/span>\",\"default\":0}},\"settingKey\":\"options\"}},{\"errors\":[],\"max_options\":0,\"order\":3,\"new\":false,\"options\":[],\"label\":\"Di\\u00e1logo performativo La danza comunitaria como clave para vivir en nuestras lenguas en el siglo XXI .mendean gure hizkuntzetan bizitzeko giltza: Iru\\u00f1etik Mundura \",\"value\":\"solasaldi-dantzatua-dantza-komunitarioa-xxi-mendean-gure-hizkuntzetan-bizitzeko-giltza-irunetik-mundura\",\"calc\":\"\",\"selected\":0,\"settingModel\":{\"settings\":false,\"hide_merge_tags\":false,\"error\":false,\"name\":\"options\",\"type\":\"option-repeater\",\"label\":\"Aukerak <a href=\\\"#\\\" class=\\\"nf-add-new\\\">Gehitu berria<\\\/a> <a href=\\\"#\\\" class=\\\"extra nf-open-import-tooltip\\\"><i class=\\\"fa fa-sign-in\\\" aria-hidden=\\\"true\\\"><\\\/i> Inportatu<\\\/a>\",\"width\":\"full\",\"group\":\"\",\"value\":[{\"label\":\"Bat\",\"value\":\"bat\",\"calc\":\"\",\"selected\":0,\"order\":0},{\"label\":\"Bi\",\"value\":\"bi\",\"calc\":\"\",\"selected\":0,\"order\":1},{\"label\":\"Hiru\",\"value\":\"hiru\",\"calc\":\"\",\"selected\":0,\"order\":2}],\"columns\":{\"label\":{\"header\":\"Etiketa\",\"default\":\"\"},\"value\":{\"header\":\"Balioa\",\"default\":\"\"},\"calc\":{\"header\":\"Kalkulu Balioa\",\"default\":\"\"},\"selected\":{\"header\":\"<span class=\\\"dashicons dashicons-yes\\\"><\\\/span>\",\"default\":0}},\"settingKey\":\"options\"}}],\"container_class\":\"\",\"element_class\":\"\",\"admin_label\":\"\",\"help_text\":\"\",\"drawerDisabled\":false,\"id\":28,\"beforeField\":\"\",\"afterField\":\"\",\"value\":\"\",\"parentType\":\"list\",\"element_templates\":[\"listradio\",\"input\"],\"old_classname\":\"list-radio\",\"wrap_template\":\"wrap\"},{\"objectType\":\"Field\",\"objectDomain\":\"fields\",\"editActive\":false,\"order\":10,\"idAttribute\":\"id\",\"type\":\"listradio\",\"label\":\"25 de septiembre, 16:00\\u201317:30, actividades de la programaci\\u00f3n simult\\u00e1nea:\",\"key\":\"irailak_25_-16_00-17_30_1778146228350\",\"label_pos\":\"above\",\"required\":false,\"options\":[{\"errors\":[],\"max_options\":0,\"label\":\"Proyecci\\u00f3n y coloquio:<br\\\/>Documental \\u201cMai da bai\\u201d: de la opresi\\u00f3n a la agencia. El pueblo mapuche y la construcci\\u00f3n de futuros posibles.\",\"value\":\"Mai da bai dokumentala Zapalkuntzatik agentziara Maputxeak etorkizuna marrazten.\",\"calc\":\"\",\"selected\":0,\"order\":0,\"settingModel\":{\"settings\":false,\"hide_merge_tags\":false,\"error\":false,\"name\":\"options\",\"type\":\"option-repeater\",\"label\":\"Aukerak <a href=\\\"#\\\" class=\\\"nf-add-new\\\">Gehitu berria<\\\/a> <a href=\\\"#\\\" class=\\\"extra nf-open-import-tooltip\\\"><i class=\\\"fa fa-sign-in\\\" aria-hidden=\\\"true\\\"><\\\/i> Inportatu<\\\/a>\",\"width\":\"full\",\"group\":\"\",\"value\":[{\"label\":\"Bat\",\"value\":\"bat\",\"calc\":\"\",\"selected\":0,\"order\":0},{\"label\":\"Bi\",\"value\":\"bi\",\"calc\":\"\",\"selected\":0,\"order\":1},{\"label\":\"Hiru\",\"value\":\"hiru\",\"calc\":\"\",\"selected\":0,\"order\":2}],\"columns\":{\"label\":{\"header\":\"Etiketa\",\"default\":\"\"},\"value\":{\"header\":\"Balioa\",\"default\":\"\"},\"calc\":{\"header\":\"Kalkulu Balioa\",\"default\":\"\"},\"selected\":{\"header\":\"<span class=\\\"dashicons dashicons-yes\\\"><\\\/span>\",\"default\":0}},\"settingKey\":\"options\"},\"manual_value\":true},{\"errors\":[],\"max_options\":0,\"label\":\"Eztabaida parte-hartzailea-Hizkuntza eskubideak eta justizia soziala: etorkizuneko kontakizunetarako gakoak\",\"value\":\"Eztabaida parte-hartzailea-Hizkuntza eskubideak eta justizia soziala etorkizuneko kontakizunetarako gakoak\",\"calc\":\"\",\"selected\":0,\"order\":1,\"settingModel\":{\"settings\":false,\"hide_merge_tags\":false,\"error\":false,\"name\":\"options\",\"type\":\"option-repeater\",\"label\":\"Aukerak <a href=\\\"#\\\" class=\\\"nf-add-new\\\">Gehitu berria<\\\/a> <a href=\\\"#\\\" class=\\\"extra nf-open-import-tooltip\\\"><i class=\\\"fa fa-sign-in\\\" aria-hidden=\\\"true\\\"><\\\/i> Inportatu<\\\/a>\",\"width\":\"full\",\"group\":\"\",\"value\":[{\"label\":\"Bat\",\"value\":\"bat\",\"calc\":\"\",\"selected\":0,\"order\":0},{\"label\":\"Bi\",\"value\":\"bi\",\"calc\":\"\",\"selected\":0,\"order\":1},{\"label\":\"Hiru\",\"value\":\"hiru\",\"calc\":\"\",\"selected\":0,\"order\":2}],\"columns\":{\"label\":{\"header\":\"Etiketa\",\"default\":\"\"},\"value\":{\"header\":\"Balioa\",\"default\":\"\"},\"calc\":{\"header\":\"Kalkulu Balioa\",\"default\":\"\"},\"selected\":{\"header\":\"<span class=\\\"dashicons dashicons-yes\\\"><\\\/span>\",\"default\":0}},\"settingKey\":\"options\"},\"manual_value\":true},{\"errors\":[],\"max_options\":0,\"order\":3,\"new\":false,\"options\":[],\"label\":\"Debate participativo:<br\\\/>Derechos ling\\u00fc\\u00edsticos y justicia social: claves para relatos de futuro\",\"value\":\"Eztabaida parte-hartzailea-Teknologiaren eta adimen artifizialaren ekarpenak hizkuntzen biziberritze prozesuetan\",\"calc\":\"\",\"selected\":0,\"settingModel\":{\"settings\":false,\"hide_merge_tags\":false,\"error\":false,\"name\":\"options\",\"type\":\"option-repeater\",\"label\":\"Aukerak <a href=\\\"#\\\" class=\\\"nf-add-new\\\">Gehitu berria<\\\/a> <a href=\\\"#\\\" class=\\\"extra nf-open-import-tooltip\\\"><i class=\\\"fa fa-sign-in\\\" aria-hidden=\\\"true\\\"><\\\/i> Inportatu<\\\/a>\",\"width\":\"full\",\"group\":\"\",\"value\":[{\"label\":\"Bat\",\"value\":\"bat\",\"calc\":\"\",\"selected\":0,\"order\":0},{\"label\":\"Bi\",\"value\":\"bi\",\"calc\":\"\",\"selected\":0,\"order\":1},{\"label\":\"Hiru\",\"value\":\"hiru\",\"calc\":\"\",\"selected\":0,\"order\":2}],\"columns\":{\"label\":{\"header\":\"Etiketa\",\"default\":\"\"},\"value\":{\"header\":\"Balioa\",\"default\":\"\"},\"calc\":{\"header\":\"Kalkulu Balioa\",\"default\":\"\"},\"selected\":{\"header\":\"<span class=\\\"dashicons dashicons-yes\\\"><\\\/span>\",\"default\":0}},\"settingKey\":\"options\"},\"manual_value\":true},{\"errors\":[],\"max_options\":0,\"order\":3,\"new\":false,\"options\":[],\"label\":\"Intercambio de experiencias - Pr\\u00e1cticas y experiencias para construir relatos de futuro\",\"value\":\"Esperientzien partekatzea-Etorkizuneko kontakizunak lantzea helburu duten zenbait esperientzia eta praktika\",\"calc\":\"\",\"selected\":0,\"settingModel\":{\"settings\":false,\"hide_merge_tags\":false,\"error\":false,\"name\":\"options\",\"type\":\"option-repeater\",\"label\":\"Aukerak <a href=\\\"#\\\" class=\\\"nf-add-new\\\">Gehitu berria<\\\/a> <a href=\\\"#\\\" class=\\\"extra nf-open-import-tooltip\\\"><i class=\\\"fa fa-sign-in\\\" aria-hidden=\\\"true\\\"><\\\/i> Inportatu<\\\/a>\",\"width\":\"full\",\"group\":\"\",\"value\":[{\"label\":\"Bat\",\"value\":\"bat\",\"calc\":\"\",\"selected\":0,\"order\":0},{\"label\":\"Bi\",\"value\":\"bi\",\"calc\":\"\",\"selected\":0,\"order\":1},{\"label\":\"Hiru\",\"value\":\"hiru\",\"calc\":\"\",\"selected\":0,\"order\":2}],\"columns\":{\"label\":{\"header\":\"Etiketa\",\"default\":\"\"},\"value\":{\"header\":\"Balioa\",\"default\":\"\"},\"calc\":{\"header\":\"Kalkulu Balioa\",\"default\":\"\"},\"selected\":{\"header\":\"<span class=\\\"dashicons dashicons-yes\\\"><\\\/span>\",\"default\":0}},\"settingKey\":\"options\"},\"manual_value\":true}],\"container_class\":\"\",\"element_class\":\"\",\"admin_label\":\"\",\"help_text\":\"\",\"drawerDisabled\":false,\"id\":29,\"beforeField\":\"\",\"afterField\":\"\",\"value\":\"\",\"parentType\":\"list\",\"element_templates\":[\"listradio\",\"input\"],\"old_classname\":\"list-radio\",\"wrap_template\":\"wrap\"},{\"objectType\":\"Field\",\"objectDomain\":\"fields\",\"editActive\":false,\"order\":11,\"idAttribute\":\"id\",\"label\":\"Si tiene alguna intolerancia alimentaria o necesidad especial, ind\\u00edquenoslo para poder adaptar el servicio de lunch:\",\"type\":\"textbox\",\"key\":\"elikadura-intolerantziaren_bat_edo_eskaera_bereziren_bat_baduzu_adierazi_iezaguzu_lunch-zerbitzua_egokitu_ahal_izateko_1778146274418\",\"label_pos\":\"above\",\"required\":false,\"default\":\"\",\"placeholder\":\"\",\"container_class\":\" one-half first\",\"element_class\":\"\",\"input_limit\":\"\",\"input_limit_type\":\"characters\",\"input_limit_msg\":\"Faltan caracteres\",\"manual_key\":false,\"admin_label\":\"\",\"help_text\":\"\",\"mask\":\"\",\"custom_mask\":\"\",\"custom_name_attribute\":\"\",\"personally_identifiable\":\"\",\"custom_autocomplete\":\"\",\"value\":\"\",\"id\":32,\"beforeField\":\"\",\"afterField\":\"\",\"parentType\":\"textbox\",\"element_templates\":[\"textbox\",\"input\"],\"old_classname\":\"\",\"wrap_template\":\"wrap\"},{\"objectType\":\"Field\",\"objectDomain\":\"fields\",\"editActive\":false,\"order\":12,\"idAttribute\":\"id\",\"type\":\"textbox\",\"label\":\"Si tiene alguna necesidad de accesibilidad, ind\\u00edquelo aqu\\u00ed:\",\"key\":\"irisgarritasunari_lotutako_premiarik_baduzu_adierazi_hemen_1778146284268\",\"label_pos\":\"above\",\"required\":false,\"default\":\"\",\"placeholder\":\"\",\"container_class\":\" one-half\",\"element_class\":\"\",\"input_limit\":\"\",\"input_limit_type\":\"characters\",\"input_limit_msg\":\"Faltan caracteres\",\"manual_key\":false,\"admin_label\":\"\",\"help_text\":\"\",\"mask\":\"\",\"custom_mask\":\"\",\"custom_name_attribute\":\"\",\"personally_identifiable\":\"\",\"custom_autocomplete\":\"\",\"value\":\"\",\"drawerDisabled\":false,\"id\":33,\"beforeField\":\"\",\"afterField\":\"\",\"parentType\":\"textbox\",\"element_templates\":[\"textbox\",\"input\"],\"old_classname\":\"\",\"wrap_template\":\"wrap\"},{\"objectType\":\"Field\",\"objectDomain\":\"fields\",\"editActive\":false,\"order\":13,\"idAttribute\":\"id\",\"type\":\"checkbox\",\"label\":\"He le\\u00eddo y acepto lo que pone en la <a href=\\\"https:\\\/\\\/bihar.eus\\\/es\\\/politica-de-privacidad\\\/\\\">pol\\u00edtica de privacidad<\\\/a> \",\"key\":\"irakurri_dut_eta_onartzen_dut_less_than_a_href_pribatutasun-politika_greater_than_pribatutasun_politikan_less_than_a_greater_than_jasotakoa_1785161555490\",\"label_pos\":\"right\",\"required\":1,\"container_class\":\"\",\"element_class\":\"\",\"manual_key\":false,\"admin_label\":\"\",\"help_text\":\"\",\"default_value\":\"unchecked\",\"checked_value\":\"Markatuta\",\"unchecked_value\":\"Hautatu gabe\",\"checked_calc_value\":\"\",\"unchecked_calc_value\":\"\",\"drawerDisabled\":false,\"id\":42,\"beforeField\":\"\",\"afterField\":\"\",\"value\":\"\",\"parentType\":\"checkbox\",\"element_templates\":[\"checkbox\",\"input\"],\"old_classname\":\"\",\"wrap_template\":\"wrap\"},{\"objectType\":\"Field\",\"objectDomain\":\"fields\",\"editActive\":false,\"order\":13,\"idAttribute\":\"id\",\"type\":\"checkbox\",\"label\":\"Los d\\u00edas 24 y 25 de septiembre, debido al gran n\\u00famero de inscripciones, hemos abierto una lista de espera, nos apuntamos y nos ponemos en contacto para deciros si est\\u00e1s dentro o no.\",\"key\":\"irailaren_24an_eta_25ean_izen_emate_asko_jaotzen_ari_garenez_itxaron_zerrenda_zabaldu_dugu_izena_eman_eta_harremanetan_jarriko_gara_barruan_zauden_ala_ez_esateko_1788177271995\",\"label_pos\":\"right\",\"required\":1,\"container_class\":\"\",\"element_class\":\"\",\"manual_key\":false,\"admin_label\":\"\",\"help_text\":\"\",\"default_value\":\"unchecked\",\"checked_value\":\"Markatuta\",\"unchecked_value\":\"Hautatu gabe\",\"checked_calc_value\":\"\",\"unchecked_calc_value\":\"\",\"drawerDisabled\":false,\"id\":43,\"beforeField\":\"\",\"afterField\":\"\",\"value\":\"\",\"parentType\":\"checkbox\",\"element_templates\":[\"checkbox\",\"input\"],\"old_classname\":\"\",\"wrap_template\":\"wrap\"},{\"objectType\":\"Field\",\"objectDomain\":\"fields\",\"editActive\":false,\"order\":14,\"idAttribute\":\"id\",\"type\":\"submit\",\"label\":\"Enviar\",\"processing_label\":\"Procesando\",\"container_class\":\"\",\"element_class\":\"\",\"key\":\"bidali_1778146320379\",\"admin_label\":\"\",\"drawerDisabled\":false,\"id\":19,\"beforeField\":\"\",\"afterField\":\"\",\"value\":\"\",\"label_pos\":\"above\",\"parentType\":\"textbox\",\"element_templates\":[\"submit\",\"button\",\"input\"],\"old_classname\":\"\",\"wrap_template\":\"wrap-no-label\"}];nfForms.push(form);<\/script>\n        <\/div><div class=\"w-separator size_medium\"><\/div><\/div><\/div><\/div><\/div><\/section><section class=\"l-section wpb_row height_small\" id=\"hizlariak\"><div class=\"l-section-h i-cf\"><div class=\"g-cols vc_row via_grid cols_1 laptops-cols_inherit tablets-cols_inherit mobiles-cols_1 valign_top type_default stacking_default\"><div class=\"wpb_column vc_column_container\"><div class=\"vc_column-inner\"><div class=\"wpb_text_column\"><div class=\"wpb_wrapper\"><h2>Ponentes<\/h2>\n<\/div><\/div><div class=\"wpb_text_column\"><div class=\"wpb_wrapper\"><h3>Nuestros invitados<\/h3>\n<\/div><\/div><\/div><\/div><\/div><\/div><\/section><section class=\"l-section wpb_row us_custom_f5da8c9c height_small\"><div class=\"l-section-h i-cf\"><div class=\"g-cols vc_row via_grid cols_1 laptops-cols_inherit tablets-cols_inherit mobiles-cols_1 valign_top type_default stacking_default\"><div class=\"wpb_column vc_column_container\"><div class=\"vc_column-inner\"><div class=\"w-grid us_post_carousel type_carousel layout_1543 preload_style_spinner items_2\" id=\"us_post_list_l9a2\" style=\"--items:2;--gap:1.5rem;\"><style>.layout_1543 .w-grid-item-h{background:var(--color-header-middle-bg)}.layout_1543 .usg_hwrapper_1{padding-top:0!important;padding-bottom:0!important}.layout_1543 .usg_post_image_1{width:30%!important;height:100%!important;padding-top:0!important;padding-bottom:0!important}.layout_1543 .usg_vwrapper_1{width:65%!important;padding-top:2rem!important;padding-bottom:1rem!important;padding-right:2rem!important}.layout_1543 .usg_post_custom_field_1{color:var(--color-header-middle-text)!important}.layout_1543 .usg_html_1{margin-top:1.4rem!important}<\/style><div class=\"w-grid-list owl-carousel valign_stretch dotstyle_circle navstyle_circle arrows-ver-pos_middle arrows-hor-pos_on_sides_outside arrows-disabled_hide owl-responsive-2000 with_arrows\" style=\"--transition-duration:350ms;--arrows-size:1.5rem;--arrows-gap:10px;\">\t<article class=\"w-grid-item size_1x1 post-3001 hizlaria type-hizlaria status-publish has-post-thumbnail hentry\" data-id=\"3001\">\r\n\t\t<div class=\"w-grid-item-h\">\r\n\t\t\t\t\t\t<div class=\"w-hwrapper usg_hwrapper_1 align_justify valign_middle\" style=\"--hwrapper-gap:0rem\"><div class=\"w-post-elm post_image usg_post_image_1 has_width has_height has_ratio\"><img loading=\"lazy\" decoding=\"async\" width=\"780\" height=\"1024\" src=\"https:\/\/bihar.eus\/wp-content\/uploads\/2026\/07\/Asya-Zayzaoui-780x1024.jpg\" class=\"attachment-large size-large wp-post-image\" alt=\"\" \/><div style=\"padding-bottom:166.6667%\"><\/div><\/div><div class=\"w-vwrapper usg_vwrapper_1 align_left valign_top\" style=\"--vwrapper-gap:0.5rem\"><h4 class=\"w-post-elm post_title usg_post_title_1 entry-title color_link_inherit\">Asya Zayzaoui<\/h4><div class=\"w-post-elm post_custom_field usg_post_custom_field_1 has_text_color type_text kargua\"><span class=\"w-post-elm-value\">Mondrag\u00f3n Unibertsitatea\/ Investigadora doctoral, profesora de lengua amazigh y creadora de contenido en redes sociales sobre la revitalizaci\u00f3n de la lengua amazigh.<\/span><\/div><div class=\"w-html usg_html_1\"><\/div><\/div><\/div>\t\t<\/div>\r\n\t\t\t<\/article>\r\n\t<article class=\"w-grid-item size_1x1 post-2956 hizlaria type-hizlaria status-publish has-post-thumbnail hentry\" data-id=\"2956\">\r\n\t\t<div class=\"w-grid-item-h\">\r\n\t\t\t\t\t\t<div class=\"w-hwrapper usg_hwrapper_1 align_justify valign_middle\" style=\"--hwrapper-gap:0rem\"><div class=\"w-post-elm post_image usg_post_image_1 has_width has_height has_ratio\"><img loading=\"lazy\" decoding=\"async\" width=\"267\" height=\"251\" src=\"https:\/\/bihar.eus\/wp-content\/uploads\/2026\/07\/Rahera-Cowie.png\" class=\"attachment-large size-large wp-post-image\" alt=\"\" \/><div style=\"padding-bottom:166.6667%\"><\/div><\/div><div class=\"w-vwrapper usg_vwrapper_1 align_left valign_top\" style=\"--vwrapper-gap:0.5rem\"><h4 class=\"w-post-elm post_title usg_post_title_1 entry-title color_link_inherit\">Rahera Cowie<\/h4><div class=\"w-post-elm post_custom_field usg_post_custom_field_1 has_text_color type_text kargua\"><span class=\"w-post-elm-value\">Universidad de Canterbury \/ Profesora universitaria <\/span><\/div><div class=\"w-html usg_html_1\"><\/div><\/div><\/div>\t\t<\/div>\r\n\t\t\t<\/article>\r\n\t<article class=\"w-grid-item size_1x1 post-3094 hizlaria type-hizlaria status-publish has-post-thumbnail hentry\" data-id=\"3094\">\r\n\t\t<div class=\"w-grid-item-h\">\r\n\t\t\t\t\t\t<div class=\"w-hwrapper usg_hwrapper_1 align_justify valign_middle\" style=\"--hwrapper-gap:0rem\"><div class=\"w-post-elm post_image usg_post_image_1 has_width has_height has_ratio\"><img loading=\"lazy\" decoding=\"async\" width=\"340\" height=\"340\" src=\"https:\/\/bihar.eus\/wp-content\/uploads\/2026\/08\/Zurbair-Torwali.jpeg\" class=\"attachment-large size-large wp-post-image\" alt=\"\" \/><div style=\"padding-bottom:166.6667%\"><\/div><\/div><div class=\"w-vwrapper usg_vwrapper_1 align_left valign_top\" style=\"--vwrapper-gap:0.5rem\"><h4 class=\"w-post-elm post_title usg_post_title_1 entry-title color_link_inherit\">Zurbair Torwali<\/h4><div class=\"w-post-elm post_custom_field usg_post_custom_field_1 has_text_color type_text kargua\"><span class=\"w-post-elm-value\">Idara Baraye Taleem wa Taraqi (IBT), comunidad Torwali \/ Director Ejecutivo, cofundador<\/span><\/div><div class=\"w-html usg_html_1\"><\/div><\/div><\/div>\t\t<\/div>\r\n\t\t\t<\/article>\r\n\t<article class=\"w-grid-item size_1x1 post-3032 hizlaria type-hizlaria status-publish has-post-thumbnail hentry\" data-id=\"3032\">\r\n\t\t<div class=\"w-grid-item-h\">\r\n\t\t\t\t\t\t<div class=\"w-hwrapper usg_hwrapper_1 align_justify valign_middle\" style=\"--hwrapper-gap:0rem\"><div class=\"w-post-elm post_image usg_post_image_1 has_width has_height has_ratio\"><img loading=\"lazy\" decoding=\"async\" width=\"1024\" height=\"683\" src=\"https:\/\/bihar.eus\/wp-content\/uploads\/2026\/08\/Nailejileji-Tipap-1024x683.jpg\" class=\"attachment-large size-large wp-post-image\" alt=\"\" \/><div style=\"padding-bottom:166.6667%\"><\/div><\/div><div class=\"w-vwrapper usg_vwrapper_1 align_left valign_top\" style=\"--vwrapper-gap:0.5rem\"><h4 class=\"w-post-elm post_title usg_post_title_1 entry-title color_link_inherit\">Nailejileji Tipap<\/h4><div class=\"w-post-elm post_custom_field usg_post_custom_field_1 has_text_color type_text kargua\"><span class=\"w-post-elm-value\">Indigenous Women Development Affairs (IWDA) y comunidades ind\u00edgenas de Tanzania (comunidades Maasai, Hadzabe, Barabaig y Akiye) \/ Directora Ejecutiva<\/span><\/div><div class=\"w-html usg_html_1\"><\/div><\/div><\/div>\t\t<\/div>\r\n\t\t\t<\/article>\r\n\t<article class=\"w-grid-item size_1x1 post-3082 hizlaria type-hizlaria status-publish has-post-thumbnail hentry\" data-id=\"3082\">\r\n\t\t<div class=\"w-grid-item-h\">\r\n\t\t\t\t\t\t<div class=\"w-hwrapper usg_hwrapper_1 align_justify valign_middle\" style=\"--hwrapper-gap:0rem\"><div class=\"w-post-elm post_image usg_post_image_1 has_width has_height has_ratio\"><img loading=\"lazy\" decoding=\"async\" width=\"460\" height=\"493\" src=\"https:\/\/bihar.eus\/wp-content\/uploads\/2026\/07\/Sergio-Marinao.jpg\" class=\"attachment-large size-large wp-post-image\" alt=\"\" \/><div style=\"padding-bottom:166.6667%\"><\/div><\/div><div class=\"w-vwrapper usg_vwrapper_1 align_left valign_top\" style=\"--vwrapper-gap:0.5rem\"><h4 class=\"w-post-elm post_title usg_post_title_1 entry-title color_link_inherit\">Sergio Andr\u00e9s Marinao Nahuelpan<\/h4><div class=\"w-post-elm post_custom_field usg_post_custom_field_1 has_text_color type_text kargua\"><span class=\"w-post-elm-value\">Fundador \/presidente fundaci\u00f3n mapuzugun \u00f1i choy\u00fcn Miembro y Kimelfe de Mapuzuguletuai\u00f1 <\/span><\/div><div class=\"w-html usg_html_1\"><\/div><\/div><\/div>\t\t<\/div>\r\n\t\t\t<\/article>\r\n\t<article class=\"w-grid-item size_1x1 post-3017 hizlaria type-hizlaria status-publish has-post-thumbnail hentry\" data-id=\"3017\">\r\n\t\t<div class=\"w-grid-item-h\">\r\n\t\t\t\t\t\t<div class=\"w-hwrapper usg_hwrapper_1 align_justify valign_middle\" style=\"--hwrapper-gap:0rem\"><div class=\"w-post-elm post_image usg_post_image_1 has_width has_height has_ratio\"><img loading=\"lazy\" decoding=\"async\" width=\"405\" height=\"544\" src=\"https:\/\/bihar.eus\/wp-content\/uploads\/2026\/07\/kekoa.jpeg\" class=\"attachment-large size-large wp-post-image\" alt=\"\" \/><div style=\"padding-bottom:166.6667%\"><\/div><\/div><div class=\"w-vwrapper usg_vwrapper_1 align_left valign_top\" style=\"--vwrapper-gap:0.5rem\"><h4 class=\"w-post-elm post_title usg_post_title_1 entry-title color_link_inherit\">Kekoa Lloyd Harman<\/h4><div class=\"w-post-elm post_custom_field usg_post_custom_field_1 has_text_color type_text kargua\"><span class=\"w-post-elm-value\">University of Hawai\u02bbi at Hilo \u2013 H\u0101lau I Ka Leo Ola O N\u0101 Mamo \/ Profesor asociado de Lengua Hawaiana<\/span><\/div><div class=\"w-html usg_html_1\"><\/div><\/div><\/div>\t\t<\/div>\r\n\t\t\t<\/article>\r\n\t<article class=\"w-grid-item size_1x1 post-3004 hizlaria type-hizlaria status-publish has-post-thumbnail hentry\" data-id=\"3004\">\r\n\t\t<div class=\"w-grid-item-h\">\r\n\t\t\t\t\t\t<div class=\"w-hwrapper usg_hwrapper_1 align_justify valign_middle\" style=\"--hwrapper-gap:0rem\"><div class=\"w-post-elm post_image usg_post_image_1 has_width has_height has_ratio\"><img loading=\"lazy\" decoding=\"async\" width=\"1024\" height=\"795\" src=\"https:\/\/bihar.eus\/wp-content\/uploads\/2026\/07\/Talent-Mudenda-1024x795.jpg\" class=\"attachment-large size-large wp-post-image\" alt=\"\" \/><div style=\"padding-bottom:166.6667%\"><\/div><\/div><div class=\"w-vwrapper usg_vwrapper_1 align_left valign_top\" style=\"--vwrapper-gap:0.5rem\"><h4 class=\"w-post-elm post_title usg_post_title_1 entry-title color_link_inherit\">Talent Mudenda<\/h4><div class=\"w-post-elm post_custom_field usg_post_custom_field_1 has_text_color type_text kargua\"><span class=\"w-post-elm-value\">Zimbabwe Indigenous Languages Revitalisation Project \/ Midlands State University National Language Institute.<br\/>Fundador y director \/ Investigador asociado<\/span><\/div><div class=\"w-html usg_html_1\"><\/div><\/div><\/div>\t\t<\/div>\r\n\t\t\t<\/article>\r\n\t<article class=\"w-grid-item size_1x1 post-3141 hizlaria type-hizlaria status-publish has-post-thumbnail hentry\" data-id=\"3141\">\r\n\t\t<div class=\"w-grid-item-h\">\r\n\t\t\t\t\t\t<div class=\"w-hwrapper usg_hwrapper_1 align_justify valign_middle\" style=\"--hwrapper-gap:0rem\"><div class=\"w-post-elm post_image usg_post_image_1 has_width has_height has_ratio\"><img loading=\"lazy\" decoding=\"async\" width=\"894\" height=\"1024\" src=\"https:\/\/bihar.eus\/wp-content\/uploads\/2026\/07\/Toroga-Breda-894x1024.jpg\" class=\"attachment-large size-large wp-post-image\" alt=\"\" \/><div style=\"padding-bottom:166.6667%\"><\/div><\/div><div class=\"w-vwrapper usg_vwrapper_1 align_left valign_top\" style=\"--vwrapper-gap:0.5rem\"><h4 class=\"w-post-elm post_title usg_post_title_1 entry-title color_link_inherit\">Toroga Breda<\/h4><div class=\"w-post-elm post_custom_field usg_post_custom_field_1 has_text_color type_text kargua\"><span class=\"w-post-elm-value\">Munanai \/ Productor<\/span><\/div><div class=\"w-html usg_html_1\"><\/div><\/div><\/div>\t\t<\/div>\r\n\t\t\t<\/article>\r\n\t<article class=\"w-grid-item size_1x1 post-3052 hizlaria type-hizlaria status-publish has-post-thumbnail hentry\" data-id=\"3052\">\r\n\t\t<div class=\"w-grid-item-h\">\r\n\t\t\t\t\t\t<div class=\"w-hwrapper usg_hwrapper_1 align_justify valign_middle\" style=\"--hwrapper-gap:0rem\"><div class=\"w-post-elm post_image usg_post_image_1 has_width has_height has_ratio\"><img loading=\"lazy\" decoding=\"async\" width=\"1024\" height=\"640\" src=\"https:\/\/bihar.eus\/wp-content\/uploads\/2026\/08\/Lorna-Williams-1024x640.jpg\" class=\"attachment-large size-large wp-post-image\" alt=\"\" \/><div style=\"padding-bottom:166.6667%\"><\/div><\/div><div class=\"w-vwrapper usg_vwrapper_1 align_left valign_top\" style=\"--vwrapper-gap:0.5rem\"><h4 class=\"w-post-elm post_title usg_post_title_1 entry-title color_link_inherit\">Lorna Wanosts\u2019a7 Williams<\/h4><div class=\"w-post-elm post_custom_field usg_post_custom_field_1 has_text_color type_text kargua\"><span class=\"w-post-elm-value\">Universidad de Victoria \/ Profesora em\u00e9rita<\/span><\/div><div class=\"w-html usg_html_1\"><\/div><\/div><\/div>\t\t<\/div>\r\n\t\t\t<\/article>\r\n\t<article class=\"w-grid-item size_1x1 post-2971 hizlaria type-hizlaria status-publish has-post-thumbnail hentry\" data-id=\"2971\">\r\n\t\t<div class=\"w-grid-item-h\">\r\n\t\t\t\t\t\t<div class=\"w-hwrapper usg_hwrapper_1 align_justify valign_middle\" style=\"--hwrapper-gap:0rem\"><div class=\"w-post-elm post_image usg_post_image_1 has_width has_height has_ratio\"><img loading=\"lazy\" decoding=\"async\" width=\"534\" height=\"356\" src=\"https:\/\/bihar.eus\/wp-content\/uploads\/2026\/08\/Jasone-argazkia.jpg\" class=\"attachment-large size-large wp-post-image\" alt=\"\" \/><div style=\"padding-bottom:166.6667%\"><\/div><\/div><div class=\"w-vwrapper usg_vwrapper_1 align_left valign_top\" style=\"--vwrapper-gap:0.5rem\"><h4 class=\"w-post-elm post_title usg_post_title_1 entry-title color_link_inherit\">Jasone Mendizabal Altun<\/h4><div class=\"w-post-elm post_custom_field usg_post_custom_field_1 has_text_color type_text kargua\"><span class=\"w-post-elm-value\">Taupa Euskalzaleen Mugimendua\/ Coordinaci\u00f3n General<\/span><\/div><div class=\"w-html usg_html_1\"><\/div><\/div><\/div>\t\t<\/div>\r\n\t\t\t<\/article>\r\n\t<article class=\"w-grid-item size_1x1 post-2968 hizlaria type-hizlaria status-publish has-post-thumbnail hentry\" data-id=\"2968\">\r\n\t\t<div class=\"w-grid-item-h\">\r\n\t\t\t\t\t\t<div class=\"w-hwrapper usg_hwrapper_1 align_justify valign_middle\" style=\"--hwrapper-gap:0rem\"><div class=\"w-post-elm post_image usg_post_image_1 has_width has_height has_ratio\"><img loading=\"lazy\" decoding=\"async\" width=\"1024\" height=\"855\" src=\"https:\/\/bihar.eus\/wp-content\/uploads\/2026\/07\/Elias-Caurey-e1785331150231-1024x855.jpeg\" class=\"attachment-large size-large wp-post-image\" alt=\"\" \/><div style=\"padding-bottom:166.6667%\"><\/div><\/div><div class=\"w-vwrapper usg_vwrapper_1 align_left valign_top\" style=\"--vwrapper-gap:0.5rem\"><h4 class=\"w-post-elm post_title usg_post_title_1 entry-title color_link_inherit\">El\u00edas Caurey<\/h4><div class=\"w-post-elm post_custom_field usg_post_custom_field_1 has_text_color type_text kargua\"><span class=\"w-post-elm-value\">Coordinador de la Escuela de Periodismo Ind\u00edgena y facilitador comunitario.<\/span><\/div><div class=\"w-html usg_html_1\"><\/div><\/div><\/div>\t\t<\/div>\r\n\t\t\t<\/article>\r\n\t<article class=\"w-grid-item size_1x1 post-3035 hizlaria type-hizlaria status-publish has-post-thumbnail hentry\" data-id=\"3035\">\r\n\t\t<div class=\"w-grid-item-h\">\r\n\t\t\t\t\t\t<div class=\"w-hwrapper usg_hwrapper_1 align_justify valign_middle\" style=\"--hwrapper-gap:0rem\"><div class=\"w-post-elm post_image usg_post_image_1 has_width has_height has_ratio\"><img loading=\"lazy\" decoding=\"async\" width=\"1024\" height=\"863\" src=\"https:\/\/bihar.eus\/wp-content\/uploads\/2026\/07\/Aritz-Ibanez-Lusarreta-scaled-e1785332831104-1024x863.png\" class=\"attachment-large size-large wp-post-image\" alt=\"\" \/><div style=\"padding-bottom:166.6667%\"><\/div><\/div><div class=\"w-vwrapper usg_vwrapper_1 align_left valign_top\" style=\"--vwrapper-gap:0.5rem\"><h4 class=\"w-post-elm post_title usg_post_title_1 entry-title color_link_inherit\">Aritz Iba\u00f1ez Lusarreta<\/h4><div class=\"w-post-elm post_custom_field usg_post_custom_field_1 has_text_color type_text kargua\"><span class=\"w-post-elm-value\">Duguna \u2013 Dantzaris de Pamplona \/ Director<\/span><\/div><div class=\"w-html usg_html_1\"><\/div><\/div><\/div>\t\t<\/div>\r\n\t\t\t<\/article>\r\n\t<article class=\"w-grid-item size_1x1 post-3103 hizlaria type-hizlaria status-publish has-post-thumbnail hentry\" data-id=\"3103\">\r\n\t\t<div class=\"w-grid-item-h\">\r\n\t\t\t\t\t\t<div class=\"w-hwrapper usg_hwrapper_1 align_justify valign_middle\" style=\"--hwrapper-gap:0rem\"><div class=\"w-post-elm post_image usg_post_image_1 has_width has_height has_ratio\"><img loading=\"lazy\" decoding=\"async\" width=\"1024\" height=\"768\" src=\"https:\/\/bihar.eus\/wp-content\/uploads\/2026\/08\/DJERIDE-JEAN-BAPTISTE-1024x768.jpeg\" class=\"attachment-large size-large wp-post-image\" alt=\"\" \/><div style=\"padding-bottom:166.6667%\"><\/div><\/div><div class=\"w-vwrapper usg_vwrapper_1 align_left valign_top\" style=\"--vwrapper-gap:0.5rem\"><h4 class=\"w-post-elm post_title usg_post_title_1 entry-title color_link_inherit\">Djeride Jean-Baptiste<\/h4><div class=\"w-post-elm post_custom_field usg_post_custom_field_1 has_text_color type_text kargua\"><span class=\"w-post-elm-value\"><br\/> MIT-Hait\u00ed \/ Investigador y encargado de comunicaci\u00f3n<br\/><\/span><\/div><div class=\"w-html usg_html_1\"><\/div><\/div><\/div>\t\t<\/div>\r\n\t\t\t<\/article>\r\n\t<article class=\"w-grid-item size_1x1 post-3139 hizlaria type-hizlaria status-publish has-post-thumbnail hentry\" data-id=\"3139\">\r\n\t\t<div class=\"w-grid-item-h\">\r\n\t\t\t\t\t\t<div class=\"w-hwrapper usg_hwrapper_1 align_justify valign_middle\" style=\"--hwrapper-gap:0rem\"><div class=\"w-post-elm post_image usg_post_image_1 has_width has_height has_ratio\"><img loading=\"lazy\" decoding=\"async\" width=\"804\" height=\"1024\" src=\"https:\/\/bihar.eus\/wp-content\/uploads\/2026\/07\/Tahir-Baykusak-804x1024.png\" class=\"attachment-large size-large wp-post-image\" alt=\"\" \/><div style=\"padding-bottom:166.6667%\"><\/div><\/div><div class=\"w-vwrapper usg_vwrapper_1 align_left valign_top\" style=\"--vwrapper-gap:0.5rem\"><h4 class=\"w-post-elm post_title usg_post_title_1 entry-title color_link_inherit\">Tahir Bayku\u015fak<\/h4><div class=\"w-post-elm post_custom_field usg_post_custom_field_1 has_text_color type_text kargua\"><span class=\"w-post-elm-value\">Municipalidad Metropolitana de Diyarbak\u0131r \/Director del Departamento de Desarrollo y Preservaci\u00f3n de la Lengua<\/span><\/div><div class=\"w-html usg_html_1\"><\/div><\/div><\/div>\t\t<\/div>\r\n\t\t\t<\/article>\r\n\t<article class=\"w-grid-item size_1x1 post-3023 hizlaria type-hizlaria status-publish has-post-thumbnail hentry\" data-id=\"3023\">\r\n\t\t<div class=\"w-grid-item-h\">\r\n\t\t\t\t\t\t<div class=\"w-hwrapper usg_hwrapper_1 align_justify valign_middle\" style=\"--hwrapper-gap:0rem\"><div class=\"w-post-elm post_image usg_post_image_1 has_width has_height has_ratio\"><img loading=\"lazy\" decoding=\"async\" width=\"766\" height=\"1024\" src=\"https:\/\/bihar.eus\/wp-content\/uploads\/2026\/07\/Kseniia-Bolshakova-766x1024.jpg\" class=\"attachment-large size-large wp-post-image\" alt=\"\" \/><div style=\"padding-bottom:166.6667%\"><\/div><\/div><div class=\"w-vwrapper usg_vwrapper_1 align_left valign_top\" style=\"--vwrapper-gap:0.5rem\"><h4 class=\"w-post-elm post_title usg_post_title_1 entry-title color_link_inherit\">KSENIIA BOLSHAKOVA<\/h4><div class=\"w-post-elm post_custom_field usg_post_custom_field_1 has_text_color type_text kargua\"><span class=\"w-post-elm-value\">ONGD Indigenous Resilience \/ Miembro de la Junta Directiva<\/span><\/div><div class=\"w-html usg_html_1\"><\/div><\/div><\/div>\t\t<\/div>\r\n\t\t\t<\/article>\r\n\t<article class=\"w-grid-item size_1x1 post-3010 hizlaria type-hizlaria status-publish has-post-thumbnail hentry\" data-id=\"3010\">\r\n\t\t<div class=\"w-grid-item-h\">\r\n\t\t\t\t\t\t<div class=\"w-hwrapper usg_hwrapper_1 align_justify valign_middle\" style=\"--hwrapper-gap:0rem\"><div class=\"w-post-elm post_image usg_post_image_1 has_width has_height has_ratio\"><img loading=\"lazy\" decoding=\"async\" width=\"640\" height=\"640\" src=\"https:\/\/bihar.eus\/wp-content\/uploads\/2026\/08\/Maria-Izquierdo.png\" class=\"attachment-large size-large wp-post-image\" alt=\"\" \/><div style=\"padding-bottom:166.6667%\"><\/div><\/div><div class=\"w-vwrapper usg_vwrapper_1 align_left valign_top\" style=\"--vwrapper-gap:0.5rem\"><h4 class=\"w-post-elm post_title usg_post_title_1 entry-title color_link_inherit\">Mar\u00eda Auxiliadora Izquierdo Perez<\/h4><div class=\"w-post-elm post_custom_field usg_post_custom_field_1 has_text_color type_text kargua\"><span class=\"w-post-elm-value\">COMUNIDAD INDIGENA ARHUACA DE SEYKUN COLOMBIA<br\/>MIKELAZULO KULTUR ELKARTEA\/ - MIEMBRO DE LA COMUNIDAD ARHUACA. - PRESIDENTA DE MIKELAZULO KULTUR ELKARTEA <\/span><\/div><div class=\"w-html usg_html_1\"><\/div><\/div><\/div>\t\t<\/div>\r\n\t\t\t<\/article>\r\n\t<article class=\"w-grid-item size_1x1 post-2986 hizlaria type-hizlaria status-publish has-post-thumbnail hentry\" data-id=\"2986\">\r\n\t\t<div class=\"w-grid-item-h\">\r\n\t\t\t\t\t\t<div class=\"w-hwrapper usg_hwrapper_1 align_justify valign_middle\" style=\"--hwrapper-gap:0rem\"><div class=\"w-post-elm post_image usg_post_image_1 has_width has_height has_ratio\"><img loading=\"lazy\" decoding=\"async\" width=\"1024\" height=\"849\" src=\"https:\/\/bihar.eus\/wp-content\/uploads\/2026\/07\/Justyna-Olko-1024x849.jpg\" class=\"attachment-large size-large wp-post-image\" alt=\"\" \/><div style=\"padding-bottom:166.6667%\"><\/div><\/div><div class=\"w-vwrapper usg_vwrapper_1 align_left valign_top\" style=\"--vwrapper-gap:0.5rem\"><h4 class=\"w-post-elm post_title usg_post_title_1 entry-title color_link_inherit\">Justyna Olko<\/h4><div class=\"w-post-elm post_custom_field usg_post_custom_field_1 has_text_color type_text kargua\"><span class=\"w-post-elm-value\">Universidad de Varsovia \/ profesora, directora del Centro de Investigaci\u00f3n y Pr\u00e1ctica en la Continuidad Cultural<\/span><\/div><div class=\"w-html usg_html_1\"><\/div><\/div><\/div>\t\t<\/div>\r\n\t\t\t<\/article>\r\n\t<article class=\"w-grid-item size_1x1 post-3070 hizlaria type-hizlaria status-publish has-post-thumbnail hentry\" data-id=\"3070\">\r\n\t\t<div class=\"w-grid-item-h\">\r\n\t\t\t\t\t\t<div class=\"w-hwrapper usg_hwrapper_1 align_justify valign_middle\" style=\"--hwrapper-gap:0rem\"><div class=\"w-post-elm post_image usg_post_image_1 has_width has_height has_ratio\"><img loading=\"lazy\" decoding=\"async\" width=\"1024\" height=\"589\" src=\"https:\/\/bihar.eus\/wp-content\/uploads\/2026\/07\/urtzi-urrutikoetxea-1024x589.webp\" class=\"attachment-large size-large wp-post-image\" alt=\"\" \/><div style=\"padding-bottom:166.6667%\"><\/div><\/div><div class=\"w-vwrapper usg_vwrapper_1 align_left valign_top\" style=\"--vwrapper-gap:0.5rem\"><h4 class=\"w-post-elm post_title usg_post_title_1 entry-title color_link_inherit\">Urtzi Urrutikoetxea<\/h4><div class=\"w-post-elm post_custom_field usg_post_custom_field_1 has_text_color type_text kargua\"><span class=\"w-post-elm-value\"><br\/> GARABIDE (+ Euskal PEN \/ PEN International)\/ Miembro del equipo de trabajo. Presidente de la Comisi\u00f3n de Traducci\u00f3n y Derechos Ling\u00fc\u00edsticos de PEN International.Lan-taldeko kidea. PEN International-eko Itzulpengintza eta Hizkuntza Eskubideetako Batzordeko burua. <\/span><\/div><div class=\"w-html usg_html_1\"><\/div><\/div><\/div>\t\t<\/div>\r\n\t\t\t<\/article>\r\n\t<article class=\"w-grid-item size_1x1 post-2917 hizlaria type-hizlaria status-publish has-post-thumbnail hentry\" data-id=\"2917\">\r\n\t\t<div class=\"w-grid-item-h\">\r\n\t\t\t\t\t\t<div class=\"w-hwrapper usg_hwrapper_1 align_justify valign_middle\" style=\"--hwrapper-gap:0rem\"><div class=\"w-post-elm post_image usg_post_image_1 has_width has_height has_ratio\"><img loading=\"lazy\" decoding=\"async\" width=\"338\" height=\"203\" src=\"https:\/\/bihar.eus\/wp-content\/uploads\/2026\/07\/Xan-Aire-Hasket.jpg\" class=\"attachment-large size-large wp-post-image\" alt=\"\" \/><div style=\"padding-bottom:166.6667%\"><\/div><\/div><div class=\"w-vwrapper usg_vwrapper_1 align_left valign_top\" style=\"--vwrapper-gap:0.5rem\"><h4 class=\"w-post-elm post_title usg_post_title_1 entry-title color_link_inherit\">Xan Aire Hasket<\/h4><div class=\"w-post-elm post_custom_field usg_post_custom_field_1 has_text_color type_text kargua\"><span class=\"w-post-elm-value\">Plazara Kolektiboa \/ Formador y coordinador de servicios<\/span><\/div><div class=\"w-html usg_html_1\"><\/div><\/div><\/div>\t\t<\/div>\r\n\t\t\t<\/article>\r\n\t<article class=\"w-grid-item size_1x1 post-2937 hizlaria type-hizlaria status-publish has-post-thumbnail hentry\" data-id=\"2937\">\r\n\t\t<div class=\"w-grid-item-h\">\r\n\t\t\t\t\t\t<div class=\"w-hwrapper usg_hwrapper_1 align_justify valign_middle\" style=\"--hwrapper-gap:0rem\"><div class=\"w-post-elm post_image usg_post_image_1 has_width has_height has_ratio\"><img loading=\"lazy\" decoding=\"async\" width=\"595\" height=\"698\" src=\"https:\/\/bihar.eus\/wp-content\/uploads\/2026\/07\/Albert-Badosa-Roldos.jpg\" class=\"attachment-large size-large wp-post-image\" alt=\"\" \/><div style=\"padding-bottom:166.6667%\"><\/div><\/div><div class=\"w-vwrapper usg_vwrapper_1 align_left valign_top\" style=\"--vwrapper-gap:0.5rem\"><h4 class=\"w-post-elm post_title usg_post_title_1 entry-title color_link_inherit\">Albert Badosa Rold\u00f3s<\/h4><div class=\"w-post-elm post_custom_field usg_post_custom_field_1 has_text_color type_text kargua\"><span class=\"w-post-elm-value\">Lector de catal\u00e0, Univerzitet u Beogradu<\/span><\/div><div class=\"w-html usg_html_1\"><\/div><\/div><\/div>\t\t<\/div>\r\n\t\t\t<\/article>\r\n\t<article class=\"w-grid-item size_1x1 post-2977 hizlaria type-hizlaria status-publish has-post-thumbnail hentry\" data-id=\"2977\">\r\n\t\t<div class=\"w-grid-item-h\">\r\n\t\t\t\t\t\t<div class=\"w-hwrapper usg_hwrapper_1 align_justify valign_middle\" style=\"--hwrapper-gap:0rem\"><div class=\"w-post-elm post_image usg_post_image_1 has_width has_height has_ratio\"><img loading=\"lazy\" decoding=\"async\" width=\"686\" height=\"457\" src=\"https:\/\/bihar.eus\/wp-content\/uploads\/2026\/08\/Onintza-argazkia.jpg\" class=\"attachment-large size-large wp-post-image\" alt=\"\" \/><div style=\"padding-bottom:166.6667%\"><\/div><\/div><div class=\"w-vwrapper usg_vwrapper_1 align_left valign_top\" style=\"--vwrapper-gap:0.5rem\"><h4 class=\"w-post-elm post_title usg_post_title_1 entry-title color_link_inherit\">Onintza Olaizola Aristi<\/h4><div class=\"w-post-elm post_custom_field usg_post_custom_field_1 has_text_color type_text kargua\"><span class=\"w-post-elm-value\">Taupa Euskalzaleen Mugimendua\/ Responsable de la l\u00ednea de trabajo de construcci\u00f3n comunitaria<br\/> <\/span><\/div><div class=\"w-html usg_html_1\"><\/div><\/div><\/div>\t\t<\/div>\r\n\t\t\t<\/article>\r\n\t<article class=\"w-grid-item size_1x1 post-3046 hizlaria type-hizlaria status-publish has-post-thumbnail hentry\" data-id=\"3046\">\r\n\t\t<div class=\"w-grid-item-h\">\r\n\t\t\t\t\t\t<div class=\"w-hwrapper usg_hwrapper_1 align_justify valign_middle\" style=\"--hwrapper-gap:0rem\"><div class=\"w-post-elm post_image usg_post_image_1 has_width has_height has_ratio\"><img loading=\"lazy\" decoding=\"async\" width=\"640\" height=\"640\" src=\"https:\/\/bihar.eus\/wp-content\/uploads\/2026\/07\/Clayton-Cruse.png\" class=\"attachment-large size-large wp-post-image\" alt=\"\" \/><div style=\"padding-bottom:166.6667%\"><\/div><\/div><div class=\"w-vwrapper usg_vwrapper_1 align_left valign_top\" style=\"--vwrapper-gap:0.5rem\"><h4 class=\"w-post-elm post_title usg_post_title_1 entry-title color_link_inherit\">Clayton Cruse<\/h4><div class=\"w-post-elm post_custom_field usg_post_custom_field_1 has_text_color type_text kargua\"><span class=\"w-post-elm-value\">IDIL Australia \/ Miembro del Grupo de Direcci\u00f3n<\/span><\/div><div class=\"w-html usg_html_1\"><\/div><\/div><\/div>\t\t<\/div>\r\n\t\t\t<\/article>\r\n\t<article class=\"w-grid-item size_1x1 post-2992 hizlaria type-hizlaria status-publish has-post-thumbnail hentry\" data-id=\"2992\">\r\n\t\t<div class=\"w-grid-item-h\">\r\n\t\t\t\t\t\t<div class=\"w-hwrapper usg_hwrapper_1 align_justify valign_middle\" style=\"--hwrapper-gap:0rem\"><div class=\"w-post-elm post_image usg_post_image_1 has_width has_height has_ratio\"><img loading=\"lazy\" decoding=\"async\" width=\"768\" height=\"1024\" src=\"https:\/\/bihar.eus\/wp-content\/uploads\/2026\/08\/Yazmin-Novelo-768x1024.jpg\" class=\"attachment-large size-large wp-post-image\" alt=\"\" \/><div style=\"padding-bottom:166.6667%\"><\/div><\/div><div class=\"w-vwrapper usg_vwrapper_1 align_left valign_top\" style=\"--vwrapper-gap:0.5rem\"><h4 class=\"w-post-elm post_title usg_post_title_1 entry-title color_link_inherit\">Yazm\u00edn Yadira Novelo Montejo<\/h4><div class=\"w-post-elm post_custom_field usg_post_custom_field_1 has_text_color type_text kargua\"><span class=\"w-post-elm-value\">UU P\u00e9ekbal Waye\u2019 \/ Directora<\/span><\/div><div class=\"w-html usg_html_1\"><\/div><\/div><\/div>\t\t<\/div>\r\n\t\t\t<\/article>\r\n\t<article class=\"w-grid-item size_1x1 post-2931 hizlaria type-hizlaria status-publish has-post-thumbnail hentry\" data-id=\"2931\">\r\n\t\t<div class=\"w-grid-item-h\">\r\n\t\t\t\t\t\t<div class=\"w-hwrapper usg_hwrapper_1 align_justify valign_middle\" style=\"--hwrapper-gap:0rem\"><div class=\"w-post-elm post_image usg_post_image_1 has_width has_height has_ratio\"><img loading=\"lazy\" decoding=\"async\" width=\"840\" height=\"630\" src=\"https:\/\/bihar.eus\/wp-content\/uploads\/2026\/07\/Miriam-Viviana-Gonzalez-Garzon.jpg\" class=\"attachment-large size-large wp-post-image\" alt=\"\" \/><div style=\"padding-bottom:166.6667%\"><\/div><\/div><div class=\"w-vwrapper usg_vwrapper_1 align_left valign_top\" style=\"--vwrapper-gap:0.5rem\"><h4 class=\"w-post-elm post_title usg_post_title_1 entry-title color_link_inherit\">Miriam Viviana Gonz\u00e1lez Garz\u00f3n<\/h4><div class=\"w-post-elm post_custom_field usg_post_custom_field_1 has_text_color type_text kargua\"><span class=\"w-post-elm-value\">Garabide, Plan de Vida Proyecto Nasa, Pueblo Nasa\/ Asesora, T\u00e9cnica<\/span><\/div><div class=\"w-html usg_html_1\"><\/div><\/div><\/div>\t\t<\/div>\r\n\t\t\t<\/article>\r\n\t<article class=\"w-grid-item size_1x1 post-3088 hizlaria type-hizlaria status-publish has-post-thumbnail hentry\" data-id=\"3088\">\r\n\t\t<div class=\"w-grid-item-h\">\r\n\t\t\t\t\t\t<div class=\"w-hwrapper usg_hwrapper_1 align_justify valign_middle\" style=\"--hwrapper-gap:0rem\"><div class=\"w-post-elm post_image usg_post_image_1 has_width has_height has_ratio\"><img loading=\"lazy\" decoding=\"async\" width=\"963\" height=\"1024\" src=\"https:\/\/bihar.eus\/wp-content\/uploads\/2026\/07\/Jelisava-Dobovsek-963x1024.jpeg\" class=\"attachment-large size-large wp-post-image\" alt=\"\" \/><div style=\"padding-bottom:166.6667%\"><\/div><\/div><div class=\"w-vwrapper usg_vwrapper_1 align_left valign_top\" style=\"--vwrapper-gap:0.5rem\"><h4 class=\"w-post-elm post_title usg_post_title_1 entry-title color_link_inherit\">Jelisava Dobovsek Sethna<\/h4><div class=\"w-post-elm post_custom_field usg_post_custom_field_1 has_text_color type_text kargua\"><span class=\"w-post-elm-value\">Linguapax Asia \/ Director<\/span><\/div><div class=\"w-html usg_html_1\"><\/div><\/div><\/div>\t\t<\/div>\r\n\t\t\t<\/article>\r\n\t<article class=\"w-grid-item size_1x1 post-2949 hizlaria type-hizlaria status-publish has-post-thumbnail hentry\" data-id=\"2949\">\r\n\t\t<div class=\"w-grid-item-h\">\r\n\t\t\t\t\t\t<div class=\"w-hwrapper usg_hwrapper_1 align_justify valign_middle\" style=\"--hwrapper-gap:0rem\"><div class=\"w-post-elm post_image usg_post_image_1 has_width has_height has_ratio\"><img loading=\"lazy\" decoding=\"async\" width=\"523\" height=\"349\" src=\"https:\/\/bihar.eus\/wp-content\/uploads\/2026\/07\/Paula-Laita-Pallares.jpg\" class=\"attachment-large size-large wp-post-image\" alt=\"\" \/><div style=\"padding-bottom:166.6667%\"><\/div><\/div><div class=\"w-vwrapper usg_vwrapper_1 align_left valign_top\" style=\"--vwrapper-gap:0.5rem\"><h4 class=\"w-post-elm post_title usg_post_title_1 entry-title color_link_inherit\">Paula Laita Pallares<\/h4><div class=\"w-post-elm post_custom_field usg_post_custom_field_1 has_text_color type_text kargua\"><span class=\"w-post-elm-value\">Soziolinguistika Klusterra \/ Investigadora socioling\u00fcista<\/span><\/div><div class=\"w-html usg_html_1\"><\/div><\/div><\/div>\t\t<\/div>\r\n\t\t\t<\/article>\r\n\t<article class=\"w-grid-item size_1x1 post-3061 hizlaria type-hizlaria status-publish has-post-thumbnail hentry\" data-id=\"3061\">\r\n\t\t<div class=\"w-grid-item-h\">\r\n\t\t\t\t\t\t<div class=\"w-hwrapper usg_hwrapper_1 align_justify valign_middle\" style=\"--hwrapper-gap:0rem\"><div class=\"w-post-elm post_image usg_post_image_1 has_width has_height has_ratio\"><img loading=\"lazy\" decoding=\"async\" width=\"1024\" height=\"1024\" src=\"https:\/\/bihar.eus\/wp-content\/uploads\/2026\/07\/Michel-DeGraff-1024x1024.jpeg\" class=\"attachment-large size-large wp-post-image\" alt=\"\" \/><div style=\"padding-bottom:166.6667%\"><\/div><\/div><div class=\"w-vwrapper usg_vwrapper_1 align_left valign_top\" style=\"--vwrapper-gap:0.5rem\"><h4 class=\"w-post-elm post_title usg_post_title_1 entry-title color_link_inherit\">Michel DeGraff<\/h4><div class=\"w-post-elm post_custom_field usg_post_custom_field_1 has_text_color type_text kargua\"><span class=\"w-post-elm-value\">Mit haiyti \/ Profesor<\/span><\/div><div class=\"w-html usg_html_1\"><\/div><\/div><\/div>\t\t<\/div>\r\n\t\t\t<\/article>\r\n\t<article class=\"w-grid-item size_1x1 post-3121 hizlaria type-hizlaria status-publish has-post-thumbnail hentry\" data-id=\"3121\">\r\n\t\t<div class=\"w-grid-item-h\">\r\n\t\t\t\t\t\t<div class=\"w-hwrapper usg_hwrapper_1 align_justify valign_middle\" style=\"--hwrapper-gap:0rem\"><div class=\"w-post-elm post_image usg_post_image_1 has_width has_height has_ratio\"><img loading=\"lazy\" decoding=\"async\" width=\"247\" height=\"268\" src=\"https:\/\/bihar.eus\/wp-content\/uploads\/2026\/07\/Monica-Perena-Perez.jpg\" class=\"attachment-large size-large wp-post-image\" alt=\"\" \/><div style=\"padding-bottom:166.6667%\"><\/div><\/div><div class=\"w-vwrapper usg_vwrapper_1 align_left valign_top\" style=\"--vwrapper-gap:0.5rem\"><h4 class=\"w-post-elm post_title usg_post_title_1 entry-title color_link_inherit\">M\u00f3nica Pere\u00f1a Perez<\/h4><div class=\"w-post-elm post_custom_field usg_post_custom_field_1 has_text_color type_text kargua\"><span class=\"w-post-elm-value\">Linguapax Internacional \/ Lehendakaria <\/span><\/div><div class=\"w-html usg_html_1\"><\/div><\/div><\/div>\t\t<\/div>\r\n\t\t\t<\/article>\r\n\t<article class=\"w-grid-item size_1x1 post-3076 hizlaria type-hizlaria status-publish has-post-thumbnail hentry\" data-id=\"3076\">\r\n\t\t<div class=\"w-grid-item-h\">\r\n\t\t\t\t\t\t<div class=\"w-hwrapper usg_hwrapper_1 align_justify valign_middle\" style=\"--hwrapper-gap:0rem\"><div class=\"w-post-elm post_image usg_post_image_1 has_width has_height has_ratio\"><img loading=\"lazy\" decoding=\"async\" width=\"500\" height=\"500\" src=\"https:\/\/bihar.eus\/wp-content\/uploads\/2026\/07\/Jon-Sarasua-Maritxalar.jpg\" class=\"attachment-large size-large wp-post-image\" alt=\"\" \/><div style=\"padding-bottom:166.6667%\"><\/div><\/div><div class=\"w-vwrapper usg_vwrapper_1 align_left valign_top\" style=\"--vwrapper-gap:0.5rem\"><h4 class=\"w-post-elm post_title usg_post_title_1 entry-title color_link_inherit\">Jon Sarasua Maritxalar<\/h4><div class=\"w-post-elm post_custom_field usg_post_custom_field_1 has_text_color type_text kargua\"><span class=\"w-post-elm-value\">Garabide. Mondragon Unibertsitatea. EuskaltzandiaGarabide, Mondragon Unibertsitatea, Euskaltzandia \/ Profesor<\/span><\/div><div class=\"w-html usg_html_1\"><\/div><\/div><\/div>\t\t<\/div>\r\n\t\t\t<\/article>\r\n\t<article class=\"w-grid-item size_1x1 post-2943 hizlaria type-hizlaria status-publish has-post-thumbnail hentry\" data-id=\"2943\">\r\n\t\t<div class=\"w-grid-item-h\">\r\n\t\t\t\t\t\t<div class=\"w-hwrapper usg_hwrapper_1 align_justify valign_middle\" style=\"--hwrapper-gap:0rem\"><div class=\"w-post-elm post_image usg_post_image_1 has_width has_height has_ratio\"><img loading=\"lazy\" decoding=\"async\" width=\"434\" height=\"651\" src=\"https:\/\/bihar.eus\/wp-content\/uploads\/2026\/07\/Belen-Uranga-Arakistain.jpg\" class=\"attachment-large size-large wp-post-image\" alt=\"\" \/><div style=\"padding-bottom:166.6667%\"><\/div><\/div><div class=\"w-vwrapper usg_vwrapper_1 align_left valign_top\" style=\"--vwrapper-gap:0.5rem\"><h4 class=\"w-post-elm post_title usg_post_title_1 entry-title color_link_inherit\">Belen Uranga Arakistain<\/h4><div class=\"w-post-elm post_custom_field usg_post_custom_field_1 has_text_color type_text kargua\"><span class=\"w-post-elm-value\">Soziolinguistika Klusterra \/ T\u00e9cnica de lengua e investigadora socioling\u00fcista<\/span><\/div><div class=\"w-html usg_html_1\"><\/div><\/div><\/div>\t\t<\/div>\r\n\t\t\t<\/article>\r\n\t<article class=\"w-grid-item size_1x1 post-3111 hizlaria type-hizlaria status-publish has-post-thumbnail hentry\" data-id=\"3111\">\r\n\t\t<div class=\"w-grid-item-h\">\r\n\t\t\t\t\t\t<div class=\"w-hwrapper usg_hwrapper_1 align_justify valign_middle\" style=\"--hwrapper-gap:0rem\"><div class=\"w-post-elm post_image usg_post_image_1 has_width has_height has_ratio\"><img loading=\"lazy\" decoding=\"async\" width=\"300\" height=\"291\" src=\"https:\/\/bihar.eus\/wp-content\/uploads\/2026\/08\/Sophia-Smith-Galer.png\" class=\"attachment-large size-large wp-post-image\" alt=\"\" \/><div style=\"padding-bottom:166.6667%\"><\/div><\/div><div class=\"w-vwrapper usg_vwrapper_1 align_left valign_top\" style=\"--vwrapper-gap:0.5rem\"><h4 class=\"w-post-elm post_title usg_post_title_1 entry-title color_link_inherit\">Sophia Smith Galer<\/h4><div class=\"w-post-elm post_custom_field usg_post_custom_field_1 has_text_color type_text kargua\"><span class=\"w-post-elm-value\">Autora de How To Kill A Language: Power, Resistance and the Race to Save Our Words<\/span><\/div><div class=\"w-html usg_html_1\"><\/div><\/div><\/div>\t\t<\/div>\r\n\t\t\t<\/article>\r\n\t<article class=\"w-grid-item size_1x1 post-3115 hizlaria type-hizlaria status-publish has-post-thumbnail hentry\" data-id=\"3115\">\r\n\t\t<div class=\"w-grid-item-h\">\r\n\t\t\t\t\t\t<div class=\"w-hwrapper usg_hwrapper_1 align_justify valign_middle\" style=\"--hwrapper-gap:0rem\"><div class=\"w-post-elm post_image usg_post_image_1 has_width has_height has_ratio\"><img loading=\"lazy\" decoding=\"async\" width=\"761\" height=\"854\" src=\"https:\/\/bihar.eus\/wp-content\/uploads\/2026\/08\/eddie-avila.png\" class=\"attachment-large size-large wp-post-image\" alt=\"\" \/><div style=\"padding-bottom:166.6667%\"><\/div><\/div><div class=\"w-vwrapper usg_vwrapper_1 align_left valign_top\" style=\"--vwrapper-gap:0.5rem\"><h4 class=\"w-post-elm post_title usg_post_title_1 entry-title color_link_inherit\">Eddie Avila<\/h4><div class=\"w-post-elm post_custom_field usg_post_custom_field_1 has_text_color type_text kargua\"><span class=\"w-post-elm-value\">Rising Voices \u00b7 Global Voices \/ Director General<br\/><br\/><\/span><\/div><div class=\"w-html usg_html_1\"><\/div><\/div><\/div>\t\t<\/div>\r\n\t\t\t<\/article>\r\n\t<article class=\"w-grid-item size_1x1 post-2959 hizlaria type-hizlaria status-publish has-post-thumbnail hentry\" data-id=\"2959\">\r\n\t\t<div class=\"w-grid-item-h\">\r\n\t\t\t\t\t\t<div class=\"w-hwrapper usg_hwrapper_1 align_justify valign_middle\" style=\"--hwrapper-gap:0rem\"><div class=\"w-post-elm post_image usg_post_image_1 has_width has_height has_ratio\"><img loading=\"lazy\" decoding=\"async\" width=\"683\" height=\"1024\" src=\"https:\/\/bihar.eus\/wp-content\/uploads\/2026\/08\/Paolina-Vercoutere-683x1024.jpg\" class=\"attachment-large size-large wp-post-image\" alt=\"\" \/><div style=\"padding-bottom:166.6667%\"><\/div><\/div><div class=\"w-vwrapper usg_vwrapper_1 align_left valign_top\" style=\"--vwrapper-gap:0.5rem\"><h4 class=\"w-post-elm post_title usg_post_title_1 entry-title color_link_inherit\">Paolina Vercoutere Quinchef<\/h4><div class=\"w-post-elm post_custom_field usg_post_custom_field_1 has_text_color type_text kargua\"><span class=\"w-post-elm-value\">Ex Viceprefecta de Imbabura<\/span><\/div><div class=\"w-html usg_html_1\"><\/div><\/div><\/div>\t\t<\/div>\r\n\t\t\t<\/article>\r\n\t<article class=\"w-grid-item size_1x1 post-2922 hizlaria type-hizlaria status-publish has-post-thumbnail hentry\" data-id=\"2922\">\r\n\t\t<div class=\"w-grid-item-h\">\r\n\t\t\t\t\t\t<div class=\"w-hwrapper usg_hwrapper_1 align_justify valign_middle\" style=\"--hwrapper-gap:0rem\"><div class=\"w-post-elm post_image usg_post_image_1 has_width has_height has_ratio\"><img loading=\"lazy\" decoding=\"async\" width=\"204\" height=\"250\" src=\"https:\/\/bihar.eus\/wp-content\/uploads\/2026\/08\/Andichi-Chahid.jpg\" class=\"attachment-large size-large wp-post-image\" alt=\"\" \/><div style=\"padding-bottom:166.6667%\"><\/div><\/div><div class=\"w-vwrapper usg_vwrapper_1 align_left valign_top\" style=\"--vwrapper-gap:0.5rem\"><h4 class=\"w-post-elm post_title usg_post_title_1 entry-title color_link_inherit\">Andichi Chahid<\/h4><div class=\"w-post-elm post_custom_field usg_post_custom_field_1 has_text_color type_text kargua\"><span class=\"w-post-elm-value\">Adlis Amazi\u0263 \/ Periodista \/ Estudiante de doctorado<\/span><\/div><div class=\"w-html usg_html_1\"><\/div><\/div><\/div>\t\t<\/div>\r\n\t\t\t<\/article>\r\n\t<article class=\"w-grid-item size_1x1 post-3064 hizlaria type-hizlaria status-publish has-post-thumbnail hentry\" data-id=\"3064\">\r\n\t\t<div class=\"w-grid-item-h\">\r\n\t\t\t\t\t\t<div class=\"w-hwrapper usg_hwrapper_1 align_justify valign_middle\" style=\"--hwrapper-gap:0rem\"><div class=\"w-post-elm post_image usg_post_image_1 has_width has_height has_ratio\"><img loading=\"lazy\" decoding=\"async\" width=\"576\" height=\"1024\" src=\"https:\/\/bihar.eus\/wp-content\/uploads\/2026\/07\/Mustapha-1-1-576x1024.png\" class=\"attachment-large size-large wp-post-image\" alt=\"\" \/><div style=\"padding-bottom:166.6667%\"><\/div><\/div><div class=\"w-vwrapper usg_vwrapper_1 align_left valign_top\" style=\"--vwrapper-gap:0.5rem\"><h4 class=\"w-post-elm post_title usg_post_title_1 entry-title color_link_inherit\">Mustapha El Adak<\/h4><div class=\"w-post-elm post_custom_field usg_post_custom_field_1 has_text_color type_text kargua\"><span class=\"w-post-elm-value\">Universidad de Oujda\/ Investigador universitario y actor sociocultural<\/span><\/div><div class=\"w-html usg_html_1\"><\/div><\/div><\/div>\t\t<\/div>\r\n\t\t\t<\/article>\r\n<\/div><div class=\"w-grid-carousel-json hidden\" onclick='return {&quot;carousel_settings&quot;:{&quot;aria_labels&quot;:{&quot;prev&quot;:&quot;Previous&quot;,&quot;next&quot;:&quot;Siguiente&quot;},&quot;autoplayContinual&quot;:false,&quot;autoplayHoverPause&quot;:false,&quot;autoplayTimeout&quot;:4000,&quot;autoWidth&quot;:false,&quot;smartSpeed&quot;:350,&quot;margin&quot;:0,&quot;mouseDrag&quot;:true,&quot;rtl&quot;:false,&quot;slideBy&quot;:&quot;1&quot;,&quot;touchDrag&quot;:true,&quot;slideTransition&quot;:&quot;&quot;,&quot;responsive&quot;:{&quot;0&quot;:{&quot;autoHeight&quot;:false,&quot;autoplay&quot;:false,&quot;autoWidth&quot;:false,&quot;center&quot;:false,&quot;dots&quot;:false,&quot;items&quot;:1,&quot;loop&quot;:false,&quot;nav&quot;:false,&quot;stagePadding&quot;:0,&quot;slideBy&quot;:&quot;1&quot;},&quot;801&quot;:{&quot;items&quot;:2,&quot;autoplay&quot;:false,&quot;center&quot;:false,&quot;dots&quot;:false,&quot;nav&quot;:true,&quot;autoHeight&quot;:false,&quot;autoWidth&quot;:false,&quot;loop&quot;:false,&quot;stagePadding&quot;:0}}}}'><\/div><\/div><\/div><\/div><\/div><\/div><\/section><section class=\"l-section wpb_row height_small\" id=\"info-praktika\"><div class=\"l-section-h i-cf\"><div class=\"g-cols vc_row via_grid cols_1 laptops-cols_inherit tablets-cols_inherit mobiles-cols_1 valign_top type_default stacking_default\"><div class=\"wpb_column vc_column_container us_custom_057801f8 has_bg_color\"><div class=\"vc_column-inner\"><div class=\"w-separator size_medium\"><\/div><h2 class=\"w-text\"><span class=\"w-text-h\"><span class=\"w-text-value\">INFORMACI\u00d3N PR\u00c1CTICA PARA PARTICIPANTES DEL CONGRESO<\/span><\/span><\/h2><div class=\"wpb_text_column\"><div class=\"wpb_wrapper\"><p>Gracias por participar en nuestro congreso. En esta p\u00e1gina encontrar\u00e1s informaci\u00f3n \u00fatil sobre las sedes, el viaje, el alojamiento y la movilidad.<\/p>\n<\/div><\/div><div class=\"w-separator size_medium\"><\/div><div class=\"g-cols wpb_row via_grid cols_2-1 laptops-cols_inherit tablets-cols_inherit mobiles-cols_1 valign_top type_default stacking_default\" style=\"--columns-gap:3rem;\"><div class=\"wpb_column vc_column_container\"><div class=\"vc_column-inner\"><div class=\"wpb_text_column\"><div class=\"wpb_wrapper\"><p>El Congreso se celebrar\u00e1 en el Pa\u00eds Vasco, situado en el suroeste de Europa, entre los Pirineos occidentales y el mar Cant\u00e1brico.<\/p>\n<p>Sus l\u00edmites geogr\u00e1ficos son:<\/p>\n<ul>\n<li>Norte: mar Cant\u00e1brico<\/li>\n<li>Este: Pirineos y Occitania (B\u00e9arn)<\/li>\n<li>Oeste: Cantabria y Castilla<\/li>\n<li>Sur: r\u00edo Ebro y La Rioja<\/li>\n<\/ul>\n<p>El Pa\u00eds Vasco est\u00e1 formado por siete territorios:<\/p>\n<ul>\n<li>En el sur: Bizkaia, Gipuzkoa, \u00c1lava y Navarra<\/li>\n<li>En el norte: Lapurdi, Baja Navarra y Zuberoa<\/li>\n<\/ul>\n<p>El euskera es la lengua originaria del Pa\u00eds Vasco, actualmente en proceso de revitalizaci\u00f3n. En el territorio convive con el espa\u00f1ol (en el sur del Pa\u00eds Vasco) y con el franc\u00e9s (en el norte).<\/p>\n<\/div><\/div><\/div><\/div><div class=\"wpb_column vc_column_container\"><div class=\"vc_column-inner\"><div class=\"w-image align_none\"><div class=\"w-image-h\"><img decoding=\"async\" width=\"430\" height=\"369\" src=\"https:\/\/bihar.eus\/wp-content\/uploads\/2026\/06\/Picture-7.png\" class=\"attachment-large size-large\" alt=\"\" loading=\"lazy\" srcset=\"https:\/\/bihar.eus\/wp-content\/uploads\/2026\/06\/Picture-7.png 430w, https:\/\/bihar.eus\/wp-content\/uploads\/2026\/06\/Picture-7-300x257.png 300w\" sizes=\"auto, (max-width: 430px) 100vw, 430px\" \/><\/div><\/div><\/div><\/div><\/div><div class=\"w-separator size_medium\"><\/div><div class=\"wpb_text_column\"><div class=\"wpb_wrapper\"><p><strong>AVISO:<\/strong> Si necesitas ayuda para gestionar el desplazamiento entre Bilbao\u2013Ir\u00fan\/Hendaya, ponte en contacto con la organizaci\u00f3n para que te ayuden a organizar y gestionar el transporte.<\/p>\n<\/div><\/div><div class=\"w-separator size_medium\"><\/div><div class=\"w-separator size_small\"><\/div><div class=\"g-cols wpb_row us_custom_b76b3af2 via_grid cols_4 laptops-cols_inherit tablets-cols_inherit mobiles-cols_1 valign_top type_default stacking_default\" style=\"--columns-gap:3rem;\"><div class=\"wpb_column vc_column_container\"><div class=\"vc_column-inner\"><div class=\"w-separator size_small\"><\/div><div class=\"wpb_text_column esteka-banatu\"><div class=\"wpb_wrapper\"><p><strong>23 de septiembre \u2013 Palacio Euskalduna (BILBAO)<\/strong><\/p>\n<p><img loading=\"lazy\" decoding=\"async\" class=\"alignnone wp-image-103\" src=\"https:\/\/bihar.eus\/wp-content\/uploads\/2026\/03\/Grupo-330.png\" alt=\"\" width=\"29\" height=\"28\" \/><span>Abandoibarra etorbidea, 4, Abando, 48011 Bilbao, Bizkaia<br \/>\n<\/span><br \/>\n<span>Acto de bienvenida.<\/span><br \/>\n<span>Ubicaci\u00f3n: <\/span><a href=\"https:\/\/maps.app.goo.gl\/6n8vc56xsdV5Ne1V6\"><u>https:\/\/maps.app.goo.gl\/6n8vc56xsdV5Ne1V6<\/u><\/a><br \/>\n<span>\u00a0<\/span>C\u00f3mo llegar: <a href=\"https:\/\/www.euskaldunabilbao.com\/es\/palacio-euskalduna\/como-llegar\/\"><u>https:\/\/www.euskaldunabilbao.com\/es\/palacio-euskalduna\/como-llegar\/<\/u><\/a><\/p>\n<\/div><\/div><div class=\"w-separator size_small\"><\/div><\/div><\/div><div class=\"wpb_column vc_column_container\"><div class=\"vc_column-inner\"><div class=\"w-separator size_small\"><\/div><div class=\"wpb_text_column\"><div class=\"wpb_wrapper\"><p><strong>24 y 25 de septiembre \u2013 FICOBA (IR\u00daN)<br \/>\n<\/strong><\/p>\n<p><img loading=\"lazy\" decoding=\"async\" class=\"alignnone wp-image-103\" src=\"https:\/\/bihar.eus\/wp-content\/uploads\/2026\/03\/Grupo-330.png\" alt=\"\" width=\"29\" height=\"28\" \/> <span>Iparralde Hiribidea 43, Ir\u00fan<\/span><br \/>\n<span>Centro del congreso.<\/span><\/p>\n<p>Web: <a href=\"https:\/\/www.ficoba.org\/es\/\"><u>https:\/\/www.ficoba.org\/es\/<\/u><\/a><br \/>\nUbicaci\u00f3n: <a href=\"https:\/\/maps.app.goo.gl\/d8w3ZJhHCejrBJuc6\"><u>https:\/\/maps.app.goo.gl\/d8w3ZJhHCejrBJuc6<\/u><\/a><\/p>\n<\/div><\/div><\/div><\/div><div class=\"wpb_column vc_column_container\"><div class=\"vc_column-inner\"><div class=\"w-separator size_small\"><\/div><div class=\"wpb_text_column esteka-banatu\"><div class=\"wpb_wrapper\"><p><strong>24, 25 y 26 de septiembre \u2013 Borderline Fabrika (HENDAYA)<\/strong><\/p>\n<p><span><img loading=\"lazy\" decoding=\"async\" class=\"alignnone wp-image-103\" src=\"https:\/\/bihar.eus\/wp-content\/uploads\/2026\/03\/Grupo-330.png\" alt=\"\" width=\"29\" height=\"28\" \/><\/span>64 Bd du G\u00e9n\u00e9ral de Gaulle, 64700 Hendaye, Francia<\/p>\n<p>Actividades culturales los d\u00edas 24 y 25 por la tarde-noche. Acto de clausura el d\u00eda 26.<\/p>\n<p>Web: <a href=\"https:\/\/borderlinefabrika.weebly.com\/borderlinefabrika.html?utm_source=chatgpt.com\"><u>https:\/\/borderlinefabrika.weebly.com\/borderlinefabrika.html<\/u><\/a><br \/>\nUbicaci\u00f3n: <a href=\"https:\/\/maps.app.goo.gl\/KCJdXSyPic9ySeED8\"><u>https:\/\/maps.app.goo.gl\/KCJdXSyPic9ySeED8<\/u><\/a><\/p>\n<\/div><\/div><\/div><\/div><div class=\"wpb_column vc_column_container\"><div class=\"vc_column-inner\"><div class=\"w-separator size_small\"><\/div><h3 class=\"w-text us_custom_be6b162e has_text_color\"><span class=\"w-text-h\"><span class=\"w-text-value\">C\u00f3mo llegar<\/span><\/span><\/h3><div class=\"w-separator size_small\"><\/div><div class=\"w-btn-wrapper align_none\"><a class=\"w-btn us-btn-style_3\" target=\"_blank\" href=\"\/wp-content\/uploads\/2026\/06\/nola-iritsi-es.pdf\"><span class=\"w-btn-label\">C\u00d3MO LLEGAR A BILBAO, IRUN Y HENDAIA<\/span><\/a><\/div><div class=\"w-separator size_custom\" style=\"height:1rem\"><\/div><div class=\"w-btn-wrapper align_none\"><a class=\"w-btn us-btn-style_3\" target=\"_blank\" href=\"\/wp-content\/uploads\/2026\/06\/garraio-publikoa-es.pdf\"><span class=\"w-btn-label\">TRANSPORTE P\u00daBLICO (C\u00d3MO MOVERSE POR BILBAO, IRUN Y HENDAIA)<\/span><\/a><\/div><\/div><\/div><\/div><div class=\"w-separator size_small\"><\/div><\/div><\/div><\/div><\/div><\/section><section class=\"l-section wpb_row us_custom_3d2a9b29 height_small width_custom\" style=\"--site-content-width:930px;\"><div class=\"l-section-h i-cf\"><div class=\"g-cols vc_row via_grid cols_1 laptops-cols_inherit tablets-cols_inherit mobiles-cols_1 valign_top type_default stacking_default\"><div class=\"wpb_column vc_column_container\"><div class=\"vc_column-inner\"><div class=\"w-separator size_small\"><\/div><\/div><\/div><\/div><\/div><\/section><section class=\"l-section wpb_row us_custom_0e6be46c height_large\"><div class=\"l-section-h i-cf\"><div class=\"g-cols vc_row via_grid cols_2 laptops-cols_inherit tablets-cols_inherit mobiles-cols_1 valign_top type_default stacking_default\"><div class=\"wpb_column vc_column_container\"><div class=\"vc_column-inner\"><h3 class=\"w-text us_custom_df5f4c97 has_text_color\"><span class=\"w-text-h\"><span class=\"w-text-value\">Hemos formado el Comit\u00e9 Asesor Internacional para ayudar en la organizaci\u00f3n del Congreso. Estos son los miembros que componen el comit\u00e9:<\/span><\/span><\/h3><div class=\"wpb_text_column us_custom_df5f4c97 has_text_color\"><div class=\"wpb_wrapper\"><ul>\n<li><strong>Albert Badosa Rold\u00f3s<\/strong>, catal\u00e1n, Grup de Ling\u00fcistes per la Diversitat (GLiDi-UB)<\/li>\n<li><strong>Alexandra Philbin<\/strong>, irlandesa, Endangered Languages Project<\/li>\n<li><strong>Aliana Parker<\/strong>, First Peoples&#8217; Cultural Council<\/li>\n<li><strong>Amanda Holmes<\/strong>, comunidad ling\u00fc\u00edstica Mohawk, Endangered Languages Project<\/li>\n<li><strong>Anna Belew<\/strong>, Endangered Languages Project<\/li>\n<li><strong>Danika Vickers<\/strong>, comunidad ling\u00fc\u00edstica Hai\u0301\u026bzaqv\u1e37a, Endangered Languages Project<\/li>\n<li><strong>Elvis Bolivar T\u00faquerres Ichau<\/strong>, Kichwa Karanki de Ecuador, Organizaci\u00f3n Asociaci\u00f3n Kichwakamak Sisariy<\/li>\n<li><strong>Ernst Djeride Jean-Baptiste<\/strong>, criollo haitiano, iniciativa MIT-Hait\u00ed<\/li>\n<li><strong>Igor Xoy\u00f3n D\u00edaz<\/strong>, kaqchikel, Red de Escuelas Kaqchikeles: Ruk&#8217;u&#8217;x Qatinam\u00eft<\/li>\n<li><strong>Ihitz Iriart Casenave<\/strong>, euskara, cantante, bailar\u00edn y agente cultural<\/li>\n<li><strong>I\u00f1aki Sagardoy Leuza<\/strong>, euskara, Universidad P\u00fablica de Navarra<\/li>\n<\/ul>\n<\/div><\/div><\/div><\/div><div class=\"wpb_column vc_column_container\"><div class=\"vc_column-inner\"><div class=\"w-separator size_huge\"><\/div><div class=\"wpb_text_column us_custom_df5f4c97 has_text_color\"><div class=\"wpb_wrapper\"><ul>\n<li><strong>Albert Badosa Rold\u00f3s<\/strong>, catal\u00e1n, Grup de Ling\u00fcistes per la Diversitat (GLiDi-UB)<\/li>\n<li><strong>Alexandra Philbin<\/strong>, irlandesa, Endangered Languages Project<\/li>\n<li><strong>Aliana Parker<\/strong>, First Peoples&#8217; Cultural Council<\/li>\n<li><strong>Amanda Holmes<\/strong>, comunidad ling\u00fc\u00edstica Mohawk, Endangered Languages Project<\/li>\n<li><strong>Anna Belew<\/strong>, Endangered Languages Project<\/li>\n<li><strong>Danika Vickers<\/strong>, comunidad ling\u00fc\u00edstica Hai\u0301\u026bzaqv\u1e37a, Endangered Languages Project<\/li>\n<li><strong>Elvis Bolivar T\u00faquerres Ichau<\/strong>, Kichwa Karanki de Ecuador, Organizaci\u00f3n Asociaci\u00f3n Kichwakamak Sisariy<\/li>\n<li><strong>Ernst Djeride Jean-Baptiste<\/strong>, criollo haitiano, iniciativa MIT-Hait\u00ed<\/li>\n<li>\u00a0<strong>Igor Xoy\u00f3n D\u00edaz<\/strong>, kaqchikel, Red de Escuelas Kaqchikeles: Ruk&#8217;u&#8217;x Qatinam\u00eft<\/li>\n<li><strong>Ihitz Iriart Casenave<\/strong>, euskara, cantante, bailar\u00edn y agente cultural<\/li>\n<li><strong>I\u00f1aki Sagardoy Leuza<\/strong>, euskara, Universidad P\u00fablica de Navarra<\/li>\n<\/ul>\n<\/div><\/div><\/div><\/div><\/div><\/div><\/section><section class=\"l-section wpb_row height_auto width_full\"><div class=\"l-section-h i-cf\"><div class=\"g-cols vc_row via_grid cols_1 laptops-cols_inherit tablets-cols_inherit mobiles-cols_1 valign_top type_default stacking_default\"><div class=\"wpb_column vc_column_container\"><div class=\"vc_column-inner\"><section class=\"l-section wpb_row us_custom_dd1ffa3f height_medium\"><div class=\"l-section-h i-cf\"><div class=\"g-cols vc_row via_grid cols_1 laptops-cols_inherit tablets-cols_inherit mobiles-cols_1 valign_top type_default stacking_default\"><div class=\"wpb_column vc_column_container\"><div class=\"vc_column-inner\"><div class=\"w-vwrapper us_custom_5839c549 banner-harpidetu align_center valign_middle has-link\" style=\"--vwrapper-gap:2.1rem\"><h2 class=\"w-itext type_fadeIn align_center\" onclick='return {&quot;duration&quot;:250,&quot;delay&quot;:3000,&quot;disablePartAnimation&quot;:false,&quot;html_nbsp_char&quot;:false}'><span class=\"w-itext-part changesat_0 changesat_1 dynamic\" onclick='return [&quot;Suscr\\u00edbete a nuestro bolet\\u00edn y recibe las ultimas novedades,&quot;,&quot;\\u00a1Directamente en tu email!&quot;]'><span>Suscr&iacute;bete a nuestro bolet&iacute;n y recibe las ultimas novedades,<\/span><\/span><\/h2><div class=\"w-btn-wrapper align_none\"><a class=\"w-btn us-btn-style_1 icon_atright\" href=\"#\"><span class=\"w-btn-label\">Suscr\u00edbete<\/span><i class=\"fas fa-arrow-right\"><\/i><\/a><\/div><a href=\"https:\/\/bihar.eus\/es\/suscribete-al-buletin\/\" class=\"w-vwrapper-link smooth-scroll\" aria-label=\"Enlace\"><\/a><\/div><\/div><\/div><\/div><\/div><\/section>\n<\/div><\/div><\/div><\/div><\/section>\n","protected":false},"excerpt":{"rendered":"","protected":false},"author":1,"featured_media":0,"parent":0,"menu_order":0,"comment_status":"closed","ping_status":"closed","template":"","meta":{"_acf_changed":false,"footnotes":""},"class_list":["post-771","page","type-page","status-publish","hentry"],"acf":[],"_links":{"self":[{"href":"https:\/\/bihar.eus\/es\/wp-json\/wp\/v2\/pages\/771","targetHints":{"allow":["GET"]}}],"collection":[{"href":"https:\/\/bihar.eus\/es\/wp-json\/wp\/v2\/pages"}],"about":[{"href":"https:\/\/bihar.eus\/es\/wp-json\/wp\/v2\/types\/page"}],"author":[{"embeddable":true,"href":"https:\/\/bihar.eus\/es\/wp-json\/wp\/v2\/users\/1"}],"replies":[{"embeddable":true,"href":"https:\/\/bihar.eus\/es\/wp-json\/wp\/v2\/comments?post=771"}],"version-history":[{"count":46,"href":"https:\/\/bihar.eus\/es\/wp-json\/wp\/v2\/pages\/771\/revisions"}],"predecessor-version":[{"id":3163,"href":"https:\/\/bihar.eus\/es\/wp-json\/wp\/v2\/pages\/771\/revisions\/3163"}],"wp:attachment":[{"href":"https:\/\/bihar.eus\/es\/wp-json\/wp\/v2\/media?parent=771"}],"curies":[{"name":"wp","href":"https:\/\/api.w.org\/{rel}","templated":true}]}}