{"id":1129,"date":"2026-02-18T12:12:48","date_gmt":"2026-02-18T11:12:48","guid":{"rendered":"https:\/\/bihar.eus\/?page_id=1129"},"modified":"2026-08-24T10:41:35","modified_gmt":"2026-08-24T09:41:35","slug":"politica-de-privacidad","status":"publish","type":"page","link":"https:\/\/bihar.eus\/es\/politica-de-privacidad\/","title":{"rendered":"Pol\u00edtica de privacidad"},"content":{"rendered":"<h1 align=\"justify\">Pol\u00edtica de Privacidad &#8211; Protecci\u00f3n de datos Personales<\/h1>\n<table width=\"624\" cellspacing=\"0\" cellpadding=\"5\">\n<tbody>\n<tr>\n<td colspan=\"2\" valign=\"top\" width=\"612\" height=\"8\">\n<p align=\"center\"><span style=\"font-family: Arial Unicode MS, serif;\"><span style=\"font-size: medium;\"><span style=\"font-family: Arial, serif;\"><span style=\"font-size: small;\"><b>Informaci\u00f3n b\u00e1sica sobre Protecci\u00f3n de Datos<\/b><\/span><\/span><\/span><\/span><\/p>\n<\/td>\n<\/tr>\n<tr valign=\"top\">\n<td width=\"112\" height=\"11\"><span style=\"font-family: Arial Unicode MS, serif;\"><span style=\"font-size: medium;\"><span style=\"font-family: Arial, serif;\"><span style=\"font-size: small;\"><b>Responsable<\/b><\/span><\/span><\/span><\/span><\/td>\n<td width=\"490\"><span style=\"font-family: Arial Unicode MS, serif;\"><span style=\"font-size: medium;\"><span style=\"font-family: Arial, serif;\"><span style=\"font-size: small;\">Garabide Kultur Elkartea (G20890315)<\/span><\/span><\/span><\/span><\/td>\n<\/tr>\n<tr valign=\"top\">\n<td width=\"112\" height=\"9\"><span style=\"font-family: Arial Unicode MS, serif;\"><span style=\"font-size: medium;\"><span style=\"font-family: Arial, serif;\"><span style=\"font-size: small;\"><b>Finalidades<\/b><\/span><\/span><\/span><\/span><\/td>\n<td width=\"490\"><span style=\"font-family: Arial Unicode MS, serif;\"><span style=\"font-size: medium;\"><span style=\"font-family: Arial, serif;\"><span style=\"font-size: small;\">Organizar y gestionar el congreso \u201cBihar\u201d; atender las consultas y peticiones recibidas; contactar con las personas interesadas, participantes, etc.; realizar las funciones que legalmente le corresponden.<\/span><\/span><\/span><\/span><\/td>\n<\/tr>\n<tr valign=\"top\">\n<td width=\"112\" height=\"9\"><span style=\"font-family: Arial Unicode MS, serif;\"><span style=\"font-size: medium;\"><span style=\"font-family: Arial, serif;\"><span style=\"font-size: small;\"><b>Legitimaci\u00f3n<\/b><\/span><\/span><\/span><\/span><\/td>\n<td width=\"490\"><span style=\"font-family: Arial Unicode MS, serif;\"><span style=\"font-size: medium;\"><span style=\"font-family: Arial, serif;\"><span style=\"font-size: small;\">Necesidad del Tratamiento <\/span><\/span><span style=\"font-family: Arial, serif;\"><span style=\"font-size: small;\">(RGPD art. 6.1.b)<\/span><\/span><\/span><\/span><\/p>\n<p><span style=\"font-family: Arial Unicode MS, serif;\"><span style=\"font-size: medium;\"><span style=\"font-family: Arial, serif;\"><span style=\"font-size: small;\">Consentimiento expreso de la persona usuaria <\/span><\/span><span style=\"font-family: Arial, serif;\"><span style=\"font-size: small;\">(RGPD art. 6.1.a)<\/span><\/span><\/span><\/span><\/p>\n<p><span style=\"font-family: Arial Unicode MS, serif;\"><span style=\"font-size: medium;\"><span style=\"font-family: Arial, serif;\"><span style=\"font-size: small;\">Inter\u00e9s leg\u00edtimo de Garabide <\/span><\/span><span style=\"font-family: Arial, serif;\"><span style=\"font-size: small;\">(RGPD art. 6.1.f)<\/span><\/span><\/span><\/span><\/td>\n<\/tr>\n<tr valign=\"top\">\n<td width=\"112\" height=\"16\"><span style=\"font-family: Arial Unicode MS, serif;\"><span style=\"font-size: medium;\"><span style=\"font-family: Arial, serif;\"><span style=\"font-size: small;\"><b>Destinatarios<\/b><\/span><\/span><\/span><\/span><\/td>\n<td width=\"490\"><span style=\"font-family: Arial Unicode MS, serif;\"><span style=\"font-size: medium;\"><span style=\"font-family: Arial, serif;\"><span style=\"font-size: small;\">Los datos pueden ser cedidos a colaboradores o terceras personas que participen en la gesti\u00f3n del Congreso<\/span><\/span><\/span><\/span><\/td>\n<\/tr>\n<tr valign=\"top\">\n<td width=\"112\" height=\"29\"><span style=\"font-family: Arial Unicode MS, serif;\"><span style=\"font-size: medium;\"><span style=\"font-family: Arial, serif;\"><span style=\"font-size: small;\"><b>Derechos<\/b><\/span><\/span><\/span><\/span><\/td>\n<td width=\"490\">\n<p class=\"western\"><span style=\"font-size: small;\"><span style=\"font-family: Arial, serif;\"><span lang=\"es-ES-u-co-trad\">P<\/span><\/span><span style=\"font-family: Arial, serif;\">uede solicitar el ejercicio de los derechos relativos a la protecci\u00f3n de sus datos personales en <\/span><span style=\"font-family: Arial, serif;\"><span lang=\"eu-ES\">Larrin Plaza, 1, 20550 Aretxabaleta <\/span><\/span><span style=\"font-family: Arial, serif;\">(<\/span><span style=\"font-family: Arial, serif;\"><span lang=\"es-ES-u-co-trad\">Gipuzkoa<\/span><\/span><span style=\"font-family: Arial, serif;\">), tel\u00e9fono 9<\/span><span style=\"font-family: Arial, serif;\"><span lang=\"eu-ES\">43250397<\/span><\/span><span style=\"font-family: Arial, serif;\">, correo electr\u00f3nico <\/span><span style=\"color: #0000ff;\"><u><a href=\"mailto:garabide@garabide.eus\"><span style=\"font-family: Arial, serif;\"><span lang=\"eu-ES\">garabide@garabide.eus<\/span><\/span><\/a><\/u><\/span><span style=\"font-family: Arial, serif;\">.<\/span><\/span><\/p>\n<\/td>\n<\/tr>\n<\/tbody>\n<\/table>\n<p align=\"justify\"><span style=\"font-family: Arial Unicode MS, serif;\"><span style=\"font-size: medium;\"><span style=\"font-family: Arial, serif;\"><span style=\"font-size: small;\"><u><b>Pol\u00edtica de Privacidad &#8211; Protecci\u00f3n de datos Personales<\/b><\/u><\/span><\/span><\/span><\/span><\/p>\n<ol>\n<li>\n<p align=\"justify\"><span style=\"font-family: Arial Unicode MS, serif;\"><span style=\"font-size: medium;\"><span style=\"font-family: Arial, serif;\"><span style=\"font-size: small;\"><b>Responsable del tratamiento<\/b><\/span><\/span><\/span><\/span><\/p>\n<\/li>\n<\/ol>\n<p class=\"western\" align=\"justify\"><span style=\"font-size: small;\"><span style=\"color: #000000;\"><span style=\"font-family: Arial, serif;\">El Responsable del Tratamiento es <\/span><\/span><span style=\"font-family: Arial, serif;\">Garabide Kultur Elkartea<\/span><span style=\"color: #000000;\"><span style=\"font-family: Arial, serif;\"><span lang=\"es-ES-u-co-trad\">, en adelante \u201c<\/span><\/span><\/span><span style=\"color: #000000;\"><span style=\"font-family: Arial, serif;\"><span lang=\"es-ES-u-co-trad\"><b>Responsable del Tratamiento<\/b><\/span><\/span><\/span><span style=\"color: #000000;\"><span style=\"font-family: Arial, serif;\"><span lang=\"es-ES-u-co-trad\">\u201d o \u201c<\/span><\/span><\/span><span style=\"color: #000000;\"><span style=\"font-family: Arial, serif;\"><span lang=\"es-ES-u-co-trad\"><b>asociaci\u00f3n<\/b><\/span><\/span><\/span><span style=\"color: #000000;\"><span style=\"font-family: Arial, serif;\"><span lang=\"es-ES-u-co-trad\">\u201d.<\/span><\/span><\/span><\/span><\/p>\n<p class=\"western\" align=\"justify\"><span style=\"font-size: small;\"><span style=\"font-family: Arial, serif;\">NIF: <\/span><span style=\"font-family: Arial, serif;\">G20890315<\/span><\/span><\/p>\n<p class=\"western\" align=\"justify\"><span style=\"font-size: small;\"><span style=\"font-family: Arial, serif;\">Direcci\u00f3n fiscal: <\/span><span style=\"font-family: Arial, serif;\"><span lang=\"eu-ES\">Larrin Plaza, 1<\/span><\/span><\/span><\/p>\n<p class=\"western\" align=\"justify\"><span style=\"font-size: small;\"><span style=\"font-family: Arial, serif;\"><span lang=\"es-ES-u-co-trad\">Poblaci\u00f3n: <\/span><\/span><span style=\"font-family: Arial, serif;\"><span lang=\"eu-ES\">20550 Aretxabaleta <\/span><\/span><span style=\"font-family: Arial, serif;\">(<\/span><span style=\"font-family: Arial, serif;\"><span lang=\"es-ES-u-co-trad\">Gipuzkoa<\/span><\/span><span style=\"font-family: Arial, serif;\">)<\/span><\/span><\/p>\n<p class=\"western\" align=\"justify\"><span style=\"font-size: small;\"><span style=\"font-family: Arial, serif;\">Correo electr\u00f3nico: <\/span><span style=\"color: #0000ff;\"><u><a href=\"mailto:garabide@garabide.eus\"><span style=\"font-family: Arial, serif;\"><span lang=\"eu-ES\">garabide@garabide.eus<\/span><\/span><\/a><\/u><\/span><\/span><\/p>\n<p><span style=\"font-size: small;\"><span style=\"font-family: Arial, serif;\">Sitio web: <\/span><span style=\"color: #0000ff;\"><u><a href=\"http:\/\/bihar.eus\/es\/\"><span style=\"font-family: Arial, serif;\">www.bihar.eus<\/span><\/a><\/u><\/span><\/span><\/p>\n<ol start=\"2\">\n<li>\n<p align=\"justify\"><a name=\"_Hlk38994600\"><\/a> <span style=\"font-family: Arial Unicode MS, serif;\"><span style=\"font-size: medium;\"><span style=\"font-family: Arial, serif;\"><span style=\"font-size: small;\"><b>Legislaci\u00f3n aplicable<\/b><\/span><\/span><\/span><\/span><\/p>\n<\/li>\n<\/ol>\n<p class=\"western\" align=\"justify\"><span style=\"font-size: small;\"><span style=\"font-family: Arial, serif;\"><span lang=\"es-ES-u-co-trad\">La normativa b\u00e1sica en materia de protecci\u00f3n de datos personales aplicable a los tratamientos de datos que realiza <\/span><\/span><span style=\"font-family: Arial, serif;\"><span lang=\"es-ES-u-co-trad\">la asociaci\u00f3n <\/span><\/span><span style=\"font-family: Arial, serif;\"><span lang=\"es-ES-u-co-trad\">es:<\/span><\/span><\/span><\/p>\n<ol type=\"a\">\n<li>\n<p class=\"western\" align=\"justify\"><span style=\"font-size: small;\"><span style=\"font-family: Arial, serif;\"><span lang=\"es-ES-u-co-trad\">Reglamento UE 2016\/679 del Parlamento Europeo y del Consejo de 27 de abril de 2016 relativo a la protecci\u00f3n de las personas f\u00edsicas en lo que respecta al tratamiento de datos personales y a la libre circulaci\u00f3n de estos datos (en adelante \u201c<\/span><\/span><span style=\"font-family: Arial, serif;\"><span lang=\"es-ES-u-co-trad\"><b>RGPD<\/b><\/span><\/span><span style=\"font-family: Arial, serif;\"><span lang=\"es-ES-u-co-trad\">\u201d).<\/span><\/span><\/span><\/p>\n<\/li>\n<li>\n<p class=\"western\" align=\"justify\"><span style=\"font-size: small;\"><span style=\"font-family: Arial, serif;\"><span lang=\"es-ES-u-co-trad\">Ley Org\u00e1nica 3\/2018, de 5 de diciembre, de Protecci\u00f3n de Datos Personales y garant\u00eda de los derechos digitales (en adelante \u201c<\/span><\/span><span style=\"font-family: Arial, serif;\"><span lang=\"es-ES-u-co-trad\"><b>LOPDGDD<\/b><\/span><\/span><span style=\"font-family: Arial, serif;\"><span lang=\"es-ES-u-co-trad\">\u201d).<\/span><\/span><\/span><\/p>\n<\/li>\n<li>\n<p class=\"western\" align=\"justify\"><span style=\"font-size: small;\"><span style=\"font-family: Arial, serif;\"><span lang=\"es-ES-u-co-trad\">Sus respectivas normas complementarias y de desarrollo. <\/span><\/span><\/span><\/p>\n<\/li>\n<\/ol>\n<ol start=\"3\">\n<li>\n<p align=\"justify\"><span style=\"font-family: Arial Unicode MS, serif;\"><span style=\"font-size: medium;\"><span style=\"font-family: Arial, serif;\"><span style=\"font-size: small;\"><b>Sitios web y canales en redes sociales<\/b><\/span><\/span><\/span><\/span><\/p>\n<\/li>\n<\/ol>\n<p align=\"justify\"><a name=\"_Hlk205372362\"><\/a> <span style=\"font-family: Arial Unicode MS, serif;\"><span style=\"font-size: medium;\"><span style=\"font-family: Arial, serif;\"><span style=\"font-size: small;\">El sitio web oficial del Congreso \u201cBihar\u201d est\u00e1 ubicado en <\/span><\/span><span style=\"color: #0000ff;\"><u><a href=\"http:\/\/bihar.eus\/es\/\"><span style=\"font-family: Arial, serif;\"><span style=\"font-size: small;\">www.bihar.eus<\/span><\/span><\/a><\/u><\/span><span style=\"font-family: Arial, serif;\"><span style=\"font-size: small;\">.<\/span><\/span><\/span><\/span><\/p>\n<p align=\"justify\"><span style=\"font-family: Arial Unicode MS, serif;\"><span style=\"font-size: medium;\"><span style=\"color: #000000;\"><span style=\"font-family: Arial, serif;\"><span style=\"font-size: small;\">El Congreso dispone de canales en redes sociales; los principales son los siguientes:<\/span><\/span><\/span><\/span><\/span><\/p>\n<p align=\"justify\"><span style=\"font-family: Arial Unicode MS, serif;\"><span style=\"font-size: medium;\"><span style=\"color: #000000;\"><span style=\"font-family: Arial, serif;\"><span style=\"font-size: small;\"><span lang=\"en-US\">Youtube: <\/span><\/span><\/span><\/span><span style=\"color: #0000ff;\"><u><a href=\"https:\/\/www.youtube.com\/@BIHAR_hizkuntzak\"><span style=\"font-family: Arial, serif;\"><span style=\"font-size: small;\"><span lang=\"en-US\">https:\/\/www.youtube.com\/@BIHAR_hizkuntzak<\/span><\/span><\/span><\/a><\/u><\/span><\/span><\/span><\/p>\n<p align=\"justify\"><span style=\"font-family: Arial Unicode MS, serif;\"><span style=\"font-size: medium;\"><span style=\"color: #000000;\"><span style=\"font-family: Arial, serif;\"><span style=\"font-size: small;\"><span lang=\"en-US\">Mastodon: <\/span><\/span><\/span><\/span><span style=\"color: #0000ff;\"><u><a href=\"https:\/\/mastodon.eus\/@BIHAR_hizkuntzak\"><span style=\"font-family: Arial, serif;\"><span style=\"font-size: small;\"><span lang=\"en-US\">https:\/\/mastodon.eus\/@BIHAR_hizkuntzak<\/span><\/span><\/span><\/a><\/u><\/span><\/span><\/span><\/p>\n<p align=\"justify\"><span style=\"font-family: Arial Unicode MS, serif;\"><span style=\"font-size: medium;\"><span style=\"color: #000000;\"><span style=\"font-family: Arial, serif;\"><span style=\"font-size: small;\"><span lang=\"en-US\">Instagram: <\/span><\/span><\/span><\/span><span style=\"color: #0000ff;\"><u><a href=\"https:\/\/www.instagram.com\/bihar_hizkuntzak\"><span style=\"font-family: Arial, serif;\"><span style=\"font-size: small;\"><span lang=\"en-US\">https:\/\/www.instagram.com\/bihar_hizkuntzak<\/span><\/span><\/span><\/a><\/u><\/span><\/span><\/span><\/p>\n<p align=\"justify\"><span style=\"font-family: Arial Unicode MS, serif;\"><span style=\"font-size: medium;\"><span style=\"color: #000000;\"><span style=\"font-family: Arial, serif;\"><span style=\"font-size: small;\">LikedIn: <\/span><\/span><\/span><span style=\"color: #0000ff;\"><u><a href=\"https:\/\/www.linkedin.com\/company\/biharhizkuntzak\/\"><span style=\"font-family: Arial, serif;\"><span style=\"font-size: small;\">https:\/\/www.linkedin.com\/company\/biharhizkuntzak\/<\/span><\/span><\/a><\/u><\/span><\/span><\/span><\/p>\n<p align=\"justify\"><span style=\"font-family: Arial Unicode MS, serif;\"><span style=\"font-size: medium;\"><span style=\"color: #000000;\"><span style=\"font-family: Arial, serif;\"><span style=\"font-size: small;\">A efectos de esta Pol\u00edtica de Privacidad, en adelante el sitio web oficial del Congreso, sus canales oficiales en redes sociales y profesionales ser\u00e1n denominados, todos ellos, \u201cel sitio web\u201d, salvo cuando se especifique lo contrario.<\/span><\/span><\/span><\/span><\/span><\/p>\n<ol start=\"4\">\n<li>\n<p align=\"justify\"><span style=\"font-family: Arial Unicode MS, serif;\"><span style=\"font-size: medium;\"><span style=\"font-family: Arial, serif;\"><span style=\"font-size: small;\"><b>Finalidades y bases jur\u00eddicas legitimadoras<\/b><\/span><\/span><\/span><\/span><\/p>\n<\/li>\n<\/ol>\n<p class=\"western\" align=\"justify\"><span style=\"font-size: small;\"><span style=\"font-family: Arial, serif;\"><span lang=\"es-ES-u-co-trad\">En cumplimiento de la normativa vigente sobre Protecci\u00f3n de Datos Personales<\/span><\/span><span style=\"font-family: Arial, serif;\"><span lang=\"es-ES-u-co-trad\">, <\/span><\/span><span style=\"color: #000000;\"><span><span style=\"font-family: Tahoma, serif;\"><span style=\"font-family: Arial, serif;\">se informa a las personas usuarias <\/span><\/span><\/span><\/span><span style=\"font-family: Arial, serif;\">que <\/span><span style=\"font-family: Arial, serif;\"><span lang=\"es-ES-u-co-trad\">los <\/span><\/span><span style=\"font-family: Arial, serif;\">datos personales que faciliten <\/span><span style=\"font-family: Arial, serif;\"><span lang=\"es-ES-u-co-trad\">por cualquier medio ubicado en el sitio web o canales oficiales en redes sociales (mediante correo electr\u00f3nico, formularios, etc.), o consecuencia de su utilizaci\u00f3n, <\/span><\/span><span style=\"font-family: Arial, serif;\">podr\u00e1n ser incorporados a sistemas de tratamiento de datos <\/span><span style=\"font-family: Arial, serif;\"><span lang=\"es-ES-u-co-trad\">de <\/span><\/span><span style=\"font-family: Arial, serif;\"><span lang=\"es-ES-u-co-trad\">la asociaci\u00f3n.<\/span><\/span><\/span><\/p>\n<p class=\"western\" align=\"justify\"><span style=\"font-size: small;\"><span style=\"font-family: Arial, serif;\">Las finalidades de los tratamientos de datos que se pueden producir son:<\/span><\/span><\/p>\n<ol type=\"a\">\n<li>\n<p class=\"western\" align=\"justify\"><span style=\"font-size: small;\"><span style=\"font-family: Arial, serif;\">Informar y dar a conocer el Congreso \u201cBihar\u201d y los servicios y las actividades relacionadas con el mismo; organizar y gestionar el Congreso \u201cBihar\u201d y contactar con las personas interesadas e informar sobre las actividades relacionadas.<\/span><\/span><\/p>\n<\/li>\n<\/ol>\n<p class=\"western\" align=\"justify\"><span style=\"font-size: small;\"><span style=\"font-family: Arial, serif;\">Base legitimadora principal: Necesidad del tratamiento de datos para la gesti\u00f3n de estas actividades (\u201crelaci\u00f3n contractual o precontractual\u201d seg\u00fan el art\u00edculo 6.1.b del RGPD) <\/span><\/span><\/p>\n<ol start=\"2\" type=\"a\">\n<li>\n<p class=\"western\" align=\"justify\"><span style=\"font-size: small;\"><span style=\"font-family: Arial, serif;\">Proporcionar herramientas de contacto, consulta y comunicaci\u00f3n con las personas interesadas y relacionadas, respondiendo a solicitudes y peticiones. <\/span><\/span><\/p>\n<\/li>\n<\/ol>\n<p class=\"western\" align=\"justify\"><span style=\"font-size: small;\"><span style=\"font-family: Arial, serif;\">Base legitimadora principal: <\/span><span style=\"font-family: Arial, serif;\">Consentimiento de la persona interesada <\/span><span style=\"font-family: Arial, serif;\">(RGPD art. 6.1.a), cuando facilita sus datos con estas finalidades <\/span><\/span><\/p>\n<ol start=\"3\" type=\"a\">\n<li>\n<p class=\"western\" align=\"justify\"><span style=\"font-size: small;\"><span style=\"font-family: Arial, serif;\">Gestionar y analizar la utilizaci\u00f3n de nuestro sitio web y presencia en redes sociales. <\/span><\/span><\/p>\n<\/li>\n<\/ol>\n<p align=\"justify\"><span style=\"font-family: Arial Unicode MS, serif;\"><span style=\"font-size: medium;\"><span style=\"font-family: Arial, serif;\"><span style=\"font-size: small;\">Base legitimadora principal: I<\/span><\/span><span style=\"font-family: Arial, serif;\"><span style=\"font-size: small;\">nter\u00e9s leg\u00edtimo del Responsable del Tratamiento <\/span><\/span><span style=\"font-family: Arial, serif;\"><span style=\"font-size: small;\">(RGPD art. 6.1.f)<\/span><\/span><\/span><\/span><\/p>\n<ol start=\"5\">\n<li>\n<p align=\"justify\"><span style=\"font-family: Arial Unicode MS, serif;\"><span style=\"font-size: medium;\"><span style=\"font-family: Arial, serif;\"><span style=\"font-size: small;\"><b>Deber de secreto<\/b><\/span><\/span><\/span><\/span><\/p>\n<\/li>\n<\/ol>\n<p class=\"western\" align=\"justify\"><span style=\"font-size: small;\"><span style=\"font-family: Arial, serif;\"><span lang=\"es-ES-u-co-trad\">El Responsable del Tratamiento est\u00e1 comprometido con la privacidad y la protecci\u00f3n de los datos de las personas usuarias. <\/span><\/span><span style=\"font-family: Arial, serif;\">El tratamiento de sus datos personales se realizar\u00e1 de manera confidencial<\/span> <span style=\"font-family: Arial, serif;\"><span lang=\"es-ES-u-co-trad\">y cumpliendo con esta normativa.<\/span><\/span><\/span><\/p>\n<ol start=\"6\">\n<li>\n<p align=\"justify\"><a name=\"_Hlk536694449\"><\/a> <span style=\"font-family: Arial Unicode MS, serif;\"><span style=\"font-size: medium;\"><span style=\"font-family: Arial, serif;\"><span style=\"font-size: small;\"><b>Recogida de datos personales<\/b><\/span><\/span><\/span><\/span><\/p>\n<\/li>\n<\/ol>\n<p class=\"western\" align=\"justify\"><span style=\"font-size: small;\"><span style=\"font-family: Arial, serif;\"><span lang=\"es-ES-u-co-trad\">El Responsable del Tratamiento no requiere que proporcione datos personales para acceder al sitio web. No obstante, en el sitio web puede haber formularios (de contacto, de inscripci\u00f3n, etc.) <\/span><\/span><span style=\"font-family: Arial, serif;\">cuyo uso requiera que la persona usuaria aporte <\/span><span style=\"font-family: Arial, serif;\"><span lang=\"es-ES-u-co-trad\">datos personales, en su mayor\u00eda identificativos o de contacto<\/span><\/span><span style=\"font-family: Arial, serif;\">. La persona usuaria aporta sus datos personales de forma libre y voluntaria. <\/span><span style=\"font-family: Arial, serif;\"><span lang=\"es-ES-u-co-trad\">La asociaci\u00f3n<\/span><\/span><span lang=\"es-ES-u-co-trad\"> <\/span><span style=\"font-family: Arial, serif;\">no solicita m\u00e1s informaci\u00f3n personal que la que es necesaria para llevar a cabo el servicio solicitado.<\/span><\/span><\/p>\n<p class=\"western\" align=\"justify\"><a name=\"_Hlk38994797\"><\/a> <span style=\"font-size: small;\"><span style=\"font-family: Arial, serif;\">La persona usuaria que env\u00ede\/incluya cualquier tipo de contenido (datos, documentos, textos, v\u00eddeos, sonido, fotograf\u00edas, gr\u00e1ficos, mensajes u otro material) declara y garantiza hacerlo de modo que se ajuste a las condiciones aqu\u00ed expresadas <\/span><span style=\"font-family: Arial, serif;\">y a la legalidad vigente. La persona usuaria que incluya datos personales de terceros declara que cuenta con su consentimiento expreso y demostrable para su tratamiento. Queda prohibida la inclusi\u00f3n de datos de terceros sin su consentimiento expreso.<\/span><\/span><\/p>\n<p class=\"western\" align=\"justify\"><span style=\"font-size: small;\"><span style=\"font-family: Arial, serif;\">La persona usuaria es la \u00fanica responsable de la veracidad, correcci\u00f3n y tratamiento leg\u00edtimo de los datos incluidos, exonerando a <\/span><span style=\"font-family: Arial, serif;\"><span lang=\"es-ES-u-co-trad\">la asociaci\u00f3n <\/span><\/span><span style=\"font-family: Arial, serif;\">de cualquier responsabilidad al respecto. Las personas usuarias garantizan y responden, en cualquier caso, de la exactitud, vigencia y autenticidad de los datos personales facilitados y se comprometen a mantenerlos debidamente actualizados. <\/span><span style=\"font-family: Arial, serif;\">La no cumplimentaci\u00f3n o cumplimentaci\u00f3n err\u00f3nea de campos indicados como obligatorios en los formularios del sitio web podr\u00e1 tener como consecuencia que el <\/span><span style=\"font-family: Arial, serif;\"><span lang=\"es-ES-u-co-trad\">Responsable del Tratamiento\u00a0<\/span><\/span><span style=\"font-family: Arial, serif;\">no pueda atender la solicitud de la persona usuaria.<\/span><\/span><\/p>\n<p class=\"western\" align=\"justify\"><span style=\"font-size: small;\"><span style=\"font-family: Arial, serif;\"><span lang=\"es-ES-u-co-trad\">El Responsable del Tratamiento\u00a0recoger\u00e1 los datos personales de manera adecuada, pertinente seg\u00fan las finalidades, utilidades, servicios o prestaciones incluidas en su web, de forma determinada, expl\u00edcita y leg\u00edtima, por lo que en ning\u00fan caso se emplear\u00e1n medios fraudulentos, desleales, il\u00edcitos o que en alguna forma pongan en peligro los leg\u00edtimos derechos de las personas usuarias.<\/span><\/span><\/span><\/p>\n<p class=\"western\" align=\"justify\"><span style=\"font-size: small;\"><span style=\"font-family: Arial, serif;\"><span lang=\"es-ES-u-co-trad\">El env\u00edo de informaci\u00f3n a trav\u00e9s de este sitio web conlleva necesariamente la aceptaci\u00f3n de esta pol\u00edtica de privacidad y de las condiciones generales del sitio web. <\/span><\/span><\/span><\/p>\n<ol start=\"7\">\n<li>\n<p align=\"justify\"><span style=\"font-family: Arial Unicode MS, serif;\"><span style=\"font-size: medium;\"><span style=\"font-family: Arial, serif;\"><span style=\"font-size: small;\"><b>Solicitantes de empleo<\/b><\/span><\/span><\/span><\/span><\/p>\n<\/li>\n<\/ol>\n<p class=\"western\" align=\"justify\"><span style=\"font-size: small;\"><span style=\"font-family: Arial, serif;\"><span lang=\"es-ES-u-co-trad\">La persona que aporte su curr\u00edculum vitae ofreciendo su candidatura para trabajar en l<\/span><\/span><span style=\"font-family: Arial, serif;\"><span lang=\"es-ES-u-co-trad\">a asociaci\u00f3n <\/span><\/span><span style=\"font-family: Arial, serif;\"><span lang=\"es-ES-u-co-trad\">a trav\u00e9s de formularios, correo electr\u00f3nico, canales en redes sociales o profesionales o mecanismos similares, queda informada, seg\u00fan lo establecido en<\/span><\/span><span style=\"font-family: Arial, serif;\"> la normativa sobre protecci\u00f3n de datos personales, que los datos facilitados a trav\u00e9s de su solicitud de empleo ser\u00e1n incorporados a nuestro sistema de tratamiento de datos.<\/span><\/span><\/p>\n<p class=\"western\" align=\"justify\"><span style=\"font-size: small;\"><span style=\"font-family: Arial, serif;\">Sus datos podr\u00e1n ser utilizados con la finalidad de hacerle participar en futuros procesos de selecci\u00f3n de personal de <\/span><span style=\"font-family: Arial, serif;\"><span lang=\"es-ES-u-co-trad\">la asociaci\u00f3n <\/span><\/span><span style=\"font-family: Arial, serif;\">que pueden ser realizados internamente o por asociaci\u00f3ns externas a las que <\/span><span style=\"font-family: Arial, serif;\"><span lang=\"es-ES-u-co-trad\">la asociaci\u00f3n <\/span><\/span><span style=\"font-family: Arial, serif;\">contrate para la realizaci\u00f3n de procesos de selecci\u00f3n de personal.<\/span><\/span><\/p>\n<p class=\"western\" align=\"justify\"><span style=\"font-size: small;\"><span style=\"font-family: Arial, serif;\"><span lang=\"es-ES-u-co-trad\">La asociaci\u00f3n <\/span><\/span><span style=\"font-family: Arial, serif;\"><span lang=\"es-ES-u-co-trad\">conservar\u00e1 su curr\u00edculo durante un plazo aproximado de un a\u00f1o. Transcurrido \u00e9ste, los datos ser\u00e1n destruidos aplicando las medidas de seguridad necesarias para garantizar su confidencialidad. <\/span><\/span><\/span><\/p>\n<p class=\"western\" align=\"justify\"><span style=\"font-size: small;\"><span style=\"font-family: Arial, serif;\">En caso de no estar de acuerdo con alguna de las finalidades descritas, le rogamos que nos lo comunique por escrito lo antes posible. Igualmente, si se produjese alguna modificaci\u00f3n en sus datos, le rogamos que nos mantenga informados. <\/span><span style=\"font-family: Arial, serif;\">Puede ejercer los derechos relativos a la protecci\u00f3n de sus datos personales (supresi\u00f3n, acceso, rectificaci\u00f3n, limitaci\u00f3n del tratamiento, portabilidad, oposici\u00f3n, etc.), as\u00ed como cualquier solicitud sobre esta materia seg\u00fan lo indicado en el apartado \u201cDerechos de las Personas Interesadas\u201d de esta Pol\u00edtica de Privacidad.<\/span><\/span><\/p>\n<ol start=\"8\">\n<li>\n<p align=\"justify\"><span style=\"font-family: Arial Unicode MS, serif;\"><span style=\"font-size: medium;\"><span style=\"font-family: Arial, serif;\"><span style=\"font-size: small;\"><b>Enlace a redes sociales y canales web<\/b><\/span><\/span><\/span><\/span><\/p>\n<\/li>\n<\/ol>\n<p align=\"justify\"><span style=\"font-family: Arial Unicode MS, serif;\"><span style=\"font-size: medium;\"><span style=\"font-family: Arial, serif;\"><span style=\"font-size: small;\">Este sitio web puede ofrecer enlaces a redes sociales y sitios y canales web externos. <\/span><\/span><span style=\"font-family: Arial, serif;\"><span style=\"font-size: small;\"><span lang=\"es-ES-u-co-trad\">La asociaci\u00f3n <\/span><\/span><\/span><span style=\"font-family: Arial, serif;\"><span style=\"font-size: small;\">no asume ninguna responsabilidad en relaci\u00f3n con estos sitios enlazados. La persona usuaria que acceda a <\/span><\/span><span style=\"font-family: Arial, serif;\"><span style=\"font-size: small;\">redes sociales y sitios y canales web externos, relacionados con <\/span><\/span><span style=\"font-family: Arial, serif;\"><span style=\"font-size: small;\"><span lang=\"es-ES-u-co-trad\">la asociaci\u00f3n <\/span><\/span><\/span><span style=\"font-family: Arial, serif;\"><span style=\"font-size: small;\">desde los enlaces ubicados en este sitio web o de cualquier otra forma, queda previa y expresamente informada de que las condiciones de uso, pol\u00edticas de privacidad, pol\u00edticas de cookies y cualesquiera condiciones o normativas dependen de las entidades responsables de dichas redes sociales y sitios y canales web, y nunca del Responsable del Tratamiento.<\/span><\/span><\/span><\/span><\/p>\n<ol start=\"9\">\n<li>\n<p align=\"justify\"><span style=\"font-family: Arial Unicode MS, serif;\"><span style=\"font-size: medium;\"><span style=\"font-family: Arial, serif;\"><span style=\"font-size: small;\"><b>Presencia del Congreso \u201cBihar\u201d en redes sociales<\/b><\/span><\/span><\/span><\/span><\/p>\n<\/li>\n<\/ol>\n<p align=\"justify\"><a name=\"_Hlk38994978\"><\/a> <span style=\"font-family: Arial Unicode MS, serif;\"><span style=\"font-size: medium;\"><span style=\"font-family: Arial, serif;\"><span style=\"font-size: small;\"><span lang=\"es-ES-u-co-trad\">La asociaci\u00f3n<\/span><\/span><\/span><span lang=\"es-ES-u-co-trad\"> <\/span><span style=\"font-family: Arial, serif;\"><span style=\"font-size: small;\">cuenta con perfiles en redes sociales y profesionales, con la finalidad principal de difundir y gestionar el Congreso \u201cBihar\u201d. Las publicaciones ofrecidas a trav\u00e9s de estos canales ser\u00e1n de car\u00e1cter orientativo. <\/span><\/span><\/span><\/span><\/p>\n<p align=\"justify\"><span style=\"font-family: Arial Unicode MS, serif;\"><span style=\"font-size: medium;\"><span style=\"font-family: Arial, serif;\"><span style=\"font-size: small;\">Al registrarse en los perfiles de <\/span><\/span><span style=\"font-family: Arial, serif;\"><span style=\"font-size: small;\"><span lang=\"es-ES-u-co-trad\">la asociaci\u00f3n<\/span><\/span><\/span><span lang=\"es-ES-u-co-trad\"> <\/span><span style=\"font-family: Arial, serif;\"><span style=\"font-size: small;\">con su perfil en la red social o profesional, la persona usuaria otorga su consentimiento expreso a <\/span><\/span><span style=\"font-family: Arial, serif;\"><span style=\"font-size: small;\"><span lang=\"es-ES-u-co-trad\">la asociaci\u00f3n<\/span><\/span><\/span><span lang=\"es-ES-u-co-trad\"> <\/span><span style=\"font-family: Arial, serif;\"><span style=\"font-size: small;\">para el tratamiento de sus datos personales conforme a esta Pol\u00edtica de Privacidad.<\/span><\/span><\/span><\/span><\/p>\n<p align=\"justify\"><span style=\"font-family: Arial Unicode MS, serif;\"><span style=\"font-size: medium;\"><span style=\"font-family: Arial, serif;\"><span style=\"font-size: small;\">La informaci\u00f3n y datos personales proporcionados voluntariamente por la persona usuaria a trav\u00e9s de redes sociales de <\/span><\/span><span style=\"font-family: Arial, serif;\"><span style=\"font-size: small;\"><span lang=\"es-ES-u-co-trad\">la asociaci\u00f3n<\/span><\/span><\/span><span lang=\"es-ES-u-co-trad\"> <\/span><span style=\"font-family: Arial, serif;\"><span style=\"font-size: small;\">puede ser tratada con la finalidad de contactar con la persona usuaria y atender las consultas y solicitudes que formule, enviar comunicaciones informativas y comerciales, gestionar eventos, concursos, sorteos, invitaciones y actividades similares, conocer la opini\u00f3n o valoraci\u00f3n de la persona usuaria sobre <\/span><\/span><span style=\"font-family: Arial, serif;\"><span style=\"font-size: small;\"><span lang=\"es-ES-u-co-trad\">la asociaci\u00f3n<\/span><\/span><\/span><span lang=\"es-ES-u-co-trad\"> <\/span><span style=\"font-family: Arial, serif;\"><span style=\"font-size: small;\">y sus publicaciones, y gestionar, en general, la presencia de <\/span><\/span><span style=\"font-family: Arial, serif;\"><span style=\"font-size: small;\"><span lang=\"es-ES-u-co-trad\">la asociaci\u00f3n<\/span><\/span><\/span><span lang=\"es-ES-u-co-trad\"> <\/span><span style=\"font-family: Arial, serif;\"><span style=\"font-size: small;\">en las redes sociales.<\/span><\/span><\/span><\/span><\/p>\n<p align=\"justify\"><a name=\"_Hlk138313608\"><\/a> <span style=\"font-family: Arial Unicode MS, serif;\"><span style=\"font-size: medium;\"><span style=\"font-family: Arial, serif;\"><span style=\"font-size: small;\">Se informa a las personas usuarias que las informaciones y contenidos (datos, textos, v\u00eddeos, sonido, fotograf\u00edas, gr\u00e1ficos, comentarios, mensajes u otro material) que publiquen a trav\u00e9s de las redes sociales de <\/span><\/span><span style=\"font-family: Arial, serif;\"><span style=\"font-size: small;\"><span lang=\"es-ES-u-co-trad\">la asociaci\u00f3n<\/span><\/span><\/span><span lang=\"es-ES-u-co-trad\"> <\/span><span style=\"font-family: Arial, serif;\"><span style=\"font-size: small;\">(incluido, en su caso, datos personales) pueden quedar a disposici\u00f3n p\u00fablica de otras personas usuarias de las redes sociales <\/span><\/span><span style=\"font-family: Arial, serif;\"><span style=\"font-size: small;\"><span lang=\"es-ES-u-co-trad\">y podr\u00e1n ser visibles, comentadas y compartidas libremente por sus visitantes, en los t\u00e9rminos que establezca cada red social.<\/span><\/span><\/span><\/span><\/span><\/p>\n<p align=\"justify\"><span style=\"font-family: Arial Unicode MS, serif;\"><span style=\"font-size: medium;\"><span style=\"font-family: Arial, serif;\"><span style=\"font-size: small;\">Desde la configuraci\u00f3n del perfil de usuario de cada red social o profesional la persona usuaria puede configurar qu\u00e9 informaci\u00f3n quiere hacer p\u00fablica en cada caso, ver los permisos que ha concedido, eliminarlos o desactivarlos, y gestionar sus publicaciones seg\u00fan su criterio y las normas de utilizaci\u00f3n de cada red social o profesional. <\/span><\/span><\/span><\/span><\/p>\n<p align=\"justify\"><span style=\"font-family: Arial Unicode MS, serif;\"><span style=\"font-size: medium;\"><span style=\"font-family: Arial, serif;\"><span style=\"font-size: small;\">La persona usuaria ser\u00e1 la \u00fanica responsable de que sus publicaciones respeten la legislaci\u00f3n vigente, las normas de uso y pol\u00edticas de privacidad establecidas por la red social o profesional correspondiente y las de <\/span><\/span><span style=\"font-family: Arial, serif;\"><span style=\"font-size: small;\"><span lang=\"es-ES-u-co-trad\">la asociaci\u00f3n<\/span><\/span><\/span><span style=\"font-family: Arial, serif;\"><span style=\"font-size: small;\">, que no asume ninguna responsabilidad en relaci\u00f3n con las publicaciones que cada persona usuaria realice. <\/span><\/span><span style=\"font-family: Arial, serif;\"><span style=\"font-size: small;\"><span lang=\"es-ES-u-co-trad\">La asociaci\u00f3n<\/span><\/span><\/span><span lang=\"es-ES-u-co-trad\"> <\/span><span style=\"font-family: Arial, serif;\"><span style=\"font-size: small;\">eliminar\u00e1 de forma unilateral y sin previo aviso aquellos contenidos que considere que infringen la legislaci\u00f3n vigente, las normas de uso y pol\u00edticas de privacidad establecidas, o que considere inadecuados.<\/span><\/span><\/span><\/span><\/p>\n<p align=\"justify\"><span style=\"font-family: Arial Unicode MS, serif;\"><span style=\"font-size: medium;\"><span style=\"font-family: Arial, serif;\"><span style=\"font-size: small;\"><span lang=\"es-ES-u-co-trad\">La asociaci\u00f3n<\/span><\/span><\/span><span lang=\"es-ES-u-co-trad\"> <\/span><span style=\"font-family: Arial, serif;\"><span style=\"font-size: small;\">puede seguir a otros perfiles en redes sociales o profesionales, o redifundir publicaciones de terceros, sin que este hecho implique vinculaci\u00f3n de ning\u00fan tipo con ellos.\u00a0<\/span><\/span><\/span><\/span><\/p>\n<p align=\"justify\"><span style=\"font-family: Arial Unicode MS, serif;\"><span style=\"font-size: medium;\"><span style=\"font-family: Arial, serif;\"><span style=\"font-size: small;\">A su vez, los canales de <\/span><\/span><span style=\"font-family: Arial, serif;\"><span style=\"font-size: small;\"><span lang=\"es-ES-u-co-trad\">la asociaci\u00f3n<\/span><\/span><\/span><span lang=\"es-ES-u-co-trad\"> <\/span><span style=\"font-family: Arial, serif;\"><span style=\"font-size: small;\">en las diferentes redes sociales o profesionales pueden ser seguidos por otras personas usuarias de esas redes, o sus publicaciones ser redifundidas por terceros, sin que este hecho implique vinculaci\u00f3n de ning\u00fan tipo con ellos.\u00a0<\/span><\/span><\/span><\/span><\/p>\n<p align=\"justify\"><span style=\"font-family: Arial Unicode MS, serif;\"><span style=\"font-size: medium;\"><span style=\"font-family: Arial, serif;\"><span style=\"font-size: small;\"><span lang=\"es-ES-u-co-trad\">La asociaci\u00f3n<\/span><\/span><\/span><span lang=\"es-ES-u-co-trad\"> <\/span><span style=\"font-family: Arial, serif;\"><span style=\"font-size: small;\">se reserva el derecho a no responder a los mensajes o comentarios recibidos a trav\u00e9s de estas v\u00edas. <\/span><\/span><span style=\"font-family: Arial, serif;\"><span style=\"font-size: small;\"><span lang=\"es-ES-u-co-trad\">La asociaci\u00f3n<\/span><\/span><\/span><span lang=\"es-ES-u-co-trad\"> <\/span><span style=\"font-family: Arial, serif;\"><span style=\"font-size: small;\">podr\u00e1 modificar o eliminar en cualquier momento y sin aviso previo las publicaciones emitidas en sus redes sociales o profesionales.\u00a0<\/span><\/span><\/span><\/span><\/p>\n<p align=\"justify\"><span style=\"font-family: Arial Unicode MS, serif;\"><span style=\"font-size: medium;\"><span style=\"font-family: Arial, serif;\"><span style=\"font-size: small;\">Al hacerte seguidor\/a o hacer click en \u201cMe gusta\u201d en redes sociales o profesionales, consientes el tratamiento de tus datos personales en el entorno de la red social o profesional correspondiente, conforme a sus pol\u00edticas de privacidad, el acceso de <\/span><\/span><span style=\"font-family: Arial, serif;\"><span style=\"font-size: small;\"><span lang=\"es-ES-u-co-trad\">la asociaci\u00f3n<\/span><\/span><\/span><span lang=\"es-ES-u-co-trad\"> <\/span><span style=\"font-family: Arial, serif;\"><span style=\"font-size: small;\">a los datos contenidos en la lista de contactos y a que sus publicaciones, incluidas expresamente las de car\u00e1cter comercial, aparezcan en tus avisos y notificaciones. <\/span><\/span><\/span><\/span><\/p>\n<p align=\"justify\"><span style=\"font-family: Arial Unicode MS, serif;\"><span style=\"font-size: medium;\"><span style=\"font-family: Arial, serif;\"><span style=\"font-size: small;\">Si la persona usuaria quiere dejar de seguir los canales oficiales en redes sociales o profesionales de <\/span><\/span><span style=\"font-family: Arial, serif;\"><span style=\"font-size: small;\"><span lang=\"es-ES-u-co-trad\">la <\/span><\/span><\/span><span style=\"font-family: Arial, serif;\"><span style=\"font-size: small;\"><span lang=\"es-ES-u-co-trad\">asociaci\u00f3n<\/span><\/span><\/span><span style=\"font-family: Arial, serif;\"><span style=\"font-size: small;\">, debe hacerlo utilizando las herramientas dispuestas a tal efecto por cada red.<\/span><\/span><\/span><\/span><\/p>\n<ol start=\"10\">\n<li>\n<p align=\"justify\"><span style=\"font-family: Arial Unicode MS, serif;\"><span style=\"font-size: medium;\"><span style=\"font-family: Arial, serif;\"><span style=\"font-size: small;\"><b>Medidas de seguridad<\/b><\/span><\/span><\/span><\/span><\/p>\n<\/li>\n<\/ol>\n<p class=\"western\" align=\"justify\"><a name=\"_Hlk14188933\"><\/a> <span style=\"font-size: small;\"><span style=\"font-family: Arial, serif;\"><span lang=\"es-ES-u-co-trad\">La asociaci\u00f3n tratar\u00e1 los datos personales <\/span><\/span><span style=\"font-family: Arial, serif;\">contenidos en sus sistemas de tratamiento de datos <\/span><span style=\"font-family: Arial, serif;\"><span lang=\"es-ES-u-co-trad\">adoptando las medidas de \u00edndole t\u00e9cnica y organizativa que sean necesarias para garantizar su seguridad y evitar su alteraci\u00f3n, p\u00e9rdida, tratamiento o acceso no autorizado, habida cuenta del estado de la tecnolog\u00eda, la naturaleza de los datos almacenados y los riesgos a que est\u00e1n expuestos, ya provengan de la acci\u00f3n humana o del medio f\u00edsico o natural, de acuerdo con la legislaci\u00f3n vigente que resulte de aplicaci\u00f3n en materia de medidas de seguridad de los tratamientos de datos personales. Sin embargo, las personas usuarias<\/span><\/span><span style=\"font-family: Arial, serif;\"> son informadas de que las medidas de seguridad inform\u00e1tica no son inexpugnables y no se est\u00e1 a salvo de posibles intromisiones ilegales e indebidas, que no ser\u00edan responsabilidad del <\/span><span style=\"font-family: Arial, serif;\"><span lang=\"es-ES-u-co-trad\">Responsable del Tratamiento. <\/span><\/span><\/span><\/p>\n<ol start=\"11\">\n<li>\n<p align=\"justify\"><a name=\"_Hlk38995155\"><\/a> <span style=\"font-family: Arial Unicode MS, serif;\"><span style=\"font-size: medium;\"><span style=\"font-family: Arial, serif;\"><span style=\"font-size: small;\"><b>Brechas de seguridad<\/b><\/span><\/span><\/span><\/span><\/p>\n<\/li>\n<\/ol>\n<p class=\"western\" align=\"justify\"><a name=\"_Hlk216957229\"><\/a> <span style=\"font-size: small;\"><span style=\"font-family: Arial, serif;\">La persona usuaria debe comunicar inmediatamente a <\/span><span style=\"font-family: Arial, serif;\"><span lang=\"es-ES-u-co-trad\">la asociaci\u00f3n <\/span><\/span><span style=\"font-family: Arial, serif;\">cualquier incidencia, brecha de seguridad, acceso indebido o no autorizado detectado en relaci\u00f3n con el sitio web o cualquier otra <\/span><span style=\"color: #000000;\"><span style=\"font-family: Arial, serif;\">circunstancia que ponga en peligro la seguridad y confidencialidad de la informaci\u00f3n o el adecuado funcionamiento del sitio web. Como mecanismos de aviso preferentes se establecen el tel\u00e9fono <\/span><\/span><span style=\"font-family: Arial, serif;\">9<\/span><span style=\"font-family: Arial, serif;\"><span lang=\"eu-ES\">43250397 <\/span><\/span><span style=\"color: #000000;\"><span style=\"font-family: Arial, serif;\">y la direcci\u00f3n de correo electr\u00f3nico<\/span><\/span> <span style=\"color: #0000ff;\"><u><a href=\"mailto:lavanderianuba@lavanderianuba.com\"><span style=\"font-family: Arial, serif;\">lavanderianuba@lavanderianuba.com<\/span><\/a><\/u><\/span><span style=\"font-family: Arial, serif;\">.<\/span><\/span><\/p>\n<ol start=\"12\">\n<li>\n<p align=\"justify\"><span style=\"font-family: Arial Unicode MS, serif;\"><span style=\"font-size: medium;\"><span style=\"font-family: Arial, serif;\"><span style=\"font-size: small;\"><b>Plazo de conservaci\u00f3n<\/b><\/span><\/span><\/span><\/span><\/p>\n<\/li>\n<\/ol>\n<p class=\"western\" align=\"justify\"><span style=\"font-size: small;\"><span style=\"font-family: Arial, serif;\">Los datos personales proporcionados se conservar\u00e1n durante el tiempo necesario para cumplir con la finalidad para la que se recaban, determinar las posibles responsabilidades que se pudieran derivar de la finalidad, o<\/span><span style=\"font-family: Arial, serif;\"><span lang=\"es-ES-u-co-trad\"> durante el periodo que la normativa aplicable establezca en cada caso (contable, fiscal, administrativa, etc.), tras el cual ser\u00e1n suprimidos adoptando las medidas de seguridad necesarias para garantizar su confidencialidad.<\/span><\/span><\/span><\/p>\n<ol start=\"13\">\n<li>\n<p align=\"justify\"><span style=\"font-family: Arial Unicode MS, serif;\"><span style=\"font-size: medium;\"><span style=\"font-family: Arial, serif;\"><span style=\"font-size: small;\"><b>Derechos de las personas interesadas<\/b><\/span><\/span><\/span><\/span><\/p>\n<\/li>\n<\/ol>\n<p class=\"western\" align=\"justify\"><a name=\"_Hlk216952394\"><\/a><a name=\"_Hlk216957276\"><\/a> <span style=\"font-size: small;\"><span style=\"font-family: Arial, serif;\"><span lang=\"es-ES-u-co-trad\">P<\/span><\/span><span style=\"font-family: Arial, serif;\">uede <\/span><span style=\"color: #000000;\"><span style=\"font-family: Arial, serif;\">ejercer los derechos relativos a la protecci\u00f3n de sus datos personales (acceso, rectificaci\u00f3n, supresi\u00f3n, limitaci\u00f3n al tratamiento, portabilidad y oposici\u00f3n), as\u00ed como retirar consentimientos otorgados o realizar cualquier otra solicitud sobre esta materia<\/span><\/span> <span style=\"color: #000000;\"><span style=\"font-family: Arial, serif;\"><span lang=\"es-ES-u-co-trad\">dirigi\u00e9ndose<\/span><\/span><\/span><span style=\"color: #000000;\"><span style=\"font-family: Arial, serif;\"> a la asociaci\u00f3n en <\/span><\/span><span style=\"font-family: Arial, serif;\"><span lang=\"eu-ES\">Larrin Plaza, 1, 20550 Aretxabaleta <\/span><\/span><span style=\"font-family: Arial, serif;\">(<\/span><span style=\"font-family: Arial, serif;\"><span lang=\"es-ES-u-co-trad\">Gipuzkoa<\/span><\/span><span style=\"font-family: Arial, serif;\">), tel\u00e9fono 9<\/span><span style=\"font-family: Arial, serif;\"><span lang=\"eu-ES\">43250397<\/span><\/span><span style=\"font-family: Arial, serif;\">, correo electr\u00f3nico <\/span><span style=\"color: #0000ff;\"><u><a href=\"mailto:garabide@garabide.eus\"><span style=\"font-family: Arial, serif;\"><span lang=\"eu-ES\">garabide@garabide.eus<\/span><\/span><\/a><\/u><\/span>.<\/span><\/p>\n<p class=\"western\" align=\"justify\"><span style=\"font-size: small;\"><span style=\"font-family: Arial, serif;\">La persona solicitante deber\u00e1 acreditar su identidad adjuntando una copia de documento acreditativo de su identidad. En caso de realizar la solicitud en su condici\u00f3n de representante legal, deber\u00e1 adjuntar, adem\u00e1s de la copia de documento de acreditativo de la identidad de la persona solicitante, un documento acreditativo de tal representaci\u00f3n. <\/span><\/span><\/p>\n<p class=\"western\" align=\"justify\"><span style=\"font-size: small;\"><span style=\"font-family: Arial, serif;\">La autoridad de control a la que usted puede dirigirse en caso de no estar de acuerdo con la resoluci\u00f3n de las solicitudes o para presentar una reclamaci\u00f3n es la Agencia de Protecci\u00f3n de Datos (aepd.es).<\/span><\/span><\/p>\n<ol start=\"14\">\n<li>\n<p align=\"justify\"><a name=\"_Hlk38995200\"><\/a> <span style=\"font-family: Arial Unicode MS, serif;\"><span style=\"font-size: medium;\"><span style=\"font-family: Arial, serif;\"><span style=\"font-size: small;\"><b>Vigencia y modificaciones<\/b><\/span><\/span><\/span><\/span><\/p>\n<\/li>\n<\/ol>\n<p class=\"western\" align=\"justify\"><span style=\"font-size: small;\"><span style=\"font-family: Arial, serif;\">El Responsable del Tratamiento se reserva el derecho de modificar su pol\u00edtica de privacidad de acuerdo con su criterio, a cambios legislativos o jurisprudenciales. Si el Responsable del Tratamiento introdujera alguna modificaci\u00f3n, el nuevo texto ser\u00e1 publicado en este mismo sitio web, donde la persona usuaria podr\u00e1 tener conocimiento de la misma. En cualquier caso, la relaci\u00f3n con las personas usuarias se regir\u00e1 por las normas previstas en el momento preciso en que se accede al sitio web. Es por ello que el Responsable del Tratamiento le recomienda visitar esta pol\u00edtica de privacidad cada vez que se conecte al sitio web.<\/span><\/span><\/p>\n<ol start=\"15\">\n<li>\n<p align=\"justify\"><span style=\"font-family: Arial Unicode MS, serif;\"><span style=\"font-size: medium;\"><span style=\"font-family: Arial, serif;\"><span style=\"font-size: small;\"><b>Jurisdicci\u00f3n<\/b><\/span><\/span><\/span><\/span><\/p>\n<\/li>\n<\/ol>\n<p align=\"justify\"><span style=\"font-family: Arial Unicode MS, serif;\"><span style=\"font-size: medium;\"><span style=\"font-family: Arial, serif;\"><span style=\"font-size: small;\">Las relaciones establecidas entre <\/span><\/span><span style=\"font-family: Arial, serif;\"><span style=\"font-size: small;\"><span lang=\"es-ES-u-co-trad\">la asociaci\u00f3n<\/span><\/span><\/span><span style=\"font-family: Arial, serif;\"><span style=\"font-size: small;\"> y la persona usuaria se regir\u00e1n por lo dispuesto en la normativa vigente acerca de la legislaci\u00f3n aplicable y la jurisdicci\u00f3n competente. No obstante, para los casos en los que la normativa prevea la posibilidad a las partes de someterse a un fuero, l<\/span><\/span><span style=\"font-family: Arial, serif;\"><span style=\"font-size: small;\"><span lang=\"es-ES-u-co-trad\">a asociaci\u00f3n<\/span><\/span><\/span><span style=\"font-family: Arial, serif;\"><span style=\"font-size: small;\"> y la persona usuaria, con renuncia expresa a cualquier otro fuero que pudiera corresponderles, se someten a los Juzgados y <\/span><\/span><span style=\"color: #000000;\"><span style=\"font-family: Arial, serif;\"><span style=\"font-size: small;\">Tribunales de Gipuzkoa.<\/span><\/span><\/span><\/span><\/span><\/p>\n<p class=\"western\" align=\"justify\"><span style=\"font-size: small;\"><span style=\"font-family: Arial, serif;\"><span lang=\"es-ES-u-co-trad\">La asociaci\u00f3n<\/span><\/span><span style=\"font-family: Arial, serif;\"> perseguir\u00e1 el incumplimiento de esta Pol\u00edtica de Privacidad, as\u00ed como cualquier utilizaci\u00f3n indebida de los contenidos presentados en este sitio web ejerciendo todas las acciones civiles y penales que le puedan corresponder en Derecho, incluyendo las de naturaleza econ\u00f3mica.<\/span><\/span><\/p>\n","protected":false},"excerpt":{"rendered":"<p>Pol\u00edtica de Privacidad &#8211; Protecci\u00f3n de datos Personales Informaci\u00f3n b\u00e1sica sobre Protecci\u00f3n de Datos Responsable Garabide Kultur Elkartea (G20890315) Finalidades Organizar y gestionar el congreso \u201cBihar\u201d; atender las consultas y peticiones recibidas; contactar con las personas interesadas, participantes, etc.; realizar las funciones que legalmente le corresponden. Legitimaci\u00f3n Necesidad del Tratamiento (RGPD art. 6.1.b) Consentimiento expreso&#8230;<\/p>\n","protected":false},"author":1,"featured_media":0,"parent":0,"menu_order":0,"comment_status":"closed","ping_status":"open","template":"","meta":{"_acf_changed":false,"footnotes":""},"class_list":["post-1129","page","type-page","status-publish","hentry"],"acf":[],"_links":{"self":[{"href":"https:\/\/bihar.eus\/es\/wp-json\/wp\/v2\/pages\/1129","targetHints":{"allow":["GET"]}}],"collection":[{"href":"https:\/\/bihar.eus\/es\/wp-json\/wp\/v2\/pages"}],"about":[{"href":"https:\/\/bihar.eus\/es\/wp-json\/wp\/v2\/types\/page"}],"author":[{"embeddable":true,"href":"https:\/\/bihar.eus\/es\/wp-json\/wp\/v2\/users\/1"}],"replies":[{"embeddable":true,"href":"https:\/\/bihar.eus\/es\/wp-json\/wp\/v2\/comments?post=1129"}],"version-history":[{"count":4,"href":"https:\/\/bihar.eus\/es\/wp-json\/wp\/v2\/pages\/1129\/revisions"}],"predecessor-version":[{"id":2888,"href":"https:\/\/bihar.eus\/es\/wp-json\/wp\/v2\/pages\/1129\/revisions\/2888"}],"wp:attachment":[{"href":"https:\/\/bihar.eus\/es\/wp-json\/wp\/v2\/media?parent=1129"}],"curies":[{"name":"wp","href":"https:\/\/api.w.org\/{rel}","templated":true}]}}